{"id":947,"date":"2024-08-07T09:46:21","date_gmt":"2024-08-07T12:46:21","guid":{"rendered":"https:\/\/portais.santoandre.sp.gov.br\/semasa\/?page_id=947"},"modified":"2026-04-22T10:50:20","modified_gmt":"2026-04-22T13:50:20","slug":"institucional-2","status":"publish","type":"page","link":"https:\/\/portais.santoandre.sp.gov.br\/semasa\/institucional-2\/","title":{"rendered":"Institucional"},"content":{"rendered":"\n<div class=\"wp-block-stackable-button-group stk-block-button-group stk-block stk-6953070\" data-block-id=\"6953070\"><div class=\"stk-row stk-inner-blocks stk-block-content stk-button-group\">\n<div class=\"wp-block-stackable-button stk-block-button stk-block stk-1b77c6a\" data-block-id=\"1b77c6a\"><style>.stk-1b77c6a .stk-button{background:#ff6900 !important;}<\/style><a class=\"stk-link stk-button stk--hover-effect-darken\" href=\"https:\/\/portais.santoandre.sp.gov.br\/semasa\/institucional\/atendimento-presencial\/\"><span class=\"stk-button__inner-text\">Atendimento presencial<\/span><\/a><\/div>\n\n\n\n<div class=\"wp-block-stackable-button stk-block-button stk-block stk-2c1f174\" data-block-id=\"2c1f174\"><style>.stk-2c1f174 .stk-button{background:#fcb900 !important;}<\/style><a class=\"stk-link stk-button stk--hover-effect-darken\" href=\"https:\/\/portais.santoandre.sp.gov.br\/semasa\/institucional\/semasa-em-numeros\/\"><span class=\"stk-button__inner-text\">Semasa em n\u00fameros<\/span><\/a><\/div>\n\n\n\n<div class=\"wp-block-stackable-button stk-block-button stk-block stk-c93e7d5\" data-block-id=\"c93e7d5\"><a class=\"stk-link stk-button stk--hover-effect-darken\" href=\"https:\/\/portais.santoandre.sp.gov.br\/semasa\/institucional\/temporalidade\/\"><span class=\"stk-button__inner-text\">Temporalidade<\/span><\/a><\/div>\n\n\n\n<div class=\"wp-block-stackable-button stk-block-button stk-block stk-5490ec3\" data-block-id=\"5490ec3\"><style>.stk-5490ec3 .stk-button{background:#00d084 !important;}<\/style><a class=\"stk-link stk-button stk--hover-effect-darken\" href=\"https:\/\/portais.santoandre.sp.gov.br\/semasa\/institucional\/atendimento-ao-cliente-externo\/\"><span class=\"stk-button__inner-text\">Canais de atendimento<\/span><\/a><\/div>\n\n\n\n<div class=\"wp-block-stackable-button stk-block-button stk-block stk-0007c69\" data-block-id=\"0007c69\"><style>.stk-0007c69 .stk-button{background:#f78da7 !important;}<\/style><a class=\"stk-link stk-button stk--hover-effect-darken\" href=\"https:\/\/portais.santoandre.sp.gov.br\/semasa\/institucional\/publicidade-legal\/\"><span class=\"stk-button__inner-text\">Publicidade legal<\/span><\/a><\/div>\n<\/div><\/div>\n\n\n\n<p>O Semasa \u2013 Servi\u00e7o Municipal de Saneamento Ambiental de Santo Andr\u00e9 \u2013 \u00e9 uma autarquia vinculada \u00e0 administra\u00e7\u00e3o municipal de Santo Andr\u00e9, munic\u00edpio da Regi\u00e3o Metropolitana de S\u00e3o Paulo, que atua nas \u00e1reas de gest\u00e3o de res\u00edduos s\u00f3lidos e gest\u00e3o ambiental . Criado em 1969 com o nome de Servi\u00e7o Municipal de \u00c1gua e Saneamento de Santo Andr\u00e9, ele passa, partir de 1998, a ter a denomina\u00e7\u00e3o atual.<\/p>\n\n\n<div class=\"wp-block-image\">\n<figure class=\"aligncenter size-full is-resized\"><img fetchpriority=\"high\" decoding=\"async\" width=\"945\" height=\"641\" src=\"https:\/\/portais.santoandre.sp.gov.br\/semasa\/wp-content\/uploads\/sites\/13\/2024\/08\/semas.jpg\" alt=\"\" class=\"wp-image-1518\" style=\"aspect-ratio:1.4742589703588143;width:517px;height:auto\" srcset=\"https:\/\/portais.santoandre.sp.gov.br\/semasa\/wp-content\/uploads\/sites\/13\/2024\/08\/semas.jpg 945w, https:\/\/portais.santoandre.sp.gov.br\/semasa\/wp-content\/uploads\/sites\/13\/2024\/08\/semas-300x203.jpg 300w, https:\/\/portais.santoandre.sp.gov.br\/semasa\/wp-content\/uploads\/sites\/13\/2024\/08\/semas-768x521.jpg 768w\" sizes=\"(max-width: 945px) 100vw, 945px\" \/><\/figure><\/div>\n\n\n<p>A autarquia passa ent\u00e3o a executar os servi\u00e7os relacionados \u00e0 preserva\u00e7\u00e3o e controle do ambiente de Santo Andr\u00e9. Entre os servi\u00e7os relacionados est\u00e3o \u00e0 fiscaliza\u00e7\u00e3o ambiental urbana e nas \u00e1reas de manancial, controle de emiss\u00e3o de poluentes, controle de emiss\u00e3o de ru\u00eddos de estabelecimentos comerciais, emiss\u00e3o de licen\u00e7as ambientais e tamb\u00e9m a gest\u00e3o da Unidade de Conserva\u00e7\u00e3o do Parque Natural do Pedroso.<\/p>\n\n\n\n<p>A&nbsp;Lei Municipal 7.840&nbsp;transfere os servi\u00e7os de gest\u00e3o de res\u00edduos s\u00f3lidos para o Semasa<strong>&nbsp;em 1999<\/strong>. \u00c9 criado ent\u00e3o o Departamento de Res\u00edduos S\u00f3lidos, respons\u00e1vel por administrar de forma integrada os servi\u00e7os de coleta, tratamento e disposi\u00e7\u00e3o final de res\u00edduos s\u00f3lidos.<\/p>\n\n\n\n<p>Posteriormente, em 2001, a autarquia recebeu tamb\u00e9m os servi\u00e7os da Defesa Civil. No entanto, a gest\u00e3o dos riscos urbanos voltou a ser uma atribui\u00e7\u00e3o da Prefeitura de Santo Andr\u00e9 em 2017 e a Defesa Civil tornou-se ligada \u00e0 Secretaria de Manuten\u00e7\u00e3o e Servi\u00e7os Urbanos. Em setembro de 2019, a gest\u00e3o dos servi\u00e7os de \u00e1gua e esgoto passou a ser responsabilidade da Sabesp, companhia de saneamento do Estado de S\u00e3o Paulo, que assumiu a concess\u00e3o destes servi\u00e7os em raz\u00e3o de uma d\u00edvida contra\u00edda ao longo dos anos. J\u00e1 em 2021, os servi\u00e7os de drenagem retornaram \u00e0 Prefeitura em um processo de readequa\u00e7\u00e3o estrutural e financeira da autarquia.<\/p>\n\n\n\n<p>A partir de ent\u00e3o, o Semasa \u00e9 a autarquia p\u00fablica da cidade respons\u00e1vel pelos servi\u00e7os de res\u00edduos s\u00f3lidos e gest\u00e3o ambiental. J\u00e1 a partir de 2025, a legisla\u00e7\u00e3o municipal cria a Secretaria de Meio Ambiente e Mudan\u00e7as Clim\u00e1ticas, ficando o Semasa submetido tecnicamente \u00e0 secretaria. Esta pasta \u00e9, atualmente, respons\u00e1vel tamb\u00e9m pelo Departamento de Parques Municipais e pelo Departamento de Prote\u00e7\u00e3o e Defesa Civil.<\/p>\n\n\n\n<p>No final de 2025, a Lei Municipal 10.919 \u00e9 promulgada e os servi\u00e7os de drenagem voltam a integrar o rol de atribui\u00e7\u00f5es do Semasa, fortalecendo o saneamento ambiental integrado. Neste mesmo per\u00edodo, \u00e9 publicado o Decreto Municipal 18.508 que transfere as atribui\u00e7\u00f5es do Departamento de Parques Municipais da estrutura da Secretaria de Meio Ambiente e Mudan\u00e7as Clim\u00e1ticas para a Secretaria de Manuten\u00e7\u00e3o e Servi\u00e7os Urbanos.<\/p>\n\n\n\n<p>Conhe\u00e7a o organograma do Semasa e a c\u00fapula diretiva.<\/p>\n\n\n\n<figure class=\"wp-block-image size-large\"><img decoding=\"async\" width=\"1024\" height=\"616\" src=\"https:\/\/portais.santoandre.sp.gov.br\/semasa\/wp-content\/uploads\/sites\/13\/2026\/04\/image-8-1024x616.png\" alt=\"\" class=\"wp-image-7617\" srcset=\"https:\/\/portais.santoandre.sp.gov.br\/semasa\/wp-content\/uploads\/sites\/13\/2026\/04\/image-8-1024x616.png 1024w, https:\/\/portais.santoandre.sp.gov.br\/semasa\/wp-content\/uploads\/sites\/13\/2026\/04\/image-8-300x180.png 300w, https:\/\/portais.santoandre.sp.gov.br\/semasa\/wp-content\/uploads\/sites\/13\/2026\/04\/image-8-768x462.png 768w, https:\/\/portais.santoandre.sp.gov.br\/semasa\/wp-content\/uploads\/sites\/13\/2026\/04\/image-8-1536x924.png 1536w, https:\/\/portais.santoandre.sp.gov.br\/semasa\/wp-content\/uploads\/sites\/13\/2026\/04\/image-8.png 1603w\" sizes=\"(max-width: 1024px) 100vw, 1024px\" \/><\/figure>\n\n\n\n<ul class=\"wp-block-list\">\n<li><strong>Secret\u00e1rio de Meio Ambiente e Mudan\u00e7as Clim\u00e1ticas<\/strong>: <em>Edinilson Ferreira dos Santos<\/em><\/li>\n\n\n\n<li><strong>Secret\u00e1rio-adjunto<\/strong>:<em> Alexandre Audino Campos<\/em><\/li>\n\n\n\n<li><strong>Superintendente-adjunto:<\/strong> <em>Ajan Marques de Oliveira<\/em><\/li>\n\n\n\n<li><strong>Diretora de Gest\u00e3o Ambiental:<\/strong> <em>Eriane Justo Luiz Sav\u00f3ia<\/em><\/li>\n\n\n\n<li><strong>Diretora de Res\u00edduos S\u00f3lidos<\/strong>: <em>Simone Fernandes Valadares<\/em> <em>da Silva<\/em><\/li>\n\n\n\n<li><strong>Diretor Administrativo Financeiro<\/strong>: <em>Glauco Spina<\/em><\/li>\n\n\n\n<li><strong>Diretor de Suprimentos e Apoio Administrativo<\/strong>: <em>Claudio Venditti<\/em><\/li>\n\n\n\n<li><strong>Diretora da Coordenadoria de Assuntos Jur\u00eddicos<\/strong>: <em>Carla Adriana Bassetto<\/em> <em>da Silva<\/em><\/li>\n\n\n\n<li><strong>Diretor da Coordenadoria de Comunica\u00e7\u00e3o Social<\/strong>: <em>Adriano Mendes Silva<\/em><\/li>\n\n\n\n<li><strong>Diretor de Manuten\u00e7\u00e3o e Opera\u00e7\u00e3o<\/strong>: <em>Nilson Oliveira Bispo<\/em><\/li>\n\n\n\n<li><strong>Diretora de Prote\u00e7\u00e3o e Defesa Civil<\/strong>: <em>Priscila de Oliveira<\/em> (Secretaria de Meio Ambiente e Mudan\u00e7as Clim\u00e1ticas)<\/li>\n<\/ul>\n\n\n\n<p><\/p>\n","protected":false},"excerpt":{"rendered":"<p>Atendimento presencial Semasa em n\u00fameros Temporalidade Canais de atendimento Publicidade legal O Semasa \u2013 Servi\u00e7o Municipal de Saneamento Ambiental de Santo Andr\u00e9 \u2013 \u00e9 uma autarquia vinculada \u00e0 administra\u00e7\u00e3o municipal de Santo Andr\u00e9, munic\u00edpio da Regi\u00e3o Metropolitana de S\u00e3o Paulo, que atua nas \u00e1reas de gest\u00e3o de res\u00edduos s\u00f3lidos e gest\u00e3o ambiental . Criado em [&hellip;]<\/p>\n","protected":false},"author":28,"featured_media":0,"parent":0,"menu_order":0,"comment_status":"closed","ping_status":"closed","template":"","meta":{"footnotes":""},"class_list":["post-947","page","type-page","status-publish","hentry"],"_links":{"self":[{"href":"https:\/\/portais.santoandre.sp.gov.br\/semasa\/wp-json\/wp\/v2\/pages\/947","targetHints":{"allow":["GET"]}}],"collection":[{"href":"https:\/\/portais.santoandre.sp.gov.br\/semasa\/wp-json\/wp\/v2\/pages"}],"about":[{"href":"https:\/\/portais.santoandre.sp.gov.br\/semasa\/wp-json\/wp\/v2\/types\/page"}],"author":[{"embeddable":true,"href":"https:\/\/portais.santoandre.sp.gov.br\/semasa\/wp-json\/wp\/v2\/users\/28"}],"replies":[{"embeddable":true,"href":"https:\/\/portais.santoandre.sp.gov.br\/semasa\/wp-json\/wp\/v2\/comments?post=947"}],"version-history":[{"count":11,"href":"https:\/\/portais.santoandre.sp.gov.br\/semasa\/wp-json\/wp\/v2\/pages\/947\/revisions"}],"predecessor-version":[{"id":7618,"href":"https:\/\/portais.santoandre.sp.gov.br\/semasa\/wp-json\/wp\/v2\/pages\/947\/revisions\/7618"}],"wp:attachment":[{"href":"https:\/\/portais.santoandre.sp.gov.br\/semasa\/wp-json\/wp\/v2\/media?parent=947"}],"curies":[{"name":"wp","href":"https:\/\/api.w.org\/{rel}","templated":true}]}}