{"id":370,"date":"2024-06-25T16:00:45","date_gmt":"2024-06-25T19:00:45","guid":{"rendered":"https:\/\/portais.santoandre.sp.gov.br\/semasa\/?page_id=370"},"modified":"2026-01-30T18:38:55","modified_gmt":"2026-01-30T21:38:55","slug":"grade-tarifaria","status":"publish","type":"page","link":"https:\/\/portais.santoandre.sp.gov.br\/semasa\/institucional\/servicos-ao-usuario\/grade-tarifaria\/","title":{"rendered":"Grade Tarif\u00e1ria"},"content":{"rendered":"\n<p>Nesta p\u00e1gina voc\u00ea tem acesso a toda a grade tarif\u00e1ria do Semasa, dividida por tipos de servi\u00e7os.<\/p>\n\n\n\n<div class=\"wp-block-stackable-expand stk-block-expand stk-block stk-03fc2ad\" data-block-id=\"03fc2ad\"><div class=\"stk-inner-blocks stk-block-content\">\n<div class=\"wp-block-stackable-text stk-block-text stk-block stk-be2e9a3 stk-block-expand__short-text\" aria-hidden=\"false\" data-block-id=\"be2e9a3\"><p class=\"stk-block-text__text\"><strong><span style=\"color: #00d084\" class=\"stk-highlight\">Taxa de Coleta<\/span><\/strong><\/p><\/div>\n\n\n\n<div class=\"wp-block-stackable-button stk-block-button is-style-link stk-block-expand__show-button stk-block stk-3cbdc0e\" data-block-id=\"3cbdc0e\"><a aria-hidden=\"false\" role=\"button\" aria-expanded=\"false\" class=\"stk-link stk-button stk--hover-effect-darken\" href=\"#\"><span class=\"stk-button__inner-text\">Mostrar mais<\/span><\/a><\/div>\n\n\n\n<div class=\"wp-block-stackable-text stk-block-text stk-block stk-f921fab stk-block-expand__more-text\" aria-hidden=\"true\" data-block-id=\"f921fab\"><p class=\"stk-block-text__text\">A Taxa de Coleta foi institu\u00edda pela&nbsp;<a href=\"http:\/\/www1.cmsandre.sp.gov.br:8080\/portalcidadao\/download\/lei.html?numero=9439&amp;tipo=1&amp;data=11122012\">Lei Municipal 9.439\/12<\/a>, que substituiu a antiga Taxa de Limpeza P\u00fablica (Lei 6.580\/89). Ela cobre as despesas da coleta, remo\u00e7\u00e3o e destina\u00e7\u00e3o final do lixo no munic\u00edpio. A cobran\u00e7a \u00e9 fundamental para que os servi\u00e7os continuem funcionando bem em toda a cidade. Para isso, a cobran\u00e7a foi dividida entre todos os moradores do munic\u00edpio.<br><strong>Forma de cobran\u00e7a:<\/strong><br>O c\u00e1lculo, que leva em conta a \u00e1rea constru\u00edda do im\u00f3vel, a frequ\u00eancia em que o caminh\u00e3o passa na rua deste im\u00f3vel e a categoria social a qual pertence \u00e0 conta, \u00e9 feito com a seguinte f\u00f3rmula:<br>[\u00e1rea constru\u00edda + (\u00e1rea constru\u00edda x fator frequ\u00eancia) + (\u00e1rea constru\u00edda x fator categoria)] x custo por m\u00b2. O resultado deve ser dividido por 12.<br><strong>Sendo que:<\/strong><br>\u2013 \u00c1rea constru\u00edda: conforme cadastro da Prefeitura Municipal de Santo Andr\u00e9.<br>\u2013 Categoria de Consumo: trata-se de fator aplic\u00e1vel sobre a \u00e1rea constru\u00edda, de acordo com a categoria de consumo do im\u00f3vel, que pode ser residencial, social e outros, esta \u00faltima atribu\u00edda \u00e0s demais categorias, tais como comercial e industrial.<br>\u2013 Frequ\u00eancia de Coleta: trata-se de fator aplic\u00e1vel sob a \u00e1rea constru\u00edda, de acordo com a frequ\u00eancia de coleta relativa ao im\u00f3vel.<br>\u2013 Custo do servi\u00e7o de coleta: valor apurado no munic\u00edpio no ano anterior referente \u00e0 presta\u00e7\u00e3o do servi\u00e7o.<br>\u2013 Custo por m\u00b2: calculado dividindo o custo total do servi\u00e7o referente ao ano anterior (2025), que foi de R$ R$ 240.443.806,78, pelo total da \u00e1rea constru\u00edda cadastrada na Prefeitura de Santo Andr\u00e9. Em 2025 esta \u00e1rea est\u00e1 calculada em &nbsp;69.996.144 m\u00b2, resultando num custo de R$ 3,44 por m\u00b2.<\/p><\/div>\n\n\n\n<div class=\"wp-block-stackable-button stk-block-button is-style-link stk-block-expand__hide-button stk-block stk-757b8dc\" data-block-id=\"757b8dc\"><a aria-hidden=\"true\" role=\"button\" aria-expanded=\"true\" class=\"stk-link stk-button stk--hover-effect-darken\" href=\"#\"><span class=\"stk-button__inner-text\">Mostrar menos<\/span><\/a><\/div>\n<\/div><\/div>\n\n\n\n<div class=\"wp-block-stackable-expand stk-block-expand stk-block stk-898ef9b\" data-block-id=\"898ef9b\"><div class=\"stk-inner-blocks stk-block-content\">\n<div class=\"wp-block-stackable-text stk-block-text stk-block stk-85c676c stk-block-expand__short-text\" aria-hidden=\"false\" data-block-id=\"85c676c\"><p class=\"stk-block-text__text\"><strong><span style=\"color: #f78da7\" class=\"stk-highlight\">Taxa de Coleta e Destina\u00e7\u00e3o de Res\u00edduos de Servi\u00e7o de Sa\u00fade<\/span><\/strong><\/p><\/div>\n\n\n\n<div class=\"wp-block-stackable-button stk-block-button is-style-link stk-block-expand__show-button stk-block stk-9b3fe32\" data-block-id=\"9b3fe32\"><a aria-hidden=\"false\" role=\"button\" aria-expanded=\"false\" class=\"stk-link stk-button stk--hover-effect-darken\" href=\"#\"><span class=\"stk-button__inner-text\">Mostrar mais<\/span><\/a><\/div>\n\n\n\n<div class=\"wp-block-stackable-text stk-block-text stk-block stk-6414d2e stk-block-expand__more-text\" aria-hidden=\"true\" data-block-id=\"6414d2e\"><p class=\"stk-block-text__text\">Institu\u00edda pela&nbsp;<a rel=\"noreferrer noopener\" href=\"http:\/\/www1.cmsandre.sp.gov.br:8080\/portalcidadao\/download\/lei.html?numero=8151&amp;tipo=1&amp;data=28122000\" target=\"_blank\">Lei Municipal 8151\/00<\/a>. Os estabelecimentos de sa\u00fade s\u00e3o respons\u00e1veis pelo acondicionamento, transporte, tratamento e disposi\u00e7\u00e3o final de seus res\u00edduos.<br>A cobran\u00e7a dos servi\u00e7o de coleta, transporte, tratamento e disposi\u00e7\u00e3o final de res\u00edduos de sa\u00fade&nbsp;\u00e9 regida pela&nbsp;<a href=\"https:\/\/portais.santoandre.sp.gov.br\/semasa\/wp-content\/uploads\/sites\/13\/2024\/06\/PORT2018-188-1.pdf\">Portaria 188\/2018<\/a>.&nbsp;Os estabelecimentos comerciais possuem contrato de presta\u00e7\u00e3o de servi\u00e7o com a autarquia.&nbsp;<a href=\"https:\/\/portais.santoandre.sp.gov.br\/semasa\/residuos\/residuos-infectantes-e-de-saude\/\" data-type=\"page\" data-id=\"157\">Leia mais aqui<\/a>.<\/p><\/div>\n\n\n\n<div class=\"wp-block-stackable-button stk-block-button is-style-link stk-block-expand__hide-button stk-block stk-ac16f26\" data-block-id=\"ac16f26\"><a aria-hidden=\"true\" role=\"button\" aria-expanded=\"true\" class=\"stk-link stk-button stk--hover-effect-darken\" href=\"#\"><span class=\"stk-button__inner-text\">Mostrar menos<\/span><\/a><\/div>\n<\/div><\/div>\n\n\n\n<div class=\"wp-block-stackable-expand stk-block-expand stk-block stk-532afef\" data-block-id=\"532afef\"><div class=\"stk-inner-blocks stk-block-content\">\n<div class=\"wp-block-stackable-text stk-block-text stk-block stk-4aaf74b stk-block-expand__short-text\" aria-hidden=\"false\" data-block-id=\"4aaf74b\"><p class=\"stk-block-text__text\"><strong><span style=\"color: #9b51e0\" class=\"stk-highlight\">Taxa de Drenagem<\/span><\/strong> <strong><span style=\"color: #9b51e0\" class=\"stk-highlight\">e Manejo de \u00c1guas Pluviais<\/span><\/strong><\/p><\/div>\n\n\n\n<div class=\"wp-block-stackable-button stk-block-button is-style-link stk-block-expand__show-button stk-block stk-e7d101e\" data-block-id=\"e7d101e\"><a aria-hidden=\"false\" role=\"button\" aria-expanded=\"false\" class=\"stk-link stk-button stk--hover-effect-darken\" href=\"#\"><span class=\"stk-button__inner-text\">Mostrar mais<\/span><\/a><\/div>\n\n\n\n<div class=\"wp-block-stackable-text stk-block-text stk-block stk-2ff8ecb stk-block-expand__more-text\" aria-hidden=\"true\" data-block-id=\"2ff8ecb\"><p class=\"stk-block-text__text\">Institu\u00edda pela&nbsp;Lei Municipal 10.919\/2025, a Taxa de Drenagem \u00e9 o instrumento de gest\u00e3o urbana e ambiental, destinada ao custeio dos servi\u00e7os de manuten\u00e7\u00e3o e amplia\u00e7\u00e3o da rede de drenagem de \u00e1guas pluviais e implementa\u00e7\u00e3o de solu\u00e7\u00f5es para o controle da vaz\u00e3o e escoamento das \u00e1guas. Confira a f\u00f3rmula de cobran\u00e7a e mem\u00f3ria de c\u00e1lculo, <a href=\"https:\/\/portais.santoandre.sp.gov.br\/semasa\/drenagem\/taxa-de-drenagem-e-manejo-de-aguas-pluviais\/\">clicando aqui.<\/a><\/p><\/div>\n\n\n\n<div class=\"wp-block-stackable-button stk-block-button is-style-link stk-block-expand__hide-button stk-block stk-651467a\" data-block-id=\"651467a\"><a aria-hidden=\"true\" role=\"button\" aria-expanded=\"true\" class=\"stk-link stk-button stk--hover-effect-darken\" href=\"#\"><span class=\"stk-button__inner-text\">Mostrar menos<\/span><\/a><\/div>\n<\/div><\/div>\n\n\n\n<div class=\"wp-block-stackable-expand stk-block-expand stk-block stk-f45eab7\" data-block-id=\"f45eab7\"><div class=\"stk-inner-blocks stk-block-content\">\n<div class=\"wp-block-stackable-text stk-block-text stk-block stk-55a3191 stk-block-expand__short-text\" aria-hidden=\"false\" data-block-id=\"55a3191\"><p class=\"stk-block-text__text\"><strong><span style=\"color: #ff6900\" class=\"stk-highlight\">Servi\u00e7os diversos (an\u00e1lises, c\u00f3pias etc)<\/span><\/strong><\/p><\/div>\n\n\n\n<div class=\"wp-block-stackable-button stk-block-button is-style-link stk-block-expand__show-button stk-block stk-cc6ced0\" data-block-id=\"cc6ced0\"><a aria-hidden=\"false\" role=\"button\" aria-expanded=\"false\" class=\"stk-link stk-button stk--hover-effect-darken\" href=\"#\"><span class=\"stk-button__inner-text\">Mostrar mais<\/span><\/a><\/div>\n\n\n\n<div class=\"wp-block-stackable-text stk-block-text stk-block stk-73b8aff stk-block-expand__more-text\" aria-hidden=\"true\" data-block-id=\"73b8aff\"><p class=\"stk-block-text__text\">Aqui, listamos alguns dos principais servi\u00e7os executados pelo Semasa. Os valores mencionados s\u00e3o informativos. Para mais detalhes do pre\u00e7o final, consulte a portaria abaixo ou entre em contato por um de nossos canais de atendimento.<br>\u2013\u00a0<a href=\"https:\/\/portais.santoandre.sp.gov.br\/semasa\/wp-content\/uploads\/sites\/13\/2024\/06\/PORT2018-188-1.pdf\">Portaria\u00a0188\/2018<\/a><br>OBS: O valor do FMP (Fator Monet\u00e1rio Padr\u00e3o) \u00e9 estabelecido anualmente pela Prefeitura Municipal de Santo Andr\u00e9. Para o exerc\u00edcio de 2026 o valor do FMP \u00e9 de R$ 5,8138.<\/p><\/div>\n\n\n\n<div class=\"wp-block-stackable-button stk-block-button is-style-link stk-block-expand__hide-button stk-block stk-687e816\" data-block-id=\"687e816\"><a aria-hidden=\"true\" role=\"button\" aria-expanded=\"true\" class=\"stk-link stk-button stk--hover-effect-darken\" href=\"#\"><span class=\"stk-button__inner-text\">Mostrar menos<\/span><\/a><\/div>\n<\/div><\/div>\n","protected":false},"excerpt":{"rendered":"<p>Nesta p\u00e1gina voc\u00ea tem acesso a toda a grade tarif\u00e1ria do Semasa, dividida por tipos de servi\u00e7os. Taxa de Coleta Mostrar mais A Taxa de Coleta foi institu\u00edda pela&nbsp;Lei Municipal 9.439\/12, que substituiu a antiga Taxa de Limpeza P\u00fablica (Lei 6.580\/89). Ela cobre as despesas da coleta, remo\u00e7\u00e3o e destina\u00e7\u00e3o final do lixo no munic\u00edpio. [&hellip;]<\/p>\n","protected":false},"author":28,"featured_media":0,"parent":208,"menu_order":0,"comment_status":"closed","ping_status":"closed","template":"","meta":{"footnotes":""},"class_list":["post-370","page","type-page","status-publish","hentry"],"_links":{"self":[{"href":"https:\/\/portais.santoandre.sp.gov.br\/semasa\/wp-json\/wp\/v2\/pages\/370","targetHints":{"allow":["GET"]}}],"collection":[{"href":"https:\/\/portais.santoandre.sp.gov.br\/semasa\/wp-json\/wp\/v2\/pages"}],"about":[{"href":"https:\/\/portais.santoandre.sp.gov.br\/semasa\/wp-json\/wp\/v2\/types\/page"}],"author":[{"embeddable":true,"href":"https:\/\/portais.santoandre.sp.gov.br\/semasa\/wp-json\/wp\/v2\/users\/28"}],"replies":[{"embeddable":true,"href":"https:\/\/portais.santoandre.sp.gov.br\/semasa\/wp-json\/wp\/v2\/comments?post=370"}],"version-history":[{"count":5,"href":"https:\/\/portais.santoandre.sp.gov.br\/semasa\/wp-json\/wp\/v2\/pages\/370\/revisions"}],"predecessor-version":[{"id":6203,"href":"https:\/\/portais.santoandre.sp.gov.br\/semasa\/wp-json\/wp\/v2\/pages\/370\/revisions\/6203"}],"up":[{"embeddable":true,"href":"https:\/\/portais.santoandre.sp.gov.br\/semasa\/wp-json\/wp\/v2\/pages\/208"}],"wp:attachment":[{"href":"https:\/\/portais.santoandre.sp.gov.br\/semasa\/wp-json\/wp\/v2\/media?parent=370"}],"curies":[{"name":"wp","href":"https:\/\/api.w.org\/{rel}","templated":true}]}}