{"id":208,"date":"2024-06-13T16:43:20","date_gmt":"2024-06-13T19:43:20","guid":{"rendered":"https:\/\/portais.santoandre.sp.gov.br\/semasa\/?page_id=208"},"modified":"2026-03-04T08:58:01","modified_gmt":"2026-03-04T11:58:01","slug":"servicos-ao-usuario","status":"publish","type":"page","link":"https:\/\/portais.santoandre.sp.gov.br\/semasa\/institucional\/servicos-ao-usuario\/","title":{"rendered":"Servi\u00e7os ao cliente"},"content":{"rendered":"\n<p><\/p>\n\n\n\n<div class=\"wp-block-stackable-columns stk-block-columns stk-block stk-faeb025\" data-block-id=\"faeb025\"><div class=\"stk-row stk-inner-blocks stk-block-content stk-content-align stk-faeb025-column\">\n<div class=\"wp-block-stackable-column stk-block-column stk-column stk-block stk-783bca0\" data-v=\"4\" data-block-id=\"783bca0\"><div class=\"stk-column-wrapper stk-block-column__content stk-container stk-783bca0-container stk--no-background stk--no-padding\"><div class=\"stk-block-content stk-inner-blocks stk-783bca0-inner-blocks\">\n<figure class=\"wp-block-image size-full is-resized\"><img decoding=\"async\" width=\"39\" height=\"60\" src=\"https:\/\/portais.santoandre.sp.gov.br\/semasa\/wp-content\/uploads\/sites\/13\/2024\/06\/green-trash1.png\" alt=\"\" class=\"wp-image-218\" style=\"aspect-ratio:0.65;width:39px;height:auto\" \/><\/figure>\n\n\n\n<p><span style=\"color: #000000\" class=\"stk-highlight\"><strong>Res\u00edduos<\/strong><\/span><\/p>\n\n\n\n<figure class=\"wp-block-table\"><table><tbody><tr><td class=\"has-text-align-left\" data-align=\"left\"><strong><span style=\"color: #ff6900\" class=\"stk-highlight\">Solicita\u00e7\u00f5es on-line<\/span><\/strong><\/td><\/tr><tr><td class=\"has-text-align-left\" data-align=\"left\"><a href=\"http:\/\/agencia.semasa.sp.gov.br\/AgenciaVirtual\/frmLogradouro.aspx?Servico=ColetaExtraResiduoSeco\">Coleta extra de res\u00edduos secos<\/a><\/td><\/tr><tr><td class=\"has-text-align-left\" data-align=\"left\"><a href=\"http:\/\/agencia.semasa.sp.gov.br\/agenciavirtual\/frmLogradouro.aspx?Servico=VistoriaEstacaoColeta\">Vistoria t\u00e9cnica &#8211; Esta\u00e7\u00e3o de Coleta<\/a><\/td><\/tr><tr><td class=\"has-text-align-left\" data-align=\"left\"><a href=\"http:\/\/agencia.semasa.sp.gov.br\/agenciavirtual\/frmLogradouro.aspx?Servico=VistoriaColetaInfectante\">Vistoria t\u00e9cnica &#8211; coleta de res\u00edduos infectantes<\/a><\/td><\/tr><tr><td class=\"has-text-align-left\" data-align=\"left\"><a href=\"http:\/\/agencia.semasa.sp.gov.br\/agenciavirtual\/frmLogradouro.aspx?Servico=TrocaBag\">Troca de bags<\/a><\/td><\/tr><tr><td class=\"has-text-align-left\" data-align=\"left\"><a href=\"http:\/\/agencia.semasa.sp.gov.br\/agenciavirtual\/frmLogradouro.aspx?Servico=ReclamacaoEstacaoColeta\">Reclama\u00e7\u00e3o de Esta\u00e7\u00e3o de Coleta<\/a><\/td><\/tr><tr><td class=\"has-text-align-left\" data-align=\"left\"><a href=\"http:\/\/agencia.semasa.sp.gov.br\/agenciavirtual\/frmLogradouro.aspx?Servico=ImplantacaoColetaEscola\">Implanta\u00e7\u00e3o de coleta seletiva em condom\u00ednios e escolas<\/a> (<em>Meu Condom\u00ednio Recicla<\/em>)<\/td><\/tr><tr><td class=\"has-text-align-left\" data-align=\"left\"><a href=\"http:\/\/agencia.semasa.sp.gov.br\/agenciavirtual\/frmLogradouro.aspx?Servico=ColetaInfectante&amp;\">Coleta extra de res\u00edduos infectantes<\/a><\/td><\/tr><tr><td class=\"has-text-align-left\" data-align=\"left\"><a href=\"http:\/\/agencia.semasa.sp.gov.br\/agenciavirtual\/frmLogradouro.aspx?Servico=CancelarColeta\">Cancelamento de coleta de res\u00edduos de sa\u00fade<\/a><\/td><\/tr><tr><td class=\"has-text-align-left\" data-align=\"left\"><a href=\"http:\/\/agencia.semasa.sp.gov.br\/agenciavirtual\/frmLogradouro.aspx?Servico=RemocaoAnimalResidencia\">Remo\u00e7\u00e3o de animais mortos em resid\u00eancias<\/a><\/td><\/tr><tr><td class=\"has-text-align-left\" data-align=\"left\"><a href=\"http:\/\/agencia.semasa.sp.gov.br\/agenciavirtual\/frmLogradouro.aspx?Servico=RemocaoAnimalViaPublica\">Remo\u00e7\u00e3o de animais mortos em vias p\u00fablicas<\/a><\/td><\/tr><tr><td class=\"has-text-align-left\" data-align=\"left\"><a href=\"http:\/\/agencia.semasa.sp.gov.br\/agenciavirtual\/frmLogradouro.aspx?Servico=RemocaoAnimalClinica\">Remo\u00e7\u00e3o de animais mortos em cl\u00ednicas<\/a><\/td><\/tr><tr><td class=\"has-text-align-left\" data-align=\"left\"><a href=\"http:\/\/agencia.semasa.sp.gov.br\/agenciavirtual\/frmLogradouro.aspx?Servico=ImplantacaoColetaHospitalar\">Implanta\u00e7\u00e3o de coleta de infectantes<\/a><\/td><\/tr><tr><td class=\"has-text-align-left\" data-align=\"left\"><a href=\"http:\/\/agencia.semasa.sp.gov.br\/agenciavirtual\/frmLogradouro.aspx?Servico=VistoriaVarricao\">Vistoria de varri\u00e7\u00e3o<\/a><\/td><\/tr><tr><td class=\"has-text-align-left\" data-align=\"left\"><a href=\"http:\/\/agencia.semasa.sp.gov.br\/agenciavirtual\/frmLogradouro.aspx?Servico=VistoriaColeta\">Vistoria de coleta<\/a><\/td><\/tr><tr><td class=\"has-text-align-left\" data-align=\"left\"><strong><span style=\"color: #0693e3\" class=\"stk-highlight\">Outras informa\u00e7\u00f5es<\/span><\/strong><\/td><\/tr><tr><td class=\"has-text-align-left\" data-align=\"left\"><a href=\"https:\/\/portais.santoandre.sp.gov.br\/semasa\/wp-content\/uploads\/sites\/13\/2025\/02\/CONTRATO-DE-ADESAO-RSS-atual-2025-fev.pdf\">Contrato de ades\u00e3o para res\u00edduos de sa\u00fade<\/a><\/td><\/tr><tr><td class=\"has-text-align-left\" data-align=\"left\"><a href=\"https:\/\/portais.santoandre.sp.gov.br\/semasa\/residuos\/estacoes-de-coleta\/\" data-type=\"page\" data-id=\"151\">Endere\u00e7o de esta\u00e7\u00f5es de coleta\/ecopontos<\/a><\/td><\/tr><tr><td class=\"has-text-align-left\" data-align=\"left\"><a href=\"https:\/\/portais.santoandre.sp.gov.br\/semasa\/residuos\/dias-e-horarios-da-varricao\/\" data-type=\"page\" data-id=\"237\">Dias e hor\u00e1rios da varri\u00e7\u00e3o nos bairros<\/a><\/td><\/tr><tr><td class=\"has-text-align-left\" data-align=\"left\"><a href=\"https:\/\/portais.santoandre.sp.gov.br\/semasa\/residuos\/dias-e-horarios-de-coleta\/\" data-type=\"page\" data-id=\"231\">Dias e hor\u00e1rios de coleta de res\u00edduos (\u00famidos e secos)<\/a><\/td><\/tr><\/tbody><\/table><\/figure>\n\n\n\n<figure class=\"wp-block-image size-full is-resized\"><img fetchpriority=\"high\" decoding=\"async\" width=\"384\" height=\"384\" src=\"https:\/\/portais.santoandre.sp.gov.br\/semasa\/wp-content\/uploads\/sites\/13\/2026\/01\/Icone_drenagem.png\" alt=\"\" class=\"wp-image-6110\" style=\"width:57px;height:auto\" srcset=\"https:\/\/portais.santoandre.sp.gov.br\/semasa\/wp-content\/uploads\/sites\/13\/2026\/01\/Icone_drenagem.png 384w, https:\/\/portais.santoandre.sp.gov.br\/semasa\/wp-content\/uploads\/sites\/13\/2026\/01\/Icone_drenagem-300x300.png 300w, https:\/\/portais.santoandre.sp.gov.br\/semasa\/wp-content\/uploads\/sites\/13\/2026\/01\/Icone_drenagem-150x150.png 150w\" sizes=\"(max-width: 384px) 100vw, 384px\" \/><\/figure>\n\n\n\n<p><strong>Drenagem<\/strong><\/p>\n\n\n\n<figure class=\"wp-block-table\"><table class=\"has-fixed-layout\"><tbody><tr><td><a href=\"https:\/\/agencia.semasa.sp.gov.br\/AgenciaVirtual\/frmLogradouro.aspx?Servico=DrenagemLimpezaLobo\">Limpeza de boca de lobo<\/a><\/td><\/tr><\/tbody><\/table><\/figure>\n<\/div><\/div><\/div>\n\n\n\n<div class=\"wp-block-stackable-column stk-block-column stk-column stk-block stk-814b5ff\" data-v=\"4\" data-block-id=\"814b5ff\"><div class=\"stk-column-wrapper stk-block-column__content stk-container stk-814b5ff-container stk--no-background stk--no-padding\"><div class=\"stk-block-content stk-inner-blocks stk-814b5ff-inner-blocks\">\n<figure class=\"wp-block-image size-full\"><img decoding=\"async\" width=\"53\" height=\"54\" src=\"https:\/\/portais.santoandre.sp.gov.br\/semasa\/wp-content\/uploads\/sites\/13\/2024\/06\/folha_site.gif\" alt=\"\" class=\"wp-image-221\" \/><\/figure>\n\n\n\n<p><strong><span style=\"color: #000000\" class=\"stk-highlight\">Fiscaliza\u00e7\u00e3o ambiental<\/span><\/strong><\/p>\n\n\n\n<figure class=\"wp-block-table is-style-regular\"><table><tbody><tr><td><span style=\"color: #007e50\" class=\"stk-highlight\"><strong>Solicita\u00e7\u00f5es on-line<\/strong><\/span><\/td><\/tr><tr><td><a rel=\"noreferrer noopener\" href=\"http:\/\/agencia.semasa.sp.gov.br\/agenciavirtual\/frmLogradouro.aspx?Servico=PodaUrbana&amp;strEndereco=Infrator\" target=\"_blank\">Den\u00fancia de poda\/supress\u00e3o de vegeta\u00e7\u00e3o em \u00c1rea Urbana<\/a><\/td><\/tr><tr><td><a rel=\"noreferrer noopener\" href=\"http:\/\/agencia.semasa.sp.gov.br\/agenciavirtual\/frmLogradouro.aspx?Servico=SupressaoManancial&amp;strEndereco=Infrator\" target=\"_blank\">Den\u00fancia de supress\u00e3o de vegeta\u00e7\u00e3o em \u00c1rea de Manancial<\/a><\/td><\/tr><tr><td><a rel=\"noreferrer noopener\" href=\"http:\/\/agencia.semasa.sp.gov.br\/agenciavirtual\/frmLogradouro.aspx?Servico=SomReligioso&amp;strEndereco=Infrator\" target=\"_blank\">Reclama\u00e7\u00e3o de ru\u00eddo \u2013 Templos religiosos<\/a><\/td><\/tr><tr><td><a rel=\"noreferrer noopener\" href=\"http:\/\/agencia.semasa.sp.gov.br\/agenciavirtual\/frmLogradouro.aspx?Servico=SomMecanico&amp;strEndereco=Infrator\" target=\"_blank\">Reclama\u00e7\u00e3o de ru\u00eddo \u2013 Som mec\u00e2nico<\/a><\/td><\/tr><tr><td><a rel=\"noreferrer noopener\" href=\"http:\/\/agencia.semasa.sp.gov.br\/agenciavirtual\/frmLogradouro.aspx?Servico=SomObra&amp;strEndereco=Infrator\" target=\"_blank\">Reclama\u00e7\u00e3o de ru\u00eddo \u2013 Som de obra<\/a><\/td><\/tr><tr><td><a rel=\"noreferrer noopener\" href=\"http:\/\/agencia.semasa.sp.gov.br\/agenciavirtual\/frmLogradouro.aspx?Servico=SomEscolaSamba&amp;strEndereco=Infrator\" target=\"_blank\">Reclama\u00e7\u00e3o de ru\u00eddo \u2013 Escola de Samba<\/a><\/td><\/tr><tr><td><a rel=\"noreferrer noopener\" href=\"http:\/\/agencia.semasa.sp.gov.br\/agenciavirtual\/frmLogradouro.aspx?Servico=SomCanil&amp;strEndereco=Infrator\" target=\"_blank\">Reclama\u00e7\u00e3o de ru\u00eddo \u2013 Canil\/PetShop<\/a><\/td><\/tr><tr><td><a rel=\"noreferrer noopener\" href=\"http:\/\/agencia.semasa.sp.gov.br\/agenciavirtual\/frmLogradouro.aspx?Servico=SomAmplificado&amp;strEndereco=Infrator\" target=\"_blank\">Reclama\u00e7\u00e3o de ru\u00eddo \u2013 Som amplificado<\/a><\/td><\/tr><tr><td><a rel=\"noreferrer noopener\" href=\"http:\/\/agencia.semasa.sp.gov.br\/agenciavirtual\/frmLogradouro.aspx?Servico=Queima&amp;strEndereco=Infrator\" target=\"_blank\">Fiscaliza\u00e7\u00e3o de queima a c\u00e9u aberto<\/a><\/td><\/tr><tr><td><a rel=\"noreferrer noopener\" href=\"http:\/\/agencia.semasa.sp.gov.br\/agenciavirtual\/frmLogradouro.aspx?Servico=PescaManancial&amp;strEndereco=Infrator\" target=\"_blank\">Den\u00fancia de pesca com tarrafa em \u00c1rea de Manancial<\/a><\/td><\/tr><tr><td><a rel=\"noreferrer noopener\" href=\"http:\/\/agencia.semasa.sp.gov.br\/agenciavirtual\/frmLogradouro.aspx?Servico=Odor&amp;strEndereco=Infrator\" target=\"_blank\">Reclama\u00e7\u00e3o sobre emiss\u00e3o de odor\/material particulado<\/a><\/td><\/tr><tr><td><a href=\"http:\/\/agencia.semasa.sp.gov.br\/agenciavirtual\/frmLogradouro.aspx?Servico=EsgotoManancial&amp;strEndereco=Infrator\" target=\"_blank\" rel=\"noreferrer noopener\">Irregularidades de Esgoto e \u00c1guas Pluviais<\/a><\/td><\/tr><tr><td><a rel=\"noreferrer noopener\" href=\"http:\/\/agencia.semasa.sp.gov.br\/agenciavirtual\/frmLogradouro.aspx?Servico=VazamentoQuimico&amp;strEndereco=Infrator\" target=\"_blank\">Descarte\/Vazamento de produtos qu\u00edmicos<\/a><\/td><\/tr><tr><td><a rel=\"noreferrer noopener\" href=\"http:\/\/agencia.semasa.sp.gov.br\/agenciavirtual\/frmLogradouro.aspx?Servico=Descarte&amp;strEndereco=Infrator\" target=\"_blank\">Reclama\u00e7\u00e3o sobre descarte de res\u00edduos em \u00c1rea Urbana com identifica\u00e7\u00e3o do infrator<\/a><\/td><\/tr><tr><td><a rel=\"noreferrer noopener\" href=\"http:\/\/agencia.semasa.sp.gov.br\/agenciavirtual\/frmLogradouro.aspx?Servico=DescarteManancial&amp;strEndereco=Infrator\" target=\"_blank\">Reclama\u00e7\u00e3o sobre descarte de res\u00edduos em \u00c1rea de Manancial<\/a><\/td><\/tr><tr><td><a rel=\"noreferrer noopener\" href=\"http:\/\/agencia.semasa.sp.gov.br\/agenciavirtual\/frmLogradouro.aspx?Servico=ConstrucaoManancial&amp;strEndereco=Infrator\" target=\"_blank\">Constru\u00e7\u00e3o irregular em \u00c1rea de Manancial<\/a><\/td><\/tr><tr><td><a rel=\"noreferrer noopener\" href=\"http:\/\/agencia.semasa.sp.gov.br\/agenciavirtual\/frmLogradouro.aspx?Servico=CacaManancial&amp;strEndereco=Infrator\" target=\"_blank\">Ca\u00e7a em \u00c1rea de Manancial<\/a><\/td><\/tr><\/tbody><\/table><\/figure>\n\n\n\n<figure class=\"wp-block-image size-full\"><img decoding=\"async\" width=\"53\" height=\"54\" src=\"https:\/\/portais.santoandre.sp.gov.br\/semasa\/wp-content\/uploads\/sites\/13\/2024\/06\/folha_site.gif\" alt=\"\" class=\"wp-image-221\" \/><\/figure>\n\n\n\n<p><strong>Licenciamento ambiental<\/strong><\/p>\n\n\n\n<figure class=\"wp-block-table\"><table><tbody><tr><td><a href=\"https:\/\/www.santoandre.sp.gov.br\/PortalServico\/Agendamento\/frmAgendamento.aspx?id=801\">Agendamento t\u00e9cnico de licenciamento<\/a><\/td><\/tr><tr><td><a href=\"https:\/\/santoandre.inmov.net.br\/initial_home_pages\">Sistema Acto<\/a><\/td><\/tr><\/tbody><\/table><\/figure>\n<\/div><\/div><\/div>\n<\/div><\/div>\n\n\n\n<div class=\"wp-block-stackable-columns stk-block-columns stk-block stk-49a8331\" data-block-id=\"49a8331\"><div class=\"stk-row stk-inner-blocks stk-block-content stk-content-align stk-49a8331-column\">\n<div class=\"wp-block-stackable-column stk-block-column stk-column stk-block stk-ed157f0\" data-v=\"4\" data-block-id=\"ed157f0\"><div class=\"stk-column-wrapper stk-block-column__content stk-container stk-ed157f0-container stk--no-background stk--no-padding\"><div class=\"stk-block-content stk-inner-blocks stk-ed157f0-inner-blocks\">\n<figure class=\"wp-block-image size-full\"><img loading=\"lazy\" decoding=\"async\" width=\"53\" height=\"54\" src=\"https:\/\/portais.santoandre.sp.gov.br\/semasa\/wp-content\/uploads\/sites\/13\/2024\/06\/green-glass1.png\" alt=\"\" class=\"wp-image-225\" \/><\/figure>\n\n\n\n<figure class=\"wp-block-table\"><table><tbody><tr><td><strong>Consultas<\/strong><\/td><\/tr><tr><td><a href=\"http:\/\/agencia.semasa.sp.gov.br\/agenciavirtual\/agendamento.html\">Agendamento do Posto de Atendimento<\/a><\/td><\/tr><tr><td><a href=\"https:\/\/portais.santoandre.sp.gov.br\/semasa\/institucional\/servicos-de-agua-e-esgoto\/\">Servi\u00e7os de \u00c1gua e Esgoto<\/a><\/td><\/tr><tr><td><a href=\"https:\/\/portais.santoandre.sp.gov.br\/semasa\/institucional\/servicos-ao-usuario\/empresas-de-caminhao-pipa-licenciadas\/\">Empresas de caminh\u00e3o-pipa licenciadas<\/a><\/td><\/tr><tr><td><a href=\"https:\/\/portais.santoandre.sp.gov.br\/semasa\/wp-content\/uploads\/sites\/13\/2024\/06\/Requerimento-para-pesquisas-academicas-V-maio24.pdf\">Requerimento para pesquisas acad\u00eamicas<\/a><\/td><\/tr><tr><td><a rel=\"noreferrer noopener\" href=\"http:\/\/agencia.semasa.sp.gov.br\/agenciavirtual\/frmProcesso.aspx\" target=\"_blank\">Consulte o andamento de processo<\/a><\/td><\/tr><tr><td><a href=\"http:\/\/agencia.semasa.sp.gov.br\/agenciavirtual\/frmServicoConsultar.aspx\">Consulte o andamento dos servi\u00e7os solicitados<\/a><\/td><\/tr><tr><td><a href=\"https:\/\/portais.santoandre.sp.gov.br\/semasa\/institucional\/atendimento-ao-cliente-externo\/documentos-para-atendimento-ao-usuario\/\">Documentos para atendimento ao cliente<\/a><\/td><\/tr><\/tbody><\/table><\/figure>\n<\/div><\/div><\/div>\n\n\n\n<div class=\"wp-block-stackable-column stk-block-column stk-column stk-block stk-f192922\" data-v=\"4\" data-block-id=\"f192922\"><div class=\"stk-column-wrapper stk-block-column__content stk-container stk-f192922-container stk--no-background stk--no-padding\"><div class=\"stk-block-content stk-inner-blocks stk-f192922-inner-blocks\">\n<figure class=\"wp-block-image size-full\"><img loading=\"lazy\" decoding=\"async\" width=\"43\" height=\"56\" src=\"https:\/\/portais.santoandre.sp.gov.br\/semasa\/wp-content\/uploads\/sites\/13\/2024\/06\/green-money1.png\" alt=\"\" class=\"wp-image-357\" \/><\/figure>\n\n\n\n<figure class=\"wp-block-table\"><table><tbody><tr><td><strong>D\u00edvidas<\/strong><\/td><\/tr><tr><td><strong><span style=\"color: #ff6900\" class=\"stk-highlight\">Solicita\u00e7\u00f5es on-line<\/span><\/strong><\/td><\/tr><tr><td><a href=\"http:\/\/agencia.semasa.sp.gov.br\/agenciavirtual\/frmNotaDebitoListar.aspx\">Nota de d\u00e9bito \u2013 Res\u00edduos Infectantes<\/a><\/td><\/tr><tr><td><a href=\"https:\/\/agencia.semasa.sp.gov.br\/agenciavirtual\/frmnotadebitodga.aspx\">Nota de d\u00e9bito &#8211; Fiscaliza\u00e7\u00e3o ambiental<\/a><\/td><\/tr><tr><td><a href=\"http:\/\/agencia.semasa.sp.gov.br\/agenciavirtual\/frmParcelamentoListar.aspx\">Emiss\u00e3o de carn\u00ea de parcelamento de d\u00e9bitos<\/a><\/td><\/tr><tr><td><a href=\"http:\/\/agencia.semasa.sp.gov.br\/agenciavirtual\/frmSegundaVia.aspx\">Consulte a situa\u00e7\u00e3o de d\u00e9bitos e suas contas em aberto<\/a><\/td><\/tr><tr><td><strong><span style=\"color: #0693e3\" class=\"stk-highlight\">Outras informa\u00e7\u00f5es<\/span><\/strong><\/td><\/tr><tr><td><a href=\"https:\/\/portais.santoandre.sp.gov.br\/semasa\/institucional\/servicos-ao-usuario\/como-parcelar-seus-debitos\/\">Como parcelar seus d\u00e9bitos<\/a><\/td><\/tr><tr><td><a href=\"https:\/\/portais.santoandre.sp.gov.br\/semasa\/institucional\/servicos-ao-usuario\/desconto-da-taxa-de-coleta\/\">Desconto na Taxa de Coleta para aposentados e pensionistas<\/a><\/td><\/tr><tr><td><a href=\"https:\/\/portais.santoandre.sp.gov.br\/semasa\/institucional\/servicos-ao-usuario\/grade-tarifaria\/\">Grade tarif\u00e1ria<\/a><\/td><\/tr><\/tbody><\/table><\/figure>\n<\/div><\/div><\/div>\n<\/div><\/div>\n","protected":false},"excerpt":{"rendered":"<p>Res\u00edduos Solicita\u00e7\u00f5es on-line Coleta extra de res\u00edduos secos Vistoria t\u00e9cnica &#8211; Esta\u00e7\u00e3o de Coleta Vistoria t\u00e9cnica &#8211; coleta de res\u00edduos infectantes Troca de bags Reclama\u00e7\u00e3o de Esta\u00e7\u00e3o de Coleta Implanta\u00e7\u00e3o de coleta seletiva em condom\u00ednios e escolas (Meu Condom\u00ednio Recicla) Coleta extra de res\u00edduos infectantes Cancelamento de coleta de res\u00edduos de sa\u00fade Remo\u00e7\u00e3o de animais [&hellip;]<\/p>\n","protected":false},"author":28,"featured_media":0,"parent":41,"menu_order":0,"comment_status":"closed","ping_status":"closed","template":"","meta":{"footnotes":""},"class_list":["post-208","page","type-page","status-publish","hentry"],"_links":{"self":[{"href":"https:\/\/portais.santoandre.sp.gov.br\/semasa\/wp-json\/wp\/v2\/pages\/208","targetHints":{"allow":["GET"]}}],"collection":[{"href":"https:\/\/portais.santoandre.sp.gov.br\/semasa\/wp-json\/wp\/v2\/pages"}],"about":[{"href":"https:\/\/portais.santoandre.sp.gov.br\/semasa\/wp-json\/wp\/v2\/types\/page"}],"author":[{"embeddable":true,"href":"https:\/\/portais.santoandre.sp.gov.br\/semasa\/wp-json\/wp\/v2\/users\/28"}],"replies":[{"embeddable":true,"href":"https:\/\/portais.santoandre.sp.gov.br\/semasa\/wp-json\/wp\/v2\/comments?post=208"}],"version-history":[{"count":28,"href":"https:\/\/portais.santoandre.sp.gov.br\/semasa\/wp-json\/wp\/v2\/pages\/208\/revisions"}],"predecessor-version":[{"id":6542,"href":"https:\/\/portais.santoandre.sp.gov.br\/semasa\/wp-json\/wp\/v2\/pages\/208\/revisions\/6542"}],"up":[{"embeddable":true,"href":"https:\/\/portais.santoandre.sp.gov.br\/semasa\/wp-json\/wp\/v2\/pages\/41"}],"wp:attachment":[{"href":"https:\/\/portais.santoandre.sp.gov.br\/semasa\/wp-json\/wp\/v2\/media?parent=208"}],"curies":[{"name":"wp","href":"https:\/\/api.w.org\/{rel}","templated":true}]}}