{"id":215,"date":"2022-08-23T10:47:52","date_gmt":"2022-08-23T13:47:52","guid":{"rendered":"https:\/\/portais.santoandre.sp.gov.br\/procon\/?page_id=215"},"modified":"2022-10-24T16:08:59","modified_gmt":"2022-10-24T19:08:59","slug":"noticias","status":"publish","type":"page","link":"https:\/\/portais.santoandre.sp.gov.br\/procon\/noticias\/","title":{"rendered":"Not\u00edcias"},"content":{"rendered":"\n<div class=\"wp-block-query is-layout-flow wp-block-query-is-layout-flow\"><ul class=\"wp-block-post-template is-layout-flow wp-block-post-template-is-layout-flow\"><li class=\"wp-block-post post-462 post type-post status-publish format-standard has-post-thumbnail hentry category-sem-categoria\">\n\n<div class=\"wp-block-columns alignwide is-layout-flex wp-container-core-columns-is-layout-9d6595d7 wp-block-columns-is-layout-flex\">\n<div class=\"wp-block-column is-layout-flow wp-block-column-is-layout-flow\" style=\"flex-basis:66.66%\"><figure class=\"wp-block-post-featured-image\"><a href=\"https:\/\/portais.santoandre.sp.gov.br\/procon\/2022\/10\/24\/procon-movel-realiza-atendimento-na-rua-coronel-oliveira-lima\/\" target=\"_self\"  ><img fetchpriority=\"high\" decoding=\"async\" width=\"800\" height=\"533\" src=\"https:\/\/portais.santoandre.sp.gov.br\/procon\/wp-content\/uploads\/sites\/5\/2022\/10\/noticia-procon-5.jpg\" class=\"attachment-post-thumbnail size-post-thumbnail wp-post-image\" alt=\"Procon M\u00f3vel realiza atendimento na Rua Coronel Oliveira Lima\" style=\"object-fit:cover;\" srcset=\"https:\/\/portais.santoandre.sp.gov.br\/procon\/wp-content\/uploads\/sites\/5\/2022\/10\/noticia-procon-5.jpg 800w, https:\/\/portais.santoandre.sp.gov.br\/procon\/wp-content\/uploads\/sites\/5\/2022\/10\/noticia-procon-5-300x200.jpg 300w, https:\/\/portais.santoandre.sp.gov.br\/procon\/wp-content\/uploads\/sites\/5\/2022\/10\/noticia-procon-5-768x512.jpg 768w\" sizes=\"(max-width: 800px) 100vw, 800px\" \/><\/a><\/figure><\/div>\n\n\n\n<div class=\"wp-block-column is-layout-flow wp-block-column-is-layout-flow\" style=\"flex-basis:33.33%\"><h2 class=\"wp-block-post-title\">Procon M\u00f3vel realiza atendimento na Rua Coronel Oliveira Lima<\/h2>\n\n<div class=\"wp-block-post-excerpt\"><p class=\"wp-block-post-excerpt__excerpt\">A\u00e7\u00e3o ocorre das 10h \u00e0s 16h no Largo da Est\u00e1tua Santo Andr\u00e9, 4 de agosto de 2022 &#8211; Nesta sexta-feira (5), das 10h \u00e0s 16h, o Procon Santo Andr\u00e9, em parceria com a Funda\u00e7\u00e3o Procon-SP, realiza atendimentos itinerantes aos consumidores na Rua Coronel Oliveira Lima, no Largo da Est\u00e1tua. Na ocasi\u00e3o, os interessados poder\u00e3o tirar&hellip; <\/p><\/div><\/div>\n<\/div>\n\n<\/li><li class=\"wp-block-post post-459 post type-post status-publish format-standard has-post-thumbnail hentry category-sem-categoria\">\n\n<div class=\"wp-block-columns alignwide is-layout-flex wp-container-core-columns-is-layout-9d6595d7 wp-block-columns-is-layout-flex\">\n<div class=\"wp-block-column is-layout-flow wp-block-column-is-layout-flow\" style=\"flex-basis:66.66%\"><figure class=\"wp-block-post-featured-image\"><a href=\"https:\/\/portais.santoandre.sp.gov.br\/procon\/2022\/10\/24\/enel-lidera-reclamacoes-no-procon-santo-andre-no-primeiro-semestre-2\/\" target=\"_self\"  ><img decoding=\"async\" width=\"800\" height=\"530\" src=\"https:\/\/portais.santoandre.sp.gov.br\/procon\/wp-content\/uploads\/sites\/5\/2022\/10\/noticia-procon-4.jpg\" class=\"attachment-post-thumbnail size-post-thumbnail wp-post-image\" alt=\"Enel lidera reclama\u00e7\u00f5es no Procon Santo Andr\u00e9 no primeiro semestre\" style=\"object-fit:cover;\" srcset=\"https:\/\/portais.santoandre.sp.gov.br\/procon\/wp-content\/uploads\/sites\/5\/2022\/10\/noticia-procon-4.jpg 800w, https:\/\/portais.santoandre.sp.gov.br\/procon\/wp-content\/uploads\/sites\/5\/2022\/10\/noticia-procon-4-300x199.jpg 300w, https:\/\/portais.santoandre.sp.gov.br\/procon\/wp-content\/uploads\/sites\/5\/2022\/10\/noticia-procon-4-768x509.jpg 768w\" sizes=\"(max-width: 800px) 100vw, 800px\" \/><\/a><\/figure><\/div>\n\n\n\n<div class=\"wp-block-column is-layout-flow wp-block-column-is-layout-flow\" style=\"flex-basis:33.33%\"><h2 class=\"wp-block-post-title\">Enel lidera reclama\u00e7\u00f5es no Procon Santo Andr\u00e9 no primeiro semestre<\/h2>\n\n<div class=\"wp-block-post-excerpt\"><p class=\"wp-block-post-excerpt__excerpt\">Balan\u00e7o do \u00f3rg\u00e3o de defesa do consumidor mostra empresas com mais queixas nos seis primeiros meses de 2022 Santo Andr\u00e9, 15 de julho de 2022 &#8211; O Procon Santo Andr\u00e9 consolidou o balan\u00e7o de atendimentos no primeiro semestre de 2022. De acordo com o \u00f3rg\u00e3o de defesa do consumidor, no primeiro semestre deste ano foram&hellip; <\/p><\/div><\/div>\n<\/div>\n\n<\/li><li class=\"wp-block-post post-456 post type-post status-publish format-standard has-post-thumbnail hentry category-sem-categoria\">\n\n<div class=\"wp-block-columns alignwide is-layout-flex wp-container-core-columns-is-layout-9d6595d7 wp-block-columns-is-layout-flex\">\n<div class=\"wp-block-column is-layout-flow wp-block-column-is-layout-flow\" style=\"flex-basis:66.66%\"><figure class=\"wp-block-post-featured-image\"><a href=\"https:\/\/portais.santoandre.sp.gov.br\/procon\/2022\/10\/24\/procon-santo-andre-alerta-consumidores-sobre-reduflacao\/\" target=\"_self\"  ><img decoding=\"async\" width=\"800\" height=\"553\" src=\"https:\/\/portais.santoandre.sp.gov.br\/procon\/wp-content\/uploads\/sites\/5\/2022\/10\/noticia-procon-3.jpg\" class=\"attachment-post-thumbnail size-post-thumbnail wp-post-image\" alt=\"Procon Santo Andr\u00e9 alerta consumidores sobre redufla\u00e7\u00e3o\" style=\"object-fit:cover;\" srcset=\"https:\/\/portais.santoandre.sp.gov.br\/procon\/wp-content\/uploads\/sites\/5\/2022\/10\/noticia-procon-3.jpg 800w, https:\/\/portais.santoandre.sp.gov.br\/procon\/wp-content\/uploads\/sites\/5\/2022\/10\/noticia-procon-3-300x207.jpg 300w, https:\/\/portais.santoandre.sp.gov.br\/procon\/wp-content\/uploads\/sites\/5\/2022\/10\/noticia-procon-3-768x531.jpg 768w\" sizes=\"(max-width: 800px) 100vw, 800px\" \/><\/a><\/figure><\/div>\n\n\n\n<div class=\"wp-block-column is-layout-flow wp-block-column-is-layout-flow\" style=\"flex-basis:33.33%\"><h2 class=\"wp-block-post-title\">Procon Santo Andr\u00e9 alerta consumidores sobre redufla\u00e7\u00e3o<\/h2>\n\n<div class=\"wp-block-post-excerpt\"><p class=\"wp-block-post-excerpt__excerpt\">\u00d3rg\u00e3o de Defesa do Consumidor listou algumas dicas sobre o fen\u00f4meno de reduzir a quantidade do produto ou utilizar ingredientes mais baratos mantendo o mesmo pre\u00e7o Santo Andr\u00e9, 29 de junho de 2022 \u2013 O Procon de Santo Andr\u00e9 traz um alerta importante aos consumidores sobre um fen\u00f4meno que vem ocorrendo nas prateleiras dos supermercados:&hellip; <\/p><\/div><\/div>\n<\/div>\n\n<\/li><\/ul><\/div>\n","protected":false},"excerpt":{"rendered":"","protected":false},"author":2,"featured_media":0,"parent":0,"menu_order":0,"comment_status":"closed","ping_status":"closed","template":"","meta":{"footnotes":""},"class_list":["post-215","page","type-page","status-publish","hentry"],"_links":{"self":[{"href":"https:\/\/portais.santoandre.sp.gov.br\/procon\/wp-json\/wp\/v2\/pages\/215","targetHints":{"allow":["GET"]}}],"collection":[{"href":"https:\/\/portais.santoandre.sp.gov.br\/procon\/wp-json\/wp\/v2\/pages"}],"about":[{"href":"https:\/\/portais.santoandre.sp.gov.br\/procon\/wp-json\/wp\/v2\/types\/page"}],"author":[{"embeddable":true,"href":"https:\/\/portais.santoandre.sp.gov.br\/procon\/wp-json\/wp\/v2\/users\/2"}],"replies":[{"embeddable":true,"href":"https:\/\/portais.santoandre.sp.gov.br\/procon\/wp-json\/wp\/v2\/comments?post=215"}],"version-history":[{"count":10,"href":"https:\/\/portais.santoandre.sp.gov.br\/procon\/wp-json\/wp\/v2\/pages\/215\/revisions"}],"predecessor-version":[{"id":260,"href":"https:\/\/portais.santoandre.sp.gov.br\/procon\/wp-json\/wp\/v2\/pages\/215\/revisions\/260"}],"wp:attachment":[{"href":"https:\/\/portais.santoandre.sp.gov.br\/procon\/wp-json\/wp\/v2\/media?parent=215"}],"curies":[{"name":"wp","href":"https:\/\/api.w.org\/{rel}","templated":true}]}}