{"id":795,"date":"2024-05-24T11:57:36","date_gmt":"2024-05-24T14:57:36","guid":{"rendered":"https:\/\/portais.santoandre.sp.gov.br\/observatoriomob\/?page_id=795"},"modified":"2025-12-10T11:59:51","modified_gmt":"2025-12-10T14:59:51","slug":"educacao","status":"publish","type":"page","link":"https:\/\/portais.santoandre.sp.gov.br\/observatoriomob\/educacao\/","title":{"rendered":"Educa\u00e7\u00e3o de Tr\u00e2nsito"},"content":{"rendered":"\n<p><\/p>\n\n\n\n<figure class=\"wp-block-image size-large\"><a href=\"https:\/\/www3.santoandre.sp.gov.br\/educacaodetransito\/\"><img fetchpriority=\"high\" decoding=\"async\" width=\"1024\" height=\"214\" src=\"https:\/\/portais.santoandre.sp.gov.br\/observatoriomob\/wp-content\/uploads\/sites\/14\/2024\/10\/WhatsApp-Image-2024-10-16-at-16.31.33-1024x214.jpeg\" alt=\"\" class=\"wp-image-853\" srcset=\"https:\/\/portais.santoandre.sp.gov.br\/observatoriomob\/wp-content\/uploads\/sites\/14\/2024\/10\/WhatsApp-Image-2024-10-16-at-16.31.33-1024x214.jpeg 1024w, https:\/\/portais.santoandre.sp.gov.br\/observatoriomob\/wp-content\/uploads\/sites\/14\/2024\/10\/WhatsApp-Image-2024-10-16-at-16.31.33-300x63.jpeg 300w, https:\/\/portais.santoandre.sp.gov.br\/observatoriomob\/wp-content\/uploads\/sites\/14\/2024\/10\/WhatsApp-Image-2024-10-16-at-16.31.33-768x160.jpeg 768w, https:\/\/portais.santoandre.sp.gov.br\/observatoriomob\/wp-content\/uploads\/sites\/14\/2024\/10\/WhatsApp-Image-2024-10-16-at-16.31.33-1536x321.jpeg 1536w, https:\/\/portais.santoandre.sp.gov.br\/observatoriomob\/wp-content\/uploads\/sites\/14\/2024\/10\/WhatsApp-Image-2024-10-16-at-16.31.33.jpeg 1600w\" sizes=\"(max-width: 1024px) 100vw, 1024px\" \/><\/a><\/figure>\n\n\n\n<p>A&nbsp;<em><strong>Ger\u00eancia de Educa\u00e7\u00e3o para o Tr\u00e2nsito (GET)<\/strong><\/em>&nbsp;tem como principal objetivo oferecer ao p\u00fablico alvo o exerc\u00edcio de pr\u00e1ticas educativas,&nbsp; viv\u00eancias e aprendizado sobre mobilidade urbana; sensibilizando para a import\u00e2ncia da ado\u00e7\u00e3o de comportamentos seguros no tr\u00e2nsito e o compartilhamento do espa\u00e7o publico; valorizando boas pr\u00e1ticas de mobilidade e desenvolvendo a\u00e7\u00f5es de cidadania al\u00e9m de campanhas de conscientiza\u00e7\u00e3o para os diversos usu\u00e1rios das vias publicas.<\/p>\n\n\n\n<p>Engana-se quem pensa que Educa\u00e7\u00e3o de tr\u00e2nsito \u00e9 ensinar a dirigir ou t\u00e3o somente ensinar a reconhecer as placas e as leis. A Educa\u00e7\u00e3o de tr\u00e2nsito trabalha valores importantes para a forma\u00e7\u00e3o do indiv\u00edduo, abordando temas como cordialidade, respeito, solidariedade e responsabilidade.<\/p>\n\n\n\n<p>Educar para o tr\u00e2nsito \u00e9 contribuir para a forma\u00e7\u00e3o de cidad\u00e3os melhores, que utilizam os espa\u00e7os p\u00fablicos com educa\u00e7\u00e3o, empatia e respeito, colaborando para que o tr\u00e2nsito seja mais gentil e humano e as cidades mais agrad\u00e1veis de se viver.<\/p>\n\n\n\n<p>Para isso, \u00e9 fundamental iniciarmos essa abordagem desde a inf\u00e2ncia, quando a crian\u00e7a come\u00e7a a se entender como parte do mundo e aprende, seja na escola ou em casa, a conviver em sociedade.<\/p>\n\n\n\n<p>De forma l\u00fadica, apresentamos conceitos e pr\u00e1ticas que provocam a reflex\u00e3o sobre como juntos somos capazes de construir um tr\u00e2nsito mais seguro e saud\u00e1vel para todos.<br><br>Acesse: <a href=\"https:\/\/www3.santoandre.sp.gov.br\/educacaodetransito\/\">Educa\u00e7\u00e3o de Tr\u00e2nsito em Santo Andr\u00e9 <\/a><\/p>\n\n\n\n<div style=\"height:100px\" aria-hidden=\"true\" class=\"wp-block-spacer\"><\/div>\n\n\n\n<h2 class=\"wp-block-heading\">Turminha da Mobilidade<\/h2>\n\n\n\n<p>J\u00e1 est\u00e1 no ar o Turminha da Mobilidade! Neste almanaque especial, acompanhe tr\u00eas hist\u00f3rias em quadrinhos que ensinam, de forma divertida, como podemos ser cidad\u00e3os mais conscientes, cuidar do tr\u00e2nsito e contribuir para uma mobilidade urbana mais segura em Santo Andr\u00e9.<\/p>\n\n\n\n<p>Vamos descobrir juntos como atitudes respons\u00e1veis fazem toda a diferen\u00e7a nos caminhos da nossa cidade? Prepare-se para uma leitura educativa e envolvente, ideal para toda a fam\u00edlia!<\/p>\n\n\n\n<div data-wp-interactive=\"core\/file\" class=\"wp-block-file has-white-background-color has-background\"><object data-wp-bind--hidden=\"!state.hasPdfPreview\" hidden class=\"wp-block-file__embed\" data=\"https:\/\/portais.santoandre.sp.gov.br\/observatoriomob\/wp-content\/uploads\/sites\/14\/2024\/10\/AF-EDUCAMOBI-PRODUTO-B-ALMANAQUE.pdf\" type=\"application\/pdf\" style=\"width:100%;height:900px\" aria-label=\"Incorporado de Embarque nessa aventura.\"><\/object><a id=\"wp-block-file--media-0142c5eb-72ff-4db3-a268-46a0502fa883\" href=\"https:\/\/portais.santoandre.sp.gov.br\/observatoriomob\/wp-content\/uploads\/sites\/14\/2024\/10\/AF-EDUCAMOBI-PRODUTO-B-ALMANAQUE.pdf\">Embarque nessa aventura<\/a><a href=\"https:\/\/portais.santoandre.sp.gov.br\/observatoriomob\/wp-content\/uploads\/sites\/14\/2024\/10\/AF-EDUCAMOBI-PRODUTO-B-ALMANAQUE.pdf\" class=\"wp-block-file__button wp-element-button\" download aria-describedby=\"wp-block-file--media-0142c5eb-72ff-4db3-a268-46a0502fa883\">Baixar<\/a><\/div>\n\n\n\n<p><\/p>\n","protected":false},"excerpt":{"rendered":"<p>A&nbsp;Ger\u00eancia de Educa\u00e7\u00e3o para o Tr\u00e2nsito (GET)&nbsp;tem como principal objetivo oferecer ao p\u00fablico alvo o exerc\u00edcio de pr\u00e1ticas educativas,&nbsp; viv\u00eancias e aprendizado sobre mobilidade urbana; sensibilizando para a import\u00e2ncia da ado\u00e7\u00e3o de comportamentos seguros no tr\u00e2nsito e o compartilhamento do espa\u00e7o publico; valorizando boas pr\u00e1ticas de mobilidade e desenvolvendo a\u00e7\u00f5es de cidadania al\u00e9m de campanhas [&hellip;]<\/p>\n","protected":false},"author":42,"featured_media":861,"parent":0,"menu_order":0,"comment_status":"closed","ping_status":"closed","template":"","meta":{"footnotes":""},"class_list":["post-795","page","type-page","status-publish","has-post-thumbnail","hentry"],"_links":{"self":[{"href":"https:\/\/portais.santoandre.sp.gov.br\/observatoriomob\/wp-json\/wp\/v2\/pages\/795","targetHints":{"allow":["GET"]}}],"collection":[{"href":"https:\/\/portais.santoandre.sp.gov.br\/observatoriomob\/wp-json\/wp\/v2\/pages"}],"about":[{"href":"https:\/\/portais.santoandre.sp.gov.br\/observatoriomob\/wp-json\/wp\/v2\/types\/page"}],"author":[{"embeddable":true,"href":"https:\/\/portais.santoandre.sp.gov.br\/observatoriomob\/wp-json\/wp\/v2\/users\/42"}],"replies":[{"embeddable":true,"href":"https:\/\/portais.santoandre.sp.gov.br\/observatoriomob\/wp-json\/wp\/v2\/comments?post=795"}],"version-history":[{"count":12,"href":"https:\/\/portais.santoandre.sp.gov.br\/observatoriomob\/wp-json\/wp\/v2\/pages\/795\/revisions"}],"predecessor-version":[{"id":1537,"href":"https:\/\/portais.santoandre.sp.gov.br\/observatoriomob\/wp-json\/wp\/v2\/pages\/795\/revisions\/1537"}],"wp:featuredmedia":[{"embeddable":true,"href":"https:\/\/portais.santoandre.sp.gov.br\/observatoriomob\/wp-json\/wp\/v2\/media\/861"}],"wp:attachment":[{"href":"https:\/\/portais.santoandre.sp.gov.br\/observatoriomob\/wp-json\/wp\/v2\/media?parent=795"}],"curies":[{"name":"wp","href":"https:\/\/api.w.org\/{rel}","templated":true}]}}