{"id":528,"date":"2024-01-17T19:35:23","date_gmt":"2024-01-17T22:35:23","guid":{"rendered":"https:\/\/portais.santoandre.sp.gov.br\/observatoriomob\/?page_id=528"},"modified":"2025-12-09T10:01:38","modified_gmt":"2025-12-09T13:01:38","slug":"sobre","status":"publish","type":"page","link":"https:\/\/portais.santoandre.sp.gov.br\/observatoriomob\/sobre\/","title":{"rendered":"Sobre"},"content":{"rendered":"<div class=\"wp-block-image\">\n<figure class=\"alignleft size-large is-resized\"><img fetchpriority=\"high\" decoding=\"async\" width=\"1024\" height=\"672\" src=\"https:\/\/portais.santoandre.sp.gov.br\/observatoriomob\/wp-content\/uploads\/sites\/14\/2024\/01\/main-fbrowser_completo-1024x672.png\" alt=\"\" class=\"wp-image-211\" style=\"aspect-ratio:1.5238095238095237;width:374px;height:auto\" srcset=\"https:\/\/portais.santoandre.sp.gov.br\/observatoriomob\/wp-content\/uploads\/sites\/14\/2024\/01\/main-fbrowser_completo-1024x672.png 1024w, https:\/\/portais.santoandre.sp.gov.br\/observatoriomob\/wp-content\/uploads\/sites\/14\/2024\/01\/main-fbrowser_completo-300x197.png 300w, https:\/\/portais.santoandre.sp.gov.br\/observatoriomob\/wp-content\/uploads\/sites\/14\/2024\/01\/main-fbrowser_completo-768x504.png 768w, https:\/\/portais.santoandre.sp.gov.br\/observatoriomob\/wp-content\/uploads\/sites\/14\/2024\/01\/main-fbrowser_completo-1536x1008.png 1536w, https:\/\/portais.santoandre.sp.gov.br\/observatoriomob\/wp-content\/uploads\/sites\/14\/2024\/01\/main-fbrowser_completo-2048x1344.png 2048w\" sizes=\"(max-width: 1024px) 100vw, 1024px\" \/><\/figure><\/div>\n\n\n<h1 class=\"wp-block-heading\"><strong><span style=\"color: #1e8cd2\" class=\"stk-highlight\">Sistema de Monitoramento da Mobilidade Urbana<\/span><\/strong><\/h1>\n\n\n\n<p><span style=\"color: #000000\" class=\"stk-highlight\">O\u00a0<strong>Sistema de Monitoramento da Mobilidade Urbana<\/strong> elaborado \u00e9 a proposi\u00e7\u00e3o de um sistema de gest\u00e3o das informa\u00e7\u00f5es na \u00e1rea de mobilidade urbana que seja mais sistematizada, flu\u00edda e eficaz e assim, fornecendo informa\u00e7\u00f5es relevantes para o desenho das pol\u00edticas p\u00fablicas e gest\u00e3o.<\/span><\/p>\n\n\n\n<p><span style=\"color: #000000\" class=\"stk-highlight\">Para tal, este sistema estabelece os par\u00e2metros para coleta, processamento, arquivamento (banco de dados), consolida\u00e7\u00e3o de uma metodologia de an\u00e1lise, al\u00e9m de diretrizes para projetos e defini\u00e7\u00e3o da pol\u00edtica e formatos de disponibiliza\u00e7\u00e3o das informa\u00e7\u00f5es (tanto para t\u00e9cnicos, quanto p\u00fablico em geral e imprensa) referentes \u00e0 mobilidade do Munic\u00edpio de Santo Andr\u00e9.<\/span><\/p>\n\n\n\n<p><span style=\"color: #000000\" class=\"stk-highlight\">A contrata\u00e7\u00e3o do Sistema de Monitoramento da Mobilidade faz parte do Componente 3 \u2013 Fortalecimento Institucional do Programa de Mobilidade Urbana Sustent\u00e1vel (PMUS), financiado pelo Banco Interamericano de Desenvolvimento (BID). Este componente est\u00e1 relacionado \u00e0s a\u00e7\u00f5es de fortalecimento das unidades operativas do munic\u00edpio relacionadas \u00e0 execu\u00e7\u00e3o do Programa e ao planejamento e opera\u00e7\u00e3o de transportes. O PMUS \u00e9 composto tamb\u00e9m pelos Componente 1 \u2013 Engenharia e Administra\u00e7\u00e3o; Componente 2 \u2013 Obras Civis; e Componente 4 \u2013 Compensa\u00e7\u00e3o Socioambiental e Desapropria\u00e7\u00f5es.<\/span><\/p>\n\n\n\n<p><span style=\"color: #000000\" class=\"stk-highlight\">Com objetivo de melhorar as condi\u00e7\u00f5es de circula\u00e7\u00e3o local e regional, principalmente com enfoque do transporte coletivo e na melhoria da acessibilidade dos modos n\u00e3o motorizados, o Programa compreende a implanta\u00e7\u00e3o de infraestrutura adequada e de um moderno sistema de transporte que priorize modos ativos e coletivos nos deslocamentos municipais e regionais. Seus princ\u00edpios e objetivos est\u00e3o fortemente associados ao novo paradigma de planejamento da mobilidade urbana.<\/span><\/p>\n\n\n\n<p><span style=\"color: #000000\" class=\"stk-highlight\">Tamb\u00e9m fazem parte deste Programa as seguintes a\u00e7\u00f5es:<\/span><\/p>\n\n\n\n<ul class=\"wp-block-list\">\n<li><span style=\"color: #000000\" class=\"stk-highlight\">&nbsp;Duplica\u00e7\u00e3o do Viaduto Ant\u00f4nio Adib Chammas;<\/span><\/li>\n\n\n\n<li><span style=\"color: #070707\" class=\"stk-highlight\">&nbsp;Recupera\u00e7\u00e3o do Viaduto Castelo Branco;<\/span><\/li>\n\n\n\n<li><span style=\"color: #020202\" class=\"stk-highlight\">&nbsp;Complexo Vi\u00e1rio Santa Teresinha;<\/span><\/li>\n\n\n\n<li><span style=\"color: #030303\" class=\"stk-highlight\">&nbsp;Implanta\u00e7\u00e3o de 4,4 km de corredores de transporte coletivo;<\/span><\/li>\n\n\n\n<li><span style=\"color: #030303\" class=\"stk-highlight\">&nbsp;Plano de Mobilidade Urbana Sustent\u00e1vel \u2013 PlanMob Santo Andr\u00e9;<\/span><\/li>\n\n\n\n<li><span style=\"color: #050505\" class=\"stk-highlight\">&nbsp;Plano para a Mobilidade Segura e Inclusiva \u2013 PMSI Santo Andr\u00e9;<\/span><\/li>\n\n\n\n<li><span style=\"color: #070707\" class=\"stk-highlight\">&nbsp;A\u00e7\u00f5es de Fortalecimento Institucional.<\/span><\/li>\n<\/ul>\n\n\n\n<div class=\"wp-block-stackable-spacer stk-block-spacer stk--no-padding stk-block stk-ffe24b3\" data-block-id=\"ffe24b3\"><style>.stk-ffe24b3 {height:25px !important;}<\/style><\/div>\n\n\n\n<p class=\"has-large-font-size\"><strong><span style=\"color: #0693e3\" class=\"stk-highlight\">Equipe<\/span><\/strong><\/p>\n\n\n\n<p><span style=\"color: #000000\" class=\"stk-highlight\">O projeto para o Sistema de Monitoramento da Mobilidade Urbana de Santo Andr\u00e9 foi desenvolvido pelas empresas Anton, Polo e TIS (em sistema de cons\u00f3rcio) com a participa\u00e7\u00e3o de um grupo de trabalho de profissionais da Prefeitura Municipal de Santo Andr\u00e9.<\/span><\/p>\n\n\n\n<figure class=\"wp-block-image size-large\"><img decoding=\"async\" width=\"1024\" height=\"93\" src=\"https:\/\/portais.santoandre.sp.gov.br\/observatoriomob\/wp-content\/uploads\/sites\/14\/2025\/04\/Consorcio-1024x93.png\" alt=\"\" class=\"wp-image-1132\" srcset=\"https:\/\/portais.santoandre.sp.gov.br\/observatoriomob\/wp-content\/uploads\/sites\/14\/2025\/04\/Consorcio-1024x93.png 1024w, https:\/\/portais.santoandre.sp.gov.br\/observatoriomob\/wp-content\/uploads\/sites\/14\/2025\/04\/Consorcio-300x27.png 300w, https:\/\/portais.santoandre.sp.gov.br\/observatoriomob\/wp-content\/uploads\/sites\/14\/2025\/04\/Consorcio-768x70.png 768w, https:\/\/portais.santoandre.sp.gov.br\/observatoriomob\/wp-content\/uploads\/sites\/14\/2025\/04\/Consorcio.png 1152w\" sizes=\"(max-width: 1024px) 100vw, 1024px\" \/><\/figure>\n\n\n\n<div class=\"wp-block-stackable-spacer stk-block-spacer stk--no-padding stk-block stk-8d89f85\" data-block-id=\"8d89f85\"><style>.stk-8d89f85 {height:25px !important;}<\/style><\/div>\n\n\n\n<div class=\"wp-block-group\"><div class=\"wp-block-group__inner-container is-layout-constrained wp-block-group-is-layout-constrained\">\n<p><span style=\"color: #070707\" class=\"stk-highlight\"><strong>Grupo de Trabalho dos Profissionais da Prefeitura Municipal de Santo Andr\u00e9:<\/strong><br><\/span>&nbsp;<\/p>\n\n\n\n<ul class=\"wp-block-list\">\n<li><strong><span style=\"color: #000000\" class=\"stk-highlight\">Unidade de Gerenciamento do Programa de Mobilidade Urbana Sustent\u00e1vel \u2013 UGP<\/span><\/strong><\/li>\n<\/ul>\n\n\n\n<p><span style=\"color: #000000\" class=\"stk-highlight\">Titular: Ivana Karin Jollembeck Jenny Di Girolamo<\/span><\/p>\n\n\n\n<p><span style=\"color: #000000\" class=\"stk-highlight\">Suplente: Thiago Canhos Montmorency Silva<\/span><\/p>\n\n\n\n<p><span style=\"color: #000000\" class=\"stk-highlight\">Assessoria de comunica\u00e7\u00e3o: Henrique Janoti<\/span><\/p>\n\n\n\n<div class=\"wp-block-stackable-spacer stk-block-spacer stk--no-padding stk-block stk-2ab74f2\" data-block-id=\"2ab74f2\"><style>.stk-2ab74f2 {height:25px !important;}<\/style><\/div>\n\n\n\n<ul class=\"wp-block-list\">\n<li><strong><span style=\"color: #000000\" class=\"stk-highlight\">Encarregatura de Estudos e Simula\u00e7\u00e3o de Tr\u00e1fego \u2013 DPEM<\/span><\/strong><\/li>\n<\/ul>\n\n\n\n<p><span style=\"color: #020202\" class=\"stk-highlight\">Coordenadora\/Titular: Rita de Cassia S. Nardelli<\/span><\/p>\n\n\n\n<p><span style=\"color: #030303\" class=\"stk-highlight\">Suplente: Silvia Cassiano Viera Luiz<\/span><\/p>\n\n\n\n<div class=\"wp-block-stackable-spacer stk-block-spacer stk--no-padding stk-block stk-eb19a15\" data-block-id=\"eb19a15\"><style>.stk-eb19a15 {height:25px !important;}<\/style><\/div>\n\n\n\n<ul class=\"wp-block-list\">\n<li><strong><span style=\"color: #030303\" class=\"stk-highlight\">Encarregatura de Planejamento e Projetos de Tr\u00e2nsito &#8211; DPEM<\/span><\/strong><\/li>\n<\/ul>\n\n\n\n<p><span style=\"color: #000000\" class=\"stk-highlight\">Titular: Milena Cavassana Souza Sicoli<\/span><\/p>\n\n\n\n<p><span style=\"color: #070707\" class=\"stk-highlight\">Suplente: V\u00e2nia Maria Pess\u00f4a Pamp\u00f4lha<\/span><\/p>\n\n\n\n<div class=\"wp-block-stackable-spacer stk-block-spacer stk--no-padding stk-block stk-89deabd\" data-block-id=\"89deabd\"><style>.stk-89deabd {height:25px !important;}<\/style><\/div>\n\n\n\n<ul class=\"wp-block-list\">\n<li><strong><span style=\"color: #050505\" class=\"stk-highlight\">Encarregatura de Polo Gerador de Tr\u00e1fego \u2013 PGT \u2013 DPEM<\/span><\/strong><\/li>\n<\/ul>\n\n\n\n<p><span style=\"color: #000000\" class=\"stk-highlight\">Titular: Laura Dall\u2019Anese<\/span><\/p>\n\n\n\n<p><span style=\"color: #000000\" class=\"stk-highlight\">Suplente: Daniella Fernanda Machado&nbsp;Silva&nbsp;Rodrigues<\/span><\/p>\n\n\n\n<div class=\"wp-block-stackable-spacer stk-block-spacer stk--no-padding stk-block stk-059ed86\" data-block-id=\"059ed86\"><style>.stk-059ed86 {height:25px !important;}<\/style><\/div>\n\n\n\n<ul class=\"wp-block-list\">\n<li><strong><span style=\"color: #000000\" class=\"stk-highlight\">Ger\u00eancia de Sinaliza\u00e7\u00e3o de Tr\u00e2nsito \u2013 DET<\/span><\/strong><\/li>\n<\/ul>\n\n\n\n<p><span style=\"color: #020202\" class=\"stk-highlight\">Titular: Pedro Luiz Saturnino<\/span><\/p>\n\n\n\n<p><span style=\"color: #030303\" class=\"stk-highlight\">Suplente: Jo\u00e3o Maricatto Neto<\/span><\/p>\n\n\n\n<div class=\"wp-block-stackable-spacer stk-block-spacer stk--no-padding stk-block stk-59f8496\" data-block-id=\"59f8496\"><style>.stk-59f8496 {height:25px !important;}<\/style><\/div>\n\n\n\n<ul class=\"wp-block-list\">\n<li><strong><span style=\"color: #030303\" class=\"stk-highlight\">Ger\u00eancia de Controle Semaf\u00f3rico e Tr\u00e1fego \u2013 DET<\/span><\/strong><\/li>\n<\/ul>\n\n\n\n<p><span style=\"color: #030303\" class=\"stk-highlight\">Titular: Leandro Olivas Ferreira<\/span><\/p>\n\n\n\n<p><span style=\"color: #030303\" class=\"stk-highlight\">Suplente: M\u00e1rio Ant\u00f4nio Tezoni<\/span><\/p>\n\n\n\n<div class=\"wp-block-stackable-spacer stk-block-spacer stk--no-padding stk-block stk-148ff73\" data-block-id=\"148ff73\"><style>.stk-148ff73 {height:25px !important;}<\/style><\/div>\n\n\n\n<ul class=\"wp-block-list\">\n<li><strong><span style=\"color: #030303\" class=\"stk-highlight\">Ger\u00eancia Opera\u00e7\u00e3o e Fiscaliza\u00e7\u00e3o de Tr\u00e2nsito \u2013 DET<\/span><\/strong><\/li>\n<\/ul>\n\n\n\n<p><span style=\"color: #020202\" class=\"stk-highlight\">Titular: William Torres<\/span><\/p>\n\n\n\n<p><span style=\"color: #030303\" class=\"stk-highlight\">Suplente: Wagner Correa<\/span><\/p>\n\n\n\n<div class=\"wp-block-stackable-spacer stk-block-spacer stk--no-padding stk-block stk-1ec117b\" data-block-id=\"1ec117b\"><style>.stk-1ec117b {height:25px !important;}<\/style><\/div>\n\n\n\n<ul class=\"wp-block-list\">\n<li><strong><span style=\"color: #030303\" class=\"stk-highlight\">Processamento de Multas \u2013 DET<\/span><\/strong><\/li>\n<\/ul>\n\n\n\n<p><span style=\"color: #080808\" class=\"stk-highlight\">Titular: Antonio Sebasti\u00e3o Seixas<\/span><\/p>\n\n\n\n<p><span style=\"color: #030303\" class=\"stk-highlight\">Suplente: Maristela Batista Souza da Costa<\/span><\/p>\n\n\n\n<div class=\"wp-block-stackable-spacer stk-block-spacer stk--no-padding stk-block stk-ed88453\" data-block-id=\"ed88453\"><style>.stk-ed88453 {height:25px !important;}<\/style><\/div>\n\n\n\n<ul class=\"wp-block-list\">\n<li><strong><span style=\"color: #000000\" class=\"stk-highlight\">Central de Opera\u00e7\u00e3o Integrada \u2013 COI \u2013 DET<\/span><\/strong><\/li>\n<\/ul>\n\n\n\n<p><span style=\"color: #050505\" class=\"stk-highlight\">Titular: Elaine Paduano<\/span> &#8211; \u201c<em>in memoriam<\/em>\u201d<\/p>\n\n\n\n<p><span style=\"color: #020202\" class=\"stk-highlight\">Suplente: Marcio En\u00e9sio de Araujo<\/span><\/p>\n\n\n\n<div class=\"wp-block-stackable-spacer stk-block-spacer stk--no-padding stk-block stk-51c9b5f\" data-block-id=\"51c9b5f\"><style>.stk-51c9b5f {height:25px !important;}<\/style><\/div>\n\n\n\n<ul class=\"wp-block-list\">\n<li><strong><span style=\"color: #030303\" class=\"stk-highlight\">SATRANS \u2013 Santo Andr\u00e9 Transportes<\/span><\/strong><\/li>\n<\/ul>\n\n\n\n<p><span style=\"color: #030303\" class=\"stk-highlight\">Titular: Valdevino de Souza Freire<\/span><\/p>\n\n\n\n<p><span style=\"color: #020202\" class=\"stk-highlight\">Suplente: Cynthia Regina Tavares da Silva<\/span><\/p>\n\n\n\n<div class=\"wp-block-stackable-spacer stk-block-spacer stk--no-padding stk-block stk-988edcf\" data-block-id=\"988edcf\"><style>.stk-988edcf {height:25px !important;}<\/style><\/div>\n\n\n\n<ul class=\"wp-block-list\">\n<li><strong><span style=\"color: #050505\" class=\"stk-highlight\">Ger\u00eancia de Planejamento e Projetos Urbanos &#8211; DDPU (Sistema de Informa\u00e7\u00f5es Geogr\u00e1ficas Andreense &#8211; SIGA \/ Geo-BDM)<\/span><\/strong><\/li>\n<\/ul>\n\n\n\n<p><span style=\"color: #070707\" class=\"stk-highlight\">Titular: Fernanda Paganelli Toller Fran\u00e7a<\/span><\/p>\n\n\n\n<p><span style=\"color: #000000\" class=\"stk-highlight\">Suplente: Gi\u00e1como Botaro Borges<\/span><\/p>\n\n\n\n<div class=\"wp-block-stackable-spacer stk-block-spacer stk--no-padding stk-block stk-078b3e0\" data-block-id=\"078b3e0\"><style>.stk-078b3e0 {height:25px !important;}<\/style><\/div>\n\n\n\n<ul class=\"wp-block-list\">\n<li><strong><span style=\"color: #030303\" class=\"stk-highlight\">Secretaria de Inova\u00e7\u00e3o e Administra\u00e7\u00e3o (SIA \u2013 Sistema Integrado de Atendimento)<\/span><\/strong><\/li>\n<\/ul>\n\n\n\n<p><span style=\"color: #050505\" class=\"stk-highlight\">Titular: Vanessa de Matos<\/span><\/p>\n\n\n\n<p><span style=\"color: #020202\" class=\"stk-highlight\">Suplente: Walmir Antunes da Silva<\/span><\/p>\n\n\n\n<div class=\"wp-block-stackable-spacer stk-block-spacer stk--no-padding stk-block stk-b0bd383\" data-block-id=\"b0bd383\"><style>.stk-b0bd383 {height:25px !important;}<\/style><\/div>\n\n\n\n<ul class=\"wp-block-list\">\n<li><strong><span style=\"color: #050505\" class=\"stk-highlight\">GCM &#8211; Guarda Civil Municipal<\/span><\/strong><\/li>\n<\/ul>\n\n\n\n<p><span style=\"color: #030303\" class=\"stk-highlight\">Titular: Comandante Roberto dos Santos<\/span><\/p>\n<\/div><\/div>\n\n\n\n<div class=\"wp-block-stackable-spacer stk-block-spacer stk--no-padding stk-block stk-c2392a1\" data-block-id=\"c2392a1\"><style>.stk-c2392a1 {height:25px !important;}<\/style><\/div>\n","protected":false},"excerpt":{"rendered":"<p>Sistema de Monitoramento da Mobilidade Urbana O\u00a0Sistema de Monitoramento da Mobilidade Urbana elaborado \u00e9 a proposi\u00e7\u00e3o de um sistema de gest\u00e3o das informa\u00e7\u00f5es na \u00e1rea de mobilidade urbana que seja mais sistematizada, flu\u00edda e eficaz e assim, fornecendo informa\u00e7\u00f5es relevantes para o desenho das pol\u00edticas p\u00fablicas e gest\u00e3o. Para tal, este sistema estabelece os par\u00e2metros [&hellip;]<\/p>\n","protected":false},"author":47,"featured_media":0,"parent":0,"menu_order":0,"comment_status":"closed","ping_status":"closed","template":"","meta":{"footnotes":""},"class_list":["post-528","page","type-page","status-publish","hentry"],"_links":{"self":[{"href":"https:\/\/portais.santoandre.sp.gov.br\/observatoriomob\/wp-json\/wp\/v2\/pages\/528","targetHints":{"allow":["GET"]}}],"collection":[{"href":"https:\/\/portais.santoandre.sp.gov.br\/observatoriomob\/wp-json\/wp\/v2\/pages"}],"about":[{"href":"https:\/\/portais.santoandre.sp.gov.br\/observatoriomob\/wp-json\/wp\/v2\/types\/page"}],"author":[{"embeddable":true,"href":"https:\/\/portais.santoandre.sp.gov.br\/observatoriomob\/wp-json\/wp\/v2\/users\/47"}],"replies":[{"embeddable":true,"href":"https:\/\/portais.santoandre.sp.gov.br\/observatoriomob\/wp-json\/wp\/v2\/comments?post=528"}],"version-history":[{"count":21,"href":"https:\/\/portais.santoandre.sp.gov.br\/observatoriomob\/wp-json\/wp\/v2\/pages\/528\/revisions"}],"predecessor-version":[{"id":1138,"href":"https:\/\/portais.santoandre.sp.gov.br\/observatoriomob\/wp-json\/wp\/v2\/pages\/528\/revisions\/1138"}],"wp:attachment":[{"href":"https:\/\/portais.santoandre.sp.gov.br\/observatoriomob\/wp-json\/wp\/v2\/media?parent=528"}],"curies":[{"name":"wp","href":"https:\/\/api.w.org\/{rel}","templated":true}]}}