{"id":749,"date":"2024-08-05T15:07:29","date_gmt":"2024-08-05T18:07:29","guid":{"rendered":"https:\/\/portais.santoandre.sp.gov.br\/gcm\/?page_id=749"},"modified":"2024-08-05T15:58:54","modified_gmt":"2024-08-05T18:58:54","slug":"vizinhanca-solidaria","status":"publish","type":"page","link":"https:\/\/portais.santoandre.sp.gov.br\/gcm\/vizinhanca-solidaria\/","title":{"rendered":"Vizinhan\u00e7a Solid\u00e1ria"},"content":{"rendered":"\n<h3 class=\"wp-block-heading\"><img fetchpriority=\"high\" decoding=\"async\" width=\"700\" height=\"743\" class=\"wp-image-765\" style=\"width: 150px\" src=\"https:\/\/portais.santoandre.sp.gov.br\/gcm\/wp-content\/uploads\/sites\/7\/2024\/08\/d024d3_6060632e0f0a44a5b9b4746e31a96bcb_mv2.jpg\" alt=\"\" srcset=\"https:\/\/portais.santoandre.sp.gov.br\/gcm\/wp-content\/uploads\/sites\/7\/2024\/08\/d024d3_6060632e0f0a44a5b9b4746e31a96bcb_mv2.jpg 700w, https:\/\/portais.santoandre.sp.gov.br\/gcm\/wp-content\/uploads\/sites\/7\/2024\/08\/d024d3_6060632e0f0a44a5b9b4746e31a96bcb_mv2-283x300.jpg 283w\" sizes=\"(max-width: 700px) 100vw, 700px\" \/>O Programa Vizinhan\u00e7a Solid\u00e1ria (PVS) criado pela Pol\u00edcia Militar do Estado de S\u00e3o Paulo tem se sagrado como uma das mais eficientes ferramentas de\u00a0<strong>Pol\u00edcia Comunit\u00e1ria<\/strong>\u00a0voltada para a mobiliza\u00e7\u00e3o social em prol do fortalecimento da\u00a0<strong>Cultura de Paz<\/strong>.<\/h3>\n\n\n\n<h3 class=\"wp-block-heading\">O Programa, resultante da parceria da Pol\u00edcia Militar, Guarda Civil Municipal e a comunidade tem como principal objetivo suscitar na sociedade o que \u00e9 essencial nas rela\u00e7\u00f5es humanas:\u00a0<strong>a<\/strong>\u00a0<strong>integra\u00e7\u00e3o entre as pessoas, a preocupa\u00e7\u00e3o m\u00fatua e a sensa\u00e7\u00e3o de pertencimento, pois ningu\u00e9m est\u00e1 sozinho<\/strong>. Como consequ\u00eancia desta mobiliza\u00e7\u00e3o e modelagem social tem-se a minimiza\u00e7\u00e3o das afli\u00e7\u00f5es, melhora da sensa\u00e7\u00e3o de seguran\u00e7a redu\u00e7\u00e3o real e matem\u00e1tica da criminalidade. O atual modelo social impeliu a sociedade contempor\u00e2nea a confinar-se em suas casas, aprisionando-as virtualmente aos seus computadores port\u00e1teis televisores e telefones celulares, seja pela imers\u00e3o desenfreada em redes sociais, seja pela depend\u00eancia advinda da sucess\u00e3o do alimento imaginativo dos seriados e outros.<\/h3>\n\n\n\n<h3 class=\"wp-block-heading\">O escopo principal do PVS baseia-se na intera\u00e7\u00e3o humana e potencializa\u00e7\u00e3o das&nbsp;<strong>rela\u00e7\u00f5es interpessoais<\/strong>&nbsp;de uma comunidade. Trata-se de um processo de transforma\u00e7\u00e3o social positiva de comportamento.&nbsp; O que normalmente vivenciamos \u00e9 a triste realidade de Vizinhos de casas de uma mesma rua que, quando se conhecem \u00e9 apenas \u201cde vista\u201d, sabem somente suas caracter\u00edsticas f\u00edsicas, alguns hor\u00e1rios em que saem de suas casas para caminhar com seus animais de estima\u00e7\u00e3o ou outro motivo desconhecido, ou ainda, ocasionalmente, veem-nos em padarias ou mercados, por\u00e9m sem saberem seus nomes, suas profiss\u00f5es, os integrantes de suas fam\u00edlias, tampouco seus anseios comuns como cidad\u00e3os.<\/h3>\n\n\n\n<h3 class=\"wp-block-heading\">O Programa Vizinhan\u00e7a Solid\u00e1ria proporciona mudan\u00e7a deste cen\u00e1rio depressivo e hostil, num aumento vertiginoso da preven\u00e7\u00e3o prim\u00e1ria atrav\u00e9s do estreitamento das&nbsp;<strong>rela\u00e7\u00f5es humanas<\/strong>&nbsp;das comunidades, o que permite que todos os membros de uma comunidade possam viver promovendo o bem uns dos outros e do que \u00e9 para todos, cuidando, preocupando-se mutuamente, vivendo livres das amarras virtuais, do medo e do ego\u00edsmo, construindo ambientes saud\u00e1veis, ocupando todos os espa\u00e7os comuns,&nbsp;<strong>empoderando-se<\/strong>&nbsp;da cidadania por meio da&nbsp;<strong>sensa\u00e7\u00e3o de pertencimento<\/strong>&nbsp;desenvolvida, para viver eticamente e em paz.<\/h3>\n\n\n\n<h3 class=\"wp-block-heading\">Enfim a seguran\u00e7a publica. A seguran\u00e7a aflora naturalmente como consequ\u00eancia do exerc\u00edcio da cidadania e promo\u00e7\u00e3o da&nbsp;<strong>Cultura de Paz<\/strong>, regado a modelos \u00e9ticos e preocupa\u00e7\u00f5es humanas m\u00fatuas!<\/h3>\n\n\n\n<h3 class=\"wp-block-heading\">Estrategicamente, para a institui\u00e7\u00e3o, o programa supera \u00e0s expectativas da dissemina\u00e7\u00e3o da filosofia de Pol\u00edcia Comunit\u00e1ria, pois nele inserem-se os pilares de sustenta\u00e7\u00e3o doutrin\u00e1ria da filosofia:<\/h3>\n\n\n\n<ol class=\"wp-block-list\">\n<li>vontade do agente,<\/li>\n\n\n\n<li>aceita\u00e7\u00e3o da comunidade<\/li>\n\n\n\n<li>apoio\/incentivo do comandante<\/li>\n<\/ol>\n\n\n\n<h3 class=\"wp-block-heading\">Desta forma, verifica-se que a proposta de aplica\u00e7\u00e3o do modelo de pol\u00edcia de proximidade, sob a f\u00f3rmula do PVS, \u00e9 plena de \u00eaxito resultando na melhoria da imagem institucional, na modera\u00e7\u00e3o da aplica\u00e7\u00e3o dos meios, sejam log\u00edsticos ou de recursos humanos, fortalecimento do sistema de informa\u00e7\u00e3o e intelig\u00eancia, melhoria da autoestima dos policiais, desenvolvimento social e urbano e melhoria da qualidade de vida dos membros da comunidade.<\/h3>\n\n\n\n<h3 class=\"wp-block-heading\">Considerando que n\u00e3o h\u00e1 restri\u00e7\u00f5es quanto aos recursos necess\u00e1rios para a implanta\u00e7\u00e3o do PVS, entende-se que a aplica\u00e7\u00e3o do programa depende da motiva\u00e7\u00e3o do comandante local e envolvimento da comunidade, exclusivamente.<\/h3>\n\n\n\n<h3 class=\"wp-block-heading\">Atualmente somam-se mais de 600 n\u00facleos de vizinhan\u00e7a solid\u00e1ria em todo o Estado de S\u00e3o Paulo e surgem mais a cada semana, devendo-se destacar que esta quantia \u00e9 resultante de um crescimento quadruplicado dos anos de 2016 e 2017. Estes s\u00e3o n\u00facleos oficiais, catalogados pela Diretoria de Pol\u00edcia Comunit\u00e1ria e de Direitos Humanos \u2013 DPCDH da PMESP que tem seus resultados tabulados para leitura estat\u00edstica das unidades e s\u00e3o frutos de orienta\u00e7\u00e3o pela Pol\u00edcia Militar por meio dos comandos de companhia territoriais e agora por meio da Inspetorias da GCM.<\/h3>\n\n\n\n<h3 class=\"wp-block-heading\">Ainda sobre ganhos da comunidade, infere-se que a ado\u00e7\u00e3o do espa\u00e7o p\u00fablico como pr\u00f3prio coletivo e n\u00e3o o qualificando como abandonado afasta-o da possibilidade de convert\u00ea-lo em potencial zona de risco por eventuais preju\u00edzos sofridos \u00e0 zeladoria urbana e consequentemente, na gera\u00e7\u00e3o de ambiente prop\u00edcio ao crime em detrimento da seguran\u00e7a sa\u00fade e meio ambiente. O cadastramento e amplia\u00e7\u00e3o dos n\u00facleos de PVS demandam diretamente na redu\u00e7\u00e3o de \u00edndices criminais, aumento das sensa\u00e7\u00f5es de seguran\u00e7a e de&nbsp;<strong>pertencimento<\/strong>, sendo que esta trata de um benef\u00edcio t\u00e3o significativo, que muda o comportamento humano das comunidades, melhorando a qualidade de vida e bem estar social por meio do vivenciamento da&nbsp;<strong>Cultura de Paz<\/strong>.<\/h3>\n\n\n\n<h3 class=\"wp-block-heading\"><strong>Como funciona na pr\u00e1tica:&nbsp;<\/strong>Com intuito de resgatar a percep\u00e7\u00e3o de seguran\u00e7a na sua regi\u00e3o,&nbsp; vizinhos (dentre eles um&nbsp;<strong>tutor<\/strong>) aproximam-se &nbsp;um dos outros, afastando a indiferen\u00e7a para com o pr\u00f3ximo.<\/h3>\n\n\n\n<h3 class=\"wp-block-heading\"><strong>Tutor:&nbsp;<\/strong>\u00c9 o cidad\u00e3o local, l\u00edder comunit\u00e1rio na vizinhan\u00e7a solid\u00e1ria, que ser\u00e1 instru\u00eddo pela PM acerca de preven\u00e7\u00e3o prim\u00e1ria entre outras a\u00e7\u00f5es. O tutor participar\u00e1 das reuni\u00f5es do CONSEG.<\/h3>\n\n\n\n<h3 class=\"wp-block-heading\"><strong>Visita Comunit\u00e1ria:\u00a0<\/strong>Periodicamente PM e GCM do PVS e integrantes da comunidade far\u00e3o contato estreitando rela\u00e7\u00f5es permitindo que a Institui\u00e7\u00e3o conhe\u00e7a os reais problemas de seguran\u00e7a p\u00fablica para provid\u00eancias e solu\u00e7\u00f5es;<\/h3>\n\n\n\n<h4 class=\"wp-block-heading\"><em><strong>OBS:<\/strong>\u00a0Segundo a Diretriz, a visita comum poder\u00e1 ser realizada por meio de qualquer Programa de Policiamento institu\u00eddo pela Pol\u00edcia Militar<\/em> ou<em> Guarda Civil Municipal<\/em>.<\/h4>\n\n\n\n<h3 class=\"wp-block-heading\">\u00a0<strong>Visita Solid\u00e1ria:\u00a0<\/strong>Contato de PM ou GCM com v\u00edtima de ocorr\u00eancia policial, previamente analisada e triada pelo Cmt de OPM ou Inspetor chefe respectivamente que orientar\u00e1 acerca das medidas de preven\u00e7\u00e3o prim\u00e1ria que poder\u00e3o ser adotadas a partir de ent\u00e3o.<\/h3>\n\n\n\n<h3 class=\"wp-block-heading\"><strong>Como Participar:<\/strong>\u00a0O programa \u00e9 de ades\u00e3o volunt\u00e1ria; procurar a Cia PM mais pr\u00f3xima, Sede ou Inspetorias da GCMs, por meio de CONSEG ou de outra associa\u00e7\u00e3o. O importante \u00e9 que se organize.<\/h3>\n\n\n\n<h3 class=\"wp-block-heading\"><strong>Materializa\u00e7\u00e3o do PVS:\u00a0<\/strong>A placa do PVS ser\u00e1 custeada integralmente pela iniciativa privada, refletindo a parceria entre a OPM ou GCM local e entidades comunit\u00e1rias.<\/h3>\n\n\n\n<h3 class=\"wp-block-heading\"><strong>OBS<\/strong>: Essa placa dever\u00e1 ser confeccionada conforme modelo constante na Dtz e n\u00e3o devem ser afixadas sem obedecer aos crit\u00e9rios da estrat\u00e9gia do policiamento, j\u00e1 que est\u00e3o atreladas a uma visita\u00e7\u00e3o por parte da OPM ou GCM local, seja por meio de visitas (comunit\u00e1ria solid\u00e1rias), seja por meio do CPP.<\/h3>\n","protected":false},"excerpt":{"rendered":"<p>O Programa Vizinhan\u00e7a Solid\u00e1ria (PVS) criado pela Pol\u00edcia Militar do Estado de S\u00e3o Paulo tem se sagrado como uma das mais eficientes ferramentas de\u00a0Pol\u00edcia Comunit\u00e1ria\u00a0voltada para a mobiliza\u00e7\u00e3o social em prol do fortalecimento da\u00a0Cultura de Paz. O Programa, resultante da parceria da Pol\u00edcia Militar, Guarda Civil Municipal e a comunidade tem como principal objetivo suscitar [&hellip;]<\/p>\n","protected":false},"author":48,"featured_media":0,"parent":0,"menu_order":0,"comment_status":"closed","ping_status":"closed","template":"","meta":{"footnotes":""},"class_list":["post-749","page","type-page","status-publish","hentry"],"_links":{"self":[{"href":"https:\/\/portais.santoandre.sp.gov.br\/gcm\/wp-json\/wp\/v2\/pages\/749","targetHints":{"allow":["GET"]}}],"collection":[{"href":"https:\/\/portais.santoandre.sp.gov.br\/gcm\/wp-json\/wp\/v2\/pages"}],"about":[{"href":"https:\/\/portais.santoandre.sp.gov.br\/gcm\/wp-json\/wp\/v2\/types\/page"}],"author":[{"embeddable":true,"href":"https:\/\/portais.santoandre.sp.gov.br\/gcm\/wp-json\/wp\/v2\/users\/48"}],"replies":[{"embeddable":true,"href":"https:\/\/portais.santoandre.sp.gov.br\/gcm\/wp-json\/wp\/v2\/comments?post=749"}],"version-history":[{"count":3,"href":"https:\/\/portais.santoandre.sp.gov.br\/gcm\/wp-json\/wp\/v2\/pages\/749\/revisions"}],"predecessor-version":[{"id":778,"href":"https:\/\/portais.santoandre.sp.gov.br\/gcm\/wp-json\/wp\/v2\/pages\/749\/revisions\/778"}],"wp:attachment":[{"href":"https:\/\/portais.santoandre.sp.gov.br\/gcm\/wp-json\/wp\/v2\/media?parent=749"}],"curies":[{"name":"wp","href":"https:\/\/api.w.org\/{rel}","templated":true}]}}