{"id":244,"date":"2026-03-16T15:37:33","date_gmt":"2026-03-16T18:37:33","guid":{"rendered":"https:\/\/portais.santoandre.sp.gov.br\/educacaodetransito\/?page_id=244"},"modified":"2026-05-07T15:54:02","modified_gmt":"2026-05-07T18:54:02","slug":"operacao-educativa-abril-aniversario-de-santo-andre","status":"publish","type":"page","link":"https:\/\/portais.santoandre.sp.gov.br\/educacaodetransito\/operacao-educativa-abril-aniversario-de-santo-andre\/","title":{"rendered":"Opera\u00e7\u00e3o Educativa \u2013 Anivers\u00e1rio de Santo Andr\u00e9"},"content":{"rendered":"\n<p class=\"wp-block-paragraph\">Santo Andr\u00e9, fundada oficialmente em 8 de abril de 1553, tem suas ra\u00edzes ligadas \u00e0 antiga Vila de Santo Andr\u00e9 da Borda do Campo, considerada um dos primeiros n\u00facleos de povoamento do planalto paulista. Ao longo dos s\u00e9culos, a cidade se transformou em um importante polo industrial e econ\u00f4mico do Grande ABC, destacando-se por sua forte identidade hist\u00f3rica, desenvolvimento urbano e protagonismo regional.<\/p>\n\n\n\n<p class=\"wp-block-paragraph\">Em 2026, o munic\u00edpio celebra 473 anos de hist\u00f3ria, marcados por crescimento, inova\u00e7\u00e3o e constru\u00e7\u00e3o coletiva. Por este motivo, a Opera\u00e7\u00e3o Educativa de abril ocorreu para celebrar esta data com conscientiza\u00e7\u00e3o. Esta opera\u00e7\u00e3o ocorreu na Av. Prestes Maia, 1696 abrangendo os modais de moto e carro. A a\u00e7\u00e3o contou com o apoio das equipes:<\/p>\n\n\n\n<ul class=\"wp-block-list\">\n<li>Educa\u00e7\u00e3o de Tr\u00e2nsito;<\/li>\n\n\n\n<li>Agentes de Tr\u00e2nsito;<\/li>\n\n\n\n<li>GCM;<\/li>\n\n\n\n<li>Observat\u00f3rio Nacional de Seguran\u00e7a Vi\u00e1ria (ONSV);<\/li>\n\n\n\n<li>Uber;<\/li>\n\n\n\n<li>DETRAN-SP (2 equipes).<\/li>\n<\/ul>\n\n\n\n<figure class=\"wp-block-image size-full is-resized\"><img fetchpriority=\"high\" decoding=\"async\" width=\"662\" height=\"329\" src=\"https:\/\/portais.santoandre.sp.gov.br\/educacaodetransito\/wp-content\/uploads\/sites\/32\/2026\/05\/image.png\" alt=\"\" class=\"wp-image-325\" style=\"width:640px;height:auto\" srcset=\"https:\/\/portais.santoandre.sp.gov.br\/educacaodetransito\/wp-content\/uploads\/sites\/32\/2026\/05\/image.png 662w, https:\/\/portais.santoandre.sp.gov.br\/educacaodetransito\/wp-content\/uploads\/sites\/32\/2026\/05\/image-300x149.png 300w\" sizes=\"(max-width: 662px) 100vw, 662px\" \/><\/figure>\n\n\n\n<p class=\"wp-block-paragraph\">O material comemorativo do anivers\u00e1rio da cidade confeccionado pela Ger\u00eancia de Educa\u00e7\u00e3o de Tr\u00e2nsito e entregue na a\u00e7\u00e3o consistiu em postais e chaveiros, simbolizando uma cidade de portas abertas. Este material foi entregue junto com o folder da opera\u00e7\u00e3o educativa. Tamb\u00e9m foram entregues folhetos orientativos do DETRAN sobre a mistura perigosa de \u00e1lcool e dire\u00e7\u00e3o, excesso de velocidade, ponto cego para motociclistas al\u00e9m de cord\u00e3o para motociclista. J\u00e1 o ONSV trouxe brindes como lixocar para ve\u00edculo, caneta e sacochila.<\/p>\n\n\n\n<figure class=\"wp-block-image size-full is-resized\"><img decoding=\"async\" width=\"657\" height=\"203\" src=\"https:\/\/portais.santoandre.sp.gov.br\/educacaodetransito\/wp-content\/uploads\/sites\/32\/2026\/05\/image-1.png\" alt=\"\" class=\"wp-image-330\" style=\"width:640px;height:auto\" srcset=\"https:\/\/portais.santoandre.sp.gov.br\/educacaodetransito\/wp-content\/uploads\/sites\/32\/2026\/05\/image-1.png 657w, https:\/\/portais.santoandre.sp.gov.br\/educacaodetransito\/wp-content\/uploads\/sites\/32\/2026\/05\/image-1-300x93.png 300w\" sizes=\"(max-width: 657px) 100vw, 657px\" \/><\/figure>\n\n\n\n<figure class=\"wp-block-image size-full is-resized\"><img decoding=\"async\" width=\"614\" height=\"461\" src=\"https:\/\/portais.santoandre.sp.gov.br\/educacaodetransito\/wp-content\/uploads\/sites\/32\/2026\/05\/image-3.png\" alt=\"\" class=\"wp-image-333\" style=\"width:639px;height:auto\" srcset=\"https:\/\/portais.santoandre.sp.gov.br\/educacaodetransito\/wp-content\/uploads\/sites\/32\/2026\/05\/image-3.png 614w, https:\/\/portais.santoandre.sp.gov.br\/educacaodetransito\/wp-content\/uploads\/sites\/32\/2026\/05\/image-3-300x225.png 300w\" sizes=\"(max-width: 614px) 100vw, 614px\" \/><\/figure>\n\n\n\n<figure class=\"wp-block-image size-full is-resized\"><img loading=\"lazy\" decoding=\"async\" width=\"540\" height=\"405\" src=\"https:\/\/portais.santoandre.sp.gov.br\/educacaodetransito\/wp-content\/uploads\/sites\/32\/2026\/05\/image-4.png\" alt=\"\" class=\"wp-image-334\" style=\"width:639px;height:auto\" srcset=\"https:\/\/portais.santoandre.sp.gov.br\/educacaodetransito\/wp-content\/uploads\/sites\/32\/2026\/05\/image-4.png 540w, https:\/\/portais.santoandre.sp.gov.br\/educacaodetransito\/wp-content\/uploads\/sites\/32\/2026\/05\/image-4-300x225.png 300w\" sizes=\"(max-width: 540px) 100vw, 540px\" \/><\/figure>\n\n\n\n<figure class=\"wp-block-image size-full is-resized\"><img loading=\"lazy\" decoding=\"async\" width=\"542\" height=\"407\" src=\"https:\/\/portais.santoandre.sp.gov.br\/educacaodetransito\/wp-content\/uploads\/sites\/32\/2026\/05\/image-5.png\" alt=\"\" class=\"wp-image-335\" style=\"width:637px;height:auto\" srcset=\"https:\/\/portais.santoandre.sp.gov.br\/educacaodetransito\/wp-content\/uploads\/sites\/32\/2026\/05\/image-5.png 542w, https:\/\/portais.santoandre.sp.gov.br\/educacaodetransito\/wp-content\/uploads\/sites\/32\/2026\/05\/image-5-300x225.png 300w\" sizes=\"(max-width: 542px) 100vw, 542px\" \/><\/figure>\n\n\n\n<figure class=\"wp-block-image size-full is-resized\"><img loading=\"lazy\" decoding=\"async\" width=\"524\" height=\"393\" src=\"https:\/\/portais.santoandre.sp.gov.br\/educacaodetransito\/wp-content\/uploads\/sites\/32\/2026\/05\/image-8.png\" alt=\"\" class=\"wp-image-340\" style=\"width:636px;height:auto\" srcset=\"https:\/\/portais.santoandre.sp.gov.br\/educacaodetransito\/wp-content\/uploads\/sites\/32\/2026\/05\/image-8.png 524w, https:\/\/portais.santoandre.sp.gov.br\/educacaodetransito\/wp-content\/uploads\/sites\/32\/2026\/05\/image-8-300x225.png 300w\" sizes=\"(max-width: 524px) 100vw, 524px\" \/><\/figure>\n\n\n\n<figure class=\"wp-block-image size-full is-resized\"><img loading=\"lazy\" decoding=\"async\" width=\"523\" height=\"392\" src=\"https:\/\/portais.santoandre.sp.gov.br\/educacaodetransito\/wp-content\/uploads\/sites\/32\/2026\/05\/image-1.jpeg\" alt=\"\" class=\"wp-image-342\" style=\"width:635px;height:auto\" srcset=\"https:\/\/portais.santoandre.sp.gov.br\/educacaodetransito\/wp-content\/uploads\/sites\/32\/2026\/05\/image-1.jpeg 523w, https:\/\/portais.santoandre.sp.gov.br\/educacaodetransito\/wp-content\/uploads\/sites\/32\/2026\/05\/image-1-300x225.jpeg 300w\" sizes=\"(max-width: 523px) 100vw, 523px\" \/><\/figure>\n\n\n\n<figure class=\"wp-block-image size-full is-resized\"><img loading=\"lazy\" decoding=\"async\" width=\"539\" height=\"404\" src=\"https:\/\/portais.santoandre.sp.gov.br\/educacaodetransito\/wp-content\/uploads\/sites\/32\/2026\/05\/image-2.jpeg\" alt=\"\" class=\"wp-image-341\" style=\"width:635px;height:auto\" srcset=\"https:\/\/portais.santoandre.sp.gov.br\/educacaodetransito\/wp-content\/uploads\/sites\/32\/2026\/05\/image-2.jpeg 539w, https:\/\/portais.santoandre.sp.gov.br\/educacaodetransito\/wp-content\/uploads\/sites\/32\/2026\/05\/image-2-300x225.jpeg 300w\" sizes=\"(max-width: 539px) 100vw, 539px\" \/><\/figure>\n\n\n\n<figure class=\"wp-block-image size-full is-resized\"><img loading=\"lazy\" decoding=\"async\" width=\"539\" height=\"404\" src=\"https:\/\/portais.santoandre.sp.gov.br\/educacaodetransito\/wp-content\/uploads\/sites\/32\/2026\/05\/image-9.png\" alt=\"\" class=\"wp-image-343\" style=\"width:635px;height:auto\" srcset=\"https:\/\/portais.santoandre.sp.gov.br\/educacaodetransito\/wp-content\/uploads\/sites\/32\/2026\/05\/image-9.png 539w, https:\/\/portais.santoandre.sp.gov.br\/educacaodetransito\/wp-content\/uploads\/sites\/32\/2026\/05\/image-9-300x225.png 300w\" sizes=\"(max-width: 539px) 100vw, 539px\" \/><figcaption class=\"wp-element-caption\"><strong>Nesta data foram abordados cerca de 780 motoristas.<\/strong><\/figcaption><\/figure>\n\n\n\n<figure class=\"wp-block-image size-full\"><img loading=\"lazy\" decoding=\"async\" width=\"600\" height=\"256\" src=\"https:\/\/portais.santoandre.sp.gov.br\/educacaodetransito\/wp-content\/uploads\/sites\/32\/2026\/05\/AniversarioSTA-1.jpg\" alt=\"\" class=\"wp-image-328\" srcset=\"https:\/\/portais.santoandre.sp.gov.br\/educacaodetransito\/wp-content\/uploads\/sites\/32\/2026\/05\/AniversarioSTA-1.jpg 600w, https:\/\/portais.santoandre.sp.gov.br\/educacaodetransito\/wp-content\/uploads\/sites\/32\/2026\/05\/AniversarioSTA-1-300x128.jpg 300w\" sizes=\"(max-width: 600px) 100vw, 600px\" \/><\/figure>\n\n\n\n<p class=\"wp-block-paragraph\"><\/p>\n","protected":false},"excerpt":{"rendered":"<p>Santo Andr\u00e9, fundada oficialmente em 8 de abril de 1553, tem suas ra\u00edzes ligadas \u00e0 antiga Vila de Santo Andr\u00e9 da Borda do Campo, considerada um dos primeiros n\u00facleos de povoamento do planalto paulista. Ao longo dos s\u00e9culos, a cidade se transformou em um importante polo industrial e econ\u00f4mico do Grande ABC, destacando-se por sua [&hellip;]<\/p>\n","protected":false},"author":64,"featured_media":0,"parent":0,"menu_order":0,"comment_status":"closed","ping_status":"closed","template":"","meta":{"footnotes":""},"class_list":["post-244","page","type-page","status-publish","hentry"],"_links":{"self":[{"href":"https:\/\/portais.santoandre.sp.gov.br\/educacaodetransito\/wp-json\/wp\/v2\/pages\/244","targetHints":{"allow":["GET"]}}],"collection":[{"href":"https:\/\/portais.santoandre.sp.gov.br\/educacaodetransito\/wp-json\/wp\/v2\/pages"}],"about":[{"href":"https:\/\/portais.santoandre.sp.gov.br\/educacaodetransito\/wp-json\/wp\/v2\/types\/page"}],"author":[{"embeddable":true,"href":"https:\/\/portais.santoandre.sp.gov.br\/educacaodetransito\/wp-json\/wp\/v2\/users\/64"}],"replies":[{"embeddable":true,"href":"https:\/\/portais.santoandre.sp.gov.br\/educacaodetransito\/wp-json\/wp\/v2\/comments?post=244"}],"version-history":[{"count":6,"href":"https:\/\/portais.santoandre.sp.gov.br\/educacaodetransito\/wp-json\/wp\/v2\/pages\/244\/revisions"}],"predecessor-version":[{"id":345,"href":"https:\/\/portais.santoandre.sp.gov.br\/educacaodetransito\/wp-json\/wp\/v2\/pages\/244\/revisions\/345"}],"wp:attachment":[{"href":"https:\/\/portais.santoandre.sp.gov.br\/educacaodetransito\/wp-json\/wp\/v2\/media?parent=244"}],"curies":[{"name":"wp","href":"https:\/\/api.w.org\/{rel}","templated":true}]}}