{"id":162,"date":"2026-02-25T15:06:48","date_gmt":"2026-02-25T18:06:48","guid":{"rendered":"https:\/\/portais.santoandre.sp.gov.br\/educacaodetransito\/?page_id=162"},"modified":"2026-02-25T16:05:20","modified_gmt":"2026-02-25T19:05:20","slug":"operacao-educativa","status":"publish","type":"page","link":"https:\/\/portais.santoandre.sp.gov.br\/educacaodetransito\/operacao-educativa\/","title":{"rendered":"Opera\u00e7\u00e3o Educativa Carnaval"},"content":{"rendered":"\n<p class=\"wp-block-paragraph\"><strong>OPERA\u00c7\u00c3O EDUCATIVA \u2013<\/strong>&nbsp;<strong>FEVEREIRO \u2013 CARNAVAL<\/strong><\/p>\n\n\n\n<p class=\"wp-block-paragraph\">A Opera\u00e7\u00e3o Educativa de Fevereiro ocorreu na Av. dos Estados, sentido SCS, pr\u00f3ximo da FEMSA e contou com o apoio do DETRAN-SP, al\u00e9m da Educa\u00e7\u00e3o de Tr\u00e2nsito e Agentes de Tr\u00e2nsito de S\u00e3o Caetano do Sul. De Santo Andr\u00e9 estava a equipe de Educa\u00e7\u00e3o de Tr\u00e2nsito com os educadores e os Agentes de Tr\u00e2nsito e a GCM. Foram entregues o material informativo da Opera\u00e7\u00e3o Educativa, leques da Campanha de Carnaval, al\u00e9m dos materiais de alcoolemia (DETRAN) e da educa\u00e7\u00e3o de Tr\u00e2nsito de S\u00e3o Caetano do Sul.<\/p>\n\n\n\n<figure class=\"wp-block-image\"><img fetchpriority=\"high\" decoding=\"async\" width=\"1024\" height=\"683\" src=\"https:\/\/portais.santoandre.sp.gov.br\/educacaodetransito\/wp-content\/uploads\/sites\/32\/2026\/02\/IMG_9031.JPG-1024x683.jpeg\" alt=\"\" class=\"wp-image-101\" srcset=\"https:\/\/portais.santoandre.sp.gov.br\/educacaodetransito\/wp-content\/uploads\/sites\/32\/2026\/02\/IMG_9031.JPG-1024x683.jpeg 1024w, https:\/\/portais.santoandre.sp.gov.br\/educacaodetransito\/wp-content\/uploads\/sites\/32\/2026\/02\/IMG_9031.JPG-300x200.jpeg 300w, https:\/\/portais.santoandre.sp.gov.br\/educacaodetransito\/wp-content\/uploads\/sites\/32\/2026\/02\/IMG_9031.JPG-768x512.jpeg 768w, https:\/\/portais.santoandre.sp.gov.br\/educacaodetransito\/wp-content\/uploads\/sites\/32\/2026\/02\/IMG_9031.JPG-1536x1024.jpeg 1536w, https:\/\/portais.santoandre.sp.gov.br\/educacaodetransito\/wp-content\/uploads\/sites\/32\/2026\/02\/IMG_9031.JPG-2048x1365.jpeg 2048w\" sizes=\"(max-width: 1024px) 100vw, 1024px\" \/><\/figure>\n\n\n\n<figure class=\"wp-block-image size-large\"><img decoding=\"async\" width=\"1024\" height=\"683\" src=\"https:\/\/portais.santoandre.sp.gov.br\/educacaodetransito\/wp-content\/uploads\/sites\/32\/2026\/02\/IMG_9068.JPG-1024x683.jpeg\" alt=\"\" class=\"wp-image-103\" srcset=\"https:\/\/portais.santoandre.sp.gov.br\/educacaodetransito\/wp-content\/uploads\/sites\/32\/2026\/02\/IMG_9068.JPG-1024x683.jpeg 1024w, https:\/\/portais.santoandre.sp.gov.br\/educacaodetransito\/wp-content\/uploads\/sites\/32\/2026\/02\/IMG_9068.JPG-300x200.jpeg 300w, https:\/\/portais.santoandre.sp.gov.br\/educacaodetransito\/wp-content\/uploads\/sites\/32\/2026\/02\/IMG_9068.JPG-768x512.jpeg 768w, https:\/\/portais.santoandre.sp.gov.br\/educacaodetransito\/wp-content\/uploads\/sites\/32\/2026\/02\/IMG_9068.JPG-1536x1024.jpeg 1536w, https:\/\/portais.santoandre.sp.gov.br\/educacaodetransito\/wp-content\/uploads\/sites\/32\/2026\/02\/IMG_9068.JPG-2048x1365.jpeg 2048w\" sizes=\"(max-width: 1024px) 100vw, 1024px\" \/><\/figure>\n\n\n\n<figure class=\"wp-block-image size-large\"><img decoding=\"async\" width=\"1024\" height=\"683\" src=\"https:\/\/portais.santoandre.sp.gov.br\/educacaodetransito\/wp-content\/uploads\/sites\/32\/2026\/02\/IMG_9084.JPG-1024x683.jpeg\" alt=\"\" class=\"wp-image-104\" srcset=\"https:\/\/portais.santoandre.sp.gov.br\/educacaodetransito\/wp-content\/uploads\/sites\/32\/2026\/02\/IMG_9084.JPG-1024x683.jpeg 1024w, https:\/\/portais.santoandre.sp.gov.br\/educacaodetransito\/wp-content\/uploads\/sites\/32\/2026\/02\/IMG_9084.JPG-300x200.jpeg 300w, https:\/\/portais.santoandre.sp.gov.br\/educacaodetransito\/wp-content\/uploads\/sites\/32\/2026\/02\/IMG_9084.JPG-768x512.jpeg 768w, https:\/\/portais.santoandre.sp.gov.br\/educacaodetransito\/wp-content\/uploads\/sites\/32\/2026\/02\/IMG_9084.JPG-1536x1024.jpeg 1536w, https:\/\/portais.santoandre.sp.gov.br\/educacaodetransito\/wp-content\/uploads\/sites\/32\/2026\/02\/IMG_9084.JPG-2048x1365.jpeg 2048w\" sizes=\"(max-width: 1024px) 100vw, 1024px\" \/><\/figure>\n\n\n\n<figure class=\"wp-block-image size-large\"><img loading=\"lazy\" decoding=\"async\" width=\"1024\" height=\"683\" src=\"https:\/\/portais.santoandre.sp.gov.br\/educacaodetransito\/wp-content\/uploads\/sites\/32\/2026\/02\/IMG_9034.JPG-1024x683.jpeg\" alt=\"\" class=\"wp-image-102\" srcset=\"https:\/\/portais.santoandre.sp.gov.br\/educacaodetransito\/wp-content\/uploads\/sites\/32\/2026\/02\/IMG_9034.JPG-1024x683.jpeg 1024w, https:\/\/portais.santoandre.sp.gov.br\/educacaodetransito\/wp-content\/uploads\/sites\/32\/2026\/02\/IMG_9034.JPG-300x200.jpeg 300w, https:\/\/portais.santoandre.sp.gov.br\/educacaodetransito\/wp-content\/uploads\/sites\/32\/2026\/02\/IMG_9034.JPG-768x512.jpeg 768w, https:\/\/portais.santoandre.sp.gov.br\/educacaodetransito\/wp-content\/uploads\/sites\/32\/2026\/02\/IMG_9034.JPG-1536x1024.jpeg 1536w, https:\/\/portais.santoandre.sp.gov.br\/educacaodetransito\/wp-content\/uploads\/sites\/32\/2026\/02\/IMG_9034.JPG-2048x1365.jpeg 2048w\" sizes=\"(max-width: 1024px) 100vw, 1024px\" \/><\/figure>\n\n\n\n<figure class=\"wp-block-image size-large\"><img loading=\"lazy\" decoding=\"async\" width=\"1024\" height=\"683\" src=\"https:\/\/portais.santoandre.sp.gov.br\/educacaodetransito\/wp-content\/uploads\/sites\/32\/2026\/02\/IMG_9100.JPG-1024x683.jpeg\" alt=\"\" class=\"wp-image-100\" srcset=\"https:\/\/portais.santoandre.sp.gov.br\/educacaodetransito\/wp-content\/uploads\/sites\/32\/2026\/02\/IMG_9100.JPG-1024x683.jpeg 1024w, https:\/\/portais.santoandre.sp.gov.br\/educacaodetransito\/wp-content\/uploads\/sites\/32\/2026\/02\/IMG_9100.JPG-300x200.jpeg 300w, https:\/\/portais.santoandre.sp.gov.br\/educacaodetransito\/wp-content\/uploads\/sites\/32\/2026\/02\/IMG_9100.JPG-768x512.jpeg 768w, https:\/\/portais.santoandre.sp.gov.br\/educacaodetransito\/wp-content\/uploads\/sites\/32\/2026\/02\/IMG_9100.JPG-1536x1024.jpeg 1536w, https:\/\/portais.santoandre.sp.gov.br\/educacaodetransito\/wp-content\/uploads\/sites\/32\/2026\/02\/IMG_9100.JPG-2048x1365.jpeg 2048w\" sizes=\"(max-width: 1024px) 100vw, 1024px\" \/><\/figure>\n\n\n\n<figure class=\"wp-block-image size-large\"><img loading=\"lazy\" decoding=\"async\" width=\"1024\" height=\"768\" src=\"https:\/\/portais.santoandre.sp.gov.br\/educacaodetransito\/wp-content\/uploads\/sites\/32\/2026\/02\/Divulgacao-1024x768.png\" alt=\"\" class=\"wp-image-74\" srcset=\"https:\/\/portais.santoandre.sp.gov.br\/educacaodetransito\/wp-content\/uploads\/sites\/32\/2026\/02\/Divulgacao-1024x768.png 1024w, https:\/\/portais.santoandre.sp.gov.br\/educacaodetransito\/wp-content\/uploads\/sites\/32\/2026\/02\/Divulgacao-300x225.png 300w, https:\/\/portais.santoandre.sp.gov.br\/educacaodetransito\/wp-content\/uploads\/sites\/32\/2026\/02\/Divulgacao-768x576.png 768w, https:\/\/portais.santoandre.sp.gov.br\/educacaodetransito\/wp-content\/uploads\/sites\/32\/2026\/02\/Divulgacao.png 1280w\" sizes=\"(max-width: 1024px) 100vw, 1024px\" \/><\/figure>\n\n\n\n<p class=\"wp-block-paragraph\">Nesta a\u00e7\u00e3o foram abordados 500 motoristas.<\/p>\n","protected":false},"excerpt":{"rendered":"<p>OPERA\u00c7\u00c3O EDUCATIVA \u2013&nbsp;FEVEREIRO \u2013 CARNAVAL A Opera\u00e7\u00e3o Educativa de Fevereiro ocorreu na Av. dos Estados, sentido SCS, pr\u00f3ximo da FEMSA e contou com o apoio do DETRAN-SP, al\u00e9m da Educa\u00e7\u00e3o de Tr\u00e2nsito e Agentes de Tr\u00e2nsito de S\u00e3o Caetano do Sul. De Santo Andr\u00e9 estava a equipe de Educa\u00e7\u00e3o de Tr\u00e2nsito com os educadores e [&hellip;]<\/p>\n","protected":false},"author":64,"featured_media":0,"parent":0,"menu_order":0,"comment_status":"closed","ping_status":"closed","template":"","meta":{"footnotes":""},"class_list":["post-162","page","type-page","status-publish","hentry"],"_links":{"self":[{"href":"https:\/\/portais.santoandre.sp.gov.br\/educacaodetransito\/wp-json\/wp\/v2\/pages\/162","targetHints":{"allow":["GET"]}}],"collection":[{"href":"https:\/\/portais.santoandre.sp.gov.br\/educacaodetransito\/wp-json\/wp\/v2\/pages"}],"about":[{"href":"https:\/\/portais.santoandre.sp.gov.br\/educacaodetransito\/wp-json\/wp\/v2\/types\/page"}],"author":[{"embeddable":true,"href":"https:\/\/portais.santoandre.sp.gov.br\/educacaodetransito\/wp-json\/wp\/v2\/users\/64"}],"replies":[{"embeddable":true,"href":"https:\/\/portais.santoandre.sp.gov.br\/educacaodetransito\/wp-json\/wp\/v2\/comments?post=162"}],"version-history":[{"count":5,"href":"https:\/\/portais.santoandre.sp.gov.br\/educacaodetransito\/wp-json\/wp\/v2\/pages\/162\/revisions"}],"predecessor-version":[{"id":182,"href":"https:\/\/portais.santoandre.sp.gov.br\/educacaodetransito\/wp-json\/wp\/v2\/pages\/162\/revisions\/182"}],"wp:attachment":[{"href":"https:\/\/portais.santoandre.sp.gov.br\/educacaodetransito\/wp-json\/wp\/v2\/media?parent=162"}],"curies":[{"name":"wp","href":"https:\/\/api.w.org\/{rel}","templated":true}]}}