{"id":204,"date":"2024-04-03T11:04:12","date_gmt":"2024-04-03T14:04:12","guid":{"rendered":"https:\/\/portais.santoandre.sp.gov.br\/educacao\/?page_id=204"},"modified":"2026-03-24T13:31:48","modified_gmt":"2026-03-24T16:31:48","slug":"eja-ed-de-jovens-e-adultos","status":"publish","type":"page","link":"https:\/\/portais.santoandre.sp.gov.br\/educacao\/eja-ed-de-jovens-e-adultos\/","title":{"rendered":"EJA &#8211; Educa\u00e7\u00e3o de Jovens e Adultos"},"content":{"rendered":"\n<p><span style=\"color: #000000\" class=\"stk-highlight\">Modalidade de ensino destinada aos jovens, adultos e idosos que n\u00e3o tiveram acesso ao ensino regular na idade apropriada, permitindo que o aluno retorne aos estudos e possa conclui-lo em menos tempo. Al\u00e9m disso, possibilita a sua qualifica\u00e7\u00e3o pelos cursos da EJA FIC (Educa\u00e7\u00e3o de Jovens e Adultos com Forma\u00e7\u00e3o Inicial e Continuada) nas \u00e1reas de administra\u00e7\u00e3o, constru\u00e7\u00e3o civil, alimenta\u00e7\u00e3o, imagem pessoal ou inform\u00e1tica.<\/span><\/p>\n\n\n\n<p><span style=\"color: #000000\" class=\"stk-highlight\">As aulas da Educa\u00e7\u00e3o de Jovens e Adultos s\u00e3o realizadas em:<\/span><\/p>\n\n\n\n<ul class=\"wp-block-list\">\n<li><span style=\"color: #000000\" class=\"stk-highlight\">05 Centros P\u00fablicos de Forma\u00e7\u00e3o Profissional;<\/span><\/li>\n\n\n\n<li><span style=\"color: #000000\" class=\"stk-highlight\">18 EMEIEFs (Escolas Municipais de Educa\u00e7\u00e3o Infantil e Ensino Fundamental).<\/span><\/li>\n<\/ul>\n\n\n\n<p><\/p>\n\n\n\n<p><strong><span style=\"color: #000000\" class=\"stk-highlight\">ATENDIMENTO:<\/span><\/strong><\/p>\n\n\n\n<p><span style=\"color: #000000\" class=\"stk-highlight\">EJA I: 2\u00ba ao 5\u00ba ano Ensino Fundamental I<\/span><\/p>\n\n\n\n<p><span style=\"color: #000000\" class=\"stk-highlight\">EJA II: 6\u00ba ano 9\u00ba ano do Ensino Fundamental II<\/span><\/p>\n\n\n\n<p><\/p>\n\n\n\n<p><strong><span style=\"color: #000000\" class=\"stk-highlight\">IDADE M\u00cdNIMA PARA INGRESSO NA EJA:<\/span><\/strong><\/p>\n\n\n\n<p><span style=\"color: #000000\" class=\"stk-highlight\">A partir dos 15 anos completos no ato da matricula.<\/span><\/p>\n\n\n\n<p><\/p>\n\n\n\n<p><strong><span style=\"color: #000000\" class=\"stk-highlight\">DOCUMENTA\u00c7\u00c3O NECESS\u00c1RIA:<\/span><\/strong><\/p>\n\n\n\n<p><span style=\"color: #000000\" class=\"stk-highlight\">Para fazer matr\u00edcula \u00e9 necess\u00e1rio apenas procurar a unidade escolar com EJA mais pr\u00f3xima de sua resid\u00eancia com os seguintes documentos:<\/span><\/p>\n\n\n\n<ul class=\"wp-block-list\">\n<li><span style=\"color: #000000\" class=\"stk-highlight\">C\u00f3pia do RG;<\/span><\/li>\n\n\n\n<li><span style=\"color: #000000\" class=\"stk-highlight\">C\u00f3pia do CPF;<\/span><\/li>\n\n\n\n<li><span style=\"color: #000000\" class=\"stk-highlight\">C\u00f3pia do comprovante de endere\u00e7o;<\/span><\/li>\n\n\n\n<li><span style=\"color: #000000\" class=\"stk-highlight\">Carteira de Vacina\u00e7\u00e3o atualizada ou declara\u00e7\u00e3o emitida pela unidade b\u00e1sica de sa\u00fade, atestando a regularidade da vacina\u00e7\u00e3o do mesmo (somente para alunos menores de 18 anos);<\/span><\/li>\n\n\n\n<li><span style=\"color: #000000\" class=\"stk-highlight\">*Declara\u00e7\u00e3o de escolaridade atual ou hist\u00f3rico escolar original, em caso de prosseguimento de estudos.<\/span><\/li>\n<\/ul>\n\n\n\n<p><span style=\"color: #000000\" class=\"stk-highlight\">*Caso o interessado n\u00e3o disponha do hist\u00f3rico escolar, a escola auxiliar\u00e1 na busca de informa\u00e7\u00f5es para que o mesmo possa iniciar os estudos.<\/span><\/p>\n\n\n\n<p><span style=\"color: #000000\" class=\"stk-highlight\">Em caso de d\u00favidas, os interessados devem entrar em contato com o Departamento de Educa\u00e7\u00e3o de Jovens e Adultos pelos telefones (11) 4468-4296 ou (11) 4468-4297.<\/span><\/p>\n\n\n\n<p><\/p>\n\n\n\n<p><strong><span style=\"color: #000000\" class=\"stk-highlight\">ENCONTRE NO MAPA A UNIDADE ESCOLAR COM EJA MAIS PR\u00d3XIMA DE SUA RESID\u00caNCIA:<\/span><\/strong><\/p>\n\n\n\n<p><strong><span style=\"color: #000000\" class=\"stk-highlight\">Link:<\/span><\/strong><a rel=\"noreferrer noopener\" href=\"https:\/\/www.google.com\/maps\/d\/edit?mid=1auMzQNEf0-9eUr4uzGDLJ5MdHeCsHiyX&amp;usp=sharing\" target=\"_blank\"> https:\/\/www.google.com\/maps\/d\/edit?mid=1auMzQNEf0-9eUr4uzGDLJ5MdHeCsHiyX&amp;amp;usp=sharing<\/a><\/p>\n\n\n\n<p><\/p>\n\n\n\n<p><span style=\"color: #ffffff\" class=\"stk-highlight\">.<\/span><\/p>\n\n\n\n<h2 class=\"wp-block-heading has-black-color has-text-color\"><strong>RELA\u00c7\u00c3O DE UNIDADES ESCOLARES COM EJA<\/strong><\/h2>\n\n\n\n<p><span style=\"color: #ffffff\" class=\"stk-highlight\">.<\/span><\/p>\n\n\n\n<h3 class=\"wp-block-heading has-black-color has-text-color\"><strong>Centros P\u00fablicos de Forma\u00e7\u00e3o Profissional:<\/strong><\/h3>\n\n\n\n<div class=\"wp-block-stackable-columns stk-block-columns stk-block stk-75279db\" data-block-id=\"75279db\"><div class=\"stk-row stk-inner-blocks stk-block-content stk-content-align stk-75279db-column\">\n<div class=\"wp-block-stackable-column stk-block-column stk-column stk-block stk-42fb08c\" data-v=\"4\" data-block-id=\"42fb08c\"><div class=\"stk-column-wrapper stk-block-column__content stk-container stk-42fb08c-container stk--no-background stk--no-padding\"><div class=\"stk-block-content stk-inner-blocks stk-42fb08c-inner-blocks\">\n<div class=\"wp-block-stackable-carousel stk-block-carousel stk--is-slide stk--arrows-justify-space-between stk--arrows-align-center stk-block stk-28fdf2e\" data-slides-to-show=\"\" data-block-id=\"28fdf2e\"><div class=\"stk-block-carousel__content-wrapper\"><div class=\"stk-row stk-inner-blocks stk-block-content stk-block-carousel__slider-wrapper stk-content-align stk-28fdf2e-column\"><div class=\"stk-block-carousel__slider\" role=\"list\" data-autoplay=\"4000\" data-label-slide-of=\"Slide %%d of %%d\" tabindex=\"0\">\n<div class=\"wp-block-stackable-column stk-block-column stk-column stk-block stk-11dfc0e\" data-v=\"4\" data-block-id=\"11dfc0e\"><div class=\"stk-column-wrapper stk-block-column__content stk-container stk-11dfc0e-container stk--no-background stk--no-padding\"><div class=\"stk-block-content stk-inner-blocks stk-11dfc0e-inner-blocks\">\n<div class=\"wp-block-stackable-image stk-block-image stk-block stk-9b21a71\" data-block-id=\"9b21a71\"><figure><span class=\"stk-img-wrapper stk-image--shape-stretch\"><img fetchpriority=\"high\" decoding=\"async\" class=\"stk-img wp-image-12636\" src=\"https:\/\/portais.santoandre.sp.gov.br\/educacao\/wp-content\/uploads\/sites\/17\/2026\/02\/amazonas-1.jpeg\" width=\"1280\" height=\"960\" srcset=\"https:\/\/portais.santoandre.sp.gov.br\/educacao\/wp-content\/uploads\/sites\/17\/2026\/02\/amazonas-1.jpeg 1280w, https:\/\/portais.santoandre.sp.gov.br\/educacao\/wp-content\/uploads\/sites\/17\/2026\/02\/amazonas-1-300x225.jpeg 300w, https:\/\/portais.santoandre.sp.gov.br\/educacao\/wp-content\/uploads\/sites\/17\/2026\/02\/amazonas-1-1024x768.jpeg 1024w, https:\/\/portais.santoandre.sp.gov.br\/educacao\/wp-content\/uploads\/sites\/17\/2026\/02\/amazonas-1-768x576.jpeg 768w\" sizes=\"(max-width: 1280px) 100vw, 1280px\" \/><\/span><\/figure><\/div>\n<\/div><\/div><\/div>\n\n\n\n<div class=\"wp-block-stackable-column stk-block-column stk-column stk-block stk-c25c8d5\" data-v=\"4\" data-block-id=\"c25c8d5\"><div class=\"stk-column-wrapper stk-block-column__content stk-container stk-c25c8d5-container stk--no-background stk--no-padding\"><div class=\"stk-block-content stk-inner-blocks stk-c25c8d5-inner-blocks\">\n<div class=\"wp-block-stackable-image stk-block-image stk-block stk-6829dea\" data-block-id=\"6829dea\"><figure><span class=\"stk-img-wrapper stk-image--shape-stretch\"><img decoding=\"async\" class=\"stk-img wp-image-12635\" src=\"https:\/\/portais.santoandre.sp.gov.br\/educacao\/wp-content\/uploads\/sites\/17\/2026\/02\/amazonas-2.jpeg\" width=\"1280\" height=\"960\" srcset=\"https:\/\/portais.santoandre.sp.gov.br\/educacao\/wp-content\/uploads\/sites\/17\/2026\/02\/amazonas-2.jpeg 1280w, https:\/\/portais.santoandre.sp.gov.br\/educacao\/wp-content\/uploads\/sites\/17\/2026\/02\/amazonas-2-300x225.jpeg 300w, https:\/\/portais.santoandre.sp.gov.br\/educacao\/wp-content\/uploads\/sites\/17\/2026\/02\/amazonas-2-1024x768.jpeg 1024w, https:\/\/portais.santoandre.sp.gov.br\/educacao\/wp-content\/uploads\/sites\/17\/2026\/02\/amazonas-2-768x576.jpeg 768w\" sizes=\"(max-width: 1280px) 100vw, 1280px\" \/><\/span><\/figure><\/div>\n<\/div><\/div><\/div>\n\n\n\n<div class=\"wp-block-stackable-column stk-block-column stk-column stk-block stk-f5cdea2\" data-v=\"4\" data-block-id=\"f5cdea2\"><div class=\"stk-column-wrapper stk-block-column__content stk-container stk-f5cdea2-container stk--no-background stk--no-padding\"><div class=\"stk-block-content stk-inner-blocks stk-f5cdea2-inner-blocks\">\n<div class=\"wp-block-stackable-image stk-block-image stk-block stk-bbf903a\" data-block-id=\"bbf903a\"><figure><span class=\"stk-img-wrapper stk-image--shape-stretch\"><img decoding=\"async\" class=\"stk-img wp-image-12637\" src=\"https:\/\/portais.santoandre.sp.gov.br\/educacao\/wp-content\/uploads\/sites\/17\/2026\/02\/amazonas-3.jpeg\" width=\"1280\" height=\"960\" srcset=\"https:\/\/portais.santoandre.sp.gov.br\/educacao\/wp-content\/uploads\/sites\/17\/2026\/02\/amazonas-3.jpeg 1280w, https:\/\/portais.santoandre.sp.gov.br\/educacao\/wp-content\/uploads\/sites\/17\/2026\/02\/amazonas-3-300x225.jpeg 300w, https:\/\/portais.santoandre.sp.gov.br\/educacao\/wp-content\/uploads\/sites\/17\/2026\/02\/amazonas-3-1024x768.jpeg 1024w, https:\/\/portais.santoandre.sp.gov.br\/educacao\/wp-content\/uploads\/sites\/17\/2026\/02\/amazonas-3-768x576.jpeg 768w\" sizes=\"(max-width: 1280px) 100vw, 1280px\" \/><\/span><\/figure><\/div>\n<\/div><\/div><\/div>\n\n\n\n<div class=\"wp-block-stackable-column stk-block-column stk-column stk-block stk-bad1f2c\" data-v=\"4\" data-block-id=\"bad1f2c\"><div class=\"stk-column-wrapper stk-block-column__content stk-container stk-bad1f2c-container stk--no-background stk--no-padding\"><div class=\"stk-block-content stk-inner-blocks stk-bad1f2c-inner-blocks\">\n<div class=\"wp-block-stackable-image stk-block-image stk-block stk-7f5e510\" data-block-id=\"7f5e510\"><figure><span class=\"stk-img-wrapper stk-image--shape-stretch\"><img loading=\"lazy\" decoding=\"async\" class=\"stk-img wp-image-12638\" src=\"https:\/\/portais.santoandre.sp.gov.br\/educacao\/wp-content\/uploads\/sites\/17\/2026\/02\/amazonas-4.jpeg\" width=\"1280\" height=\"960\" srcset=\"https:\/\/portais.santoandre.sp.gov.br\/educacao\/wp-content\/uploads\/sites\/17\/2026\/02\/amazonas-4.jpeg 1280w, https:\/\/portais.santoandre.sp.gov.br\/educacao\/wp-content\/uploads\/sites\/17\/2026\/02\/amazonas-4-300x225.jpeg 300w, https:\/\/portais.santoandre.sp.gov.br\/educacao\/wp-content\/uploads\/sites\/17\/2026\/02\/amazonas-4-1024x768.jpeg 1024w, https:\/\/portais.santoandre.sp.gov.br\/educacao\/wp-content\/uploads\/sites\/17\/2026\/02\/amazonas-4-768x576.jpeg 768w\" sizes=\"(max-width: 1280px) 100vw, 1280px\" \/><\/span><\/figure><\/div>\n<\/div><\/div><\/div>\n<\/div><div class=\"stk-block-carousel__buttons\"><button class=\"stk-block-carousel__button stk-block-carousel__button__prev\" aria-label=\"Previous slide\"><svg aria-hidden=\"true\" data-prefix=\"fas\" data-icon=\"chevron-left\" class=\"svg-inline--fa fa-chevron-left\" xmlns=\"http:\/\/www.w3.org\/2000\/svg\" viewBox=\"0 0 320 512\" width=\"32\" height=\"32\"><path d=\"M34.52 239.03L228.87 44.69c9.37-9.37 24.57-9.37 33.94 0l22.67 22.67c9.36 9.36 9.37 24.52.04 33.9L131.49 256l154.02 154.75c9.34 9.38 9.32 24.54-.04 33.9l-22.67 22.67c-9.37 9.37-24.57 9.37-33.94 0L34.52 272.97c-9.37-9.37-9.37-24.57 0-33.94z\"><\/path><\/svg><\/button><button class=\"stk-block-carousel__button stk-block-carousel__button__next\" aria-label=\"Next slide\"><svg aria-hidden=\"true\" data-prefix=\"fas\" data-icon=\"chevron-right\" class=\"svg-inline--fa fa-chevron-right\" xmlns=\"http:\/\/www.w3.org\/2000\/svg\" viewBox=\"0 0 320 512\" width=\"32\" height=\"32\"><path d=\"M285.476 272.971L91.132 467.314c-9.373 9.373-24.569 9.373-33.941 0l-22.667-22.667c-9.357-9.357-9.375-24.522-.04-33.901L188.505 256 34.484 101.255c-9.335-9.379-9.317-24.544.04-33.901l22.667-22.667c9.373-9.373 24.569-9.373 33.941 0L285.475 239.03c9.373 9.372 9.373 24.568.001 33.941z\"><\/path><\/svg><\/button><\/div><\/div><div class=\"stk-block-carousel__dots\" role=\"list\" data-label=\"Slide %%d\"><\/div><\/div><\/div>\n<\/div><\/div><\/div>\n\n\n\n<div class=\"wp-block-stackable-column stk-block-column stk-column stk-block stk-1795403\" data-v=\"4\" data-block-id=\"1795403\"><style>.stk-1795403 {align-self:center !important;}<\/style><div class=\"stk-column-wrapper stk-block-column__content stk-container stk-1795403-container stk--no-background stk--no-padding\"><div class=\"stk-block-content stk-inner-blocks stk-1795403-inner-blocks\">\n<p class=\"has-text-align-center\"><strong><span style=\"color: #0693e3\" class=\"stk-highlight\">Capuava \u2013 CPFP Jo\u00e3o Amazonas<\/span><\/strong><br><span style=\"color: #000000\" class=\"stk-highlight\">Rua Antonio Sebasti\u00e3o Esquarize, s\/n\u00ba \u2013 Capuava<\/span><br><span style=\"color: #000000\" class=\"stk-highlight\">Telefones: 3356-7806 \/ 3356-7805<\/span><br><span style=\"color: #0f0e17\" class=\"stk-highlight\">WhatsApp: 11 3356-780<\/span><span style=\"color: #0f0e17\" class=\"stk-highlight\">6<\/span><br><span style=\"color: #000000\" class=\"stk-highlight\">E-mail:<\/span>&nbsp;<a href=\"mailto:CPFPJAmazonas@santoandre.sp.gov.br\">CPFPJAmazonas@santoandre.sp.gov.br<\/a><\/p>\n<\/div><\/div><\/div>\n<\/div><\/div>\n\n\n\n<hr class=\"wp-block-separator has-alpha-channel-opacity\" \/>\n\n\n\n<div class=\"wp-block-stackable-columns stk-block-columns stk-block stk-196a726\" data-block-id=\"196a726\"><div class=\"stk-row stk-inner-blocks stk-block-content stk-content-align stk-196a726-column\">\n<div class=\"wp-block-stackable-column stk-block-column stk-column stk-block stk-2197bc2\" data-v=\"4\" data-block-id=\"2197bc2\"><div class=\"stk-column-wrapper stk-block-column__content stk-container stk-2197bc2-container stk--no-background stk--no-padding\"><div class=\"stk-block-content stk-inner-blocks stk-2197bc2-inner-blocks\">\n<div class=\"wp-block-stackable-carousel stk-block-carousel stk--is-slide stk--arrows-justify-space-between stk--arrows-align-center stk-block stk-2a1f8bd\" data-slides-to-show=\"\" data-block-id=\"2a1f8bd\"><div class=\"stk-block-carousel__content-wrapper\"><div class=\"stk-row stk-inner-blocks stk-block-content stk-block-carousel__slider-wrapper stk-content-align stk-2a1f8bd-column\"><div class=\"stk-block-carousel__slider\" role=\"list\" data-autoplay=\"4000\" data-label-slide-of=\"Slide %%d of %%d\" tabindex=\"0\">\n<div class=\"wp-block-stackable-column stk-block-column stk-column stk-block stk-f607e19\" data-v=\"4\" data-block-id=\"f607e19\"><div class=\"stk-column-wrapper stk-block-column__content stk-container stk-f607e19-container stk--no-background stk--no-padding\"><div class=\"stk-block-content stk-inner-blocks stk-f607e19-inner-blocks\">\n<div class=\"wp-block-stackable-image stk-block-image stk-block stk-de9af10\" data-block-id=\"de9af10\"><figure><span class=\"stk-img-wrapper stk-image--shape-stretch\"><img loading=\"lazy\" decoding=\"async\" class=\"stk-img wp-image-12837\" src=\"https:\/\/portais.santoandre.sp.gov.br\/educacao\/wp-content\/uploads\/sites\/17\/2026\/03\/IMG-20260226-WA0038.jpg\" width=\"1600\" height=\"1200\" srcset=\"https:\/\/portais.santoandre.sp.gov.br\/educacao\/wp-content\/uploads\/sites\/17\/2026\/03\/IMG-20260226-WA0038.jpg 1600w, https:\/\/portais.santoandre.sp.gov.br\/educacao\/wp-content\/uploads\/sites\/17\/2026\/03\/IMG-20260226-WA0038-300x225.jpg 300w, https:\/\/portais.santoandre.sp.gov.br\/educacao\/wp-content\/uploads\/sites\/17\/2026\/03\/IMG-20260226-WA0038-1024x768.jpg 1024w, https:\/\/portais.santoandre.sp.gov.br\/educacao\/wp-content\/uploads\/sites\/17\/2026\/03\/IMG-20260226-WA0038-768x576.jpg 768w, https:\/\/portais.santoandre.sp.gov.br\/educacao\/wp-content\/uploads\/sites\/17\/2026\/03\/IMG-20260226-WA0038-1536x1152.jpg 1536w\" sizes=\"(max-width: 1600px) 100vw, 1600px\" \/><\/span><\/figure><\/div>\n<\/div><\/div><\/div>\n\n\n\n<div class=\"wp-block-stackable-column stk-block-column stk-column stk-block stk-eb5daf9\" data-v=\"4\" data-block-id=\"eb5daf9\"><div class=\"stk-column-wrapper stk-block-column__content stk-container stk-eb5daf9-container stk--no-background stk--no-padding\"><div class=\"stk-block-content stk-inner-blocks stk-eb5daf9-inner-blocks\">\n<div class=\"wp-block-stackable-image stk-block-image stk-block stk-83973c4\" data-block-id=\"83973c4\"><figure><span class=\"stk-img-wrapper stk-image--shape-stretch\"><img loading=\"lazy\" decoding=\"async\" class=\"stk-img wp-image-12840\" src=\"https:\/\/portais.santoandre.sp.gov.br\/educacao\/wp-content\/uploads\/sites\/17\/2026\/03\/IMG-20260226-WA0032.jpg\" width=\"1600\" height=\"1200\" srcset=\"https:\/\/portais.santoandre.sp.gov.br\/educacao\/wp-content\/uploads\/sites\/17\/2026\/03\/IMG-20260226-WA0032.jpg 1600w, https:\/\/portais.santoandre.sp.gov.br\/educacao\/wp-content\/uploads\/sites\/17\/2026\/03\/IMG-20260226-WA0032-300x225.jpg 300w, https:\/\/portais.santoandre.sp.gov.br\/educacao\/wp-content\/uploads\/sites\/17\/2026\/03\/IMG-20260226-WA0032-1024x768.jpg 1024w, https:\/\/portais.santoandre.sp.gov.br\/educacao\/wp-content\/uploads\/sites\/17\/2026\/03\/IMG-20260226-WA0032-768x576.jpg 768w, https:\/\/portais.santoandre.sp.gov.br\/educacao\/wp-content\/uploads\/sites\/17\/2026\/03\/IMG-20260226-WA0032-1536x1152.jpg 1536w\" sizes=\"(max-width: 1600px) 100vw, 1600px\" \/><\/span><\/figure><\/div>\n<\/div><\/div><\/div>\n\n\n\n<div class=\"wp-block-stackable-column stk-block-column stk-column stk-block stk-e45d11c\" data-v=\"4\" data-block-id=\"e45d11c\"><div class=\"stk-column-wrapper stk-block-column__content stk-container stk-e45d11c-container stk--no-background stk--no-padding\"><div class=\"stk-block-content stk-inner-blocks stk-e45d11c-inner-blocks\">\n<div class=\"wp-block-stackable-image stk-block-image stk-block stk-e7cfd3c\" data-block-id=\"e7cfd3c\"><figure><span class=\"stk-img-wrapper stk-image--shape-stretch\"><img loading=\"lazy\" decoding=\"async\" class=\"stk-img wp-image-12839\" src=\"https:\/\/portais.santoandre.sp.gov.br\/educacao\/wp-content\/uploads\/sites\/17\/2026\/03\/IMG-20260226-WA0035.jpg\" width=\"1600\" height=\"1200\" srcset=\"https:\/\/portais.santoandre.sp.gov.br\/educacao\/wp-content\/uploads\/sites\/17\/2026\/03\/IMG-20260226-WA0035.jpg 1600w, https:\/\/portais.santoandre.sp.gov.br\/educacao\/wp-content\/uploads\/sites\/17\/2026\/03\/IMG-20260226-WA0035-300x225.jpg 300w, https:\/\/portais.santoandre.sp.gov.br\/educacao\/wp-content\/uploads\/sites\/17\/2026\/03\/IMG-20260226-WA0035-1024x768.jpg 1024w, https:\/\/portais.santoandre.sp.gov.br\/educacao\/wp-content\/uploads\/sites\/17\/2026\/03\/IMG-20260226-WA0035-768x576.jpg 768w, https:\/\/portais.santoandre.sp.gov.br\/educacao\/wp-content\/uploads\/sites\/17\/2026\/03\/IMG-20260226-WA0035-1536x1152.jpg 1536w\" sizes=\"(max-width: 1600px) 100vw, 1600px\" \/><\/span><\/figure><\/div>\n<\/div><\/div><\/div>\n\n\n\n<div class=\"wp-block-stackable-column stk-block-column stk-column stk-block stk-e3f42d5\" data-v=\"4\" data-block-id=\"e3f42d5\"><div class=\"stk-column-wrapper stk-block-column__content stk-container stk-e3f42d5-container stk--no-background stk--no-padding\"><div class=\"stk-block-content stk-inner-blocks stk-e3f42d5-inner-blocks\">\n<div class=\"wp-block-stackable-image stk-block-image stk-block stk-1c2995d\" data-block-id=\"1c2995d\"><figure><span class=\"stk-img-wrapper stk-image--shape-stretch\"><img loading=\"lazy\" decoding=\"async\" class=\"stk-img wp-image-12836\" src=\"https:\/\/portais.santoandre.sp.gov.br\/educacao\/wp-content\/uploads\/sites\/17\/2026\/03\/IMG-20260226-WA0043.jpg\" width=\"1600\" height=\"1200\" srcset=\"https:\/\/portais.santoandre.sp.gov.br\/educacao\/wp-content\/uploads\/sites\/17\/2026\/03\/IMG-20260226-WA0043.jpg 1600w, https:\/\/portais.santoandre.sp.gov.br\/educacao\/wp-content\/uploads\/sites\/17\/2026\/03\/IMG-20260226-WA0043-300x225.jpg 300w, https:\/\/portais.santoandre.sp.gov.br\/educacao\/wp-content\/uploads\/sites\/17\/2026\/03\/IMG-20260226-WA0043-1024x768.jpg 1024w, https:\/\/portais.santoandre.sp.gov.br\/educacao\/wp-content\/uploads\/sites\/17\/2026\/03\/IMG-20260226-WA0043-768x576.jpg 768w, https:\/\/portais.santoandre.sp.gov.br\/educacao\/wp-content\/uploads\/sites\/17\/2026\/03\/IMG-20260226-WA0043-1536x1152.jpg 1536w\" sizes=\"(max-width: 1600px) 100vw, 1600px\" \/><\/span><\/figure><\/div>\n<\/div><\/div><\/div>\n\n\n\n<div class=\"wp-block-stackable-column stk-block-column stk-column stk-block stk-73a5c8e\" data-v=\"4\" data-block-id=\"73a5c8e\"><div class=\"stk-column-wrapper stk-block-column__content stk-container stk-73a5c8e-container stk--no-background stk--no-padding\"><div class=\"stk-block-content stk-inner-blocks stk-73a5c8e-inner-blocks\">\n<div class=\"wp-block-stackable-image stk-block-image stk-block stk-0ed8c9c\" data-block-id=\"0ed8c9c\"><figure><span class=\"stk-img-wrapper stk-image--shape-stretch\"><img loading=\"lazy\" decoding=\"async\" class=\"stk-img wp-image-12835\" src=\"https:\/\/portais.santoandre.sp.gov.br\/educacao\/wp-content\/uploads\/sites\/17\/2026\/03\/IMG-20260226-WA0042.jpg\" width=\"1600\" height=\"1200\" srcset=\"https:\/\/portais.santoandre.sp.gov.br\/educacao\/wp-content\/uploads\/sites\/17\/2026\/03\/IMG-20260226-WA0042.jpg 1600w, https:\/\/portais.santoandre.sp.gov.br\/educacao\/wp-content\/uploads\/sites\/17\/2026\/03\/IMG-20260226-WA0042-300x225.jpg 300w, https:\/\/portais.santoandre.sp.gov.br\/educacao\/wp-content\/uploads\/sites\/17\/2026\/03\/IMG-20260226-WA0042-1024x768.jpg 1024w, https:\/\/portais.santoandre.sp.gov.br\/educacao\/wp-content\/uploads\/sites\/17\/2026\/03\/IMG-20260226-WA0042-768x576.jpg 768w, https:\/\/portais.santoandre.sp.gov.br\/educacao\/wp-content\/uploads\/sites\/17\/2026\/03\/IMG-20260226-WA0042-1536x1152.jpg 1536w\" sizes=\"(max-width: 1600px) 100vw, 1600px\" \/><\/span><\/figure><\/div>\n<\/div><\/div><\/div>\n\n\n\n<div class=\"wp-block-stackable-column stk-block-column stk-column stk-block stk-2d83cbc\" data-v=\"4\" data-block-id=\"2d83cbc\"><div class=\"stk-column-wrapper stk-block-column__content stk-container stk-2d83cbc-container stk--no-background stk--no-padding\"><div class=\"stk-block-content stk-inner-blocks stk-2d83cbc-inner-blocks\">\n<div class=\"wp-block-stackable-image stk-block-image stk-block stk-73f4331\" data-block-id=\"73f4331\"><figure><span class=\"stk-img-wrapper stk-image--shape-stretch\"><img loading=\"lazy\" decoding=\"async\" class=\"stk-img wp-image-12834\" src=\"https:\/\/portais.santoandre.sp.gov.br\/educacao\/wp-content\/uploads\/sites\/17\/2026\/03\/IMG-20260226-WA0036.jpg\" width=\"1600\" height=\"1200\" srcset=\"https:\/\/portais.santoandre.sp.gov.br\/educacao\/wp-content\/uploads\/sites\/17\/2026\/03\/IMG-20260226-WA0036.jpg 1600w, https:\/\/portais.santoandre.sp.gov.br\/educacao\/wp-content\/uploads\/sites\/17\/2026\/03\/IMG-20260226-WA0036-300x225.jpg 300w, https:\/\/portais.santoandre.sp.gov.br\/educacao\/wp-content\/uploads\/sites\/17\/2026\/03\/IMG-20260226-WA0036-1024x768.jpg 1024w, https:\/\/portais.santoandre.sp.gov.br\/educacao\/wp-content\/uploads\/sites\/17\/2026\/03\/IMG-20260226-WA0036-768x576.jpg 768w, https:\/\/portais.santoandre.sp.gov.br\/educacao\/wp-content\/uploads\/sites\/17\/2026\/03\/IMG-20260226-WA0036-1536x1152.jpg 1536w\" sizes=\"(max-width: 1600px) 100vw, 1600px\" \/><\/span><\/figure><\/div>\n<\/div><\/div><\/div>\n\n\n\n<div class=\"wp-block-stackable-column stk-block-column stk-column stk-block stk-400f501\" data-v=\"4\" data-block-id=\"400f501\"><div class=\"stk-column-wrapper stk-block-column__content stk-container stk-400f501-container stk--no-background stk--no-padding\"><div class=\"stk-block-content stk-inner-blocks stk-400f501-inner-blocks\">\n<div class=\"wp-block-stackable-image stk-block-image stk-block stk-e13e291\" data-block-id=\"e13e291\"><figure><span class=\"stk-img-wrapper stk-image--shape-stretch\"><img loading=\"lazy\" decoding=\"async\" class=\"stk-img wp-image-12838\" src=\"https:\/\/portais.santoandre.sp.gov.br\/educacao\/wp-content\/uploads\/sites\/17\/2026\/03\/IMG-20260226-WA0037.jpg\" width=\"1600\" height=\"1200\" srcset=\"https:\/\/portais.santoandre.sp.gov.br\/educacao\/wp-content\/uploads\/sites\/17\/2026\/03\/IMG-20260226-WA0037.jpg 1600w, https:\/\/portais.santoandre.sp.gov.br\/educacao\/wp-content\/uploads\/sites\/17\/2026\/03\/IMG-20260226-WA0037-300x225.jpg 300w, https:\/\/portais.santoandre.sp.gov.br\/educacao\/wp-content\/uploads\/sites\/17\/2026\/03\/IMG-20260226-WA0037-1024x768.jpg 1024w, https:\/\/portais.santoandre.sp.gov.br\/educacao\/wp-content\/uploads\/sites\/17\/2026\/03\/IMG-20260226-WA0037-768x576.jpg 768w, https:\/\/portais.santoandre.sp.gov.br\/educacao\/wp-content\/uploads\/sites\/17\/2026\/03\/IMG-20260226-WA0037-1536x1152.jpg 1536w\" sizes=\"(max-width: 1600px) 100vw, 1600px\" \/><\/span><\/figure><\/div>\n<\/div><\/div><\/div>\n<\/div><div class=\"stk-block-carousel__buttons\"><button class=\"stk-block-carousel__button stk-block-carousel__button__prev\" aria-label=\"Previous slide\"><svg aria-hidden=\"true\" data-prefix=\"fas\" data-icon=\"chevron-left\" class=\"svg-inline--fa fa-chevron-left\" xmlns=\"http:\/\/www.w3.org\/2000\/svg\" viewBox=\"0 0 320 512\" width=\"32\" height=\"32\"><path d=\"M34.52 239.03L228.87 44.69c9.37-9.37 24.57-9.37 33.94 0l22.67 22.67c9.36 9.36 9.37 24.52.04 33.9L131.49 256l154.02 154.75c9.34 9.38 9.32 24.54-.04 33.9l-22.67 22.67c-9.37 9.37-24.57 9.37-33.94 0L34.52 272.97c-9.37-9.37-9.37-24.57 0-33.94z\"><\/path><\/svg><\/button><button class=\"stk-block-carousel__button stk-block-carousel__button__next\" aria-label=\"Next slide\"><svg aria-hidden=\"true\" data-prefix=\"fas\" data-icon=\"chevron-right\" class=\"svg-inline--fa fa-chevron-right\" xmlns=\"http:\/\/www.w3.org\/2000\/svg\" viewBox=\"0 0 320 512\" width=\"32\" height=\"32\"><path d=\"M285.476 272.971L91.132 467.314c-9.373 9.373-24.569 9.373-33.941 0l-22.667-22.667c-9.357-9.357-9.375-24.522-.04-33.901L188.505 256 34.484 101.255c-9.335-9.379-9.317-24.544.04-33.901l22.667-22.667c9.373-9.373 24.569-9.373 33.941 0L285.475 239.03c9.373 9.372 9.373 24.568.001 33.941z\"><\/path><\/svg><\/button><\/div><\/div><div class=\"stk-block-carousel__dots\" role=\"list\" data-label=\"Slide %%d\"><\/div><\/div><\/div>\n<\/div><\/div><\/div>\n\n\n\n<div class=\"wp-block-stackable-column stk-block-column stk-column stk-block stk-6455a93\" data-v=\"4\" data-block-id=\"6455a93\"><style>.stk-6455a93 {align-self:center !important;}<\/style><div class=\"stk-column-wrapper stk-block-column__content stk-container stk-6455a93-container stk--no-background stk--no-padding\"><div class=\"has-text-align-center stk-block-content stk-inner-blocks stk-6455a93-inner-blocks\">\n<p><strong><span style=\"color: #0693e3\" class=\"stk-highlight\">Jardim Cristiane \u2013 CPFP Governador Miguel Arraes<\/span><\/strong><br><span style=\"color: #000000\" class=\"stk-highlight\">Av. Rangel Pestana, s\/n\u00ba \u2013 Jd. Cristiane<\/span><br><span style=\"color: #000000\" class=\"stk-highlight\">Telefones: 3356-7826 \/ 3356-7825<\/span><br><span style=\"color: #0f0e17\" class=\"stk-highlight\">WhatsApp: 11 3356-7825<\/span><br><span style=\"color: #000000\" class=\"stk-highlight\">E-mail:<\/span>\u00a0<a href=\"mailto:Miguelarraes@santoandre.sp.gov.br\">Miguelarraes@santoandre.sp.gov.br<\/a><\/p>\n<\/div><\/div><\/div>\n<\/div><\/div>\n\n\n\n<hr class=\"wp-block-separator has-alpha-channel-opacity\" \/>\n\n\n\n<p><strong><span style=\"color: #0693e3\" class=\"stk-highlight\">Parque Andreense \u2013 CPFP Julio de Grammont<\/span><\/strong><\/p>\n\n\n\n<p><span style=\"color: #000000\" class=\"stk-highlight\">Rua Astorga, s\/n\u00ba \u2013 Parque Andreense<\/span><\/p>\n\n\n\n<p><span style=\"color: #000000\" class=\"stk-highlight\">Telefones: 3356-7814 \/ 3356-7813<\/span><\/p>\n\n\n\n<p><span style=\"color: #000000\" class=\"stk-highlight\">E-mail:<\/span>&nbsp;<a href=\"mailto:JGrammont@santoandre.sp.gov.br\">JGrammont@santoandre.sp.gov.br<\/a><\/p>\n\n\n\n<hr class=\"wp-block-separator has-alpha-channel-opacity\" \/>\n\n\n\n<p><strong><span style=\"color: #0693e3\" class=\"stk-highlight\">Pr\u00edncipe de Gales \u2013 CPFP Armando Mazzo<\/span><\/strong><\/p>\n\n\n\n<p><span style=\"color: #000000\" class=\"stk-highlight\">Rua Carna\u00faba, s\/n\u00ba \u2013 Pr\u00edncipe de Gales<\/span><\/p>\n\n\n\n<p><span style=\"color: #000000\" class=\"stk-highlight\">Telefones: 3356-7798 \/ 3356-7797<\/span><\/p>\n\n\n\n<p><span style=\"color: #000000\" class=\"stk-highlight\">E-mail:<\/span>&nbsp;<a href=\"mailto:CPFPAMazzo@santoandre.sp.gov.br\">CPFPAMazzo@santoandre.sp.gov.br<\/a><\/p>\n\n\n\n<hr class=\"wp-block-separator has-alpha-channel-opacity\" \/>\n\n\n\n<p><strong><span style=\"color: #0693e3\" class=\"stk-highlight\">Vila Pires \u2013 CPFP Valdemar Mattei<\/span><\/strong><\/p>\n\n\n\n<p><span style=\"color: #000000\" class=\"stk-highlight\">Rua Kasato Maru, s\/n\u00ba \u2013 Vila Pires<\/span><\/p>\n\n\n\n<p><span style=\"color: #000000\" class=\"stk-highlight\">Telefones: 3356-7834 \/ 3356-7833<\/span><\/p>\n\n\n\n<p><span style=\"color: #0f0e17\" class=\"stk-highlight\">WhatsApp: 11 3356-7833<\/span><\/p>\n\n\n\n<p><span style=\"color: #000000\" class=\"stk-highlight\">E-mail:<\/span>&nbsp;<a href=\"mailto:CPFPdeTecnologia@santoandre.sp.gov.br\">CPFPdeTecnologia@santoandre.sp.gov.br<\/a><\/p>\n\n\n\n<p><\/p>\n\n\n\n<p><span style=\"color: #ffffff\" class=\"stk-highlight\">.<\/span><\/p>\n\n\n\n<h3 class=\"wp-block-heading\"><strong><span style=\"color: #000000\" class=\"stk-highlight\">EMEIEFs com Educa\u00e7\u00e3o de Jovens e Adultos (EJA):<\/span><\/strong><\/h3>\n\n\n\n<p><\/p>\n\n\n\n<div class=\"wp-block-stackable-columns stk-block-columns stk-block stk-7538cd9\" data-block-id=\"7538cd9\"><div class=\"stk-row stk-inner-blocks stk-block-content stk-content-align stk-7538cd9-column\">\n<div class=\"wp-block-stackable-column stk-block-column stk-column stk-block stk-72a814c\" data-v=\"4\" data-block-id=\"72a814c\"><div class=\"stk-column-wrapper stk-block-column__content stk-container stk-72a814c-container stk--no-background stk--no-padding\"><div class=\"stk-block-content stk-inner-blocks stk-72a814c-inner-blocks\">\n<figure class=\"wp-block-image size-large\"><img loading=\"lazy\" decoding=\"async\" width=\"1032\" height=\"580\" src=\"https:\/\/portais.santoandre.sp.gov.br\/educacao\/wp-content\/uploads\/sites\/17\/2025\/09\/Zaniboni.jpg\" alt=\"\" class=\"wp-image-10306\" srcset=\"https:\/\/portais.santoandre.sp.gov.br\/educacao\/wp-content\/uploads\/sites\/17\/2025\/09\/Zaniboni.jpg 1032w, https:\/\/portais.santoandre.sp.gov.br\/educacao\/wp-content\/uploads\/sites\/17\/2025\/09\/Zaniboni-300x169.jpg 300w, https:\/\/portais.santoandre.sp.gov.br\/educacao\/wp-content\/uploads\/sites\/17\/2025\/09\/Zaniboni-1024x576.jpg 1024w, https:\/\/portais.santoandre.sp.gov.br\/educacao\/wp-content\/uploads\/sites\/17\/2025\/09\/Zaniboni-768x432.jpg 768w\" sizes=\"(max-width: 1032px) 100vw, 1032px\" \/><\/figure>\n<\/div><\/div><\/div>\n\n\n\n<div class=\"wp-block-stackable-column stk-block-column stk-column stk-block stk-31a9c80\" data-v=\"4\" data-block-id=\"31a9c80\"><style>.stk-31a9c80 {align-self:center !important;}<\/style><div class=\"stk-column-wrapper stk-block-column__content stk-container stk-31a9c80-container stk--no-background stk--no-padding\"><div class=\"has-text-align-center stk-block-content stk-inner-blocks stk-31a9c80-inner-blocks\">\n<p><strong><span style=\"color: #0693e3\" class=\"stk-highlight\">EMEIEF Antonio Virg\u00edlio Zaniboni, Prof. (EJA)<\/span><\/strong><br><span style=\"color: #000000\" class=\"stk-highlight\">Av. \u00c1urea, 920, Jardim do Est\u00e1dio<\/span><br><span style=\"color: #000000\" class=\"stk-highlight\">Telefones: 3356-7997 \/ 3356-7998 \/ 3356-7999<\/span><br><span style=\"color: #000000\" class=\"stk-highlight\">E-mail: <a href=\"mailto:jestadio@santoandre.sp.gov.br\">jestadio@santoandre.sp.gov.br<\/a><\/span><br><span style=\"color: #0f0e17\" class=\"stk-highlight\">WhatsApp: 11 3356-7998<\/span><\/p>\n<\/div><\/div><\/div>\n<\/div><\/div>\n\n\n\n<hr class=\"wp-block-separator has-alpha-channel-opacity\" \/>\n\n\n\n<div class=\"wp-block-stackable-columns stk-block-columns stk-block stk-f50315a\" data-block-id=\"f50315a\"><div class=\"stk-row stk-inner-blocks stk-block-content stk-content-align stk-f50315a-column\">\n<div class=\"wp-block-stackable-column stk-block-column stk-column stk-block stk-a192eff\" data-v=\"4\" data-block-id=\"a192eff\"><div class=\"stk-column-wrapper stk-block-column__content stk-container stk-a192eff-container stk--no-background stk--no-padding\"><div class=\"stk-block-content stk-inner-blocks stk-a192eff-inner-blocks\">\n<div class=\"wp-block-stackable-image stk-block-image stk-block stk-7a61120\" data-block-id=\"7a61120\"><figure><span class=\"stk-img-wrapper stk-image--shape-stretch\"><img loading=\"lazy\" decoding=\"async\" class=\"stk-img wp-image-12556\" src=\"https:\/\/portais.santoandre.sp.gov.br\/educacao\/wp-content\/uploads\/sites\/17\/2026\/02\/candido-1.jpg\" width=\"1024\" height=\"575\" srcset=\"https:\/\/portais.santoandre.sp.gov.br\/educacao\/wp-content\/uploads\/sites\/17\/2026\/02\/candido-1.jpg 1024w, https:\/\/portais.santoandre.sp.gov.br\/educacao\/wp-content\/uploads\/sites\/17\/2026\/02\/candido-1-300x168.jpg 300w, https:\/\/portais.santoandre.sp.gov.br\/educacao\/wp-content\/uploads\/sites\/17\/2026\/02\/candido-1-768x431.jpg 768w\" sizes=\"(max-width: 1024px) 100vw, 1024px\" \/><\/span><\/figure><\/div>\n<\/div><\/div><\/div>\n\n\n\n<div class=\"wp-block-stackable-column stk-block-column stk-column stk-block stk-4eb94ec\" data-v=\"4\" data-block-id=\"4eb94ec\"><div class=\"stk-column-wrapper stk-block-column__content stk-container stk-4eb94ec-container stk--no-background stk--no-padding\"><div class=\"stk-block-content stk-inner-blocks stk-4eb94ec-inner-blocks\">\n<p><strong><span style=\"color: #0693e3\" class=\"stk-highlight\">EMEIEF C\u00e2ndido Portinari (EJA)<\/span><\/strong><br><span style=\"color: #000000\" class=\"stk-highlight\">R. dos Cocais, 1861, Guarar\u00e1&nbsp;<\/span><br><span style=\"color: #000000\" class=\"stk-highlight\">Telefones: 3356-7709 <\/span><br><span style=\"color: #000000\" class=\"stk-highlight\">3356-7710 <\/span><br><span style=\"color: #000000\" class=\"stk-highlight\">E-mail: <a href=\"mailto:jguarara@santoandre.sp.gov.br\">jguarara@santoandre.sp.gov.br<\/a><\/span><\/p>\n<\/div><\/div><\/div>\n<\/div><\/div>\n\n\n\n<hr class=\"wp-block-separator has-alpha-channel-opacity\" \/>\n\n\n\n<div class=\"wp-block-stackable-columns stk-block-columns stk-block stk-03925eb\" data-block-id=\"03925eb\"><div class=\"stk-row stk-inner-blocks stk-block-content stk-content-align stk-03925eb-column\">\n<div class=\"wp-block-stackable-column stk-block-column stk-column stk-block stk-7fc1216\" data-v=\"4\" data-block-id=\"7fc1216\"><div class=\"stk-column-wrapper stk-block-column__content stk-container stk-7fc1216-container stk--no-background stk--no-padding\"><div class=\"stk-block-content stk-inner-blocks stk-7fc1216-inner-blocks\">\n<figure class=\"wp-block-image size-large\"><img loading=\"lazy\" decoding=\"async\" width=\"1080\" height=\"607\" src=\"https:\/\/portais.santoandre.sp.gov.br\/educacao\/wp-content\/uploads\/sites\/17\/2025\/09\/carolina.jpg\" alt=\"\" class=\"wp-image-10313\" srcset=\"https:\/\/portais.santoandre.sp.gov.br\/educacao\/wp-content\/uploads\/sites\/17\/2025\/09\/carolina.jpg 1080w, https:\/\/portais.santoandre.sp.gov.br\/educacao\/wp-content\/uploads\/sites\/17\/2025\/09\/carolina-300x169.jpg 300w, https:\/\/portais.santoandre.sp.gov.br\/educacao\/wp-content\/uploads\/sites\/17\/2025\/09\/carolina-1024x576.jpg 1024w, https:\/\/portais.santoandre.sp.gov.br\/educacao\/wp-content\/uploads\/sites\/17\/2025\/09\/carolina-768x432.jpg 768w\" sizes=\"(max-width: 1080px) 100vw, 1080px\" \/><\/figure>\n<\/div><\/div><\/div>\n\n\n\n<div class=\"wp-block-stackable-column stk-block-column stk-column stk-block stk-965931d\" data-v=\"4\" data-block-id=\"965931d\"><style>.stk-965931d {align-self:center !important;}<\/style><div class=\"stk-column-wrapper stk-block-column__content stk-container stk-965931d-container stk--no-background stk--no-padding\"><div class=\"has-text-align-center stk-block-content stk-inner-blocks stk-965931d-inner-blocks\">\n<p><strong><span style=\"color: #0693e3\" class=\"stk-highlight\">EMEIEF Carolina Maria de Jesus (EJA)<\/span><\/strong><br><span style=\"color: #000000\" class=\"stk-highlight\">Estrada da Cata Preta, 810, Cata Preta<\/span><br><span style=\"color: #000000\" class=\"stk-highlight\">Telefones: 3356-7796 \/ 3356-7809 <\/span><br><span style=\"color: #000000\" class=\"stk-highlight\">E-mail:<\/span> <a href=\"mailto:catapreta@santoandre.sp.gov.br\">catapreta@santoandre.sp.gov.br<\/a><br><span style=\"color: #0f0e17\" class=\"stk-highlight\">WhatsApp: 11 91198-8365<\/span><\/p>\n<\/div><\/div><\/div>\n<\/div><\/div>\n\n\n\n<hr class=\"wp-block-separator has-alpha-channel-opacity\" \/>\n\n\n\n<div class=\"wp-block-stackable-columns stk-block-columns stk-block stk-732586d\" data-block-id=\"732586d\"><div class=\"stk-row stk-inner-blocks stk-block-content stk-content-align stk-732586d-column\">\n<div class=\"wp-block-stackable-column stk-block-column stk-column stk-block stk-284e1f3\" data-v=\"4\" data-block-id=\"284e1f3\"><div class=\"stk-column-wrapper stk-block-column__content stk-container stk-284e1f3-container stk--no-background stk--no-padding\"><div class=\"stk-block-content stk-inner-blocks stk-284e1f3-inner-blocks\">\n<figure class=\"wp-block-image size-large\"><img loading=\"lazy\" decoding=\"async\" width=\"1040\" height=\"584\" src=\"https:\/\/portais.santoandre.sp.gov.br\/educacao\/wp-content\/uploads\/sites\/17\/2025\/09\/celia.jpg\" alt=\"\" class=\"wp-image-10314\" srcset=\"https:\/\/portais.santoandre.sp.gov.br\/educacao\/wp-content\/uploads\/sites\/17\/2025\/09\/celia.jpg 1040w, https:\/\/portais.santoandre.sp.gov.br\/educacao\/wp-content\/uploads\/sites\/17\/2025\/09\/celia-300x168.jpg 300w, https:\/\/portais.santoandre.sp.gov.br\/educacao\/wp-content\/uploads\/sites\/17\/2025\/09\/celia-1024x575.jpg 1024w, https:\/\/portais.santoandre.sp.gov.br\/educacao\/wp-content\/uploads\/sites\/17\/2025\/09\/celia-768x431.jpg 768w\" sizes=\"(max-width: 1040px) 100vw, 1040px\" \/><\/figure>\n<\/div><\/div><\/div>\n\n\n\n<div class=\"wp-block-stackable-column stk-block-column stk-column stk-block stk-3a05841\" data-v=\"4\" data-block-id=\"3a05841\"><style>.stk-3a05841 {align-self:center !important;}<\/style><div class=\"stk-column-wrapper stk-block-column__content stk-container stk-3a05841-container stk--no-background stk--no-padding\"><div class=\"has-text-align-center stk-block-content stk-inner-blocks stk-3a05841-inner-blocks\">\n<p><strong><span style=\"color: #0693e3\" class=\"stk-highlight\">EMEIEF C\u00e9lia In\u00eas Domingues de Arruda Assis, Prof.\u00aa (EJA)<\/span><\/strong><br><span style=\"color: #000000\" class=\"stk-highlight\">R. Caminho dos Vianas, s\/n\u00ba, Jardim Irene<\/span><br><span style=\"color: #000000\" class=\"stk-highlight\">Telefones: 3356-8156 \/ 3356-8155 \/ 3356-8095<\/span><br><span style=\"color: #000000\" class=\"stk-highlight\">E-mail: <a href=\"mailto:irene@santoandre.sp.gov.br\">irene@santoandre.sp.gov.br<\/a><\/span><br><span style=\"color: #0f0e17\" class=\"stk-highlight\">WhatsApp: 11 97324-1846<\/span><\/p>\n<\/div><\/div><\/div>\n<\/div><\/div>\n\n\n\n<hr class=\"wp-block-separator has-alpha-channel-opacity\" \/>\n\n\n\n<div class=\"wp-block-stackable-columns stk-block-columns stk-block stk-b14baa7\" data-block-id=\"b14baa7\"><div class=\"stk-row stk-inner-blocks stk-block-content stk-content-align stk-b14baa7-column\">\n<div class=\"wp-block-stackable-column stk-block-column stk-column stk-block stk-0f91cd8\" data-v=\"4\" data-block-id=\"0f91cd8\"><div class=\"stk-column-wrapper stk-block-column__content stk-container stk-0f91cd8-container stk--no-background stk--no-padding\"><div class=\"stk-block-content stk-inner-blocks stk-0f91cd8-inner-blocks\">\n<figure class=\"wp-block-image size-large\"><img loading=\"lazy\" decoding=\"async\" width=\"1040\" height=\"584\" src=\"https:\/\/portais.santoandre.sp.gov.br\/educacao\/wp-content\/uploads\/sites\/17\/2025\/09\/chico.jpg\" alt=\"\" class=\"wp-image-10315\" srcset=\"https:\/\/portais.santoandre.sp.gov.br\/educacao\/wp-content\/uploads\/sites\/17\/2025\/09\/chico.jpg 1040w, https:\/\/portais.santoandre.sp.gov.br\/educacao\/wp-content\/uploads\/sites\/17\/2025\/09\/chico-300x168.jpg 300w, https:\/\/portais.santoandre.sp.gov.br\/educacao\/wp-content\/uploads\/sites\/17\/2025\/09\/chico-1024x575.jpg 1024w, https:\/\/portais.santoandre.sp.gov.br\/educacao\/wp-content\/uploads\/sites\/17\/2025\/09\/chico-768x431.jpg 768w\" sizes=\"(max-width: 1040px) 100vw, 1040px\" \/><\/figure>\n<\/div><\/div><\/div>\n\n\n\n<div class=\"wp-block-stackable-column stk-block-column stk-column stk-block stk-5fc569f\" data-v=\"4\" data-block-id=\"5fc569f\"><style>.stk-5fc569f {align-self:center !important;}<\/style><div class=\"stk-column-wrapper stk-block-column__content stk-container stk-5fc569f-container stk--no-background stk--no-padding\"><div class=\"has-text-align-center stk-block-content stk-inner-blocks stk-5fc569f-inner-blocks\">\n<p><strong><span style=\"color: #0693e3\" class=\"stk-highlight\">EMEIEF Chico Mendes (EJA)<\/span><\/strong><br><span style=\"color: #000000\" class=\"stk-highlight\">R. Tamandu\u00e1 Bandeira, s\/n\u00ba, Recreio da Borda do Campo<\/span><br><span style=\"color: #000000\" class=\"stk-highlight\">Telefones: 3356-7753 \/ 3356-7754 \/ 3356-7755<\/span><br><span style=\"color: #000000\" class=\"stk-highlight\">E-mail: <a href=\"mailto:rbcampo@santoandre.sp.gov.br\">rbcampo@santoandre.sp.gov.br<\/a><\/span><br><span style=\"color: #0f0e17\" class=\"stk-highlight\">WhatsApp: 11 3356-7754<\/span><\/p>\n<\/div><\/div><\/div>\n<\/div><\/div>\n\n\n\n<hr class=\"wp-block-separator has-alpha-channel-opacity\" \/>\n\n\n\n<div class=\"wp-block-stackable-columns stk-block-columns stk-block stk-1fbed38\" data-block-id=\"1fbed38\"><div class=\"stk-row stk-inner-blocks stk-block-content stk-content-align stk-1fbed38-column\">\n<div class=\"wp-block-stackable-column stk-block-column stk-column stk-block stk-6dbe9d3\" data-v=\"4\" data-block-id=\"6dbe9d3\"><div class=\"stk-column-wrapper stk-block-column__content stk-container stk-6dbe9d3-container stk--no-background stk--no-padding\"><div class=\"stk-block-content stk-inner-blocks stk-6dbe9d3-inner-blocks\">\n<figure class=\"wp-block-image size-large\"><img loading=\"lazy\" decoding=\"async\" width=\"1040\" height=\"584\" src=\"https:\/\/portais.santoandre.sp.gov.br\/educacao\/wp-content\/uploads\/sites\/17\/2025\/09\/piero.jpg\" alt=\"\" class=\"wp-image-10317\" srcset=\"https:\/\/portais.santoandre.sp.gov.br\/educacao\/wp-content\/uploads\/sites\/17\/2025\/09\/piero.jpg 1040w, https:\/\/portais.santoandre.sp.gov.br\/educacao\/wp-content\/uploads\/sites\/17\/2025\/09\/piero-300x168.jpg 300w, https:\/\/portais.santoandre.sp.gov.br\/educacao\/wp-content\/uploads\/sites\/17\/2025\/09\/piero-1024x575.jpg 1024w, https:\/\/portais.santoandre.sp.gov.br\/educacao\/wp-content\/uploads\/sites\/17\/2025\/09\/piero-768x431.jpg 768w\" sizes=\"(max-width: 1040px) 100vw, 1040px\" \/><\/figure>\n<\/div><\/div><\/div>\n\n\n\n<div class=\"wp-block-stackable-column stk-block-column stk-column stk-block stk-ad2f8cf\" data-v=\"4\" data-block-id=\"ad2f8cf\"><style>.stk-ad2f8cf {align-self:center !important;}<\/style><div class=\"stk-column-wrapper stk-block-column__content stk-container stk-ad2f8cf-container stk--no-background stk--no-padding\"><div class=\"has-text-align-center stk-block-content stk-inner-blocks stk-ad2f8cf-inner-blocks\">\n<p><strong><span style=\"color: #0693e3\" class=\"stk-highlight\">EMEIEF Comendador Piero Pollone (EJA)<\/span><\/strong><br><span style=\"color: #000000\" class=\"stk-highlight\">R. Boca\u00edna, s\/n\u00ba, Cidade S\u00e3o Jorge<\/span><br><span style=\"color: #000000\" class=\"stk-highlight\">Telefones: 3356-7917 \/ 3356-7918<\/span><br><span style=\"color: #000000\" class=\"stk-highlight\">E-mail:<\/span> <a href=\"mailto:csaojorge@santoandre.sp.gov.br\">csaojorge@santoandre.sp.gov.br<\/a><\/p>\n<\/div><\/div><\/div>\n<\/div><\/div>\n\n\n\n<hr class=\"wp-block-separator has-alpha-channel-opacity\" \/>\n\n\n\n<div class=\"wp-block-stackable-columns stk-block-columns stk-block stk-d34c18d\" data-block-id=\"d34c18d\"><div class=\"stk-row stk-inner-blocks stk-block-content stk-content-align stk-d34c18d-column\">\n<div class=\"wp-block-stackable-column stk-block-column stk-column stk-block stk-a5c9550\" data-v=\"4\" data-block-id=\"a5c9550\"><div class=\"stk-column-wrapper stk-block-column__content stk-container stk-a5c9550-container stk--no-background stk--no-padding\"><div class=\"stk-block-content stk-inner-blocks stk-a5c9550-inner-blocks\">\n<figure class=\"wp-block-image size-large\"><img loading=\"lazy\" decoding=\"async\" width=\"1280\" height=\"719\" src=\"https:\/\/portais.santoandre.sp.gov.br\/educacao\/wp-content\/uploads\/sites\/17\/2025\/09\/cora.jpg\" alt=\"\" class=\"wp-image-10319\" srcset=\"https:\/\/portais.santoandre.sp.gov.br\/educacao\/wp-content\/uploads\/sites\/17\/2025\/09\/cora.jpg 1280w, https:\/\/portais.santoandre.sp.gov.br\/educacao\/wp-content\/uploads\/sites\/17\/2025\/09\/cora-300x169.jpg 300w, https:\/\/portais.santoandre.sp.gov.br\/educacao\/wp-content\/uploads\/sites\/17\/2025\/09\/cora-1024x575.jpg 1024w, https:\/\/portais.santoandre.sp.gov.br\/educacao\/wp-content\/uploads\/sites\/17\/2025\/09\/cora-768x431.jpg 768w\" sizes=\"(max-width: 1280px) 100vw, 1280px\" \/><\/figure>\n<\/div><\/div><\/div>\n\n\n\n<div class=\"wp-block-stackable-column stk-block-column stk-column stk-block stk-a737669\" data-v=\"4\" data-block-id=\"a737669\"><style>.stk-a737669 {align-self:center !important;}<\/style><div class=\"stk-column-wrapper stk-block-column__content stk-container stk-a737669-container stk--no-background stk--no-padding\"><div class=\"has-text-align-center stk-block-content stk-inner-blocks stk-a737669-inner-blocks\">\n<p><strong><span style=\"color: #0693e3\" class=\"stk-highlight\">EMEIEF Cora Coralina (EJA)<\/span><\/strong><br><span style=\"color: #000000\" class=\"stk-highlight\">R. dos Dominicanos, 1250, Jardim Santo Andr\u00e9<\/span><br><span style=\"color: #000000\" class=\"stk-highlight\">Telefones: 3356-7717 \/ 3356-7718 <\/span><br><span style=\"color: #000000\" class=\"stk-highlight\">E-mail: <a href=\"mailto:ccoralina@santoandre.sp.gov.br\">ccoralina@santoandre.sp.gov.br<\/a><\/span><br><span style=\"color: #0f0e17\" class=\"stk-highlight\">WhatsApp: 11 3356-7717<\/span><\/p>\n<\/div><\/div><\/div>\n<\/div><\/div>\n\n\n\n<hr class=\"wp-block-separator has-alpha-channel-opacity\" \/>\n\n\n\n<div class=\"wp-block-stackable-columns stk-block-columns stk-block stk-f3e7f1a\" data-block-id=\"f3e7f1a\"><div class=\"stk-row stk-inner-blocks stk-block-content stk-content-align stk-f3e7f1a-column\">\n<div class=\"wp-block-stackable-column stk-block-column stk-column stk-block stk-10dd398\" data-v=\"4\" data-block-id=\"10dd398\"><div class=\"stk-column-wrapper stk-block-column__content stk-container stk-10dd398-container stk--no-background stk--no-padding\"><div class=\"stk-block-content stk-inner-blocks stk-10dd398-inner-blocks\">\n<figure class=\"wp-block-image size-large\"><img loading=\"lazy\" decoding=\"async\" width=\"1040\" height=\"660\" src=\"https:\/\/portais.santoandre.sp.gov.br\/educacao\/wp-content\/uploads\/sites\/17\/2025\/09\/darcy.jpg\" alt=\"\" class=\"wp-image-10308\" srcset=\"https:\/\/portais.santoandre.sp.gov.br\/educacao\/wp-content\/uploads\/sites\/17\/2025\/09\/darcy.jpg 1040w, https:\/\/portais.santoandre.sp.gov.br\/educacao\/wp-content\/uploads\/sites\/17\/2025\/09\/darcy-300x190.jpg 300w, https:\/\/portais.santoandre.sp.gov.br\/educacao\/wp-content\/uploads\/sites\/17\/2025\/09\/darcy-1024x650.jpg 1024w, https:\/\/portais.santoandre.sp.gov.br\/educacao\/wp-content\/uploads\/sites\/17\/2025\/09\/darcy-768x487.jpg 768w\" sizes=\"(max-width: 1040px) 100vw, 1040px\" \/><\/figure>\n<\/div><\/div><\/div>\n\n\n\n<div class=\"wp-block-stackable-column stk-block-column stk-column stk-block stk-633df2a\" data-v=\"4\" data-block-id=\"633df2a\"><style>.stk-633df2a {align-self:center !important;}<\/style><div class=\"stk-column-wrapper stk-block-column__content stk-container stk-633df2a-container stk--no-background stk--no-padding\"><div class=\"has-text-align-center stk-block-content stk-inner-blocks stk-633df2a-inner-blocks\">\n<p><strong><span style=\"color: #0693e3\" class=\"stk-highlight\">EMEIEF Darcy Ribeiro, Prof. (EJA)<\/span><\/strong><br><span style=\"color: #000000\" class=\"stk-highlight\">R. Tanganica, 385, Parque Orat\u00f3rio<\/span><br><span style=\"color: #000000\" class=\"stk-highlight\">Telefones:&nbsp;3356-7925 \/ 3356-7926 \/ 3356-7927<\/span><br><span style=\"color: #000000\" class=\"stk-highlight\">E-mail: <a href=\"mailto:internacional@santoandre.sp.gov.br\">internacional@santoandre.sp.gov.br<\/a><\/span><\/p>\n<\/div><\/div><\/div>\n<\/div><\/div>\n\n\n\n<hr class=\"wp-block-separator has-alpha-channel-opacity\" \/>\n\n\n\n<div class=\"wp-block-stackable-columns stk-block-columns stk-block stk-fc397bb\" data-block-id=\"fc397bb\"><div class=\"stk-row stk-inner-blocks stk-block-content stk-content-align stk-fc397bb-column\">\n<div class=\"wp-block-stackable-column stk-block-column stk-column stk-block stk-0925566\" data-v=\"4\" data-block-id=\"0925566\"><div class=\"stk-column-wrapper stk-block-column__content stk-container stk-0925566-container stk--no-background stk--no-padding\"><div class=\"stk-block-content stk-inner-blocks stk-0925566-inner-blocks\">\n<figure class=\"wp-block-image size-large\"><img loading=\"lazy\" decoding=\"async\" width=\"780\" height=\"438\" src=\"https:\/\/portais.santoandre.sp.gov.br\/educacao\/wp-content\/uploads\/sites\/17\/2025\/09\/dom-jorge.jpg\" alt=\"\" class=\"wp-image-10309\" srcset=\"https:\/\/portais.santoandre.sp.gov.br\/educacao\/wp-content\/uploads\/sites\/17\/2025\/09\/dom-jorge.jpg 780w, https:\/\/portais.santoandre.sp.gov.br\/educacao\/wp-content\/uploads\/sites\/17\/2025\/09\/dom-jorge-300x168.jpg 300w, https:\/\/portais.santoandre.sp.gov.br\/educacao\/wp-content\/uploads\/sites\/17\/2025\/09\/dom-jorge-768x431.jpg 768w\" sizes=\"(max-width: 780px) 100vw, 780px\" \/><\/figure>\n<\/div><\/div><\/div>\n\n\n\n<div class=\"wp-block-stackable-column stk-block-column stk-column stk-block stk-099fa25\" data-v=\"4\" data-block-id=\"099fa25\"><style>.stk-099fa25 {align-self:center !important;}<\/style><div class=\"stk-column-wrapper stk-block-column__content stk-container stk-099fa25-container stk--no-background stk--no-padding\"><div class=\"has-text-align-center stk-block-content stk-inner-blocks stk-099fa25-inner-blocks\">\n<p><strong><span style=\"color: #0693e3\" class=\"stk-highlight\">EMEIEF Dom Jorge Marcos de Oliveira (EJA)<\/span><\/strong><br><span style=\"color: #000000\" class=\"stk-highlight\">R. Assis Cintra, 315, Condom\u00ednio Maracan\u00e3<\/span><br><span style=\"color: #000000\" class=\"stk-highlight\">Telefones: 3356-7933 \/ 3356-7934 \/ 3356-7935<\/span><br><span style=\"color: #000000\" class=\"stk-highlight\">E-mail:<\/span> <a href=\"mailto:maracana@santoandre.sp.gov.br\">maracana@santoandre.sp.gov.br<\/a><br><span style=\"color: #0f0e17\" class=\"stk-highlight\">WhatsApp: 11 3356-7934<\/span><\/p>\n<\/div><\/div><\/div>\n<\/div><\/div>\n\n\n\n<hr class=\"wp-block-separator has-alpha-channel-opacity\" \/>\n\n\n\n<div class=\"wp-block-stackable-columns stk-block-columns stk-block stk-d4dddc4\" data-block-id=\"d4dddc4\"><div class=\"stk-row stk-inner-blocks stk-block-content stk-content-align stk-d4dddc4-column\">\n<div class=\"wp-block-stackable-column stk-block-column stk-column stk-block stk-5fffefe\" data-v=\"4\" data-block-id=\"5fffefe\"><div class=\"stk-column-wrapper stk-block-column__content stk-container stk-5fffefe-container stk--no-background stk--no-padding\"><div class=\"stk-block-content stk-inner-blocks stk-5fffefe-inner-blocks\">\n<figure class=\"wp-block-image size-large\"><img loading=\"lazy\" decoding=\"async\" width=\"1040\" height=\"584\" src=\"https:\/\/portais.santoandre.sp.gov.br\/educacao\/wp-content\/uploads\/sites\/17\/2025\/09\/elaine.jpg\" alt=\"\" class=\"wp-image-10316\" srcset=\"https:\/\/portais.santoandre.sp.gov.br\/educacao\/wp-content\/uploads\/sites\/17\/2025\/09\/elaine.jpg 1040w, https:\/\/portais.santoandre.sp.gov.br\/educacao\/wp-content\/uploads\/sites\/17\/2025\/09\/elaine-300x168.jpg 300w, https:\/\/portais.santoandre.sp.gov.br\/educacao\/wp-content\/uploads\/sites\/17\/2025\/09\/elaine-1024x575.jpg 1024w, https:\/\/portais.santoandre.sp.gov.br\/educacao\/wp-content\/uploads\/sites\/17\/2025\/09\/elaine-768x431.jpg 768w\" sizes=\"(max-width: 1040px) 100vw, 1040px\" \/><\/figure>\n<\/div><\/div><\/div>\n\n\n\n<div class=\"wp-block-stackable-column stk-block-column stk-column stk-block stk-f9c43b1\" data-v=\"4\" data-block-id=\"f9c43b1\"><style>.stk-f9c43b1 {align-self:center !important;}<\/style><div class=\"stk-column-wrapper stk-block-column__content stk-container stk-f9c43b1-container stk--no-background stk--no-padding\"><div class=\"has-text-align-center stk-block-content stk-inner-blocks stk-f9c43b1-inner-blocks\">\n<p><strong><span style=\"color: #0693e3\" class=\"stk-highlight\">EMEIEF Elaine Cena Chaves Maia, Prof.\u00aa (EJA)<\/span><\/strong><br><span style=\"color: #000000\" class=\"stk-highlight\">R. Petrogrado, s\/n\u00ba, Jardim Santo Alberto<\/span><br><span style=\"color: #000000\" class=\"stk-highlight\">Telefones: 3356-8001 \/ 3356-8002<\/span><br><span style=\"color: #000000\" class=\"stk-highlight\">E-mail: <a href=\"mailto:salberto@santoandre.sp.gov.br\">salberto@santoandre.sp.gov.br<\/a><\/span><br><span style=\"color: #0f0e17\" class=\"stk-highlight\">WhatsApp: 11 3356-8001<\/span><\/p>\n<\/div><\/div><\/div>\n<\/div><\/div>\n\n\n\n<hr class=\"wp-block-separator has-alpha-channel-opacity\" \/>\n\n\n\n<div class=\"wp-block-stackable-columns stk-block-columns stk-block stk-e9a3763\" data-block-id=\"e9a3763\"><div class=\"stk-row stk-inner-blocks stk-block-content stk-content-align stk-e9a3763-column\">\n<div class=\"wp-block-stackable-column stk-block-column stk-column stk-block stk-b6eed0e\" data-v=\"4\" data-block-id=\"b6eed0e\"><div class=\"stk-column-wrapper stk-block-column__content stk-container stk-b6eed0e-container stk--no-background stk--no-padding\"><div class=\"stk-block-content stk-inner-blocks stk-b6eed0e-inner-blocks\">\n<figure class=\"wp-block-image size-large\"><img loading=\"lazy\" decoding=\"async\" width=\"1280\" height=\"719\" src=\"https:\/\/portais.santoandre.sp.gov.br\/educacao\/wp-content\/uploads\/sites\/17\/2025\/09\/joao.jpg\" alt=\"\" class=\"wp-image-10278\" srcset=\"https:\/\/portais.santoandre.sp.gov.br\/educacao\/wp-content\/uploads\/sites\/17\/2025\/09\/joao.jpg 1280w, https:\/\/portais.santoandre.sp.gov.br\/educacao\/wp-content\/uploads\/sites\/17\/2025\/09\/joao-300x169.jpg 300w, https:\/\/portais.santoandre.sp.gov.br\/educacao\/wp-content\/uploads\/sites\/17\/2025\/09\/joao-1024x575.jpg 1024w, https:\/\/portais.santoandre.sp.gov.br\/educacao\/wp-content\/uploads\/sites\/17\/2025\/09\/joao-768x431.jpg 768w\" sizes=\"(max-width: 1280px) 100vw, 1280px\" \/><\/figure>\n<\/div><\/div><\/div>\n\n\n\n<div class=\"wp-block-stackable-column stk-block-column stk-column stk-block stk-ddc51b8\" data-v=\"4\" data-block-id=\"ddc51b8\"><style>.stk-ddc51b8 {align-self:center !important;}<\/style><div class=\"stk-column-wrapper stk-block-column__content stk-container stk-ddc51b8-container stk--no-background stk--no-padding\"><div class=\"has-text-align-center stk-block-content stk-inner-blocks stk-ddc51b8-inner-blocks\">\n<p><strong><span style=\"color: #0693e3\" class=\"stk-highlight\">EMEIEF Jo\u00e3o de Barros Pinto, Prof. (EJA)<\/span><\/strong><br><span style=\"color: #000000\" class=\"stk-highlight\">R. Londres, 444, Utinga<\/span><br><span style=\"color: #000000\" class=\"stk-highlight\">Telefones: 3356-8101 \/ 3356-8102<\/span><br><span style=\"color: #000000\" class=\"stk-highlight\">E-mail: <a href=\"mailto:joaodebarros@santoandre.sp.gov.br\">joaodebarros@santoandre.sp.gov.br<\/a><\/span><br><span style=\"color: #0f0e17\" class=\"stk-highlight\">WhatsApp: 11 3356-8102<\/span><\/p>\n<\/div><\/div><\/div>\n<\/div><\/div>\n\n\n\n<hr class=\"wp-block-separator has-alpha-channel-opacity\" \/>\n\n\n\n<div class=\"wp-block-stackable-columns stk-block-columns stk-block stk-c66d436\" data-block-id=\"c66d436\"><div class=\"stk-row stk-inner-blocks stk-block-content stk-content-align stk-c66d436-column\">\n<div class=\"wp-block-stackable-column stk-block-column stk-column stk-block stk-e205564\" data-v=\"4\" data-block-id=\"e205564\"><div class=\"stk-column-wrapper stk-block-column__content stk-container stk-e205564-container stk--no-background stk--no-padding\"><div class=\"stk-block-content stk-inner-blocks stk-e205564-inner-blocks\">\n<figure class=\"wp-block-image size-large\"><img loading=\"lazy\" decoding=\"async\" width=\"1280\" height=\"719\" src=\"https:\/\/portais.santoandre.sp.gov.br\/educacao\/wp-content\/uploads\/sites\/17\/2025\/09\/luiz-gonzaga.jpg\" alt=\"\" class=\"wp-image-10283\" srcset=\"https:\/\/portais.santoandre.sp.gov.br\/educacao\/wp-content\/uploads\/sites\/17\/2025\/09\/luiz-gonzaga.jpg 1280w, https:\/\/portais.santoandre.sp.gov.br\/educacao\/wp-content\/uploads\/sites\/17\/2025\/09\/luiz-gonzaga-300x169.jpg 300w, https:\/\/portais.santoandre.sp.gov.br\/educacao\/wp-content\/uploads\/sites\/17\/2025\/09\/luiz-gonzaga-1024x575.jpg 1024w, https:\/\/portais.santoandre.sp.gov.br\/educacao\/wp-content\/uploads\/sites\/17\/2025\/09\/luiz-gonzaga-768x431.jpg 768w\" sizes=\"(max-width: 1280px) 100vw, 1280px\" \/><\/figure>\n<\/div><\/div><\/div>\n\n\n\n<div class=\"wp-block-stackable-column stk-block-column stk-column stk-block stk-bcfc97d\" data-v=\"4\" data-block-id=\"bcfc97d\"><style>.stk-bcfc97d {align-self:center !important;}<\/style><div class=\"stk-column-wrapper stk-block-column__content stk-container stk-bcfc97d-container stk--no-background stk--no-padding\"><div class=\"has-text-align-center stk-block-content stk-inner-blocks stk-bcfc97d-inner-blocks\">\n<p><strong><span style=\"color: #0693e3\" class=\"stk-highlight\">EMEIEF Luiz Gonzaga (EJA)<\/span><\/strong><br><span style=\"color: #000000\" class=\"stk-highlight\">R. Ipanema, 253, Parque Erasmo Assun\u00e7\u00e3o<\/span><br><span style=\"color: #000000\" class=\"stk-highlight\">Telefones: 3356-7961 \/ 3356-7962<\/span><br><span style=\"color: #000000\" class=\"stk-highlight\">E-mail: <a href=\"mailto:perasmo@santoandre.sp.gov.br\">perasmo@santoandre.sp.gov.br<\/a><\/span><\/p>\n<\/div><\/div><\/div>\n<\/div><\/div>\n\n\n\n<hr class=\"wp-block-separator has-alpha-channel-opacity\" \/>\n\n\n\n<div class=\"wp-block-stackable-columns stk-block-columns stk-block stk-a4ac9a0\" data-block-id=\"a4ac9a0\"><div class=\"stk-row stk-inner-blocks stk-block-content stk-content-align stk-a4ac9a0-column\">\n<div class=\"wp-block-stackable-column stk-block-column stk-column stk-block stk-7c781f8\" data-v=\"4\" data-block-id=\"7c781f8\"><div class=\"stk-column-wrapper stk-block-column__content stk-container stk-7c781f8-container stk--no-background stk--no-padding\"><div class=\"stk-block-content stk-inner-blocks stk-7c781f8-inner-blocks\">\n<figure class=\"wp-block-image size-large\"><img loading=\"lazy\" decoding=\"async\" width=\"1280\" height=\"719\" src=\"https:\/\/portais.santoandre.sp.gov.br\/educacao\/wp-content\/uploads\/sites\/17\/2025\/09\/machado.jpg\" alt=\"\" class=\"wp-image-10285\" srcset=\"https:\/\/portais.santoandre.sp.gov.br\/educacao\/wp-content\/uploads\/sites\/17\/2025\/09\/machado.jpg 1280w, https:\/\/portais.santoandre.sp.gov.br\/educacao\/wp-content\/uploads\/sites\/17\/2025\/09\/machado-300x169.jpg 300w, https:\/\/portais.santoandre.sp.gov.br\/educacao\/wp-content\/uploads\/sites\/17\/2025\/09\/machado-1024x575.jpg 1024w, https:\/\/portais.santoandre.sp.gov.br\/educacao\/wp-content\/uploads\/sites\/17\/2025\/09\/machado-768x431.jpg 768w\" sizes=\"(max-width: 1280px) 100vw, 1280px\" \/><\/figure>\n<\/div><\/div><\/div>\n\n\n\n<div class=\"wp-block-stackable-column stk-block-column stk-column stk-block stk-8f0aa49\" data-v=\"4\" data-block-id=\"8f0aa49\"><style>.stk-8f0aa49 {align-self:center !important;}<\/style><div class=\"stk-column-wrapper stk-block-column__content stk-container stk-8f0aa49-container stk--no-background stk--no-padding\"><div class=\"has-text-align-center stk-block-content stk-inner-blocks stk-8f0aa49-inner-blocks\">\n<p><strong><span style=\"color: #0693e3\" class=\"stk-highlight\">EMEIEF Machado de Assis (EJA)<\/span><\/strong><br><span style=\"color: #000000\" class=\"stk-highlight\">Estrada do Pedroso, 5131, Parque Miami<\/span><br><span style=\"color: #000000\" class=\"stk-highlight\">Telefones:&nbsp;3356-7741 \/ 3356-7742 \/ 3356-7743<\/span><br><span style=\"color: #000000\" class=\"stk-highlight\">E-mail: <a href=\"mailto:pmiami@santoandre.sp.gov.br\">pmiami@santoandre.sp.gov.br<\/a><\/span><\/p>\n<\/div><\/div><\/div>\n<\/div><\/div>\n\n\n\n<hr class=\"wp-block-separator has-alpha-channel-opacity\" \/>\n\n\n\n<div class=\"wp-block-stackable-columns stk-block-columns stk-block stk-14edfbd\" data-block-id=\"14edfbd\"><div class=\"stk-row stk-inner-blocks stk-block-content stk-content-align stk-14edfbd-column\">\n<div class=\"wp-block-stackable-column stk-block-column stk-column stk-block stk-69fab78\" data-v=\"4\" data-block-id=\"69fab78\"><div class=\"stk-column-wrapper stk-block-column__content stk-container stk-69fab78-container stk--no-background stk--no-padding\"><div class=\"stk-block-content stk-inner-blocks stk-69fab78-inner-blocks\">\n<figure class=\"wp-block-image size-large\"><img loading=\"lazy\" decoding=\"async\" width=\"1280\" height=\"719\" src=\"https:\/\/portais.santoandre.sp.gov.br\/educacao\/wp-content\/uploads\/sites\/17\/2025\/09\/madre.jpg\" alt=\"\" class=\"wp-image-10286\" srcset=\"https:\/\/portais.santoandre.sp.gov.br\/educacao\/wp-content\/uploads\/sites\/17\/2025\/09\/madre.jpg 1280w, https:\/\/portais.santoandre.sp.gov.br\/educacao\/wp-content\/uploads\/sites\/17\/2025\/09\/madre-300x169.jpg 300w, https:\/\/portais.santoandre.sp.gov.br\/educacao\/wp-content\/uploads\/sites\/17\/2025\/09\/madre-1024x575.jpg 1024w, https:\/\/portais.santoandre.sp.gov.br\/educacao\/wp-content\/uploads\/sites\/17\/2025\/09\/madre-768x431.jpg 768w\" sizes=\"(max-width: 1280px) 100vw, 1280px\" \/><\/figure>\n<\/div><\/div><\/div>\n\n\n\n<div class=\"wp-block-stackable-column stk-block-column stk-column stk-block stk-7d61c85\" data-v=\"4\" data-block-id=\"7d61c85\"><style>.stk-7d61c85 {align-self:center !important;}<\/style><div class=\"stk-column-wrapper stk-block-column__content stk-container stk-7d61c85-container stk--no-background stk--no-padding\"><div class=\"has-text-align-center stk-block-content stk-inner-blocks stk-7d61c85-inner-blocks\">\n<p><strong><span style=\"color: #0693e3\" class=\"stk-highlight\">EMEIEF Madre Teresa de Calcut\u00e1 (EJA)<\/span><\/strong><br><span style=\"color: #000000\" class=\"stk-highlight\">R. Pindorama, s\/n\u00ba, Parque Jo\u00e3o Ramalho<\/span><br><span style=\"color: #000000\" class=\"stk-highlight\">Telefones:&nbsp;3356-7969 \/ 3356-7970<\/span><br><span style=\"color: #000000\" class=\"stk-highlight\">E-mail: <a href=\"mailto:pjramalho@santoandre.sp.gov.br\">pjramalho@santoandre.sp.gov.br<\/a><\/span><\/p>\n<\/div><\/div><\/div>\n<\/div><\/div>\n\n\n\n<hr class=\"wp-block-separator has-alpha-channel-opacity\" \/>\n\n\n\n<div class=\"wp-block-stackable-columns stk-block-columns stk-block stk-6d4b2b2\" data-block-id=\"6d4b2b2\"><div class=\"stk-row stk-inner-blocks stk-block-content stk-content-align stk-6d4b2b2-column\">\n<div class=\"wp-block-stackable-column stk-block-column stk-column stk-block stk-9413e85\" data-v=\"4\" data-block-id=\"9413e85\"><div class=\"stk-column-wrapper stk-block-column__content stk-container stk-9413e85-container stk--no-background stk--no-padding\"><div class=\"stk-block-content stk-inner-blocks stk-9413e85-inner-blocks\">\n<figure class=\"wp-block-image size-large\"><img loading=\"lazy\" decoding=\"async\" width=\"470\" height=\"264\" src=\"https:\/\/portais.santoandre.sp.gov.br\/educacao\/wp-content\/uploads\/sites\/17\/2025\/09\/jose-do-prado.jpg\" alt=\"\" class=\"wp-image-10279\" srcset=\"https:\/\/portais.santoandre.sp.gov.br\/educacao\/wp-content\/uploads\/sites\/17\/2025\/09\/jose-do-prado.jpg 470w, https:\/\/portais.santoandre.sp.gov.br\/educacao\/wp-content\/uploads\/sites\/17\/2025\/09\/jose-do-prado-300x169.jpg 300w\" sizes=\"(max-width: 470px) 100vw, 470px\" \/><\/figure>\n<\/div><\/div><\/div>\n\n\n\n<div class=\"wp-block-stackable-column stk-block-column stk-column stk-block stk-330f86f\" data-v=\"4\" data-block-id=\"330f86f\"><style>.stk-330f86f {align-self:center !important;}<\/style><div class=\"stk-column-wrapper stk-block-column__content stk-container stk-330f86f-container stk--no-background stk--no-padding\"><div class=\"has-text-align-center stk-block-content stk-inner-blocks stk-330f86f-inner-blocks\">\n<p><strong><span style=\"color: #0693e3\" class=\"stk-highlight\">EMEIEF Jos\u00e9 do Prado Silveira, Prof.&nbsp;(EJA)<\/span><\/strong><br><span style=\"color: #000000\" class=\"stk-highlight\">R. Lauro M\u00fcller, 354, Vila Sacadura Cabral&nbsp;<\/span><br><span style=\"color: #000000\" class=\"stk-highlight\">Telefones: 3356-8129 \/ 3356-8130 \/ 3356-8131<\/span><br><span style=\"color: #000000\" class=\"stk-highlight\">E-mail: <a href=\"mailto:scabral@santoandre.sp.gov.br\">scabral@santoandre.sp.gov.br<\/a><\/span><br><span style=\"color: #0f0e17\" class=\"stk-highlight\">WhatsApp: 11 3356-8130<\/span><\/p>\n<\/div><\/div><\/div>\n<\/div><\/div>\n\n\n\n<hr class=\"wp-block-separator has-alpha-channel-opacity\" \/>\n\n\n\n<div class=\"wp-block-stackable-columns stk-block-columns stk-block stk-66db3c7\" data-block-id=\"66db3c7\"><div class=\"stk-row stk-inner-blocks stk-block-content stk-content-align stk-66db3c7-column\">\n<div class=\"wp-block-stackable-column stk-block-column stk-column stk-block stk-e525438\" data-v=\"4\" data-block-id=\"e525438\"><div class=\"stk-column-wrapper stk-block-column__content stk-container stk-e525438-container stk--no-background stk--no-padding\"><div class=\"stk-block-content stk-inner-blocks stk-e525438-inner-blocks\">\n<figure class=\"wp-block-image size-large\"><img loading=\"lazy\" decoding=\"async\" width=\"1280\" height=\"719\" src=\"https:\/\/portais.santoandre.sp.gov.br\/educacao\/wp-content\/uploads\/sites\/17\/2025\/09\/sonia.jpg\" alt=\"\" class=\"wp-image-10298\" srcset=\"https:\/\/portais.santoandre.sp.gov.br\/educacao\/wp-content\/uploads\/sites\/17\/2025\/09\/sonia.jpg 1280w, https:\/\/portais.santoandre.sp.gov.br\/educacao\/wp-content\/uploads\/sites\/17\/2025\/09\/sonia-300x169.jpg 300w, https:\/\/portais.santoandre.sp.gov.br\/educacao\/wp-content\/uploads\/sites\/17\/2025\/09\/sonia-1024x575.jpg 1024w, https:\/\/portais.santoandre.sp.gov.br\/educacao\/wp-content\/uploads\/sites\/17\/2025\/09\/sonia-768x431.jpg 768w\" sizes=\"(max-width: 1280px) 100vw, 1280px\" \/><\/figure>\n<\/div><\/div><\/div>\n\n\n\n<div class=\"wp-block-stackable-column stk-block-column stk-column stk-block stk-83d50d5\" data-v=\"4\" data-block-id=\"83d50d5\"><style>.stk-83d50d5 {align-self:center !important;}<\/style><div class=\"stk-column-wrapper stk-block-column__content stk-container stk-83d50d5-container stk--no-background stk--no-padding\"><div class=\"has-text-align-center stk-block-content stk-inner-blocks stk-83d50d5-inner-blocks\">\n<p><strong><span style=\"color: #0693e3\" class=\"stk-highlight\">EMEIEF Sonia Aparecida Marques, Prof.\u00aa<\/span> <span style=\"color: #0693e3\" class=\"stk-highlight\">(EJA)<\/span><\/strong><br><span style=\"color: #000000\" class=\"stk-highlight\">R. Herm\u00ednia Lopes Lobo, 220, Vila Palmares&nbsp;<\/span><br><span style=\"color: #000000\" class=\"stk-highlight\">Telefones:&nbsp;3356-8033 \/ 3356-8034<\/span><br><span style=\"color: #000000\" class=\"stk-highlight\">E-mail: <a href=\"mailto:vpalmares@santoandre.sp.gov.br\">vpalmares@santoandre.sp.gov.br<\/a><\/span><br><span style=\"color: #0f0e17\" class=\"stk-highlight\">WhatsApp: 11 99407-6206<\/span><\/p>\n<\/div><\/div><\/div>\n<\/div><\/div>\n\n\n\n<hr class=\"wp-block-separator has-alpha-channel-opacity\" \/>\n\n\n\n<div class=\"wp-block-stackable-columns stk-block-columns stk-block stk-0f9ce53\" data-block-id=\"0f9ce53\"><div class=\"stk-row stk-inner-blocks stk-block-content stk-content-align stk-0f9ce53-column\">\n<div class=\"wp-block-stackable-column stk-block-column stk-column stk-block stk-aeab77d\" data-v=\"4\" data-block-id=\"aeab77d\"><div class=\"stk-column-wrapper stk-block-column__content stk-container stk-aeab77d-container stk--no-background stk--no-padding\"><div class=\"stk-block-content stk-inner-blocks stk-aeab77d-inner-blocks\">\n<figure class=\"wp-block-image size-large\"><img loading=\"lazy\" decoding=\"async\" width=\"567\" height=\"319\" src=\"https:\/\/portais.santoandre.sp.gov.br\/educacao\/wp-content\/uploads\/sites\/17\/2025\/09\/vereador.jpg\" alt=\"\" class=\"wp-image-10303\" srcset=\"https:\/\/portais.santoandre.sp.gov.br\/educacao\/wp-content\/uploads\/sites\/17\/2025\/09\/vereador.jpg 567w, https:\/\/portais.santoandre.sp.gov.br\/educacao\/wp-content\/uploads\/sites\/17\/2025\/09\/vereador-300x169.jpg 300w\" sizes=\"(max-width: 567px) 100vw, 567px\" \/><\/figure>\n<\/div><\/div><\/div>\n\n\n\n<div class=\"wp-block-stackable-column stk-block-column stk-column stk-block stk-2ab0ecc\" data-v=\"4\" data-block-id=\"2ab0ecc\"><style>.stk-2ab0ecc {align-self:center !important;}<\/style><div class=\"stk-column-wrapper stk-block-column__content stk-container stk-2ab0ecc-container stk--no-background stk--no-padding\"><div class=\"has-text-align-center stk-block-content stk-inner-blocks stk-2ab0ecc-inner-blocks\">\n<p><strong><span style=\"color: #0693e3\" class=\"stk-highlight\">EMEIEF Vereador Manoel de Oliveira (EJA)&nbsp;<\/span><\/strong><br><span style=\"color: #000000\" class=\"stk-highlight\">R. das Maravilhas, s\/n\u00ba, Jardim das Maravilhas&nbsp;<\/span><br><span style=\"color: #000000\" class=\"stk-highlight\">Telefones: 3356-8045 \/ 3356-8046 \/ 3356-8047<\/span><br><span style=\"color: #000000\" class=\"stk-highlight\">E-mail: <a href=\"mailto:jmaravilhas@santoandre.sp.gov.br\">jmaravilhas@santoandre.sp.gov.br<\/a><\/span><\/p>\n<\/div><\/div><\/div>\n<\/div><\/div>\n\n\n\n<hr class=\"wp-block-separator has-alpha-channel-opacity\" \/>\n\n\n\n<div class=\"wp-block-stackable-columns stk-block-columns stk-block stk-6180c1f\" data-block-id=\"6180c1f\"><div class=\"stk-row stk-inner-blocks stk-block-content stk-content-align stk-6180c1f-column\">\n<div class=\"wp-block-stackable-column stk-block-column stk-column stk-block stk-db8c569\" data-v=\"4\" data-block-id=\"db8c569\"><div class=\"stk-column-wrapper stk-block-column__content stk-container stk-db8c569-container stk--no-background stk--no-padding\"><div class=\"stk-block-content stk-inner-blocks stk-db8c569-inner-blocks\">\n<figure class=\"wp-block-image size-large\"><img loading=\"lazy\" decoding=\"async\" width=\"1040\" height=\"584\" src=\"https:\/\/portais.santoandre.sp.gov.br\/educacao\/wp-content\/uploads\/sites\/17\/2025\/09\/yvonne.jpg\" alt=\"\" class=\"wp-image-10305\" srcset=\"https:\/\/portais.santoandre.sp.gov.br\/educacao\/wp-content\/uploads\/sites\/17\/2025\/09\/yvonne.jpg 1040w, https:\/\/portais.santoandre.sp.gov.br\/educacao\/wp-content\/uploads\/sites\/17\/2025\/09\/yvonne-300x168.jpg 300w, https:\/\/portais.santoandre.sp.gov.br\/educacao\/wp-content\/uploads\/sites\/17\/2025\/09\/yvonne-1024x575.jpg 1024w, https:\/\/portais.santoandre.sp.gov.br\/educacao\/wp-content\/uploads\/sites\/17\/2025\/09\/yvonne-768x431.jpg 768w\" sizes=\"(max-width: 1040px) 100vw, 1040px\" \/><\/figure>\n<\/div><\/div><\/div>\n\n\n\n<div class=\"wp-block-stackable-column stk-block-column stk-column stk-block stk-44544c2\" data-v=\"4\" data-block-id=\"44544c2\"><style>.stk-44544c2 {align-self:center !important;}<\/style><div class=\"stk-column-wrapper stk-block-column__content stk-container stk-44544c2-container stk--no-background stk--no-padding\"><div class=\"has-text-align-center stk-block-content stk-inner-blocks stk-44544c2-inner-blocks\">\n<p><strong><span style=\"color: #0693e3\" class=\"stk-highlight\">EMEIEF Yvonne Zahir, Prof. (EJA)<\/span><\/strong><br><span style=\"color: #000000\" class=\"stk-highlight\">R. Expedicion\u00e1rio Oscar Vano, 387, Jardim Milena (Jardim Las Vegas)<\/span><br><span style=\"color: #0f0e17\" class=\"stk-highlight\">Telefones: 4457-1799 \/ 3356-8017 \/ 3356-8018<\/span><br><span style=\"color: #000000\" class=\"stk-highlight\">E-mail: <a href=\"mailto:lasvegas@santoandre.sp.gov.br\">lasvegas@santoandre.sp.gov.br<\/a><\/span><br><span style=\"color: #0f0e17\" class=\"stk-highlight\">WhatsApp: 11 4457-1799<\/span><\/p>\n<\/div><\/div><\/div>\n<\/div><\/div>\n\n\n\n<hr class=\"wp-block-separator has-alpha-channel-opacity\" \/>\n","protected":false},"excerpt":{"rendered":"<p>Modalidade de ensino destinada aos jovens, adultos e idosos que n\u00e3o tiveram acesso ao ensino regular na idade apropriada, permitindo que o aluno retorne aos estudos e possa conclui-lo em menos tempo. Al\u00e9m disso, possibilita a sua qualifica\u00e7\u00e3o pelos cursos da EJA FIC (Educa\u00e7\u00e3o de Jovens e Adultos com Forma\u00e7\u00e3o Inicial e Continuada) nas \u00e1reas [&hellip;]<\/p>\n","protected":false},"author":50,"featured_media":0,"parent":0,"menu_order":0,"comment_status":"closed","ping_status":"closed","template":"","meta":{"footnotes":""},"class_list":["post-204","page","type-page","status-publish","hentry"],"_links":{"self":[{"href":"https:\/\/portais.santoandre.sp.gov.br\/educacao\/wp-json\/wp\/v2\/pages\/204","targetHints":{"allow":["GET"]}}],"collection":[{"href":"https:\/\/portais.santoandre.sp.gov.br\/educacao\/wp-json\/wp\/v2\/pages"}],"about":[{"href":"https:\/\/portais.santoandre.sp.gov.br\/educacao\/wp-json\/wp\/v2\/types\/page"}],"author":[{"embeddable":true,"href":"https:\/\/portais.santoandre.sp.gov.br\/educacao\/wp-json\/wp\/v2\/users\/50"}],"replies":[{"embeddable":true,"href":"https:\/\/portais.santoandre.sp.gov.br\/educacao\/wp-json\/wp\/v2\/comments?post=204"}],"version-history":[{"count":29,"href":"https:\/\/portais.santoandre.sp.gov.br\/educacao\/wp-json\/wp\/v2\/pages\/204\/revisions"}],"predecessor-version":[{"id":12842,"href":"https:\/\/portais.santoandre.sp.gov.br\/educacao\/wp-json\/wp\/v2\/pages\/204\/revisions\/12842"}],"wp:attachment":[{"href":"https:\/\/portais.santoandre.sp.gov.br\/educacao\/wp-json\/wp\/v2\/media?parent=204"}],"curies":[{"name":"wp","href":"https:\/\/api.w.org\/{rel}","templated":true}]}}