{"id":174,"date":"2024-04-03T10:51:18","date_gmt":"2024-04-03T13:51:18","guid":{"rendered":"https:\/\/portais.santoandre.sp.gov.br\/educacao\/?page_id=174"},"modified":"2024-05-03T14:39:18","modified_gmt":"2024-05-03T17:39:18","slug":"sobre-nos","status":"publish","type":"page","link":"https:\/\/portais.santoandre.sp.gov.br\/educacao\/sobre-nos\/","title":{"rendered":"Sobre N\u00f3s"},"content":{"rendered":"\n<p><span style=\"color: #000000\" class=\"stk-highlight\">A Secretaria de Educa\u00e7\u00e3o tem por atribui\u00e7\u00f5es:<\/span><\/p>\n\n\n\n<p><span style=\"color: #000000\" class=\"stk-highlight\">I \u2013 formular, executar e avaliar as pol\u00edticas municipais de educa\u00e7\u00e3o, em conson\u00e2ncia com as diretrizes gerais do Governo Municipal e da legisla\u00e7\u00e3o vigente;<\/span><\/p>\n\n\n\n<p><span style=\"color: #000000\" class=\"stk-highlight\">II \u2013 estruturar, implantar e gerenciar o sistema de ensino municipal em todas as modalidades de responsabilidade da Administra\u00e7\u00e3o Municipal de Santo Andr\u00e9, garantindo o acesso, perman\u00eancia e qualidade, em conson\u00e2ncia com as diretrizes gerais do Governo Federal, Estadual e Municipal;<\/span><\/p>\n\n\n\n<p><span style=\"color: #000000\" class=\"stk-highlight\">III \u2013 formular, promover e executar programas e a\u00e7\u00f5es que visem melhorar a cobertura e qualidade do ensino profissionalizante e superior no Munic\u00edpio, a fim de garantir a inclus\u00e3o social, produtiva e a explora\u00e7\u00e3o das potencialidades econ\u00f4micas do Munic\u00edpio;<\/span><\/p>\n\n\n\n<p><span style=\"color: #000000\" class=\"stk-highlight\">IV \u2013 desenvolver e gerenciar os servi\u00e7os de assist\u00eancia social e alimentar dos alunos da Rede P\u00fablica Municipal de Educa\u00e7\u00e3o, com a finalidade de contribuir para a perman\u00eancia na escola e na melhoria da qualidade de vida dos alunos;<\/span><\/p>\n\n\n\n<p><span style=\"color: #000000\" class=\"stk-highlight\">V \u2013 promover estudos visando que nas pr\u00e1ticas curriculares da Rede Municipal de Educa\u00e7\u00e3o incluam o uso transversal das Tecnologias de Informa\u00e7\u00e3o e Comunica\u00e7\u00e3o \u2013 TIC, como meio para promover a qualidade dos processos de ensino-aprendizagem e o desenvolvimento da autonomia e o pensamento cr\u00edtico e criativo dos alunos;<\/span><\/p>\n\n\n\n<p><span style=\"color: #000000\" class=\"stk-highlight\">VI \u2013 promover a implanta\u00e7\u00e3o de programas e atividades de forma\u00e7\u00e3o continuada dos profissionais da Rede Municipal de Educa\u00e7\u00e3o, com a finalidade de assegurar a melhoria da qualidade e pertin\u00eancia da educa\u00e7\u00e3o municipal, assim como estimular o ingresso, a perman\u00eancia e a progress\u00e3o na carreira docente;<\/span><\/p>\n\n\n\n<p><span style=\"color: #000000\" class=\"stk-highlight\">VII \u2013 promover o melhoramento e a moderniza\u00e7\u00e3o permanente da gest\u00e3o escolar das unidades da Rede Municipal de Educa\u00e7\u00e3o, com a finalidade de ampliar a capacidade das equipes de gest\u00e3o escolar no cumprimento de suas responsabilidades institucionais e das metas e resultados administrativos e pedag\u00f3gicos;<\/span><\/p>\n\n\n\n<p><span style=\"color: #000000\" class=\"stk-highlight\">VIII \u2013 estruturar, implantar e gerenciar programas e a\u00e7\u00f5es que visem a integra\u00e7\u00e3o s\u00f3cio-educativa da popula\u00e7\u00e3o, incentivando a articula\u00e7\u00e3o escola-comunidade, em conson\u00e2ncia com as diretrizes gerais do Governo Municipal e da legisla\u00e7\u00e3o vigente;<\/span><\/p>\n\n\n\n<p><span style=\"color: #000000\" class=\"stk-highlight\">IX \u2013 gerir os recursos do Fundo de Manuten\u00e7\u00e3o e Desenvolvimento da Educa\u00e7\u00e3o B\u00e1sica e de Valoriza\u00e7\u00e3o dos Profissionais da Educa\u00e7\u00e3o \u2013 FUNDEB, nos termos da Lei Federal n\u00ba 11.494, de 20 de junho de 2007 e das diretrizes gerais do Governo Municipal;<\/span><\/p>\n\n\n\n<p><span style=\"color: #000000\" class=\"stk-highlight\">X \u2013 promover, executar e avaliar, em articula\u00e7\u00e3o com os \u00f3rg\u00e3os afins, programas e a\u00e7\u00f5es de qualifica\u00e7\u00e3o e valoriza\u00e7\u00e3o dos servidores e profissionais do ensino p\u00fablico municipal;<\/span><\/p>\n\n\n\n<p><span style=\"color: #000000\" class=\"stk-highlight\">XI \u2013 administrar o funcionamento e a manuten\u00e7\u00e3o da infraestrutura f\u00edsica e das unidades que comp\u00f5em a rede p\u00fablica municipal de ensino, bem como os Centros de Educa\u00e7\u00e3o Unificada;<\/span><\/p>\n\n\n\n<p><span style=\"color: #000000\" class=\"stk-highlight\">XII \u2013 promover a produ\u00e7\u00e3o e a difus\u00e3o de pesquisas cientificas e tecnol\u00f3gicas de interesse para o desenvolvimento do ensino municipal, em articula\u00e7\u00e3o com \u00f3rg\u00e3os de pesquisa, institui\u00e7\u00f5es p\u00fablicas e privadas e organiza\u00e7\u00f5es n\u00e3o governamentais;<\/span><\/p>\n\n\n\n<p><span style=\"color: #000000\" class=\"stk-highlight\">XIII \u2013 articular com as institui\u00e7\u00f5es de pesquisa cient\u00edfica e tecnol\u00f3gica e de presta\u00e7\u00e3o de servi\u00e7os t\u00e9cnico-cient\u00edficos no \u00e2mbito do ensino, objetivando a promo\u00e7\u00e3o e difus\u00e3o do conhecimento de interesse para o desenvolvimento do ensino municipal;<\/span><\/p>\n\n\n\n<p><span style=\"color: #000000\" class=\"stk-highlight\">XIV \u2013 estruturar, alimentar e manter atualizado o sistema de informa\u00e7\u00f5es sobre o Sistema Municipal de Educa\u00e7\u00e3o, em articula\u00e7\u00e3o com \u00f3rg\u00e3os estaduais, federais e municipais afins;<\/span><\/p>\n\n\n\n<p><span style=\"color: #000000\" class=\"stk-highlight\">XV \u2013 exercer atividades de suporte e coordena\u00e7\u00e3o dos \u00f3rg\u00e3os colegiados afins \u00e0s \u00e1reas da educa\u00e7\u00e3o no \u00e2mbito municipal;<\/span><\/p>\n\n\n\n<p><span style=\"color: #000000\" class=\"stk-highlight\">XVI \u2013 desempenhar outras atividades afins.<\/span><\/p>\n\n\n\n<p><span style=\"color: #000000\" class=\"stk-highlight\">Para o cumprimento de suas atribui\u00e7\u00f5es institucionais, a Secretaria de Educa\u00e7\u00e3o contar\u00e1 com os seguintes \u00f3rg\u00e3os:<\/span><\/p>\n\n\n\n<p><strong><span style=\"color: #000000\" class=\"stk-highlight\">I \u2013 Gabinete da Secretaria:<\/span><\/strong><\/p>\n\n\n\n<p><span style=\"color: #000000\" class=\"stk-highlight\">a) Encarregatura de Expediente do Gabinete da Educa\u00e7\u00e3o;<br>b) Ger\u00eancia do N\u00facleo de Pesquisa e Legisla\u00e7\u00e3o Educacional:<\/span><\/p>\n\n\n\n<ol class=\"wp-block-list\">\n<li><span style=\"color: #000000\" class=\"stk-highlight\">Encarregatura de Pesquisa e Legisla\u00e7\u00e3o Educacional;<\/span><\/li>\n<\/ol>\n\n\n\n<p><span style=\"color: #000000\" class=\"stk-highlight\">c) Ger\u00eancia do N\u00facleo de Vida Escolar;<br>d) Ger\u00eancia do N\u00facleo de Apoio aos Colegiados;<br>e) Ger\u00eancia de Administra\u00e7\u00e3o de Pessoal da Educa\u00e7\u00e3o;<br>f) Ger\u00eancia de Centros Educacionais de Santo Andr\u00e9 \u2013 CESAs;<br>g) Ger\u00eancia da Escola Municipal de Educa\u00e7\u00e3o Ambiental;<br>h) Ger\u00eancia de Or\u00e7amento e Finan\u00e7as da Educa\u00e7\u00e3o:<\/span><\/p>\n\n\n\n<ol class=\"wp-block-list\">\n<li><span style=\"color: #000000\" class=\"stk-highlight\">Encarregatura de Or\u00e7amento da Educa\u00e7\u00e3o;<\/span><\/li>\n\n\n\n<li><span style=\"color: #000000\" class=\"stk-highlight\">Encarregatura de Acompanhamento de Recursos Federais.<\/span><\/li>\n<\/ol>\n\n\n\n<p><span style=\"color: #ffffff\" class=\"stk-highlight\">.<\/span><\/p>\n\n\n\n<p><strong><span style=\"color: #000000\" class=\"stk-highlight\">II \u2013 Departamento de Administra\u00e7\u00e3o e Infraestrutura da Educa\u00e7\u00e3o:<\/span><\/strong><\/p>\n\n\n\n<p><span style=\"color: #000000\" class=\"stk-highlight\">a) Encarregatura Administrativa de Infraestrutura da Educa\u00e7\u00e3o;<br>b) Encarregatura de Transporte Escolar;<br>c) Encarregatura de Manuten\u00e7\u00e3o Escolar;<br>d) Encarregatura Administrativa de Suporte Tecnol\u00f3gico da Educa\u00e7\u00e3o;<br>e) Ger\u00eancia de Materiais da Educa\u00e7\u00e3o:<\/span><\/p>\n\n\n\n<ol class=\"wp-block-list\">\n<li><span style=\"color: #000000\" class=\"stk-highlight\">Encarregatura de Almoxarifado;<\/span><\/li>\n\n\n\n<li><span style=\"color: #000000\" class=\"stk-highlight\">Encarregatura de Materiais da Educa\u00e7\u00e3o;<\/span><\/li>\n<\/ol>\n\n\n\n<p><span style=\"color: #000000\" class=\"stk-highlight\">f) Ger\u00eancia de Presta\u00e7\u00e3o de Contas da Educa\u00e7\u00e3o:<\/span><\/p>\n\n\n\n<ol class=\"wp-block-list\">\n<li><span style=\"color: #000000\" class=\"stk-highlight\">Encarregatura de Contas da Gest\u00e3o Democr\u00e1tica da Educa\u00e7\u00e3o;<\/span><\/li>\n\n\n\n<li><span style=\"color: #000000\" class=\"stk-highlight\">Encarregatura de Presta\u00e7\u00e3o de Contas de Conv\u00eanios.<\/span><\/li>\n<\/ol>\n\n\n\n<p><span style=\"color: #ffffff\" class=\"stk-highlight\">.<\/span><\/p>\n\n\n\n<p><strong><span style=\"color: #000000\" class=\"stk-highlight\">III \u2013 Departamento de Educa\u00e7\u00e3o Inclusiva e Apoio Educacional:<\/span><\/strong><\/p>\n\n\n\n<p><span style=\"color: #000000\" class=\"stk-highlight\">a) Encarregatura Administrativa da Educa\u00e7\u00e3o Inclusiva e Apoio Educacional;<br>b) Ger\u00eancia de Educa\u00e7\u00e3o Inclusiva.<\/span><\/p>\n\n\n\n<p><span style=\"color: #ffffff\" class=\"stk-highlight\">.<\/span><\/p>\n\n\n\n<p><strong><span style=\"color: #000000\" class=\"stk-highlight\">IV \u2013 Departamento de Educa\u00e7\u00e3o Infantil e Ensino Fundamental:<\/span><\/strong><\/p>\n\n\n\n<p><span style=\"color: #000000\" class=\"stk-highlight\">a) Encarregatura Administrativa do DEIEF;<br>b) Ger\u00eancia de Educa\u00e7\u00e3o Infantil;<br>c) Ger\u00eancia de Acompanhamento das Unidades Particulares e Conveniadas;<br>d) Ger\u00eancia de Ensino Fundamental I;<br>e) Ger\u00eancia de Ensino Fundamental II.<\/span><\/p>\n\n\n\n<p><span style=\"color: #ffffff\" class=\"stk-highlight\">.<\/span><br><strong><span style=\"color: #000000\" class=\"stk-highlight\">V \u2013 Departamento de Educa\u00e7\u00e3o de Jovens e Adultos:<\/span><\/strong><\/p>\n\n\n\n<p><span style=\"color: #000000\" class=\"stk-highlight\">a) Encarregatura Administrativa do DEJA;<br>b) Ger\u00eancia de Gest\u00e3o Administrativa da EJA;<br>c) Ger\u00eancia de Gest\u00e3o Pedag\u00f3gica da EJA.<br><\/span><span style=\"color: #ffffff\" class=\"stk-highlight\">.<\/span><\/p>\n\n\n\n<p><span style=\"color: #000000\" class=\"stk-highlight\">Ficam vinculados \u00e0 Secretaria de Educa\u00e7\u00e3o o Conselho Municipal de Educa\u00e7\u00e3o, o Conselho de Alimenta\u00e7\u00e3o Escolar, o Conselho Municipal de Acompanhamento e Controle Social do FUNDEB e o Fundo de Apoio \u00e0 Educa\u00e7\u00e3o.<\/span><\/p>\n","protected":false},"excerpt":{"rendered":"<p>A Secretaria de Educa\u00e7\u00e3o tem por atribui\u00e7\u00f5es: I \u2013 formular, executar e avaliar as pol\u00edticas municipais de educa\u00e7\u00e3o, em conson\u00e2ncia com as diretrizes gerais do Governo Municipal e da legisla\u00e7\u00e3o vigente; II \u2013 estruturar, implantar e gerenciar o sistema de ensino municipal em todas as modalidades de responsabilidade da Administra\u00e7\u00e3o Municipal de Santo Andr\u00e9, garantindo [&hellip;]<\/p>\n","protected":false},"author":50,"featured_media":0,"parent":0,"menu_order":0,"comment_status":"closed","ping_status":"closed","template":"","meta":{"footnotes":""},"class_list":["post-174","page","type-page","status-publish","hentry"],"_links":{"self":[{"href":"https:\/\/portais.santoandre.sp.gov.br\/educacao\/wp-json\/wp\/v2\/pages\/174","targetHints":{"allow":["GET"]}}],"collection":[{"href":"https:\/\/portais.santoandre.sp.gov.br\/educacao\/wp-json\/wp\/v2\/pages"}],"about":[{"href":"https:\/\/portais.santoandre.sp.gov.br\/educacao\/wp-json\/wp\/v2\/types\/page"}],"author":[{"embeddable":true,"href":"https:\/\/portais.santoandre.sp.gov.br\/educacao\/wp-json\/wp\/v2\/users\/50"}],"replies":[{"embeddable":true,"href":"https:\/\/portais.santoandre.sp.gov.br\/educacao\/wp-json\/wp\/v2\/comments?post=174"}],"version-history":[{"count":4,"href":"https:\/\/portais.santoandre.sp.gov.br\/educacao\/wp-json\/wp\/v2\/pages\/174\/revisions"}],"predecessor-version":[{"id":1419,"href":"https:\/\/portais.santoandre.sp.gov.br\/educacao\/wp-json\/wp\/v2\/pages\/174\/revisions\/1419"}],"wp:attachment":[{"href":"https:\/\/portais.santoandre.sp.gov.br\/educacao\/wp-json\/wp\/v2\/media?parent=174"}],"curies":[{"name":"wp","href":"https:\/\/api.w.org\/{rel}","templated":true}]}}