{"id":4535,"date":"2026-03-09T14:46:31","date_gmt":"2026-03-09T17:46:31","guid":{"rendered":"https:\/\/portais.santoandre.sp.gov.br\/defesacivil\/?page_id=4535"},"modified":"2026-03-10T14:06:18","modified_gmt":"2026-03-10T17:06:18","slug":"siga-sistema-de-informacoes-geograficas-andreense","status":"publish","type":"page","link":"https:\/\/portais.santoandre.sp.gov.br\/defesacivil\/siga-sistema-de-informacoes-geograficas-andreense\/","title":{"rendered":"SIGA"},"content":{"rendered":"\t\t<div data-elementor-type=\"wp-page\" data-elementor-id=\"4535\" class=\"elementor elementor-4535\" data-elementor-post-type=\"page\">\n\t\t\t\t\t\t<section class=\"elementor-section elementor-top-section elementor-element elementor-element-6747239 elementor-section-boxed elementor-section-height-default elementor-section-height-default\" data-id=\"6747239\" data-element_type=\"section\" data-e-type=\"section\" data-settings=\"{&quot;background_background&quot;:&quot;classic&quot;}\">\n\t\t\t\t\t\t<div class=\"elementor-container elementor-column-gap-default\">\n\t\t\t\t\t<div class=\"elementor-column elementor-col-100 elementor-top-column elementor-element elementor-element-4caf333\" data-id=\"4caf333\" data-element_type=\"column\" data-e-type=\"column\">\n\t\t\t<div class=\"elementor-widget-wrap elementor-element-populated\">\n\t\t\t\t\t\t\t<\/div>\n\t\t<\/div>\n\t\t\t\t\t<\/div>\n\t\t<\/section>\n\t\t\t\t<section class=\"elementor-section elementor-top-section elementor-element elementor-element-2e1d0ba elementor-section-boxed elementor-section-height-default elementor-section-height-default\" data-id=\"2e1d0ba\" data-element_type=\"section\" data-e-type=\"section\">\n\t\t\t\t\t\t<div class=\"elementor-container elementor-column-gap-default\">\n\t\t\t\t\t<div class=\"elementor-column elementor-col-100 elementor-top-column elementor-element elementor-element-a936f08\" data-id=\"a936f08\" data-element_type=\"column\" data-e-type=\"column\">\n\t\t\t<div class=\"elementor-widget-wrap elementor-element-populated\">\n\t\t\t\t\t\t<div class=\"elementor-element elementor-element-4f6be6b elementor-widget elementor-widget-heading\" data-id=\"4f6be6b\" data-element_type=\"widget\" data-e-type=\"widget\" data-widget_type=\"heading.default\">\n\t\t\t\t<div class=\"elementor-widget-container\">\n\t\t\t\t\t<h2 class=\"elementor-heading-title elementor-size-default\">SIGA \u2013 Sistema de Informa\u00e7\u00f5es Geogr\u00e1ficas Andreense<\/h2>\t\t\t\t<\/div>\n\t\t\t\t<\/div>\n\t\t\t\t\t<\/div>\n\t\t<\/div>\n\t\t\t\t\t<\/div>\n\t\t<\/section>\n\t\t\t\t<section class=\"elementor-section elementor-top-section elementor-element elementor-element-b0badb1 elementor-section-full_width elementor-section-height-default elementor-section-height-default\" data-id=\"b0badb1\" data-element_type=\"section\" data-e-type=\"section\">\n\t\t\t\t\t\t<div class=\"elementor-container elementor-column-gap-default\">\n\t\t\t\t\t<div class=\"elementor-column elementor-col-100 elementor-top-column elementor-element elementor-element-eba5bc8\" data-id=\"eba5bc8\" data-element_type=\"column\" data-e-type=\"column\">\n\t\t\t<div class=\"elementor-widget-wrap elementor-element-populated\">\n\t\t\t\t\t\t<div class=\"elementor-element elementor-element-1ba6f58 elementor-widget elementor-widget-image\" data-id=\"1ba6f58\" data-element_type=\"widget\" data-e-type=\"widget\" data-widget_type=\"image.default\">\n\t\t\t\t<div class=\"elementor-widget-container\">\n\t\t\t\t\t\t\t\t\t\t\t\t\t\t\t\t<a href=\"https:\/\/siga.santoandre.sp.gov.br\/\" target=\"_blank\">\n\t\t\t\t\t\t\t<img fetchpriority=\"high\" decoding=\"async\" width=\"765\" height=\"307\" src=\"https:\/\/portais.santoandre.sp.gov.br\/defesacivil\/wp-content\/uploads\/sites\/6\/2026\/03\/SIga.jpg\" class=\"attachment-large size-large wp-image-4540\" alt=\"\" srcset=\"https:\/\/portais.santoandre.sp.gov.br\/defesacivil\/wp-content\/uploads\/sites\/6\/2026\/03\/SIga.jpg 765w, https:\/\/portais.santoandre.sp.gov.br\/defesacivil\/wp-content\/uploads\/sites\/6\/2026\/03\/SIga-300x120.jpg 300w\" sizes=\"(max-width: 765px) 100vw, 765px\" \/>\t\t\t\t\t\t\t\t<\/a>\n\t\t\t\t\t\t\t\t\t\t\t\t\t\t\t<\/div>\n\t\t\t\t<\/div>\n\t\t\t\t\t<\/div>\n\t\t<\/div>\n\t\t\t\t\t<\/div>\n\t\t<\/section>\n\t\t\t\t<section class=\"elementor-section elementor-top-section elementor-element elementor-element-7677dba elementor-section-boxed elementor-section-height-default elementor-section-height-default\" data-id=\"7677dba\" data-element_type=\"section\" data-e-type=\"section\">\n\t\t\t\t\t\t<div class=\"elementor-container elementor-column-gap-default\">\n\t\t\t\t\t<div class=\"elementor-column elementor-col-100 elementor-top-column elementor-element elementor-element-9f163dc\" data-id=\"9f163dc\" data-element_type=\"column\" data-e-type=\"column\">\n\t\t\t<div class=\"elementor-widget-wrap elementor-element-populated\">\n\t\t\t\t\t\t<div class=\"elementor-element elementor-element-147fa5a elementor-widget elementor-widget-text-editor\" data-id=\"147fa5a\" data-element_type=\"widget\" data-e-type=\"widget\" data-widget_type=\"text-editor.default\">\n\t\t\t\t<div class=\"elementor-widget-container\">\n\t\t\t\t\t\t\t\t\t<p data-start=\"525\" data-end=\"824\">\u00a0<\/p><p data-start=\"525\" data-end=\"824\">A Defesa Civil de Santo Andr\u00e9 disponibiliza, por meio do <strong data-start=\"582\" data-end=\"637\">SIGA \u2013 Sistema de Informa\u00e7\u00f5es Geogr\u00e1ficas Andreense<\/strong>, informa\u00e7\u00f5es georreferenciadas organizadas em camadas tem\u00e1ticas, que auxiliam na compreens\u00e3o do territ\u00f3rio, no monitoramento de riscos e no acesso p\u00fablico a dados espaciais do munic\u00edpio.<\/p><p data-start=\"826\" data-end=\"1074\">A plataforma permite a visualiza\u00e7\u00e3o de diferentes informa\u00e7\u00f5es em mapa, reunindo dados relacionados ao monitoramento clim\u00e1tico, \u00e1reas suscet\u00edveis a processos naturais, \u00e1reas de risco e registros hist\u00f3ricos de ocorr\u00eancias atendidas pela Defesa Civil.<\/p><p data-start=\"826\" data-end=\"1074\">\u00a0<\/p>\t\t\t\t\t\t\t\t<\/div>\n\t\t\t\t<\/div>\n\t\t\t\t\t<\/div>\n\t\t<\/div>\n\t\t\t\t\t<\/div>\n\t\t<\/section>\n\t\t\t\t<section class=\"elementor-section elementor-top-section elementor-element elementor-element-16a6c05 elementor-section-boxed elementor-section-height-default elementor-section-height-default\" data-id=\"16a6c05\" data-element_type=\"section\" data-e-type=\"section\">\n\t\t\t\t\t\t<div class=\"elementor-container elementor-column-gap-default\">\n\t\t\t\t\t<div class=\"elementor-column elementor-col-100 elementor-top-column elementor-element elementor-element-b5bc6a9\" data-id=\"b5bc6a9\" data-element_type=\"column\" data-e-type=\"column\">\n\t\t\t<div class=\"elementor-widget-wrap elementor-element-populated\">\n\t\t\t\t\t\t<div class=\"elementor-element elementor-element-d435326 elementor-widget__width-initial elementor-widget elementor-widget-text-editor\" data-id=\"d435326\" data-element_type=\"widget\" data-e-type=\"widget\" data-widget_type=\"text-editor.default\">\n\t\t\t\t<div class=\"elementor-widget-container\">\n\t\t\t\t\t\t\t\t\t<h4><strong>Acesso \u00e0 plataforma:<\/strong><\/h4><p><a href=\"https:\/\/sigamapa.santoandre.sp.gov.br\/\" target=\"_blank\" rel=\"noopener\">Clique aqui<\/a> para acessar o SIGA.<\/p><p>Selecione o <strong>Visualizador de Mapas<\/strong> e, em seguida, clique em<strong> Temas Dispon\u00edveis<\/strong>.<br \/>Role at\u00e9 <strong>Defesa Civil,<\/strong> clique no<strong> + <\/strong>e selecione o tema desejado<strong>.<\/strong><\/p><p><strong>\u00a0<\/strong><\/p>\t\t\t\t\t\t\t\t<\/div>\n\t\t\t\t<\/div>\n\t\t\t\t\t<\/div>\n\t\t<\/div>\n\t\t\t\t\t<\/div>\n\t\t<\/section>\n\t\t\t\t<section class=\"elementor-section elementor-top-section elementor-element elementor-element-9464912 elementor-section-boxed elementor-section-height-default elementor-section-height-default\" data-id=\"9464912\" data-element_type=\"section\" data-e-type=\"section\">\n\t\t\t\t\t\t<div class=\"elementor-container elementor-column-gap-default\">\n\t\t\t\t\t<div class=\"elementor-column elementor-col-100 elementor-top-column elementor-element elementor-element-54a8412\" data-id=\"54a8412\" data-element_type=\"column\" data-e-type=\"column\">\n\t\t\t<div class=\"elementor-widget-wrap elementor-element-populated\">\n\t\t\t\t\t\t<div class=\"elementor-element elementor-element-605941c elementor-widget__width-initial elementor-widget elementor-widget-text-editor\" data-id=\"605941c\" data-element_type=\"widget\" data-e-type=\"widget\" data-widget_type=\"text-editor.default\">\n\t\t\t\t<div class=\"elementor-widget-container\">\n\t\t\t\t\t\t\t\t\t<h4>Camadas dispon\u00edveis:<\/h4><p><strong><img decoding=\"async\" class=\"emoji\" role=\"img\" src=\"https:\/\/s.w.org\/images\/core\/emoji\/16.0.1\/svg\/25fb.svg\" alt=\"\u25fb\" \/> ABRIGOS<\/strong><\/p><p data-start=\"1225\" data-end=\"1368\">Localiza\u00e7\u00e3o dos abrigos de Defesa Civil destinados a acolher e proteger a popula\u00e7\u00e3o em casos de emerg\u00eancias, como desastres naturais ou crises.<\/p><p data-section-id=\"i4td56\" data-start=\"1370\" data-end=\"1397\"><strong><img decoding=\"async\" class=\"emoji\" role=\"img\" src=\"https:\/\/s.w.org\/images\/core\/emoji\/16.0.1\/svg\/25fb.svg\" alt=\"\u25fb\" \/> ESTA\u00c7\u00d5ES METEOROL\u00d3GICAS<\/strong><\/p><p data-start=\"1398\" data-end=\"1615\">Esta\u00e7\u00f5es meteorol\u00f3gicas autom\u00e1ticas administradas pela Prefeitura de Santo Andr\u00e9. Possuem sensores para medi\u00e7\u00e3o de <strong data-start=\"1513\" data-end=\"1614\">temperatura, pluviosidade, umidade relativa do ar, ventos (velocidade e dire\u00e7\u00e3o) e radia\u00e7\u00e3o solar<\/strong>.<\/p><p data-start=\"1617\" data-end=\"1826\">Os dados em tempo real registrados por cada esta\u00e7\u00e3o podem ser obtidos por meio do link disponibilizado na pr\u00f3pria camada. J\u00e1 o acesso aos dados hist\u00f3ricos deve ser solicitado \u00e0 Defesa Civil de Santo Andr\u00e9.<\/p><p data-section-id=\"17dohh2\" data-start=\"1828\" data-end=\"1844\"><strong><img decoding=\"async\" class=\"emoji\" role=\"img\" src=\"https:\/\/s.w.org\/images\/core\/emoji\/16.0.1\/svg\/25fb.svg\" alt=\"\u25fb\" \/> PLUVI\u00d4METROS<\/strong><\/p><p data-start=\"1845\" data-end=\"2032\">Pluvi\u00f4metros autom\u00e1ticos operados pelo Centro Nacional de Monitoramento e Alertas de Desastres Naturais (CEMADEN), \u00f3rg\u00e3o vinculado ao Minist\u00e9rio da Ci\u00eancia, Tecnologia e Inova\u00e7\u00e3o.<\/p><p data-section-id=\"18c7iyh\" data-start=\"2034\" data-end=\"2050\"><strong><img decoding=\"async\" class=\"emoji\" role=\"img\" src=\"https:\/\/s.w.org\/images\/core\/emoji\/16.0.1\/svg\/25fb.svg\" alt=\"\u25fb\" \/> PLUVIOMETRIA<\/strong><\/p><p data-start=\"2051\" data-end=\"2218\">Mapas elaborados por m\u00e9todos geoestat\u00edsticos a partir das m\u00e9dias mensais de chuva registradas pelas esta\u00e7\u00f5es meteorol\u00f3gicas municipais e pelos pluvi\u00f4metros do CEMADEN.<\/p><p data-start=\"2220\" data-end=\"2489\"><strong><img decoding=\"async\" class=\"emoji\" role=\"img\" src=\"https:\/\/s.w.org\/images\/core\/emoji\/16.0.1\/svg\/25fb.svg\" alt=\"\u25fb\" \/> SUSCETIBILIDADE<\/strong><\/p><p data-start=\"2511\" data-end=\"2732\">Cartas de suscetibilidade a movimentos gravitacionais de massa e inunda\u00e7\u00f5es, elaboradas em aten\u00e7\u00e3o \u00e0s diretrizes da Lei Federal n\u00ba 12.608\/2012, que institui a Pol\u00edtica Nacional de Prote\u00e7\u00e3o e Defesa Civil (PNPDEC).<\/p><p data-start=\"2734\" data-end=\"3068\">Essas cartas indicam as \u00e1reas suscet\u00edveis a processos do meio f\u00edsico cuja din\u00e2mica pode gerar desastres naturais. A elabora\u00e7\u00e3o encontra-se sob coordena\u00e7\u00e3o nacional do Servi\u00e7o Geol\u00f3gico do Brasil (CPRM), com parte da execu\u00e7\u00e3o realizada em parceria t\u00e9cnica com o Instituto de Pesquisas Tecnol\u00f3gicas do Estado de S\u00e3o Paulo (IPT).<\/p><p data-start=\"3070\" data-end=\"3102\">Incluem as seguintes tipologias:<\/p><ul data-start=\"3103\" data-end=\"3157\"><li data-section-id=\"68bo94\" data-start=\"3103\" data-end=\"3112\"><p data-start=\"3105\" data-end=\"3112\">Corrida<\/p><\/li><li data-section-id=\"vkyrd6\" data-start=\"3113\" data-end=\"3124\"><p data-start=\"3115\" data-end=\"3124\">Enxurrada<\/p><\/li><li data-section-id=\"1351gca\" data-start=\"3125\" data-end=\"3136\"><p data-start=\"3127\" data-end=\"3136\">Inunda\u00e7\u00e3o<\/p><\/li><li data-section-id=\"7brjno\" data-start=\"3137\" data-end=\"3157\"><p data-start=\"3139\" data-end=\"3157\">Movimento de Massa<\/p><\/li><\/ul><p data-section-id=\"11530bo\" data-start=\"3159\" data-end=\"3176\"><strong><img decoding=\"async\" class=\"emoji\" role=\"img\" src=\"https:\/\/s.w.org\/images\/core\/emoji\/16.0.1\/svg\/25fb.svg\" alt=\"\u25fb\" \/> \u00c1REAS DE RISCO<\/strong><\/p><p data-section-id=\"1vvqwru\" data-start=\"3178\" data-end=\"3195\"><strong><img decoding=\"async\" class=\"emoji\" role=\"img\" src=\"https:\/\/s.w.org\/images\/core\/emoji\/16.0.1\/svg\/25fb.svg\" alt=\"\u25fb\" \/> &gt; Climatol\u00f3gico<\/strong><\/p><ul><li><strong>Inc\u00eandio florestal<\/strong><\/li><\/ul><p data-start=\"3221\" data-end=\"3346\">\u00c1reas suscet\u00edveis a inc\u00eandios florestais, conforme estabelecido pelo Plano Municipal de Conting\u00eancia \u2013 Opera\u00e7\u00e3o Estiagem.<\/p><p data-section-id=\"5ymk6u\" data-start=\"3348\" data-end=\"3361\"><strong><img decoding=\"async\" class=\"emoji\" role=\"img\" src=\"https:\/\/s.w.org\/images\/core\/emoji\/16.0.1\/svg\/25fb.svg\" alt=\"\u25fb\" \/> &gt; Geol\u00f3gico<\/strong><\/p><ul><li><strong>Movimento de Massa\u00a0<\/strong><\/li><\/ul><p><strong>CPRM 2013<\/strong><\/p><p data-start=\"3399\" data-end=\"3638\">Mapeamento elaborado pela Companhia de Pesquisa de Recursos Minerais (CPRM), \u00f3rg\u00e3o vinculado ao Minist\u00e9rio de Minas e Energia, entre novembro de 2012 e fevereiro de 2013, com o objetivo de avaliar o grau de risco a movimentos de massa.<\/p><p data-start=\"3640\" data-end=\"3941\"><strong>IPT 2014<\/strong><\/p><p data-start=\"3978\" data-end=\"4292\">Mapeamento de \u00e1reas sujeitas a movimento de massa, classificadas conforme seu grau de risco. Os dados foram elaborados pelo Instituto de Pesquisas Tecnol\u00f3gicas (IPT), \u00f3rg\u00e3o vinculado \u00e0 Secretaria de Desenvolvimento Econ\u00f4mico, Ci\u00eancia, Tecnologia e Inova\u00e7\u00e3o do Estado de S\u00e3o Paulo, entre os anos de 2012 e 2014.<\/p><p data-start=\"4294\" data-end=\"4376\">Esses dados integram o Programa Municipal de Redu\u00e7\u00e3o de Riscos (PMRR) de 2014.<\/p><p data-start=\"4378\" data-end=\"4679\"><strong>REGEA 2020<\/strong><\/p><p data-start=\"4718\" data-end=\"4943\">Mapeamento elaborado pelo Instituto Geol\u00f3gico (IG), \u00f3rg\u00e3o vinculado \u00e0 Secretaria Estadual de Meio Ambiente, Infraestrutura e Log\u00edstica do Estado de S\u00e3o Paulo, e pela empresa REGEA, tendo sido publicado no ano de 2020.<\/p><p data-start=\"4945\" data-end=\"5246\"><strong>IPT 2025<\/strong><\/p><p data-start=\"5283\" data-end=\"5539\">Mapeamento de \u00e1reas sujeitas a movimento de massa, classificadas conforme seu grau de risco. Os dados foram elaborados pelo Instituto de Pesquisas Tecnol\u00f3gicas (IPT) durante o ano de 2025 e integram o Programa Municipal de Redu\u00e7\u00e3o de Riscos (PMRR).<\/p><ul><li data-start=\"5844\" data-end=\"5885\"><strong>Eros\u00e3o de Margem Fluvial<\/strong><\/li><\/ul><p data-start=\"5844\" data-end=\"5885\"><strong>CPRM 2013<\/strong><\/p><p data-start=\"5886\" data-end=\"6032\">Mapeamento elaborado pela CPRM, entre novembro de 2012 e fevereiro de 2013, com o objetivo de avaliar o grau de risco a solapamento de margem.<\/p><p data-start=\"6034\" data-end=\"6335\"><strong>IPT 2014<\/strong><\/p><p data-start=\"6378\" data-end=\"6561\">Mapeamento de \u00e1reas sujeitas a solapamento de margem, classificadas conforme seu grau de risco. Os dados foram elaborados pelo IPT entre 2012 e 2014 e integram o PMRR de 2014.<\/p><p data-start=\"6563\" data-end=\"6864\"><strong>\u00a0IPT 2025<\/strong><\/p><p data-start=\"6907\" data-end=\"7097\">Mapeamento de \u00e1reas sujeitas a eventos de solapamento de margem, classificadas conforme seu grau de risco. Os dados foram elaborados pelo IPT durante o ano de 2025 e integram o PMRR.<\/p><p data-start=\"7099\" data-end=\"7400\"><strong><img decoding=\"async\" class=\"emoji\" role=\"img\" src=\"https:\/\/s.w.org\/images\/core\/emoji\/16.0.1\/svg\/25fb.svg\" alt=\"\u25fb\" \/> &gt; Hidrol\u00f3gico<\/strong><\/p><ul><li data-start=\"7419\" data-end=\"7445\"><strong>Enxurrada<\/strong><\/li><\/ul><p data-start=\"7419\" data-end=\"7445\"><strong>CPRM 2013<\/strong><\/p><p data-start=\"7446\" data-end=\"7603\">Mapeamento elaborado pela CPRM, entre novembro de 2012 e fevereiro de 2013, com o objetivo de avaliar o grau de risco a movimentos de massa e enxurradas.<\/p><p data-start=\"7605\" data-end=\"7906\"><strong>IPT 2025<\/strong><\/p><p data-start=\"7934\" data-end=\"8135\">Mapeamento de \u00e1reas sujeitas a eventos de enxurradas e movimentos de massa, classificadas conforme seu grau de risco. Os dados foram elaborados pelo IPT durante o ano de 2025 e integram o PMRR.<\/p><ul><li data-start=\"8440\" data-end=\"8467\"><strong>Inunda\u00e7\u00e3o<\/strong><\/li><\/ul><p data-start=\"8440\" data-end=\"8467\"><strong>REGEA 2020<\/strong><\/p><p data-start=\"8468\" data-end=\"8693\">Mapeamento elaborado pelo Instituto Geol\u00f3gico (IG), \u00f3rg\u00e3o vinculado \u00e0 Secretaria Estadual de Meio Ambiente, Infraestrutura e Log\u00edstica do Estado de S\u00e3o Paulo, em conjunto com a empresa REGEA, publicado no ano de 2020.<\/p><p data-start=\"8695\" data-end=\"8996\"><strong><img decoding=\"async\" class=\"emoji\" role=\"img\" src=\"https:\/\/s.w.org\/images\/core\/emoji\/16.0.1\/svg\/25fb.svg\" alt=\"\u25fb\" \/> OCORR\u00caNCIAS<\/strong><\/p><p data-start=\"9013\" data-end=\"9164\">Registros de ocorr\u00eancias atendidas pelo Departamento de Prote\u00e7\u00e3o e Defesa Civil de Santo Andr\u00e9, organizadas por ano, no per\u00edodo de 2004 a 2025.<\/p><p data-start=\"9166\" data-end=\"9210\">A base contempla ocorr\u00eancias relacionadas a:<\/p><ul data-start=\"9211\" data-end=\"9373\"><li data-section-id=\"1kqwz5h\" data-start=\"9211\" data-end=\"9219\"><p data-start=\"9213\" data-end=\"9219\">\u00c1rvore<\/p><\/li><li data-section-id=\"1bgqlo1\" data-start=\"9220\" data-end=\"9245\"><p data-start=\"9222\" data-end=\"9245\">Assist\u00eancia humanit\u00e1ria<\/p><\/li><li data-section-id=\"7rx4bd\" data-start=\"9246\" data-end=\"9260\"><p data-start=\"9248\" data-end=\"9260\">Deslizamento<\/p><\/li><li data-section-id=\"19xu31m\" data-start=\"9261\" data-end=\"9271\"><p data-start=\"9263\" data-end=\"9271\">Inc\u00eandio<\/p><\/li><li data-section-id=\"dr3gzk\" data-start=\"9272\" data-end=\"9297\"><p data-start=\"9274\" data-end=\"9297\">Infraestrutura el\u00e9trica<\/p><\/li><li data-section-id=\"63e57s\" data-start=\"9298\" data-end=\"9322\"><p data-start=\"9300\" data-end=\"9322\">Inunda\u00e7\u00e3o e alagamento<\/p><\/li><li data-section-id=\"o4mbvz\" data-start=\"9323\" data-end=\"9335\"><p data-start=\"9325\" data-end=\"9335\">Obra civil<\/p><\/li><li data-section-id=\"1wqcawl\" data-start=\"9336\" data-end=\"9354\"><p data-start=\"9338\" data-end=\"9354\">Produto perigoso<\/p><\/li><li data-section-id=\"1n5kzo5\" data-start=\"9355\" data-end=\"9373\"><p data-start=\"9357\" data-end=\"9373\">Transporte e via<br \/><br \/><\/p><\/li><\/ul><p data-section-id=\"24viq7\" data-start=\"9375\" data-end=\"9401\"><strong>Observa\u00e7\u00f5es importantes<\/strong><\/p><p data-start=\"9402\" data-end=\"9794\">As informa\u00e7\u00f5es disponibilizadas no SIGA t\u00eam car\u00e1ter de consulta e apoio \u00e0 interpreta\u00e7\u00e3o do territ\u00f3rio. Em algumas camadas, especialmente aquelas derivadas de estudos t\u00e9cnicos realizados em anos anteriores, os dados <strong data-start=\"9617\" data-end=\"9680\">n\u00e3o refletem necessariamente a realidade atual do munic\u00edpio<\/strong>, devendo ser analisados \u00e0 luz de atualiza\u00e7\u00f5es, interven\u00e7\u00f5es executadas e demais informa\u00e7\u00f5es t\u00e9cnicas dispon\u00edveis.<\/p>\t\t\t\t\t\t\t\t<\/div>\n\t\t\t\t<\/div>\n\t\t\t\t\t<\/div>\n\t\t<\/div>\n\t\t\t\t\t<\/div>\n\t\t<\/section>\n\t\t\t\t<section class=\"elementor-section elementor-top-section elementor-element elementor-element-5753220 elementor-section-content-middle elementor-section-boxed elementor-section-height-default elementor-section-height-default\" data-id=\"5753220\" data-element_type=\"section\" data-e-type=\"section\" data-settings=\"{&quot;background_background&quot;:&quot;classic&quot;}\">\n\t\t\t\t\t\t<div class=\"elementor-container elementor-column-gap-default\">\n\t\t\t\t\t<div class=\"elementor-column elementor-col-100 elementor-top-column elementor-element elementor-element-dded660\" data-id=\"dded660\" data-element_type=\"column\" data-e-type=\"column\">\n\t\t\t<div class=\"elementor-widget-wrap elementor-element-populated\">\n\t\t\t\t\t\t<div class=\"elementor-element elementor-element-8ffde22 elementor-widget elementor-widget-heading\" data-id=\"8ffde22\" data-element_type=\"widget\" data-e-type=\"widget\" data-widget_type=\"heading.default\">\n\t\t\t\t<div class=\"elementor-widget-container\">\n\t\t\t\t\t<h2 class=\"elementor-heading-title elementor-size-default\">O que voc\u00ea deseja fazer?<\/h2>\t\t\t\t<\/div>\n\t\t\t\t<\/div>\n\t\t\t\t<div class=\"elementor-element elementor-element-ce55d66 elementor-widget elementor-widget-spacer\" data-id=\"ce55d66\" data-element_type=\"widget\" data-e-type=\"widget\" data-widget_type=\"spacer.default\">\n\t\t\t\t<div class=\"elementor-widget-container\">\n\t\t\t\t\t\t\t<div class=\"elementor-spacer\">\n\t\t\t<div class=\"elementor-spacer-inner\"><\/div>\n\t\t<\/div>\n\t\t\t\t\t\t<\/div>\n\t\t\t\t<\/div>\n\t\t\t\t\t<\/div>\n\t\t<\/div>\n\t\t\t\t\t<\/div>\n\t\t<\/section>\n\t\t\t\t<section class=\"elementor-section elementor-top-section elementor-element elementor-element-a9dea5c elementor-section-full_width elementor-section-content-middle elementor-section-height-default elementor-section-height-default\" data-id=\"a9dea5c\" data-element_type=\"section\" data-e-type=\"section\" data-settings=\"{&quot;background_background&quot;:&quot;classic&quot;}\">\n\t\t\t\t\t\t<div class=\"elementor-container elementor-column-gap-default\">\n\t\t\t\t\t<div class=\"elementor-column elementor-col-25 elementor-top-column elementor-element elementor-element-95a343a\" data-id=\"95a343a\" data-element_type=\"column\" data-e-type=\"column\">\n\t\t\t<div class=\"elementor-widget-wrap elementor-element-populated\">\n\t\t\t\t\t\t<div class=\"elementor-element elementor-element-9e5a6de elementor-widget elementor-widget-image\" data-id=\"9e5a6de\" data-element_type=\"widget\" data-e-type=\"widget\" data-widget_type=\"image.default\">\n\t\t\t\t<div class=\"elementor-widget-container\">\n\t\t\t\t\t\t\t\t\t\t\t\t\t\t\t<img decoding=\"async\" src=\"https:\/\/portais.santoandre.sp.gov.br\/defesacivil\/wp-content\/uploads\/sites\/6\/elementor\/thumbs\/logo-df-q1v0trv195wkwlwm2h20luw78s426o1ffgol642vyo.png\" title=\"logo-df\" alt=\"logo-df\" loading=\"lazy\" \/>\t\t\t\t\t\t\t\t\t\t\t\t\t\t\t<\/div>\n\t\t\t\t<\/div>\n\t\t\t\t\t<\/div>\n\t\t<\/div>\n\t\t\t\t<div class=\"elementor-column elementor-col-25 elementor-top-column elementor-element elementor-element-3e65e95\" data-id=\"3e65e95\" data-element_type=\"column\" data-e-type=\"column\">\n\t\t\t<div class=\"elementor-widget-wrap elementor-element-populated\">\n\t\t\t\t\t\t<div class=\"elementor-element elementor-element-ccbc5b9 elementor-align-justify elementor-mobile-align-justify elementor-widget elementor-widget-button\" data-id=\"ccbc5b9\" data-element_type=\"widget\" data-e-type=\"widget\" data-widget_type=\"button.default\">\n\t\t\t\t<div class=\"elementor-widget-container\">\n\t\t\t\t\t\t\t\t\t<div class=\"elementor-button-wrapper\">\n\t\t\t\t\t<a class=\"elementor-button elementor-button-link elementor-size-md\" href=\"https:\/\/chat.whatsapp.com\/DvEmfKI21FH3Y1DdszK5bA\">\n\t\t\t\t\t\t<span class=\"elementor-button-content-wrapper\">\n\t\t\t\t\t\t<span class=\"elementor-button-icon\">\n\t\t\t\t<i aria-hidden=\"true\" class=\"fas fa-exclamation-triangle\"><\/i>\t\t\t<\/span>\n\t\t\t\t\t\t\t\t\t<span class=\"elementor-button-text\">Alerta Preventivo, clique aqui!<\/span>\n\t\t\t\t\t<\/span>\n\t\t\t\t\t<\/a>\n\t\t\t\t<\/div>\n\t\t\t\t\t\t\t\t<\/div>\n\t\t\t\t<\/div>\n\t\t\t\t\t<\/div>\n\t\t<\/div>\n\t\t\t\t<div class=\"elementor-column elementor-col-25 elementor-top-column elementor-element elementor-element-db22e1b\" data-id=\"db22e1b\" data-element_type=\"column\" data-e-type=\"column\">\n\t\t\t<div class=\"elementor-widget-wrap elementor-element-populated\">\n\t\t\t\t\t\t<div class=\"elementor-element elementor-element-eb96985 elementor-align-justify elementor-mobile-align-justify elementor-widget elementor-widget-button\" data-id=\"eb96985\" data-element_type=\"widget\" data-e-type=\"widget\" data-widget_type=\"button.default\">\n\t\t\t\t<div class=\"elementor-widget-container\">\n\t\t\t\t\t\t\t\t\t<div class=\"elementor-button-wrapper\">\n\t\t\t\t\t<a class=\"elementor-button elementor-button-link elementor-size-md\" href=\"https:\/\/www.climatempo.com.br\/previsao-do-tempo\/15-dias\/cidade\/539\/santoandre-sp\">\n\t\t\t\t\t\t<span class=\"elementor-button-content-wrapper\">\n\t\t\t\t\t\t<span class=\"elementor-button-icon\">\n\t\t\t\t<i aria-hidden=\"true\" class=\"fas fa-cloud-sun-rain\"><\/i>\t\t\t<\/span>\n\t\t\t\t\t\t\t\t\t<span class=\"elementor-button-text\">Previs\u00e3o do tempo<\/span>\n\t\t\t\t\t<\/span>\n\t\t\t\t\t<\/a>\n\t\t\t\t<\/div>\n\t\t\t\t\t\t\t\t<\/div>\n\t\t\t\t<\/div>\n\t\t\t\t\t<\/div>\n\t\t<\/div>\n\t\t\t\t<div class=\"elementor-column elementor-col-25 elementor-top-column elementor-element elementor-element-7bb96d7\" data-id=\"7bb96d7\" data-element_type=\"column\" data-e-type=\"column\">\n\t\t\t<div class=\"elementor-widget-wrap elementor-element-populated\">\n\t\t\t\t\t\t<div class=\"elementor-element elementor-element-d3d79fb elementor-align-justify elementor-mobile-align-justify elementor-widget elementor-widget-button\" data-id=\"d3d79fb\" data-element_type=\"widget\" data-e-type=\"widget\" data-widget_type=\"button.default\">\n\t\t\t\t<div class=\"elementor-widget-container\">\n\t\t\t\t\t\t\t\t\t<div class=\"elementor-button-wrapper\">\n\t\t\t\t\t<a class=\"elementor-button elementor-button-link elementor-size-md\" href=\"https:\/\/portais.santoandre.sp.gov.br\/defesacivil\/\">\n\t\t\t\t\t\t<span class=\"elementor-button-content-wrapper\">\n\t\t\t\t\t\t<span class=\"elementor-button-icon\">\n\t\t\t\t<i aria-hidden=\"true\" class=\"fas fa-home\"><\/i>\t\t\t<\/span>\n\t\t\t\t\t\t\t\t\t<span class=\"elementor-button-text\">Voltar para a p\u00e1gina inicial<\/span>\n\t\t\t\t\t<\/span>\n\t\t\t\t\t<\/a>\n\t\t\t\t<\/div>\n\t\t\t\t\t\t\t\t<\/div>\n\t\t\t\t<\/div>\n\t\t\t\t\t<\/div>\n\t\t<\/div>\n\t\t\t\t\t<\/div>\n\t\t<\/section>\n\t\t\t\t<\/div>\n\t\t","protected":false},"excerpt":{"rendered":"<p>SIGA \u2013 Sistema de Informa\u00e7\u00f5es Geogr\u00e1ficas Andreense \u00a0 A Defesa Civil de Santo Andr\u00e9 disponibiliza, por meio do SIGA \u2013 Sistema de Informa\u00e7\u00f5es Geogr\u00e1ficas Andreense, informa\u00e7\u00f5es georreferenciadas organizadas em camadas tem\u00e1ticas, que auxiliam na compreens\u00e3o do territ\u00f3rio, no monitoramento de riscos e no acesso p\u00fablico a dados espaciais do munic\u00edpio. A plataforma permite a visualiza\u00e7\u00e3o [&hellip;]<\/p>\n","protected":false},"author":92,"featured_media":0,"parent":0,"menu_order":0,"comment_status":"closed","ping_status":"closed","template":"elementor_header_footer","meta":{"footnotes":""},"class_list":["post-4535","page","type-page","status-publish","hentry"],"_links":{"self":[{"href":"https:\/\/portais.santoandre.sp.gov.br\/defesacivil\/wp-json\/wp\/v2\/pages\/4535","targetHints":{"allow":["GET"]}}],"collection":[{"href":"https:\/\/portais.santoandre.sp.gov.br\/defesacivil\/wp-json\/wp\/v2\/pages"}],"about":[{"href":"https:\/\/portais.santoandre.sp.gov.br\/defesacivil\/wp-json\/wp\/v2\/types\/page"}],"author":[{"embeddable":true,"href":"https:\/\/portais.santoandre.sp.gov.br\/defesacivil\/wp-json\/wp\/v2\/users\/92"}],"replies":[{"embeddable":true,"href":"https:\/\/portais.santoandre.sp.gov.br\/defesacivil\/wp-json\/wp\/v2\/comments?post=4535"}],"version-history":[{"count":62,"href":"https:\/\/portais.santoandre.sp.gov.br\/defesacivil\/wp-json\/wp\/v2\/pages\/4535\/revisions"}],"predecessor-version":[{"id":4617,"href":"https:\/\/portais.santoandre.sp.gov.br\/defesacivil\/wp-json\/wp\/v2\/pages\/4535\/revisions\/4617"}],"wp:attachment":[{"href":"https:\/\/portais.santoandre.sp.gov.br\/defesacivil\/wp-json\/wp\/v2\/media?parent=4535"}],"curies":[{"name":"wp","href":"https:\/\/api.w.org\/{rel}","templated":true}]}}