{"id":2498,"date":"2025-07-16T13:54:17","date_gmt":"2025-07-16T16:54:17","guid":{"rendered":"https:\/\/portais.santoandre.sp.gov.br\/defesacivil\/?page_id=2498"},"modified":"2025-07-16T16:31:22","modified_gmt":"2025-07-16T19:31:22","slug":"plano-municipal-de-reducao-de-riscos-para-o-municipio-de-santo-andre-ipt-2014","status":"publish","type":"page","link":"https:\/\/portais.santoandre.sp.gov.br\/defesacivil\/plano-municipal-de-reducao-de-riscos-para-o-municipio-de-santo-andre-ipt-2014\/","title":{"rendered":"Gest\u00e3o de \u00e1reas de Risco na Regi\u00e3o do Grande ABC \u2013 Munic\u00edpio de Santo Andr\u00e9 &#8211; IPT &#8211; 2014"},"content":{"rendered":"\t\t<div data-elementor-type=\"wp-page\" data-elementor-id=\"2498\" class=\"elementor elementor-2498\" data-elementor-post-type=\"page\">\n\t\t\t\t\t\t<section class=\"elementor-section elementor-top-section elementor-element elementor-element-e296580 elementor-section-boxed elementor-section-height-default elementor-section-height-default\" data-id=\"e296580\" data-element_type=\"section\" data-e-type=\"section\">\n\t\t\t\t\t\t<div class=\"elementor-container elementor-column-gap-default\">\n\t\t\t\t\t<div class=\"elementor-column elementor-col-100 elementor-top-column elementor-element elementor-element-32fa674\" data-id=\"32fa674\" data-element_type=\"column\" data-e-type=\"column\">\n\t\t\t<div class=\"elementor-widget-wrap elementor-element-populated\">\n\t\t\t\t\t\t<div class=\"elementor-element elementor-element-ae17eaa elementor-widget elementor-widget-text-editor\" data-id=\"ae17eaa\" data-element_type=\"widget\" data-e-type=\"widget\" data-widget_type=\"text-editor.default\">\n\t\t\t\t<div class=\"elementor-widget-container\">\n\t\t\t\t\t\t\t\t\t<ul><li><a href=\"https:\/\/portais.santoandre.sp.gov.br\/defesacivil\/wp-content\/uploads\/sites\/6\/2025\/07\/SA-Vol_1.pdf\" target=\"_blank\" rel=\"noopener\">Relat\u00f3rio T\u00e9cnico &#8211; Vol. 1<\/a><\/li><li><a href=\"https:\/\/portais.santoandre.sp.gov.br\/defesacivil\/wp-content\/uploads\/sites\/6\/2025\/07\/SA-Vol_2.pdf\" target=\"_blank\" rel=\"noopener\">Relat\u00f3rio T\u00e9cnico &#8211; Vol. 2<\/a><\/li><li><a href=\"https:\/\/portais.santoandre.sp.gov.br\/defesacivil\/wp-content\/uploads\/sites\/6\/2025\/07\/SA-Vol_3.pdf\" target=\"_blank\" rel=\"noopener\">Relat\u00f3rio T\u00e9cnico &#8211; Vol. 3<\/a><\/li><li><a href=\"https:\/\/portais.santoandre.sp.gov.br\/defesacivil\/wp-content\/uploads\/sites\/6\/2025\/07\/Mapa_Areas_Santo-Andre_A0_mapa1.pdf\" target=\"_blank\" rel=\"noopener\">Mapa \u00c1reas Santo Andr\u00e9 A0 &#8211; Mapa 1<\/a><\/li><li><a href=\"https:\/\/portais.santoandre.sp.gov.br\/defesacivil\/wp-content\/uploads\/sites\/6\/2025\/07\/Mapa_Areas_Santo-Andre_A1_mapa2.pdf\" target=\"_blank\" rel=\"noopener\">Mapa \u00c1reas Santo Andr\u00e9 A1 &#8211; Mapa 2<\/a><\/li><\/ul>\t\t\t\t\t\t\t\t<\/div>\n\t\t\t\t<\/div>\n\t\t\t\t\t<\/div>\n\t\t<\/div>\n\t\t\t\t\t<\/div>\n\t\t<\/section>\n\t\t\t\t<section class=\"elementor-section elementor-top-section elementor-element elementor-element-9ab37e7 elementor-section-boxed elementor-section-height-default elementor-section-height-default\" data-id=\"9ab37e7\" data-element_type=\"section\" data-e-type=\"section\">\n\t\t\t\t\t\t<div class=\"elementor-container elementor-column-gap-default\">\n\t\t\t\t\t<div class=\"elementor-column elementor-col-100 elementor-top-column elementor-element elementor-element-86a8fd2\" data-id=\"86a8fd2\" data-element_type=\"column\" data-e-type=\"column\">\n\t\t\t<div class=\"elementor-widget-wrap elementor-element-populated\">\n\t\t\t\t\t\t<div class=\"elementor-element elementor-element-0f3e725 elementor-widget elementor-widget-text-editor\" data-id=\"0f3e725\" data-element_type=\"widget\" data-e-type=\"widget\" data-widget_type=\"text-editor.default\">\n\t\t\t\t<div class=\"elementor-widget-container\">\n\t\t\t\t\t\t\t\t\t<p>Banco de dados georreferenciado dispon\u00edvel em <a href=\"https:\/\/siga.santoandre.sp.gov.br\/\" target=\"_blank\" rel=\"noopener\">SIGA Santo Andr\u00e9<\/a>.<\/p>\t\t\t\t\t\t\t\t<\/div>\n\t\t\t\t<\/div>\n\t\t\t\t\t<\/div>\n\t\t<\/div>\n\t\t\t\t\t<\/div>\n\t\t<\/section>\n\t\t\t\t<section class=\"elementor-section elementor-top-section elementor-element elementor-element-07b5d7d elementor-section-boxed elementor-section-height-default elementor-section-height-default\" data-id=\"07b5d7d\" data-element_type=\"section\" data-e-type=\"section\">\n\t\t\t\t\t\t<div class=\"elementor-container elementor-column-gap-default\">\n\t\t\t\t\t<div class=\"elementor-column elementor-col-100 elementor-top-column elementor-element elementor-element-11af524\" data-id=\"11af524\" data-element_type=\"column\" data-e-type=\"column\">\n\t\t\t<div class=\"elementor-widget-wrap elementor-element-populated\">\n\t\t\t\t\t\t<div class=\"elementor-element elementor-element-b85abf9 elementor-widget elementor-widget-text-editor\" data-id=\"b85abf9\" data-element_type=\"widget\" data-e-type=\"widget\" data-widget_type=\"text-editor.default\">\n\t\t\t\t<div class=\"elementor-widget-container\">\n\t\t\t\t\t\t\t\t\t<p><strong>Refer\u00eancia Bibliogr\u00e1fica<\/strong><\/p><p>INSTITUTO DE PESQUISAS TECNOL\u00d3GICAS (IPT). <span class=\"List_0020Paragraph__Char\">Gest\u00e3o de \u00e1reas de Risco na Regi\u00e3o do Grande ABC \u2013 Munic\u00edpio de Santo Andr\u00e9<\/span>.<span class=\"List_0020Paragraph__Char\">\u00a0<\/span>S\u00e3o Paulo: IPT, 2014. 146 p. Relat\u00f3rio T\u00e9cnico N\u00ba 136.154-205 (Acompanha banco de dados georreferenciado).<\/p>\t\t\t\t\t\t\t\t<\/div>\n\t\t\t\t<\/div>\n\t\t\t\t\t<\/div>\n\t\t<\/div>\n\t\t\t\t\t<\/div>\n\t\t<\/section>\n\t\t\t\t<\/div>\n\t\t","protected":false},"excerpt":{"rendered":"<p>Relat\u00f3rio T\u00e9cnico &#8211; Vol. 1 Relat\u00f3rio T\u00e9cnico &#8211; Vol. 2 Relat\u00f3rio T\u00e9cnico &#8211; Vol. 3 Mapa \u00c1reas Santo Andr\u00e9 A0 &#8211; Mapa 1 Mapa \u00c1reas Santo Andr\u00e9 A1 &#8211; Mapa 2 Banco de dados georreferenciado dispon\u00edvel em SIGA Santo Andr\u00e9. Refer\u00eancia Bibliogr\u00e1fica INSTITUTO DE PESQUISAS TECNOL\u00d3GICAS (IPT). Gest\u00e3o de \u00e1reas de Risco na Regi\u00e3o do [&hellip;]<\/p>\n","protected":false},"author":92,"featured_media":0,"parent":0,"menu_order":0,"comment_status":"closed","ping_status":"closed","template":"","meta":{"footnotes":""},"class_list":["post-2498","page","type-page","status-publish","hentry"],"_links":{"self":[{"href":"https:\/\/portais.santoandre.sp.gov.br\/defesacivil\/wp-json\/wp\/v2\/pages\/2498","targetHints":{"allow":["GET"]}}],"collection":[{"href":"https:\/\/portais.santoandre.sp.gov.br\/defesacivil\/wp-json\/wp\/v2\/pages"}],"about":[{"href":"https:\/\/portais.santoandre.sp.gov.br\/defesacivil\/wp-json\/wp\/v2\/types\/page"}],"author":[{"embeddable":true,"href":"https:\/\/portais.santoandre.sp.gov.br\/defesacivil\/wp-json\/wp\/v2\/users\/92"}],"replies":[{"embeddable":true,"href":"https:\/\/portais.santoandre.sp.gov.br\/defesacivil\/wp-json\/wp\/v2\/comments?post=2498"}],"version-history":[{"count":14,"href":"https:\/\/portais.santoandre.sp.gov.br\/defesacivil\/wp-json\/wp\/v2\/pages\/2498\/revisions"}],"predecessor-version":[{"id":2681,"href":"https:\/\/portais.santoandre.sp.gov.br\/defesacivil\/wp-json\/wp\/v2\/pages\/2498\/revisions\/2681"}],"wp:attachment":[{"href":"https:\/\/portais.santoandre.sp.gov.br\/defesacivil\/wp-json\/wp\/v2\/media?parent=2498"}],"curies":[{"name":"wp","href":"https:\/\/api.w.org\/{rel}","templated":true}]}}