{"id":2445,"date":"2025-07-16T10:40:21","date_gmt":"2025-07-16T13:40:21","guid":{"rendered":"https:\/\/portais.santoandre.sp.gov.br\/defesacivil\/?page_id=2445"},"modified":"2025-07-16T16:29:07","modified_gmt":"2025-07-16T19:29:07","slug":"carta-geotecnica-de-aptidao-a-urbanizacao-instrumento-de-planejamento-para-prevencao-de-desastres-naturais-no-municipio-de-santo-andre","status":"publish","type":"page","link":"https:\/\/portais.santoandre.sp.gov.br\/defesacivil\/carta-geotecnica-de-aptidao-a-urbanizacao-instrumento-de-planejamento-para-prevencao-de-desastres-naturais-no-municipio-de-santo-andre\/","title":{"rendered":"Carta Geot\u00e9cnica de Aptid\u00e3o \u00e0 Urbaniza\u00e7\u00e3o: Instrumento de Planejamento para Preven\u00e7\u00e3o de Desastres Naturais no Munic\u00edpio de Santo Andr\u00e9 &#8211; UFABC &#8211; 2016"},"content":{"rendered":"\t\t<div data-elementor-type=\"wp-page\" data-elementor-id=\"2445\" class=\"elementor elementor-2445\" data-elementor-post-type=\"page\">\n\t\t\t\t\t\t<section class=\"elementor-section elementor-top-section elementor-element elementor-element-e296580 elementor-section-boxed elementor-section-height-default elementor-section-height-default\" data-id=\"e296580\" data-element_type=\"section\" data-e-type=\"section\">\n\t\t\t\t\t\t<div class=\"elementor-container elementor-column-gap-default\">\n\t\t\t\t\t<div class=\"elementor-column elementor-col-100 elementor-top-column elementor-element elementor-element-32fa674\" data-id=\"32fa674\" data-element_type=\"column\" data-e-type=\"column\">\n\t\t\t<div class=\"elementor-widget-wrap elementor-element-populated\">\n\t\t\t\t\t\t<div class=\"elementor-element elementor-element-ae17eaa elementor-widget elementor-widget-text-editor\" data-id=\"ae17eaa\" data-element_type=\"widget\" data-e-type=\"widget\" data-widget_type=\"text-editor.default\">\n\t\t\t\t<div class=\"elementor-widget-container\">\n\t\t\t\t\t\t\t\t\t<ul><li><a href=\"https:\/\/portais.santoandre.sp.gov.br\/defesacivil\/wp-content\/uploads\/sites\/6\/2025\/07\/Relatorio-Final_-carta-de-aptidao_SA.pdf\" target=\"_blank\" rel=\"noopener\">Carta Geot\u00e9cnica de Aptid\u00e3o \u00e0 Urbaniza\u00e7\u00e3o: Instrumento de Planejamento para Preven\u00e7\u00e3o de Desastres Naturais no munic\u00edpio De Santo Andr\u00e9<\/a><\/li><li><a href=\"https:\/\/portais.santoandre.sp.gov.br\/defesacivil\/wp-content\/uploads\/sites\/6\/2025\/07\/APENDICE-1-\u2013-RESULTADOS-DA-MODELAGEM-E-HIDRAULICA.pdf\" target=\"_blank\" rel=\"noopener\">Ap\u00eandice 1 \u2013 Resultados da Modelagem e Hidr\u00e1ulica<\/a><\/li><li><a href=\"https:\/\/portais.santoandre.sp.gov.br\/defesacivil\/wp-content\/uploads\/sites\/6\/2025\/07\/ANEXO-01-INVESTIGACOES-GEOTECNICAS-E-ENSAIOS-LABORATORIAIS.pdf\" target=\"_blank\" rel=\"noopener\"><span style=\"font-size: 1rem\">Anexo 01 &#8211; Investiga\u00e7\u00f5es Geot\u00e9cnicas e Ensaios Laboratoriais<\/span><\/a><\/li><li><a href=\"https:\/\/portais.santoandre.sp.gov.br\/defesacivil\/wp-content\/uploads\/sites\/6\/2025\/07\/ANEXO-02-CRITERIOS-PARA-A-DETERMINACAO-DAS-CLASSES-DE-USO-DO-SOLO.pdf\" target=\"_blank\" rel=\"noopener\">Anexo 02 &#8211; Crit\u00e9rios para a Determina\u00e7\u00e3o das Classes de Uso do Solo<\/a><\/li><li><a href=\"https:\/\/portais.santoandre.sp.gov.br\/defesacivil\/wp-content\/uploads\/sites\/6\/2025\/07\/ANEXO-03-SA-Carta-de-aptidao-a-urbanizacao-detalhada-F01-05.pdf\" target=\"_blank\" rel=\"noopener\"><span style=\"font-size: 1rem\">Anexo<\/span><span style=\"font-size: 1rem\">\u00a0<\/span>03 SA &#8211; Carta de aptid\u00e3o \u00e0 urbaniza\u00e7\u00e3o detalhada F01-05<\/a><\/li><li><a href=\"https:\/\/portais.santoandre.sp.gov.br\/defesacivil\/wp-content\/uploads\/sites\/6\/2025\/07\/ANEXO-04-SA-Carta-de-aptidao-a-urbanizacao-Zona-de-Reestruturacao-Urbana.pdf\" target=\"_blank\" rel=\"noopener\"><span style=\"font-size: 1rem\">Anexo<\/span><span style=\"font-size: 1rem\">\u00a0<\/span>04 SA &#8211; Carta de aptid\u00e3o \u00e0 urbaniza\u00e7\u00e3o &#8211; Zona de Reestrutura\u00e7\u00e3o Urbana<\/a><\/li><li><a href=\"https:\/\/portais.santoandre.sp.gov.br\/defesacivil\/wp-content\/uploads\/sites\/6\/2025\/07\/ANEXO-05-SA-Carta-Geotecnica-de-aptidao-a-urbanizacao-Sintese.pdf\" target=\"_blank\" rel=\"noopener\"><span style=\"font-size: 1rem\">Anexo<\/span><span style=\"font-size: 1rem\">\u00a0<\/span>05 SA &#8211; Carta Geot\u00e9cnica de aptid\u00e3o \u00e0 urbaniza\u00e7\u00e3o &#8211;\u00a0 S\u00edntese<\/a><\/li><li><a href=\"https:\/\/portais.santoandre.sp.gov.br\/defesacivil\/wp-content\/uploads\/sites\/6\/2025\/07\/Figura-02-SA-Mapa-de-Declividade.pdf\" target=\"_blank\" rel=\"noopener\">Figura 02 SA &#8211; Mapa de Declividade<\/a><\/li><li><a href=\"https:\/\/portais.santoandre.sp.gov.br\/defesacivil\/wp-content\/uploads\/sites\/6\/2025\/07\/Figura-04-SA-Mapa-de-Vertente-Concava.pdf\" target=\"_blank\" rel=\"noopener\">Figura 04 SA &#8211; Mapa de Vertente C\u00f4ncava<\/a><\/li><li><a href=\"https:\/\/portais.santoandre.sp.gov.br\/defesacivil\/wp-content\/uploads\/sites\/6\/2025\/07\/Figura-07-SA-Mapa-de-Zonas-Umidas.pdf\" target=\"_blank\" rel=\"noopener\">Figura 07 SA &#8211; Mapa de Zonas \u00damidas<\/a><\/li><li><a href=\"https:\/\/portais.santoandre.sp.gov.br\/defesacivil\/wp-content\/uploads\/sites\/6\/2025\/07\/Figura-20-SA-Carta-de-Suscetibilidade-aos-Processos-Geodinamicos-e-Hidrodinamicos.pdf\" target=\"_blank\" rel=\"noopener\">Figura 20 SA &#8211; Carta de Suscetibilidade aos Processos Geodin\u00e2micos e Hidrodin\u00e2micos<\/a><\/li><li><a href=\"https:\/\/portais.santoandre.sp.gov.br\/defesacivil\/wp-content\/uploads\/sites\/6\/2025\/07\/Figura-21-SA-Mapa-de-Areas-Ocupadas.pdf\" target=\"_blank\" rel=\"noopener\">Figura 21 SA &#8211; Mapa de \u00c1reas Ocupadas<\/a><\/li><li><a href=\"https:\/\/portais.santoandre.sp.gov.br\/defesacivil\/wp-content\/uploads\/sites\/6\/2025\/07\/Figura-22-SA-Mapa-de-Estruturas-de-Interferencia.pdf\" target=\"_blank\" rel=\"noopener\">Figura 22 SA &#8211; Mapa de Estruturas de Interfer\u00eancia<\/a><\/li><li><a href=\"https:\/\/portais.santoandre.sp.gov.br\/defesacivil\/wp-content\/uploads\/sites\/6\/2025\/07\/Figura-23-SA-Mapa-de-Areas-Prioritarias-para-Conservacao-Ambiental.pdf\" target=\"_blank\" rel=\"noopener\">Figura 23 SA &#8211; Mapa de \u00c1reas Priorit\u00e1rias para Conserva\u00e7\u00e3o Ambiental<\/a><\/li><\/ul>\t\t\t\t\t\t\t\t<\/div>\n\t\t\t\t<\/div>\n\t\t\t\t\t<\/div>\n\t\t<\/div>\n\t\t\t\t\t<\/div>\n\t\t<\/section>\n\t\t\t\t<section class=\"elementor-section elementor-top-section elementor-element elementor-element-0da8556 elementor-section-boxed elementor-section-height-default elementor-section-height-default\" data-id=\"0da8556\" data-element_type=\"section\" data-e-type=\"section\">\n\t\t\t\t\t\t<div class=\"elementor-container elementor-column-gap-default\">\n\t\t\t\t\t<div class=\"elementor-column elementor-col-100 elementor-top-column elementor-element elementor-element-73969dc\" data-id=\"73969dc\" data-element_type=\"column\" data-e-type=\"column\">\n\t\t\t<div class=\"elementor-widget-wrap elementor-element-populated\">\n\t\t\t\t\t\t<div class=\"elementor-element elementor-element-0d5f17c elementor-widget elementor-widget-text-editor\" data-id=\"0d5f17c\" data-element_type=\"widget\" data-e-type=\"widget\" data-widget_type=\"text-editor.default\">\n\t\t\t\t<div class=\"elementor-widget-container\">\n\t\t\t\t\t\t\t\t\t<p>Banco de dados georreferenciado dispon\u00edvel em <a href=\"https:\/\/siga.santoandre.sp.gov.br\/\" target=\"_blank\" rel=\"noopener\">SIGA Santo Andr\u00e9<\/a>.<\/p>\t\t\t\t\t\t\t\t<\/div>\n\t\t\t\t<\/div>\n\t\t\t\t\t<\/div>\n\t\t<\/div>\n\t\t\t\t\t<\/div>\n\t\t<\/section>\n\t\t\t\t<section class=\"elementor-section elementor-top-section elementor-element elementor-element-9106d00 elementor-section-boxed elementor-section-height-default elementor-section-height-default\" data-id=\"9106d00\" data-element_type=\"section\" data-e-type=\"section\">\n\t\t\t\t\t\t<div class=\"elementor-container elementor-column-gap-default\">\n\t\t\t\t\t<div class=\"elementor-column elementor-col-100 elementor-top-column elementor-element elementor-element-150cf91\" data-id=\"150cf91\" data-element_type=\"column\" data-e-type=\"column\">\n\t\t\t<div class=\"elementor-widget-wrap elementor-element-populated\">\n\t\t\t\t\t\t<div class=\"elementor-element elementor-element-cb82413 elementor-widget elementor-widget-text-editor\" data-id=\"cb82413\" data-element_type=\"widget\" data-e-type=\"widget\" data-widget_type=\"text-editor.default\">\n\t\t\t\t<div class=\"elementor-widget-container\">\n\t\t\t\t\t\t\t\t\t<p><strong>Refer\u00eancia Bibliogr\u00e1fica<\/strong><\/p><p>NOGUEIRA, R. F.; CANIL, K.\u00a0<span class=\"List_0020Paragraph__Char\">Carta Geot\u00e9cnica de Aptid\u00e3o \u00e0 Urbaniza\u00e7\u00e3o: Instrumento de Planejamento para Preven\u00e7\u00e3o de Desastres Naturais no Munic\u00edpio de Santo Andr\u00e9, Regi\u00e3o do Grande ABC, Estado de S\u00e3o Paulo<\/span>. Santo Andr\u00e9: UFABC, 2016. 150 p. (Acompanha banco de dados georreferenciado).<\/p>\t\t\t\t\t\t\t\t<\/div>\n\t\t\t\t<\/div>\n\t\t\t\t\t<\/div>\n\t\t<\/div>\n\t\t\t\t\t<\/div>\n\t\t<\/section>\n\t\t\t\t<\/div>\n\t\t","protected":false},"excerpt":{"rendered":"<p>Carta Geot\u00e9cnica de Aptid\u00e3o \u00e0 Urbaniza\u00e7\u00e3o: Instrumento de Planejamento para Preven\u00e7\u00e3o de Desastres Naturais no munic\u00edpio De Santo Andr\u00e9 Ap\u00eandice 1 \u2013 Resultados da Modelagem e Hidr\u00e1ulica Anexo 01 &#8211; Investiga\u00e7\u00f5es Geot\u00e9cnicas e Ensaios Laboratoriais Anexo 02 &#8211; Crit\u00e9rios para a Determina\u00e7\u00e3o das Classes de Uso do Solo Anexo\u00a003 SA &#8211; Carta de aptid\u00e3o \u00e0 [&hellip;]<\/p>\n","protected":false},"author":92,"featured_media":0,"parent":0,"menu_order":0,"comment_status":"closed","ping_status":"closed","template":"","meta":{"footnotes":""},"class_list":["post-2445","page","type-page","status-publish","hentry"],"_links":{"self":[{"href":"https:\/\/portais.santoandre.sp.gov.br\/defesacivil\/wp-json\/wp\/v2\/pages\/2445","targetHints":{"allow":["GET"]}}],"collection":[{"href":"https:\/\/portais.santoandre.sp.gov.br\/defesacivil\/wp-json\/wp\/v2\/pages"}],"about":[{"href":"https:\/\/portais.santoandre.sp.gov.br\/defesacivil\/wp-json\/wp\/v2\/types\/page"}],"author":[{"embeddable":true,"href":"https:\/\/portais.santoandre.sp.gov.br\/defesacivil\/wp-json\/wp\/v2\/users\/92"}],"replies":[{"embeddable":true,"href":"https:\/\/portais.santoandre.sp.gov.br\/defesacivil\/wp-json\/wp\/v2\/comments?post=2445"}],"version-history":[{"count":14,"href":"https:\/\/portais.santoandre.sp.gov.br\/defesacivil\/wp-json\/wp\/v2\/pages\/2445\/revisions"}],"predecessor-version":[{"id":2675,"href":"https:\/\/portais.santoandre.sp.gov.br\/defesacivil\/wp-json\/wp\/v2\/pages\/2445\/revisions\/2675"}],"wp:attachment":[{"href":"https:\/\/portais.santoandre.sp.gov.br\/defesacivil\/wp-json\/wp\/v2\/media?parent=2445"}],"curies":[{"name":"wp","href":"https:\/\/api.w.org\/{rel}","templated":true}]}}