{"id":2220,"date":"2025-07-15T14:12:28","date_gmt":"2025-07-15T17:12:28","guid":{"rendered":"https:\/\/portais.santoandre.sp.gov.br\/defesacivil\/?page_id=2220"},"modified":"2026-01-15T08:56:07","modified_gmt":"2026-01-15T11:56:07","slug":"downloads-uteis","status":"publish","type":"page","link":"https:\/\/portais.santoandre.sp.gov.br\/defesacivil\/downloads-uteis\/","title":{"rendered":"Documentos T\u00e9cnicos"},"content":{"rendered":"\t\t<div data-elementor-type=\"wp-page\" data-elementor-id=\"2220\" class=\"elementor elementor-2220\" data-elementor-post-type=\"page\">\n\t\t\t\t\t\t<section class=\"elementor-section elementor-top-section elementor-element elementor-element-384248b elementor-section-boxed elementor-section-height-default elementor-section-height-default\" data-id=\"384248b\" data-element_type=\"section\" data-e-type=\"section\">\n\t\t\t\t\t\t<div class=\"elementor-container elementor-column-gap-default\">\n\t\t\t\t\t<div class=\"elementor-column elementor-col-100 elementor-top-column elementor-element elementor-element-8e87f6f\" data-id=\"8e87f6f\" data-element_type=\"column\" data-e-type=\"column\">\n\t\t\t<div class=\"elementor-widget-wrap elementor-element-populated\">\n\t\t\t\t\t\t<div class=\"elementor-element elementor-element-8e3cd00 elementor-widget elementor-widget-heading\" data-id=\"8e3cd00\" data-element_type=\"widget\" data-e-type=\"widget\" data-widget_type=\"heading.default\">\n\t\t\t\t<div class=\"elementor-widget-container\">\n\t\t\t\t\t<h2 class=\"elementor-heading-title elementor-size-default\">Conhecimento que Protege: A Base para um Futuro Mais Seguro<\/h2>\t\t\t\t<\/div>\n\t\t\t\t<\/div>\n\t\t\t\t\t<\/div>\n\t\t<\/div>\n\t\t\t\t\t<\/div>\n\t\t<\/section>\n\t\t\t\t<section class=\"elementor-section elementor-top-section elementor-element elementor-element-2f0e03f elementor-section-boxed elementor-section-height-default elementor-section-height-default\" data-id=\"2f0e03f\" data-element_type=\"section\" data-e-type=\"section\">\n\t\t\t\t\t\t<div class=\"elementor-container elementor-column-gap-default\">\n\t\t\t\t\t<div class=\"elementor-column elementor-col-100 elementor-top-column elementor-element elementor-element-3b904fd\" data-id=\"3b904fd\" data-element_type=\"column\" data-e-type=\"column\">\n\t\t\t<div class=\"elementor-widget-wrap elementor-element-populated\">\n\t\t\t\t\t\t<div class=\"elementor-element elementor-element-7deac34 elementor-widget elementor-widget-text-editor\" data-id=\"7deac34\" data-element_type=\"widget\" data-e-type=\"widget\" data-widget_type=\"text-editor.default\">\n\t\t\t\t<div class=\"elementor-widget-container\">\n\t\t\t\t\t\t\t\t\t<p>A constru\u00e7\u00e3o de uma cidade resiliente come\u00e7a com informa\u00e7\u00e3o acess\u00edvel e confi\u00e1vel.<\/p><p>Nesta se\u00e7\u00e3o, voc\u00ea encontrar\u00e1 os documentos t\u00e9cnicos, planos estrat\u00e9gicos e mapeamentos produzidos ou utilizados pelo Departamento de Prote\u00e7\u00e3o e Defesa Civil de Santo Andr\u00e9 \u2014 ferramentas fundamentais para compreender, planejar e agir diante dos desafios do territ\u00f3rio.<\/p><p>Entre os materiais dispon\u00edveis est\u00e3o estudos ambientais, mapas de \u00e1reas suscet\u00edveis a impactos naturais, diretrizes operacionais, planos de conting\u00eancia, planos municipais de redu\u00e7\u00e3o de risco, entre outros documentos importantes para a prote\u00e7\u00e3o da comunidade.<\/p><p>Ao reunir essas refer\u00eancias em um s\u00f3 espa\u00e7o, buscamos promover a transpar\u00eancia, facilitar o acesso ao conhecimento t\u00e9cnico e estimular decis\u00f5es informadas \u2014 tanto por gestores quanto por cidad\u00e3os, pesquisadores e lideran\u00e7as comunit\u00e1rias. Afinal, proteger vidas e preservar o espa\u00e7o urbano exige di\u00e1logo constante entre saber t\u00e9cnico e viv\u00eancia local.<\/p><p>Explore os conte\u00fados, compartilhe ideias e fa\u00e7a parte da constru\u00e7\u00e3o de um Santo Andr\u00e9 mais preparado para o presente e o futuro.<\/p><p>Clique nos links abaixo para acessar os documentos:<\/p>\t\t\t\t\t\t\t\t<\/div>\n\t\t\t\t<\/div>\n\t\t\t\t\t<\/div>\n\t\t<\/div>\n\t\t\t\t\t<\/div>\n\t\t<\/section>\n\t\t\t\t<section class=\"elementor-section elementor-top-section elementor-element elementor-element-3a0f5ec elementor-section-boxed elementor-section-height-default elementor-section-height-default\" data-id=\"3a0f5ec\" data-element_type=\"section\" data-e-type=\"section\">\n\t\t\t\t\t\t<div class=\"elementor-container elementor-column-gap-default\">\n\t\t\t\t\t<div class=\"elementor-column elementor-col-100 elementor-top-column elementor-element elementor-element-415824b\" data-id=\"415824b\" data-element_type=\"column\" data-e-type=\"column\">\n\t\t\t<div class=\"elementor-widget-wrap elementor-element-populated\">\n\t\t\t\t\t\t<div class=\"elementor-element elementor-element-666a515 elementor-widget elementor-widget-text-editor\" data-id=\"666a515\" data-element_type=\"widget\" data-e-type=\"widget\" data-widget_type=\"text-editor.default\">\n\t\t\t\t<div class=\"elementor-widget-container\">\n\t\t\t\t\t\t\t\t\t<ul><li><strong><a href=\"https:\/\/portais.santoandre.sp.gov.br\/defesacivil\/plano-municipal-de-reducao-de-riscos-para-o-municipio-de-santo-andre-ipt-2025\/\" target=\"_blank\" rel=\"noopener\">Plano Municipal de Redu\u00e7\u00e3o de Riscos para o Munic\u00edpio de Santo Andr\u00e9 &#8211;\u00a0 IPT 2025<\/a><\/strong><\/li><\/ul>\t\t\t\t\t\t\t\t<\/div>\n\t\t\t\t<\/div>\n\t\t\t\t\t<\/div>\n\t\t<\/div>\n\t\t\t\t\t<\/div>\n\t\t<\/section>\n\t\t\t\t<section class=\"elementor-section elementor-top-section elementor-element elementor-element-97f3806 elementor-section-boxed elementor-section-height-default elementor-section-height-default\" data-id=\"97f3806\" data-element_type=\"section\" data-e-type=\"section\">\n\t\t\t\t\t\t<div class=\"elementor-container elementor-column-gap-default\">\n\t\t\t\t\t<div class=\"elementor-column elementor-col-100 elementor-top-column elementor-element elementor-element-0579fb6\" data-id=\"0579fb6\" data-element_type=\"column\" data-e-type=\"column\">\n\t\t\t<div class=\"elementor-widget-wrap elementor-element-populated\">\n\t\t\t\t\t\t<div class=\"elementor-element elementor-element-5514cae elementor-widget elementor-widget-text-editor\" data-id=\"5514cae\" data-element_type=\"widget\" data-e-type=\"widget\" data-widget_type=\"text-editor.default\">\n\t\t\t\t<div class=\"elementor-widget-container\">\n\t\t\t\t\t\t\t\t\t<ul><li><strong><a href=\"https:\/\/portais.santoandre.sp.gov.br\/defesacivil\/mapeamento-de-riscos-de-movimentos-de-massa-e-inundacoes-do-municipio-de-santo-andre-2020\/\" target=\"_blank\" rel=\"noopener\">Mapeamento de Riscos de Movimento de Massa e Inunda\u00e7\u00f5es do Munic\u00edpio de Santo Andr\u00e9 &#8211; REGEA &#8211; 2020<\/a><\/strong><\/li><\/ul>\t\t\t\t\t\t\t\t<\/div>\n\t\t\t\t<\/div>\n\t\t\t\t\t<\/div>\n\t\t<\/div>\n\t\t\t\t\t<\/div>\n\t\t<\/section>\n\t\t\t\t<section class=\"elementor-section elementor-top-section elementor-element elementor-element-f1407b8 elementor-section-boxed elementor-section-height-default elementor-section-height-default\" data-id=\"f1407b8\" data-element_type=\"section\" data-e-type=\"section\">\n\t\t\t\t\t\t<div class=\"elementor-container elementor-column-gap-default\">\n\t\t\t\t\t<div class=\"elementor-column elementor-col-100 elementor-top-column elementor-element elementor-element-c8ef16b\" data-id=\"c8ef16b\" data-element_type=\"column\" data-e-type=\"column\">\n\t\t\t<div class=\"elementor-widget-wrap elementor-element-populated\">\n\t\t\t\t\t\t<div class=\"elementor-element elementor-element-cf3926b elementor-widget elementor-widget-text-editor\" data-id=\"cf3926b\" data-element_type=\"widget\" data-e-type=\"widget\" data-widget_type=\"text-editor.default\">\n\t\t\t\t<div class=\"elementor-widget-container\">\n\t\t\t\t\t\t\t\t\t<ul><li><a href=\"https:\/\/portais.santoandre.sp.gov.br\/defesacivil\/carta-geotecnica-de-aptidao-a-urbanizacao-instrumento-de-planejamento-para-prevencao-de-desastres-naturais-no-municipio-de-santo-andre\/\" target=\"_blank\" rel=\"noopener\"><strong>Carta Geot\u00e9cnica de Aptid\u00e3o \u00e0 Urbaniza\u00e7\u00e3o: Instrumento de Planejamento para Preven\u00e7\u00e3o de Desastres Naturais no Munic\u00edpio de Santo Andr\u00e9 &#8211; UFABC &#8211; 2016\u00a0<\/strong><\/a><\/li><\/ul>\t\t\t\t\t\t\t\t<\/div>\n\t\t\t\t<\/div>\n\t\t\t\t\t<\/div>\n\t\t<\/div>\n\t\t\t\t\t<\/div>\n\t\t<\/section>\n\t\t\t\t<section class=\"elementor-section elementor-top-section elementor-element elementor-element-cfd6a0b elementor-section-boxed elementor-section-height-default elementor-section-height-default\" data-id=\"cfd6a0b\" data-element_type=\"section\" data-e-type=\"section\">\n\t\t\t\t\t\t<div class=\"elementor-container elementor-column-gap-default\">\n\t\t\t\t\t<div class=\"elementor-column elementor-col-100 elementor-top-column elementor-element elementor-element-810d350\" data-id=\"810d350\" data-element_type=\"column\" data-e-type=\"column\">\n\t\t\t<div class=\"elementor-widget-wrap elementor-element-populated\">\n\t\t\t\t\t\t<div class=\"elementor-element elementor-element-488d59f elementor-widget elementor-widget-text-editor\" data-id=\"488d59f\" data-element_type=\"widget\" data-e-type=\"widget\" data-widget_type=\"text-editor.default\">\n\t\t\t\t<div class=\"elementor-widget-container\">\n\t\t\t\t\t\t\t\t\t<ul><li><strong><a href=\"https:\/\/portais.santoandre.sp.gov.br\/defesacivil\/carta-de-suscetibilidade-ipt-cprm-2014\/\" target=\"_blank\" rel=\"noopener\">Carta de Suscetibilidade a Movimentos Gravitacionais de Massa e Inunda\u00e7\u00f5es &#8211; IPT &#8211; 2014<\/a><\/strong><\/li><\/ul>\t\t\t\t\t\t\t\t<\/div>\n\t\t\t\t<\/div>\n\t\t\t\t\t<\/div>\n\t\t<\/div>\n\t\t\t\t\t<\/div>\n\t\t<\/section>\n\t\t\t\t<section class=\"elementor-section elementor-top-section elementor-element elementor-element-5d0a070 elementor-section-boxed elementor-section-height-default elementor-section-height-default\" data-id=\"5d0a070\" data-element_type=\"section\" data-e-type=\"section\">\n\t\t\t\t\t\t<div class=\"elementor-container elementor-column-gap-default\">\n\t\t\t\t\t<div class=\"elementor-column elementor-col-100 elementor-top-column elementor-element elementor-element-3b88c1e\" data-id=\"3b88c1e\" data-element_type=\"column\" data-e-type=\"column\">\n\t\t\t<div class=\"elementor-widget-wrap elementor-element-populated\">\n\t\t\t\t\t\t<div class=\"elementor-element elementor-element-32a05c6 elementor-widget elementor-widget-text-editor\" data-id=\"32a05c6\" data-element_type=\"widget\" data-e-type=\"widget\" data-widget_type=\"text-editor.default\">\n\t\t\t\t<div class=\"elementor-widget-container\">\n\t\t\t\t\t\t\t\t\t<ul><li><strong><a href=\"https:\/\/portais.santoandre.sp.gov.br\/defesacivil\/plano-municipal-de-reducao-de-riscos-para-o-municipio-de-santo-andre-ipt-2014\/\" target=\"_blank\" rel=\"noopener\">Gest\u00e3o de \u00e1reas de Risco na Regi\u00e3o do Grande ABC \u2013 Munic\u00edpio de Santo Andr\u00e9 &#8211; IPT &#8211; 2014<\/a><\/strong><\/li><\/ul>\t\t\t\t\t\t\t\t<\/div>\n\t\t\t\t<\/div>\n\t\t\t\t\t<\/div>\n\t\t<\/div>\n\t\t\t\t\t<\/div>\n\t\t<\/section>\n\t\t\t\t<section class=\"elementor-section elementor-top-section elementor-element elementor-element-4abf28e elementor-section-boxed elementor-section-height-default elementor-section-height-default\" data-id=\"4abf28e\" data-element_type=\"section\" data-e-type=\"section\">\n\t\t\t\t\t\t<div class=\"elementor-container elementor-column-gap-default\">\n\t\t\t\t\t<div class=\"elementor-column elementor-col-100 elementor-top-column elementor-element elementor-element-9f080ad\" data-id=\"9f080ad\" data-element_type=\"column\" data-e-type=\"column\">\n\t\t\t<div class=\"elementor-widget-wrap elementor-element-populated\">\n\t\t\t\t\t\t<div class=\"elementor-element elementor-element-facc943 elementor-widget elementor-widget-text-editor\" data-id=\"facc943\" data-element_type=\"widget\" data-e-type=\"widget\" data-widget_type=\"text-editor.default\">\n\t\t\t\t<div class=\"elementor-widget-container\">\n\t\t\t\t\t\t\t\t\t<ul><li><strong><a href=\"https:\/\/portais.santoandre.sp.gov.br\/defesacivil\/carta-de-suscetibilidade-cprm-2012\/\" target=\"_blank\" rel=\"noopener\">A\u00e7\u00e3o emergencial para delimita\u00e7\u00e3o de \u00e1reas em alto e muito alto risco a enchentes, inunda\u00e7\u00f5es e movimentos de massa \u2013 Servi\u00e7o Geol\u00f3gico do Brasil &#8211; CPRM &#8211; 2013<\/a><\/strong><\/li><\/ul>\t\t\t\t\t\t\t\t<\/div>\n\t\t\t\t<\/div>\n\t\t\t\t\t<\/div>\n\t\t<\/div>\n\t\t\t\t\t<\/div>\n\t\t<\/section>\n\t\t\t\t<section class=\"elementor-section elementor-top-section elementor-element elementor-element-5d284e1 elementor-section-boxed elementor-section-height-default elementor-section-height-default\" data-id=\"5d284e1\" data-element_type=\"section\" data-e-type=\"section\">\n\t\t\t\t\t\t<div class=\"elementor-container elementor-column-gap-default\">\n\t\t\t\t\t<div class=\"elementor-column elementor-col-100 elementor-top-column elementor-element elementor-element-f12eee4\" data-id=\"f12eee4\" data-element_type=\"column\" data-e-type=\"column\">\n\t\t\t<div class=\"elementor-widget-wrap elementor-element-populated\">\n\t\t\t\t\t\t<div class=\"elementor-element elementor-element-a93a338 elementor-widget elementor-widget-text-editor\" data-id=\"a93a338\" data-element_type=\"widget\" data-e-type=\"widget\" data-widget_type=\"text-editor.default\">\n\t\t\t\t<div class=\"elementor-widget-container\">\n\t\t\t\t\t\t\t\t\t<p data-start=\"159\" data-end=\"349\">Alguns dos dados t\u00e9cnicos disponibilizados nesta p\u00e1gina possuem informa\u00e7\u00f5es georreferenciadas que devem ser acessadas diretamente pelo portal SIGA \u2013 Sistema de Informa\u00e7\u00f5es Geogr\u00e1ficas Andreense.<\/p><p data-start=\"351\" data-end=\"366\">Para consultar:<\/p><p data-start=\"368\" data-end=\"434\">Acesse o <a class=\"\" href=\"https:\/\/siga.santoandre.sp.gov.br\/\" target=\"_new\" rel=\"noopener\" data-start=\"380\" data-end=\"434\">SIGA Santo Andr\u00e9<\/a><\/p><ol data-start=\"436\" data-end=\"621\"><li data-start=\"436\" data-end=\"478\"><p data-start=\"439\" data-end=\"478\">Clique em <strong data-start=\"449\" data-end=\"476\">\u201cVisualizador de Mapas\u201d<\/strong><\/p><\/li><li data-start=\"479\" data-end=\"536\"><p data-start=\"482\" data-end=\"536\">No menu superior, selecione a <strong data-start=\"512\" data-end=\"534\">aba \u201cDefesa Civil\u201d<\/strong><\/p><\/li><li data-start=\"537\" data-end=\"621\"><p data-start=\"540\" data-end=\"621\">Em seguida, acesse a <strong data-start=\"561\" data-end=\"586\">aba \u201cSuscetibilidade\u201d<\/strong> para visualizar os mapas tem\u00e1ticos<\/p><\/li><\/ol><p data-start=\"623\" data-end=\"728\">Para fazer o <strong data-start=\"639\" data-end=\"675\">download das camadas<\/strong>, acesse a <strong data-start=\"686\" data-end=\"704\">aba \u201cCat\u00e1logo\u201d<\/strong>\u00a0na p\u00e1gina inicial do mesmo portal.<\/p>\t\t\t\t\t\t\t\t<\/div>\n\t\t\t\t<\/div>\n\t\t\t\t\t<\/div>\n\t\t<\/div>\n\t\t\t\t\t<\/div>\n\t\t<\/section>\n\t\t\t\t<section class=\"elementor-section elementor-top-section elementor-element elementor-element-83faf7b elementor-section-boxed elementor-section-height-default elementor-section-height-default\" data-id=\"83faf7b\" data-element_type=\"section\" data-e-type=\"section\">\n\t\t\t\t\t\t<div class=\"elementor-container elementor-column-gap-default\">\n\t\t\t\t\t<div class=\"elementor-column elementor-col-100 elementor-top-column elementor-element elementor-element-d04795a\" data-id=\"d04795a\" data-element_type=\"column\" data-e-type=\"column\">\n\t\t\t<div class=\"elementor-widget-wrap\">\n\t\t\t\t\t\t\t<\/div>\n\t\t<\/div>\n\t\t\t\t\t<\/div>\n\t\t<\/section>\n\t\t\t\t<\/div>\n\t\t","protected":false},"excerpt":{"rendered":"<p>Conhecimento que Protege: A Base para um Futuro Mais Seguro A constru\u00e7\u00e3o de uma cidade resiliente come\u00e7a com informa\u00e7\u00e3o acess\u00edvel e confi\u00e1vel. Nesta se\u00e7\u00e3o, voc\u00ea encontrar\u00e1 os documentos t\u00e9cnicos, planos estrat\u00e9gicos e mapeamentos produzidos ou utilizados pelo Departamento de Prote\u00e7\u00e3o e Defesa Civil de Santo Andr\u00e9 \u2014 ferramentas fundamentais para compreender, planejar e agir diante [&hellip;]<\/p>\n","protected":false},"author":92,"featured_media":0,"parent":0,"menu_order":0,"comment_status":"closed","ping_status":"closed","template":"","meta":{"footnotes":""},"class_list":["post-2220","page","type-page","status-publish","hentry"],"_links":{"self":[{"href":"https:\/\/portais.santoandre.sp.gov.br\/defesacivil\/wp-json\/wp\/v2\/pages\/2220","targetHints":{"allow":["GET"]}}],"collection":[{"href":"https:\/\/portais.santoandre.sp.gov.br\/defesacivil\/wp-json\/wp\/v2\/pages"}],"about":[{"href":"https:\/\/portais.santoandre.sp.gov.br\/defesacivil\/wp-json\/wp\/v2\/types\/page"}],"author":[{"embeddable":true,"href":"https:\/\/portais.santoandre.sp.gov.br\/defesacivil\/wp-json\/wp\/v2\/users\/92"}],"replies":[{"embeddable":true,"href":"https:\/\/portais.santoandre.sp.gov.br\/defesacivil\/wp-json\/wp\/v2\/comments?post=2220"}],"version-history":[{"count":150,"href":"https:\/\/portais.santoandre.sp.gov.br\/defesacivil\/wp-json\/wp\/v2\/pages\/2220\/revisions"}],"predecessor-version":[{"id":3499,"href":"https:\/\/portais.santoandre.sp.gov.br\/defesacivil\/wp-json\/wp\/v2\/pages\/2220\/revisions\/3499"}],"wp:attachment":[{"href":"https:\/\/portais.santoandre.sp.gov.br\/defesacivil\/wp-json\/wp\/v2\/media?parent=2220"}],"curies":[{"name":"wp","href":"https:\/\/api.w.org\/{rel}","templated":true}]}}