{"id":1117,"date":"2023-06-29T15:15:42","date_gmt":"2023-06-29T18:15:42","guid":{"rendered":"https:\/\/portais.santoandre.sp.gov.br\/defesacivil\/?page_id=1117"},"modified":"2026-03-24T10:40:51","modified_gmt":"2026-03-24T13:40:51","slug":"sobre-nos","status":"publish","type":"page","link":"https:\/\/portais.santoandre.sp.gov.br\/defesacivil\/sobre-nos\/","title":{"rendered":"Sobre n\u00f3s"},"content":{"rendered":"\n<div class=\"wp-block-stackable-image stk-block-image stk-block stk-daf874a\" data-block-id=\"daf874a\"><figure><span class=\"stk-img-wrapper stk-image--shape-stretch\"><img fetchpriority=\"high\" decoding=\"async\" class=\"stk-img wp-image-1875\" src=\"https:\/\/portais.santoandre.sp.gov.br\/defesacivil\/wp-content\/uploads\/sites\/6\/2025\/06\/Defesa_Civil_Institucional_12062025-2-scaled-e1749836082147.jpg\" width=\"2345\" height=\"1094\" srcset=\"https:\/\/portais.santoandre.sp.gov.br\/defesacivil\/wp-content\/uploads\/sites\/6\/2025\/06\/Defesa_Civil_Institucional_12062025-2-scaled-e1749836082147.jpg 2345w, https:\/\/portais.santoandre.sp.gov.br\/defesacivil\/wp-content\/uploads\/sites\/6\/2025\/06\/Defesa_Civil_Institucional_12062025-2-scaled-e1749836082147-300x140.jpg 300w, https:\/\/portais.santoandre.sp.gov.br\/defesacivil\/wp-content\/uploads\/sites\/6\/2025\/06\/Defesa_Civil_Institucional_12062025-2-scaled-e1749836082147-1024x478.jpg 1024w, https:\/\/portais.santoandre.sp.gov.br\/defesacivil\/wp-content\/uploads\/sites\/6\/2025\/06\/Defesa_Civil_Institucional_12062025-2-scaled-e1749836082147-768x358.jpg 768w, https:\/\/portais.santoandre.sp.gov.br\/defesacivil\/wp-content\/uploads\/sites\/6\/2025\/06\/Defesa_Civil_Institucional_12062025-2-scaled-e1749836082147-1536x717.jpg 1536w, https:\/\/portais.santoandre.sp.gov.br\/defesacivil\/wp-content\/uploads\/sites\/6\/2025\/06\/Defesa_Civil_Institucional_12062025-2-scaled-e1749836082147-2048x955.jpg 2048w\" sizes=\"(max-width: 2345px) 100vw, 2345px\" \/><\/span><\/figure><\/div>\n\n\n\n<div class=\"wp-block-stackable-separator alignfull stk-block-separator stk--no-padding stk-block stk-b481bad\" data-block-id=\"b481bad\"><style>.stk-b481bad {transform:scaleY(-1) !important;}.stk-b481bad .stk-block-separator__inner{height:93px !important;}<\/style><div class=\"stk-block-separator__inner\"><svg xmlns=\"http:\/\/www.w3.org\/2000\/svg\" viewBox=\"0 0 1600 200\" class=\"stk-separator__layer-1\" preserveAspectRatio=\"none\" aria-hidden=\"true\"><path d=\"M-10 210h1620V105.2H-10z\"><\/path><\/svg><\/div><\/div>\n\n\n\n<div class=\"wp-block-media-text alignwide is-stacked-on-mobile\"><figure class=\"wp-block-media-text__media\"><img decoding=\"async\" width=\"709\" height=\"572\" src=\"https:\/\/portais.santoandre.sp.gov.br\/defesacivil\/wp-content\/uploads\/sites\/6\/2023\/01\/foto-Defesa-Portais-2.png\" alt=\"\" class=\"wp-image-394 size-full\" srcset=\"https:\/\/portais.santoandre.sp.gov.br\/defesacivil\/wp-content\/uploads\/sites\/6\/2023\/01\/foto-Defesa-Portais-2.png 709w, https:\/\/portais.santoandre.sp.gov.br\/defesacivil\/wp-content\/uploads\/sites\/6\/2023\/01\/foto-Defesa-Portais-2-300x242.png 300w\" sizes=\"(max-width: 709px) 100vw, 709px\" \/><\/figure><div class=\"wp-block-media-text__content\">\n<h4 class=\"wp-block-heading\"><span style=\"color: #ff7400\" class=\"stk-highlight\">Quem somos<\/span><\/h4>\n\n\n\n<p>O&nbsp;<strong>Departamento de Prote\u00e7\u00e3o e Defesa Civil<\/strong>&nbsp;\u00e9 respons\u00e1vel pelo conjunto de a\u00e7\u00f5es de preven\u00e7\u00e3o, mitiga\u00e7\u00e3o, prepara\u00e7\u00e3o, resposta e recupera\u00e7\u00e3o, destinadas a evitar desastres ou minimizar seus impactos para a popula\u00e7\u00e3o e a restabelecer a normalidade social. Tem o objetivo de reduzir os riscos e os danos sofridos pela popula\u00e7\u00e3o em caso de desastres.&nbsp;&nbsp;<\/p>\n\n\n\n<p>Atua antes, durante e depois de desastres por meio de a\u00e7\u00f5es distintas e inter-relacionadas: Preven\u00e7\u00e3o; Mitiga\u00e7\u00e3o; Prepara\u00e7\u00e3o; Resposta; Recupera\u00e7\u00e3o.<\/p>\n<\/div><\/div>\n\n\n\n<div style=\"height:45px\" aria-hidden=\"true\" class=\"wp-block-spacer\"><\/div>\n\n\n\n<h3 class=\"wp-block-heading has-text-align-center\"><span style=\"color: #ec7301\" class=\"stk-highlight\">Os 5 pilares da Defesa Civil<\/span><\/h3>\n\n\n\n<figure class=\"wp-block-image\"><img decoding=\"async\" width=\"1024\" height=\"594\" src=\"https:\/\/portais.santoandre.sp.gov.br\/defesacivil\/wp-content\/uploads\/sites\/6\/2026\/03\/DATAS-COMEMORATIVAS-5-1024x594.png\" alt=\"\" class=\"wp-image-4660\" srcset=\"https:\/\/portais.santoandre.sp.gov.br\/defesacivil\/wp-content\/uploads\/sites\/6\/2026\/03\/DATAS-COMEMORATIVAS-5-1024x594.png 1024w, https:\/\/portais.santoandre.sp.gov.br\/defesacivil\/wp-content\/uploads\/sites\/6\/2026\/03\/DATAS-COMEMORATIVAS-5-300x174.png 300w, https:\/\/portais.santoandre.sp.gov.br\/defesacivil\/wp-content\/uploads\/sites\/6\/2026\/03\/DATAS-COMEMORATIVAS-5-768x445.png 768w, https:\/\/portais.santoandre.sp.gov.br\/defesacivil\/wp-content\/uploads\/sites\/6\/2026\/03\/DATAS-COMEMORATIVAS-5.png 1080w\" sizes=\"(max-width: 1024px) 100vw, 1024px\" \/><\/figure>\n\n\n\n<details class=\"wp-block-stackable-accordion stk-block-accordion stk-inner-blocks stk-block-content stk-block stk-a063371 is-style-plain\" data-block-id=\"a063371\"><style>.stk-a063371 {border-style:solid !important;border-color:#f1f1f1 !important;border-top-width:0px !important;border-right-width:0px !important;border-bottom-width:1px !important;border-left-width:0px !important;max-width:800px !important;min-width:auto !important;padding-bottom:24px !important;}<\/style>\n<summary class=\"wp-block-stackable-column stk-block-column stk-column stk-block stk-baca1a0 stk--container-small stk-block-accordion__heading\" data-v=\"4\" data-block-id=\"baca1a0\"><div class=\"stk-column-wrapper stk-block-column__content stk-container stk-baca1a0-container stk--no-background stk--no-padding\"><div class=\"stk-block-content stk-inner-blocks stk-baca1a0-inner-blocks\">\n<div class=\"wp-block-stackable-icon-label stk-block-icon-label stk-block stk-6f5b650\" data-block-id=\"6f5b650\"><div class=\"stk-row stk-inner-blocks stk-block-content\">\n<div class=\"wp-block-stackable-heading stk-block-heading stk-block-heading--v2 stk-block stk-5f46028\" id=\"span-style-color-ec-7301-class-stk-highlight-acoes-de-prevencao-span\" data-block-id=\"5f46028\"><h4 class=\"stk-block-heading__text\"><span style=\"color: #ec7301\" class=\"stk-highlight\">A\u00e7\u00f5es de preven\u00e7\u00e3o<\/span><\/h4><\/div>\n\n\n\n<div class=\"wp-block-stackable-icon stk-block-icon stk-block stk-6ec5ff7\" data-block-id=\"6ec5ff7\"><span class=\"stk--svg-wrapper\"><div class=\"stk--inner-svg\"><svg style=\"height:0;width:0\"><defs><linearGradient id=\"linear-gradient-6ec5ff7\" x1=\"0\" x2=\"100%\" y1=\"0\" y2=\"0\"><stop offset=\"0%\" style=\"stop-opacity:1;stop-color:var(--linear-gradient-6-ec-5-ff-7-color-1)\"><\/stop><stop offset=\"100%\" style=\"stop-opacity:1;stop-color:var(--linear-gradient-6-ec-5-ff-7-color-2)\"><\/stop><\/linearGradient><\/defs><\/svg><svg data-prefix=\"fas\" data-icon=\"chevron-down\" class=\"svg-inline--fa fa-chevron-down fa-w-14\" xmlns=\"http:\/\/www.w3.org\/2000\/svg\" viewBox=\"0 0 448 512\" aria-hidden=\"true\" width=\"32\" height=\"32\"><path fill=\"currentColor\" d=\"M207.029 381.476L12.686 187.132c-9.373-9.373-9.373-24.569 0-33.941l22.667-22.667c9.357-9.357 24.522-9.375 33.901-.04L224 284.505l154.745-154.021c9.379-9.335 24.544-9.317 33.901.04l22.667 22.667c9.373 9.373 9.373 24.569 0 33.941L240.971 381.476c-9.373 9.372-24.569 9.372-33.942 0z\"><\/path><\/svg><\/div><\/span><\/div>\n<\/div><\/div>\n<\/div><\/div><\/summary>\n\n\n\n<div class=\"wp-block-stackable-column stk-block-column stk-column stk-block stk-39badc0 stk-block-accordion__content\" data-v=\"4\" data-block-id=\"39badc0\"><style>.stk-39badc0-container{padding-top:0px !important;padding-right:0px !important;padding-bottom:0px !important;padding-left:0px !important;}<\/style><div class=\"stk-column-wrapper stk-block-column__content stk-container stk-39badc0-container stk--no-background stk--no-padding\"><div class=\"stk-block-content stk-inner-blocks stk-39badc0-inner-blocks\">\n<div class=\"wp-block-stackable-text stk-block-text stk-block stk-6d7868e\" data-block-id=\"6d7868e\"><p class=\"stk-block-text__text\">A\u00e7\u00f5es destinadas a reduzir a ocorr\u00eancia e a intensidade de desastres por meio de:<br><br>\u2022 Mapeamento de \u00e1reas de riscos;&nbsp;<br>\u2022 Constru\u00e7\u00e3o de obras de conten\u00e7\u00e3o e corre\u00e7\u00e3o;<br>\u2022 Capacita\u00e7\u00e3o da sociedade.<\/p><\/div>\n<\/div><\/div><\/div>\n<\/details>\n\n\n\n<details class=\"wp-block-stackable-accordion stk-block-accordion stk-inner-blocks stk-block-content stk-block stk-a2e0348 is-style-plain\" data-block-id=\"a2e0348\"><style>.stk-a2e0348 {border-style:solid !important;border-color:#f1f1f1 !important;border-top-width:0px !important;border-right-width:0px !important;border-bottom-width:1px !important;border-left-width:0px !important;max-width:800px !important;min-width:auto !important;padding-bottom:24px !important;}<\/style>\n<summary class=\"wp-block-stackable-column stk-block-column stk-column stk-block stk-3d9b7ff stk--container-small stk-block-accordion__heading\" data-v=\"4\" data-block-id=\"3d9b7ff\"><div class=\"stk-column-wrapper stk-block-column__content stk-container stk-3d9b7ff-container stk--no-background stk--no-padding\"><div class=\"stk-block-content stk-inner-blocks stk-3d9b7ff-inner-blocks\">\n<div class=\"wp-block-stackable-icon-label stk-block-icon-label stk-block stk-6f931d7\" data-block-id=\"6f931d7\"><div class=\"stk-row stk-inner-blocks stk-block-content\">\n<div class=\"wp-block-stackable-heading stk-block-heading stk-block-heading--v2 stk-block stk-bb26bb6\" id=\"span-style-color-ec-7301-class-stk-highlight-acoes-de-mitigacao-span\" data-block-id=\"bb26bb6\"><h4 class=\"stk-block-heading__text\"><span style=\"color: #ec7301\" class=\"stk-highlight\">A\u00e7\u00f5es de mitiga\u00e7\u00e3o<\/span><\/h4><\/div>\n\n\n\n<div class=\"wp-block-stackable-icon stk-block-icon stk-block stk-85bdaff\" data-block-id=\"85bdaff\"><span class=\"stk--svg-wrapper\"><div class=\"stk--inner-svg\"><svg style=\"height:0;width:0\"><defs><linearGradient id=\"linear-gradient-85bdaff\" x1=\"0\" x2=\"100%\" y1=\"0\" y2=\"0\"><stop offset=\"0%\" style=\"stop-opacity:1;stop-color:var(--linear-gradient-85-bdaff-color-1)\"><\/stop><stop offset=\"100%\" style=\"stop-opacity:1;stop-color:var(--linear-gradient-85-bdaff-color-2)\"><\/stop><\/linearGradient><\/defs><\/svg><svg data-prefix=\"fas\" data-icon=\"chevron-down\" class=\"svg-inline--fa fa-chevron-down fa-w-14\" xmlns=\"http:\/\/www.w3.org\/2000\/svg\" viewBox=\"0 0 448 512\" aria-hidden=\"true\" width=\"32\" height=\"32\"><path fill=\"currentColor\" d=\"M207.029 381.476L12.686 187.132c-9.373-9.373-9.373-24.569 0-33.941l22.667-22.667c9.357-9.357 24.522-9.375 33.901-.04L224 284.505l154.745-154.021c9.379-9.335 24.544-9.317 33.901.04l22.667 22.667c9.373 9.373 9.373 24.569 0 33.941L240.971 381.476c-9.373 9.372-24.569 9.372-33.942 0z\"><\/path><\/svg><\/div><\/span><\/div>\n<\/div><\/div>\n<\/div><\/div><\/summary>\n\n\n\n<div class=\"wp-block-stackable-column stk-block-column stk-column stk-block stk-6fffcbf stk-block-accordion__content\" data-v=\"4\" data-block-id=\"6fffcbf\"><style>.stk-6fffcbf-container{padding-top:0px !important;padding-right:0px !important;padding-bottom:0px !important;padding-left:0px !important;}<\/style><div class=\"stk-column-wrapper stk-block-column__content stk-container stk-6fffcbf-container stk--no-background stk--no-padding\"><div class=\"stk-block-content stk-inner-blocks stk-6fffcbf-inner-blocks\">\n<p>A\u00e7\u00f5es que buscam diminuir ou a limitar os impactos dos desastres para a popula\u00e7\u00e3o. Como nem sempre \u00e9 poss\u00edvel evitar um desastre, podemos evitar a perda de vidas e diminuir os preju\u00edzos econ\u00f4micos e sociais com diversas a\u00e7\u00f5es, dentre elas:<\/p>\n\n\n\n<div class=\"wp-block-stackable-text stk-block-text stk-block stk-d5cae28\" data-block-id=\"d5cae28\"><p class=\"stk-block-text__text\">\u2022 Emiss\u00e3o de alertas e avisos<br>\u2022 Monitoramento de eventos naturais<br>\u2022 Evacua\u00e7\u00e3o de \u00e1reas de risco<\/p><\/div>\n<\/div><\/div><\/div>\n<\/details>\n\n\n\n<details class=\"wp-block-stackable-accordion stk-block-accordion stk-inner-blocks stk-block-content stk-block stk-052491a is-style-plain\" data-block-id=\"052491a\"><style>.stk-052491a {border-style:solid !important;border-color:#f1f1f1 !important;border-top-width:0px !important;border-right-width:0px !important;border-bottom-width:1px !important;border-left-width:0px !important;max-width:800px !important;min-width:auto !important;padding-bottom:24px !important;}<\/style>\n<summary class=\"wp-block-stackable-column stk-block-column stk-column stk-block stk-8e5eca5 stk--container-small stk-block-accordion__heading\" data-v=\"4\" data-block-id=\"8e5eca5\"><div class=\"stk-column-wrapper stk-block-column__content stk-container stk-8e5eca5-container stk--no-background stk--no-padding\"><div class=\"stk-block-content stk-inner-blocks stk-8e5eca5-inner-blocks\">\n<div class=\"wp-block-stackable-icon-label stk-block-icon-label stk-block stk-c0b6c79\" data-block-id=\"c0b6c79\"><div class=\"stk-row stk-inner-blocks stk-block-content\">\n<div class=\"wp-block-stackable-heading stk-block-heading stk-block-heading--v2 stk-block stk-7f41b67\" id=\"span-style-color-ec-7301-class-stk-highlight-acoes-de-span-style-color-ec-7301-class-stk-highlight-preparacao-span-span\" data-block-id=\"7f41b67\"><h4 class=\"stk-block-heading__text\"><span style=\"color: #ec7301\" class=\"stk-highlight\">A\u00e7\u00f5es de <span style=\"color: #ec7301\" class=\"stk-highlight\">prepara\u00e7\u00e3o<\/span><\/span><\/h4><\/div>\n\n\n\n<div class=\"wp-block-stackable-icon stk-block-icon stk-block stk-dd4e48e\" data-block-id=\"dd4e48e\"><span class=\"stk--svg-wrapper\"><div class=\"stk--inner-svg\"><svg style=\"height:0;width:0\"><defs><linearGradient id=\"linear-gradient-dd4e48e\" x1=\"0\" x2=\"100%\" y1=\"0\" y2=\"0\"><stop offset=\"0%\" style=\"stop-opacity:1;stop-color:var(--linear-gradient-dd-4-e-48-e-color-1)\"><\/stop><stop offset=\"100%\" style=\"stop-opacity:1;stop-color:var(--linear-gradient-dd-4-e-48-e-color-2)\"><\/stop><\/linearGradient><\/defs><\/svg><svg data-prefix=\"fas\" data-icon=\"chevron-down\" class=\"svg-inline--fa fa-chevron-down fa-w-14\" xmlns=\"http:\/\/www.w3.org\/2000\/svg\" viewBox=\"0 0 448 512\" aria-hidden=\"true\" width=\"32\" height=\"32\"><path fill=\"currentColor\" d=\"M207.029 381.476L12.686 187.132c-9.373-9.373-9.373-24.569 0-33.941l22.667-22.667c9.357-9.357 24.522-9.375 33.901-.04L224 284.505l154.745-154.021c9.379-9.335 24.544-9.317 33.901.04l22.667 22.667c9.373 9.373 9.373 24.569 0 33.941L240.971 381.476c-9.373 9.372-24.569 9.372-33.942 0z\"><\/path><\/svg><\/div><\/span><\/div>\n<\/div><\/div>\n<\/div><\/div><\/summary>\n\n\n\n<div class=\"wp-block-stackable-column stk-block-column stk-column stk-block stk-4774d6c stk-block-accordion__content\" data-v=\"4\" data-block-id=\"4774d6c\"><style>.stk-4774d6c-container{padding-top:0px !important;padding-right:0px !important;padding-bottom:0px !important;padding-left:0px !important;}<\/style><div class=\"stk-column-wrapper stk-block-column__content stk-container stk-4774d6c-container stk--no-background stk--no-padding\"><div class=\"stk-block-content stk-inner-blocks stk-4774d6c-inner-blocks\">\n<p>A\u00e7\u00f5es que buscam desenvolver capacidades necess\u00e1rias para o gerenciamento eficiente de todos os tipos de emerg\u00eancia e alcan\u00e7ar uma transi\u00e7\u00e3o ordenada entre as a\u00e7\u00f5es de Defesa Civil. A prepara\u00e7\u00e3o inclui, por exemplo:<\/p>\n\n\n\n<div class=\"wp-block-stackable-text stk-block-text stk-block stk-ef23f8e\" data-block-id=\"ef23f8e\"><p class=\"stk-block-text__text\">\u2022 Atividades de planejamento de conting\u00eancias<br>\u2022 Desenvolvimento de rotinas para a comunica\u00e7\u00e3o de riscos<br>\u2022 Capacita\u00e7\u00f5es, treinamentos e exerc\u00edcios simulados de campo.<\/p><\/div>\n<\/div><\/div><\/div>\n<\/details>\n\n\n\n<details class=\"wp-block-stackable-accordion stk-block-accordion stk-inner-blocks stk-block-content stk-block stk-edce3e2 is-style-plain\" data-block-id=\"edce3e2\"><style>.stk-edce3e2 {border-style:solid !important;border-color:#f1f1f1 !important;border-top-width:0px !important;border-right-width:0px !important;border-bottom-width:1px !important;border-left-width:0px !important;max-width:800px !important;min-width:auto !important;padding-bottom:24px !important;}<\/style>\n<summary class=\"wp-block-stackable-column stk-block-column stk-column stk-block stk-6aa8a47 stk--container-small stk-block-accordion__heading\" data-v=\"4\" data-block-id=\"6aa8a47\"><div class=\"stk-column-wrapper stk-block-column__content stk-container stk-6aa8a47-container stk--no-background stk--no-padding\"><div class=\"stk-block-content stk-inner-blocks stk-6aa8a47-inner-blocks\">\n<div class=\"wp-block-stackable-icon-label stk-block-icon-label stk-block stk-59cdd33\" data-block-id=\"59cdd33\"><div class=\"stk-row stk-inner-blocks stk-block-content\">\n<div class=\"wp-block-stackable-heading stk-block-heading stk-block-heading--v2 stk-block stk-3b5f7d3\" id=\"span-style-color-ec-7301-class-stk-highlight-acoes-de-resposta-span\" data-block-id=\"3b5f7d3\"><h4 class=\"stk-block-heading__text\"><span style=\"color: #ec7301\" class=\"stk-highlight\">A\u00e7\u00f5es de resposta<\/span><\/h4><\/div>\n\n\n\n<div class=\"wp-block-stackable-icon stk-block-icon stk-block stk-8a64351\" data-block-id=\"8a64351\"><span class=\"stk--svg-wrapper\"><div class=\"stk--inner-svg\"><svg style=\"height:0;width:0\"><defs><linearGradient id=\"linear-gradient-8a64351\" x1=\"0\" x2=\"100%\" y1=\"0\" y2=\"0\"><stop offset=\"0%\" style=\"stop-opacity:1;stop-color:var(--linear-gradient-8-a-64351-color-1)\"><\/stop><stop offset=\"100%\" style=\"stop-opacity:1;stop-color:var(--linear-gradient-8-a-64351-color-2)\"><\/stop><\/linearGradient><\/defs><\/svg><svg data-prefix=\"fas\" data-icon=\"chevron-down\" class=\"svg-inline--fa fa-chevron-down fa-w-14\" xmlns=\"http:\/\/www.w3.org\/2000\/svg\" viewBox=\"0 0 448 512\" aria-hidden=\"true\" width=\"32\" height=\"32\"><path fill=\"currentColor\" d=\"M207.029 381.476L12.686 187.132c-9.373-9.373-9.373-24.569 0-33.941l22.667-22.667c9.357-9.357 24.522-9.375 33.901-.04L224 284.505l154.745-154.021c9.379-9.335 24.544-9.317 33.901.04l22.667 22.667c9.373 9.373 9.373 24.569 0 33.941L240.971 381.476c-9.373 9.372-24.569 9.372-33.942 0z\"><\/path><\/svg><\/div><\/span><\/div>\n<\/div><\/div>\n<\/div><\/div><\/summary>\n\n\n\n<div class=\"wp-block-stackable-column stk-block-column stk-column stk-block stk-1369e61 stk-block-accordion__content\" data-v=\"4\" data-block-id=\"1369e61\"><style>.stk-1369e61-container{padding-top:0px !important;padding-right:0px !important;padding-bottom:0px !important;padding-left:0px !important;}<\/style><div class=\"stk-column-wrapper stk-block-column__content stk-container stk-1369e61-container stk--no-background stk--no-padding\"><div class=\"stk-block-content stk-inner-blocks stk-1369e61-inner-blocks\">\n<div class=\"wp-block-stackable-text stk-block-text stk-block stk-0878198\" data-block-id=\"0878198\"><p class=\"stk-block-text__text\">A\u00e7\u00f5es imediatas de resposta ao desastre para socorrer a popula\u00e7\u00e3o atingida:<\/p><\/div>\n\n\n\n<div class=\"wp-block-stackable-text stk-block-text stk-block stk-94bc755\" data-block-id=\"94bc755\"><p class=\"stk-block-text__text\">\u2022 Busca e salvamento;&nbsp;<br>\u2022 Primeiros socorros;<br>\u2022 Assist\u00eancia \u00e0 popula\u00e7\u00e3o;&nbsp;<br>\u2022 Fornecimento de materiais de primeira necessidade;<br>\u2022 Restabelecimento dos servi\u00e7os essenciais.<\/p><\/div>\n<\/div><\/div><\/div>\n<\/details>\n\n\n\n<details class=\"wp-block-stackable-accordion stk-block-accordion stk-inner-blocks stk-block-content stk-block stk-1cb1f67 is-style-plain\" data-block-id=\"1cb1f67\"><style>.stk-1cb1f67 {border-style:solid !important;border-color:#f1f1f1 !important;border-top-width:0px !important;border-right-width:0px !important;border-bottom-width:1px !important;border-left-width:0px !important;max-width:800px !important;min-width:auto !important;padding-bottom:24px !important;}<\/style>\n<summary class=\"wp-block-stackable-column stk-block-column stk-column stk-block stk-5a281d5 stk--container-small stk-block-accordion__heading\" data-v=\"4\" data-block-id=\"5a281d5\"><div class=\"stk-column-wrapper stk-block-column__content stk-container stk-5a281d5-container stk--no-background stk--no-padding\"><div class=\"stk-block-content stk-inner-blocks stk-5a281d5-inner-blocks\">\n<div class=\"wp-block-stackable-icon-label stk-block-icon-label stk-block stk-36b3c95\" data-block-id=\"36b3c95\"><div class=\"stk-row stk-inner-blocks stk-block-content\">\n<div class=\"wp-block-stackable-heading stk-block-heading stk-block-heading--v2 stk-block stk-9600128\" id=\"span-style-color-ec-7301-class-stk-highlight-acoes-de-recuperacao-span\" data-block-id=\"9600128\"><h4 class=\"stk-block-heading__text\"><span style=\"color: #ec7301\" class=\"stk-highlight\">A\u00e7\u00f5es de recupera\u00e7\u00e3o<\/span><\/h4><\/div>\n\n\n\n<div class=\"wp-block-stackable-icon stk-block-icon stk-block stk-c440c1e\" data-block-id=\"c440c1e\"><span class=\"stk--svg-wrapper\"><div class=\"stk--inner-svg\"><svg style=\"height:0;width:0\"><defs><linearGradient id=\"linear-gradient-c440c1e\" x1=\"0\" x2=\"100%\" y1=\"0\" y2=\"0\"><stop offset=\"0%\" style=\"stop-opacity:1;stop-color:var(--linear-gradient-c-440-c-1-e-color-1)\"><\/stop><stop offset=\"100%\" style=\"stop-opacity:1;stop-color:var(--linear-gradient-c-440-c-1-e-color-2)\"><\/stop><\/linearGradient><\/defs><\/svg><svg data-prefix=\"fas\" data-icon=\"chevron-down\" class=\"svg-inline--fa fa-chevron-down fa-w-14\" xmlns=\"http:\/\/www.w3.org\/2000\/svg\" viewBox=\"0 0 448 512\" aria-hidden=\"true\" width=\"32\" height=\"32\"><path fill=\"currentColor\" d=\"M207.029 381.476L12.686 187.132c-9.373-9.373-9.373-24.569 0-33.941l22.667-22.667c9.357-9.357 24.522-9.375 33.901-.04L224 284.505l154.745-154.021c9.379-9.335 24.544-9.317 33.901.04l22.667 22.667c9.373 9.373 9.373 24.569 0 33.941L240.971 381.476c-9.373 9.372-24.569 9.372-33.942 0z\"><\/path><\/svg><\/div><\/span><\/div>\n<\/div><\/div>\n<\/div><\/div><\/summary>\n\n\n\n<div class=\"wp-block-stackable-column stk-block-column stk-column stk-block stk-69fbcb7 stk-block-accordion__content\" data-v=\"4\" data-block-id=\"69fbcb7\"><style>.stk-69fbcb7-container{padding-top:0px !important;padding-right:0px !important;padding-bottom:0px !important;padding-left:0px !important;}<\/style><div class=\"stk-column-wrapper stk-block-column__content stk-container stk-69fbcb7-container stk--no-background stk--no-padding\"><div class=\"stk-block-content stk-inner-blocks stk-69fbcb7-inner-blocks\">\n<div class=\"wp-block-stackable-text stk-block-text stk-block stk-2ec6a9e\" data-block-id=\"2ec6a9e\"><p class=\"stk-block-text__text\">S\u00e3o a\u00e7\u00f5es de car\u00e1ter definitivo destinadas a restabelecer o cen\u00e1rio destru\u00eddo pelo desastre. T\u00eam por finalidade restabelecer a normalidade social por meio da reconstru\u00e7\u00e3o ou recupera\u00e7\u00e3o de obras de infraestrutura danificadas ou destru\u00eddas, com foco primordial na redu\u00e7\u00e3o de riscos.<\/p><\/div>\n<\/div><\/div><\/div>\n<\/details>\n\n\n\n<div style=\"height:45px\" aria-hidden=\"true\" class=\"wp-block-spacer\"><\/div>\n\n\n\n<h3 class=\"wp-block-heading\"><span style=\"color: #ec7301\" class=\"stk-highlight\">Pol\u00edtica Nacional de Prote\u00e7\u00e3o e Defesa Civil<\/span><\/h3>\n\n\n\n<div style=\"height:24px\" aria-hidden=\"true\" class=\"wp-block-spacer\"><\/div>\n\n\n\n<h4 class=\"wp-block-heading\">Diretrizes:<\/h4>\n\n\n\n<p>I \u2013 atua\u00e7\u00e3o articulada entre a Uni\u00e3o, os Estados, o Distrito Federal e os Munic\u00edpios para redu\u00e7\u00e3o de desastres e apoio \u00e0s comunidades atingidas;&nbsp;<\/p>\n\n\n\n<p>II \u2013 abordagem sist\u00eamica das a\u00e7\u00f5es de preven\u00e7\u00e3o, mitiga\u00e7\u00e3o, prepara\u00e7\u00e3o, resposta e recupera\u00e7\u00e3o;&nbsp;<\/p>\n\n\n\n<p>III \u2013 a prioridade \u00e0s a\u00e7\u00f5es preventivas relacionadas \u00e0 minimiza\u00e7\u00e3o de desastres;&nbsp;<\/p>\n\n\n\n<p>IV \u2013 ado\u00e7\u00e3o da bacia hidrogr\u00e1fica como unidade de an\u00e1lise das a\u00e7\u00f5es de preven\u00e7\u00e3o de desastres relacionados a corpos d\u2019\u00e1gua;&nbsp;<\/p>\n\n\n\n<p>V \u2013 planejamento com base em pesquisas e estudos sobre \u00e1reas de risco e incid\u00eancia de desastres no territ\u00f3rio nacional;&nbsp;<\/p>\n\n\n\n<p>VI \u2013 participa\u00e7\u00e3o da sociedade civil.&nbsp;<\/p>\n\n\n\n<div style=\"height:40px\" aria-hidden=\"true\" class=\"wp-block-spacer\"><\/div>\n\n\n\n<h4 class=\"wp-block-heading\">Objetivos:<\/h4>\n\n\n\n<p>I \u2013 reduzir os riscos de desastres;&nbsp;<\/p>\n\n\n\n<p>II \u2013 prestar socorro e assist\u00eancia \u00e0s popula\u00e7\u00f5es atingidas por desastres;&nbsp;<\/p>\n\n\n\n<p>III \u2013 recuperar as \u00e1reas afetadas por desastres;&nbsp;<\/p>\n\n\n\n<p>IV \u2013 incorporar a redu\u00e7\u00e3o do risco de desastre e as a\u00e7\u00f5es de prote\u00e7\u00e3o e defesa civil entre os elementos da gest\u00e3o territorial e do planejamento das pol\u00edticas setoriais;&nbsp;<\/p>\n\n\n\n<p>V \u2013 promover a continuidade das a\u00e7\u00f5es de prote\u00e7\u00e3o e defesa civil;&nbsp;<\/p>\n\n\n\n<p>VI \u2013 estimular o desenvolvimento de cidades resilientes e os processos sustent\u00e1veis de urbaniza\u00e7\u00e3o;<\/p>\n\n\n\n<p>&nbsp;VII \u2013 promover a identifica\u00e7\u00e3o e avalia\u00e7\u00e3o das amea\u00e7as, suscetibilidades e vulnerabilidades a desastres, de modo a evitar ou reduzir sua ocorr\u00eancia;<\/p>\n\n\n\n<p>&nbsp;VIII \u2013 monitorar os eventos meteorol\u00f3gicos, hidrol\u00f3gicos, geol\u00f3gicos, biol\u00f3gicos, nucleares, qu\u00edmicos e outros potencialmente causadores de desastres;<\/p>\n\n\n\n<p>&nbsp;IX \u2013 produzir alertas antecipados sobre a possibilidade de ocorr\u00eancia de desastres naturais;<\/p>\n\n\n\n<p>&nbsp;X \u2013 estimular o ordenamento da ocupa\u00e7\u00e3o do solo urbano e rural, tendo em vista sua conserva\u00e7\u00e3o e a prote\u00e7\u00e3o da vegeta\u00e7\u00e3o nativa, dos recursos h\u00eddricos e da vida humana;<\/p>\n\n\n\n<p>&nbsp;XI \u2013 combater a ocupa\u00e7\u00e3o de \u00e1reas ambientalmente vulner\u00e1veis e de risco e promover a realoca\u00e7\u00e3o da popula\u00e7\u00e3o residente nessas \u00e1reas;<\/p>\n\n\n\n<p>&nbsp;XII \u2013 estimular iniciativas que resultem na destina\u00e7\u00e3o de moradia em local seguro;<\/p>\n\n\n\n<p>&nbsp;XIII \u2013 desenvolver consci\u00eancia nacional acerca dos riscos de desastre;<\/p>\n\n\n\n<p>&nbsp;XIV \u2013 orientar as comunidades a adotar comportamentos adequados de preven\u00e7\u00e3o e de resposta em situa\u00e7\u00e3o de desastre e promover a autoprote\u00e7\u00e3o; e<\/p>\n\n\n\n<p>&nbsp;XV \u2013 integrar informa\u00e7\u00f5es em sistema capaz de subsidiar os \u00f3rg\u00e3os do SINPDEC na previs\u00e3o e no controle dos efeitos negativos de eventos adversos sobre a popula\u00e7\u00e3o, os bens e servi\u00e7os e o meio ambiente.<\/p>\n\n\n\n<p><a href=\"https:\/\/legislacao.presidencia.gov.br\/atos\/?tipo=LEI&amp;numero=12608&amp;ano=2012&amp;ato=cf8ETRU1kMVpWT18a\" target=\"_blank\" rel=\"noreferrer noopener\">Lei n\u00ba 12.608\/2012<\/a><\/p>\n\n\n\n<div style=\"height:100px\" aria-hidden=\"true\" class=\"wp-block-spacer\"><\/div>\n\n\n\n<p><\/p>\n","protected":false},"excerpt":{"rendered":"<p>Quem somos O&nbsp;Departamento de Prote\u00e7\u00e3o e Defesa Civil&nbsp;\u00e9 respons\u00e1vel pelo conjunto de a\u00e7\u00f5es de preven\u00e7\u00e3o, mitiga\u00e7\u00e3o, prepara\u00e7\u00e3o, resposta e recupera\u00e7\u00e3o, destinadas a evitar desastres ou minimizar seus impactos para a popula\u00e7\u00e3o e a restabelecer a normalidade social. Tem o objetivo de reduzir os riscos e os danos sofridos pela popula\u00e7\u00e3o em caso de desastres.&nbsp;&nbsp; Atua [&hellip;]<\/p>\n","protected":false},"author":2,"featured_media":0,"parent":0,"menu_order":0,"comment_status":"closed","ping_status":"closed","template":"","meta":{"footnotes":""},"class_list":["post-1117","page","type-page","status-publish","hentry"],"_links":{"self":[{"href":"https:\/\/portais.santoandre.sp.gov.br\/defesacivil\/wp-json\/wp\/v2\/pages\/1117","targetHints":{"allow":["GET"]}}],"collection":[{"href":"https:\/\/portais.santoandre.sp.gov.br\/defesacivil\/wp-json\/wp\/v2\/pages"}],"about":[{"href":"https:\/\/portais.santoandre.sp.gov.br\/defesacivil\/wp-json\/wp\/v2\/types\/page"}],"author":[{"embeddable":true,"href":"https:\/\/portais.santoandre.sp.gov.br\/defesacivil\/wp-json\/wp\/v2\/users\/2"}],"replies":[{"embeddable":true,"href":"https:\/\/portais.santoandre.sp.gov.br\/defesacivil\/wp-json\/wp\/v2\/comments?post=1117"}],"version-history":[{"count":23,"href":"https:\/\/portais.santoandre.sp.gov.br\/defesacivil\/wp-json\/wp\/v2\/pages\/1117\/revisions"}],"predecessor-version":[{"id":4669,"href":"https:\/\/portais.santoandre.sp.gov.br\/defesacivil\/wp-json\/wp\/v2\/pages\/1117\/revisions\/4669"}],"wp:attachment":[{"href":"https:\/\/portais.santoandre.sp.gov.br\/defesacivil\/wp-json\/wp\/v2\/media?parent=1117"}],"curies":[{"name":"wp","href":"https:\/\/api.w.org\/{rel}","templated":true}]}}