{"id":88,"date":"2025-04-16T16:55:10","date_gmt":"2025-04-16T19:55:10","guid":{"rendered":"https:\/\/portais.santoandre.sp.gov.br\/casadotrabalhador\/?page_id=88"},"modified":"2026-04-15T11:22:27","modified_gmt":"2026-04-15T14:22:27","slug":"observatorio-do-trabalho-2","status":"publish","type":"page","link":"https:\/\/portais.santoandre.sp.gov.br\/casadotrabalhador\/observatorio-do-trabalho-2\/","title":{"rendered":"Observat\u00f3rio do Trabalho"},"content":{"rendered":"\t\t<div data-elementor-type=\"wp-page\" data-elementor-id=\"88\" class=\"elementor elementor-88\" data-elementor-post-type=\"page\">\n\t\t\t\t<div class=\"elementor-element elementor-element-2302d2d e-con-full e-flex e-con e-parent\" data-id=\"2302d2d\" data-element_type=\"container\" data-e-type=\"container\">\n\t\t\t\t<div class=\"elementor-element elementor-element-f3a5ea8 elementor-widget__width-initial elementor-widget elementor-widget-image\" data-id=\"f3a5ea8\" data-element_type=\"widget\" data-e-type=\"widget\" data-widget_type=\"image.default\">\n\t\t\t\t<div class=\"elementor-widget-container\">\n\t\t\t\t\t\t\t\t\t\t\t\t\t\t\t<img loading=\"lazy\" decoding=\"async\" width=\"1024\" height=\"641\" src=\"https:\/\/portais.santoandre.sp.gov.br\/casadotrabalhador\/wp-content\/uploads\/sites\/33\/2025\/04\/Observatorio-do-Trabalho-1-1024x641.png\" class=\"attachment-large size-large wp-image-498\" alt=\"\" srcset=\"https:\/\/portais.santoandre.sp.gov.br\/casadotrabalhador\/wp-content\/uploads\/sites\/33\/2025\/04\/Observatorio-do-Trabalho-1-1024x641.png 1024w, https:\/\/portais.santoandre.sp.gov.br\/casadotrabalhador\/wp-content\/uploads\/sites\/33\/2025\/04\/Observatorio-do-Trabalho-1-300x188.png 300w, https:\/\/portais.santoandre.sp.gov.br\/casadotrabalhador\/wp-content\/uploads\/sites\/33\/2025\/04\/Observatorio-do-Trabalho-1-768x481.png 768w, https:\/\/portais.santoandre.sp.gov.br\/casadotrabalhador\/wp-content\/uploads\/sites\/33\/2025\/04\/Observatorio-do-Trabalho-1-1536x961.png 1536w, https:\/\/portais.santoandre.sp.gov.br\/casadotrabalhador\/wp-content\/uploads\/sites\/33\/2025\/04\/Observatorio-do-Trabalho-1-2048x1282.png 2048w\" sizes=\"auto, (max-width: 1024px) 100vw, 1024px\" \/>\t\t\t\t\t\t\t\t\t\t\t\t\t\t\t<\/div>\n\t\t\t\t<\/div>\n\t\t\t\t<\/div>\n\t\t<div class=\"elementor-element elementor-element-c61a375 e-flex e-con-boxed e-con e-parent\" data-id=\"c61a375\" data-element_type=\"container\" data-e-type=\"container\">\n\t\t\t\t\t<div class=\"e-con-inner\">\n\t\t\t\t<div class=\"elementor-element elementor-element-7e11994 elementor-widget elementor-widget-spacer\" data-id=\"7e11994\" data-element_type=\"widget\" data-e-type=\"widget\" data-widget_type=\"spacer.default\">\n\t\t\t\t<div class=\"elementor-widget-container\">\n\t\t\t\t\t\t\t<div class=\"elementor-spacer\">\n\t\t\t<div class=\"elementor-spacer-inner\"><\/div>\n\t\t<\/div>\n\t\t\t\t\t\t<\/div>\n\t\t\t\t<\/div>\n\t\t\t\t<div class=\"elementor-element elementor-element-20bc2616 elementor-widget elementor-widget-text-editor\" data-id=\"20bc2616\" data-element_type=\"widget\" data-e-type=\"widget\" data-widget_type=\"text-editor.default\">\n\t\t\t\t<div class=\"elementor-widget-container\">\n\t\t\t\t\t\t\t\t\t\n<p class=\"\" data-start=\"154\" data-end=\"517\">O Observat\u00f3rio do Trabalho de Santo Andr\u00e9 \u00e9 uma iniciativa voltada \u00e0 produ\u00e7\u00e3o, sistematiza\u00e7\u00e3o e divulga\u00e7\u00e3o de informa\u00e7\u00f5es sobre o mercado de trabalho local. A miss\u00e3o \u00e9 apoiar o planejamento de pol\u00edticas p\u00fablicas por meio de dados qualificados e an\u00e1lises atualizadas.<\/p>\n<p class=\"\" data-start=\"154\" data-end=\"517\">A a\u00e7\u00e3o \u00e9 fruto de uma parceria entre a Prefeitura de Santo Andr\u00e9, por meio do CPETR (Centro P\u00fablico de Emprego, Trabalho e Renda), da Secretaria de Desenvolvimento Econ\u00f4mico e Gera\u00e7\u00e3o de Emprego, da Ger\u00eancia de Indicadores Sociais e Econ\u00f4micos (GISE), da Secretaria de Governo, Or\u00e7amento e Planejamento Estrat\u00e9gico, e o Governo Federal.<\/p>\n<p class=\"\" data-start=\"519\" data-end=\"864\">Por meio de fontes como o SINE, CAGED, RAIS e a PNAD Cont\u00ednua, o Observat\u00f3rio oferece uma vis\u00e3o abrangente sobre o emprego no munic\u00edpio e na Regi\u00e3o Metropolitana de S\u00e3o Paulo. As informa\u00e7\u00f5es coletadas e analisadas ajudam a compreender as din\u00e2micas do mercado, os desafios enfrentados pela for\u00e7a de trabalho e as oportunidades de desenvolvimento.<\/p>\n<p class=\"\" data-start=\"866\" data-end=\"1212\">Entre as a\u00e7\u00f5es do Observat\u00f3rio, destaca-se o Boletim do Trabalho \u2014 uma publica\u00e7\u00e3o peri\u00f3dica que re\u00fane indicadores essenciais e an\u00e1lises sobre o cen\u00e1rio do emprego em Santo Andr\u00e9. O boletim \u00e9 uma ferramenta estrat\u00e9gica para quem acompanha as transforma\u00e7\u00f5es no mundo do trabalho e busca embasamento para decis\u00f5es e pol\u00edticas p\u00fablicas mais eficazes.<\/p>\n\t\t\t\t\t\t\t\t<\/div>\n\t\t\t\t<\/div>\n\t\t\t\t\t<\/div>\n\t\t\t\t<\/div>\n\t\t<div class=\"elementor-element elementor-element-5055189 e-flex e-con-boxed e-con e-parent\" data-id=\"5055189\" data-element_type=\"container\" data-e-type=\"container\">\n\t\t\t\t\t<div class=\"e-con-inner\">\n\t\t\t\t<div class=\"elementor-element elementor-element-ad72e0f elementor-widget elementor-widget-heading\" data-id=\"ad72e0f\" data-element_type=\"widget\" data-e-type=\"widget\" data-widget_type=\"heading.default\">\n\t\t\t\t<div class=\"elementor-widget-container\">\n\t\t\t\t\t<h2 class=\"elementor-heading-title elementor-size-default\">Planejamento Integrado Qualifica\u00e7\u00e3o Profissional \u2013 2026<\/h2>\t\t\t\t<\/div>\n\t\t\t\t<\/div>\n\t\t\t\t\t<\/div>\n\t\t\t\t<\/div>\n\t\t<div class=\"elementor-element elementor-element-b1ce2ea e-flex e-con-boxed e-con e-parent\" data-id=\"b1ce2ea\" data-element_type=\"container\" data-e-type=\"container\">\n\t\t\t\t\t<div class=\"e-con-inner\">\n\t\t\t\t<div class=\"elementor-element elementor-element-2ce3c06 elementor-widget elementor-widget-spacer\" data-id=\"2ce3c06\" data-element_type=\"widget\" data-e-type=\"widget\" data-widget_type=\"spacer.default\">\n\t\t\t\t<div class=\"elementor-widget-container\">\n\t\t\t\t\t\t\t<div class=\"elementor-spacer\">\n\t\t\t<div class=\"elementor-spacer-inner\"><\/div>\n\t\t<\/div>\n\t\t\t\t\t\t<\/div>\n\t\t\t\t<\/div>\n\t\t\t\t<div class=\"elementor-element elementor-element-bd583a8 elementor-widget elementor-widget-text-editor\" data-id=\"bd583a8\" data-element_type=\"widget\" data-e-type=\"widget\" data-widget_type=\"text-editor.default\">\n\t\t\t\t<div class=\"elementor-widget-container\">\n\t\t\t\t\t\t\t\t\t<ul>\n<li><a href=\"https:\/\/portais.santoandre.sp.gov.br\/casadotrabalhador\/wp-content\/uploads\/sites\/33\/2026\/04\/Planejamento-Integrado-Pactuado-CMDE-2026.pdf\"><b>Planejamento Integrado<\/b> &#8211; Pactuado CMDE 2026<\/a><\/li>\n<li><a href=\"https:\/\/portais.santoandre.sp.gov.br\/casadotrabalhador\/wp-content\/uploads\/sites\/33\/2026\/04\/Ocupacoes-com-maior-demanda-para-direcionamento-de-qualificacao.pdf\"><b>Ocupa\u00e7\u00f5es com maior demanda para direcionamento de qualifica\u00e7\u00e3o<\/b><\/a><\/li>\n<\/ul>\t\t\t\t\t\t\t\t<\/div>\n\t\t\t\t<\/div>\n\t\t\t\t\t<\/div>\n\t\t\t\t<\/div>\n\t\t<div class=\"elementor-element elementor-element-f3c2ade e-flex e-con-boxed e-con e-parent\" data-id=\"f3c2ade\" data-element_type=\"container\" data-e-type=\"container\">\n\t\t\t\t\t<div class=\"e-con-inner\">\n\t\t\t\t<div class=\"elementor-element elementor-element-127a851 elementor-widget elementor-widget-heading\" data-id=\"127a851\" data-element_type=\"widget\" data-e-type=\"widget\" data-widget_type=\"heading.default\">\n\t\t\t\t<div class=\"elementor-widget-container\">\n\t\t\t\t\t<h2 class=\"elementor-heading-title elementor-size-default\">Boletim do Trabalho:<\/h2>\t\t\t\t<\/div>\n\t\t\t\t<\/div>\n\t\t\t\t\t<\/div>\n\t\t\t\t<\/div>\n\t\t<div class=\"elementor-element elementor-element-1125024 e-flex e-con-boxed e-con e-parent\" data-id=\"1125024\" data-element_type=\"container\" data-e-type=\"container\">\n\t\t\t\t\t<div class=\"e-con-inner\">\n\t\t\t\t<div class=\"elementor-element elementor-element-795013e elementor-widget elementor-widget-spacer\" data-id=\"795013e\" data-element_type=\"widget\" data-e-type=\"widget\" data-widget_type=\"spacer.default\">\n\t\t\t\t<div class=\"elementor-widget-container\">\n\t\t\t\t\t\t\t<div class=\"elementor-spacer\">\n\t\t\t<div class=\"elementor-spacer-inner\"><\/div>\n\t\t<\/div>\n\t\t\t\t\t\t<\/div>\n\t\t\t\t<\/div>\n\t\t\t\t<div class=\"elementor-element elementor-element-d7de28d elementor-widget elementor-widget-text-editor\" data-id=\"d7de28d\" data-element_type=\"widget\" data-e-type=\"widget\" data-widget_type=\"text-editor.default\">\n\t\t\t\t<div class=\"elementor-widget-container\">\n\t\t\t\t\t\t\t\t\t<h4>2026<\/h4>\n<ul>\n<li><a href=\"https:\/\/portais.santoandre.sp.gov.br\/casadotrabalhador\/wp-content\/uploads\/sites\/33\/2026\/04\/Boletim-do-Mercado-de-Trabalho-SA_Edicao-marco-2026.pdf\"><strong>Mar\u00e7o:<\/strong> Mercado de Trabalho Santo Andr\u00e9<\/a><\/li>\n<\/ul>\n<h4>\u00a0<\/h4>\n<h4>2025<br \/><br \/><\/h4>\n<ul>\n<li><a href=\"https:\/\/portais.santoandre.sp.gov.br\/casadotrabalhador\/wp-content\/uploads\/sites\/33\/2025\/06\/Boletim-do-Mercado-de-Trabalho-SA-Edicao-Maio-2025-v2.pdf\"><strong>Maio<\/strong>: Mercado de Trabalho Santo Andr\u00e9<\/a><\/li>\n<li><a href=\"https:\/\/portais.santoandre.sp.gov.br\/casadotrabalhador\/wp-content\/uploads\/sites\/33\/2025\/09\/Boletim-do-Mercado-de-Trabalho-SA-Edicao-09_2025.pdf\"><strong>Setembro<\/strong>: Mercado de Trabalho Santo Andr\u00e9<\/a><\/li>\n<\/ul>\n<h4><br \/>2024<br \/><br \/><\/h4>\n<ul>\n<li><a href=\"https:\/\/portais.santoandre.sp.gov.br\/casadotrabalhador\/wp-content\/uploads\/sites\/33\/2025\/04\/Boletim-Mercado-de-Trabalho-Santo-Andre-1ed.pdf\"><strong>Junho<\/strong>: Mercado de Trabalho Santo Andr\u00e9<\/a><\/li>\n<li><a href=\"https:\/\/portais.santoandre.sp.gov.br\/casadotrabalhador\/wp-content\/uploads\/sites\/33\/2025\/04\/Boletim-Mercado-de-Trabalho-Santo-Andre-2ed.pdf\"><strong>Agosto<\/strong>: Mercado de Trabalho Santo Andr\u00e9<\/a><\/li>\n<li><a href=\"https:\/\/portais.santoandre.sp.gov.br\/casadotrabalhador\/wp-content\/uploads\/sites\/33\/2025\/04\/Boletim-do-Mercado-de-Trabalho-Santo-Andre-3ed.pdf\"><strong>Novembro<\/strong>: Mercado de Trabalho Santo Andr\u00e9<\/a><\/li>\n<\/ul>\t\t\t\t\t\t\t\t<\/div>\n\t\t\t\t<\/div>\n\t\t\t\t\t<\/div>\n\t\t\t\t<\/div>\n\t\t\t\t<\/div>\n\t\t","protected":false},"excerpt":{"rendered":"<p>O Observat\u00f3rio do Trabalho de Santo Andr\u00e9 \u00e9 uma iniciativa voltada \u00e0 produ\u00e7\u00e3o, sistematiza\u00e7\u00e3o e divulga\u00e7\u00e3o de informa\u00e7\u00f5es sobre o mercado de trabalho local. A miss\u00e3o \u00e9 apoiar o planejamento de pol\u00edticas p\u00fablicas por meio de dados qualificados e an\u00e1lises atualizadas. A a\u00e7\u00e3o \u00e9 fruto de uma parceria entre a Prefeitura de Santo Andr\u00e9, por [&hellip;]<\/p>\n","protected":false},"author":82,"featured_media":0,"parent":0,"menu_order":0,"comment_status":"closed","ping_status":"closed","template":"","meta":{"footnotes":""},"class_list":["post-88","page","type-page","status-publish","hentry"],"_links":{"self":[{"href":"https:\/\/portais.santoandre.sp.gov.br\/casadotrabalhador\/wp-json\/wp\/v2\/pages\/88","targetHints":{"allow":["GET"]}}],"collection":[{"href":"https:\/\/portais.santoandre.sp.gov.br\/casadotrabalhador\/wp-json\/wp\/v2\/pages"}],"about":[{"href":"https:\/\/portais.santoandre.sp.gov.br\/casadotrabalhador\/wp-json\/wp\/v2\/types\/page"}],"author":[{"embeddable":true,"href":"https:\/\/portais.santoandre.sp.gov.br\/casadotrabalhador\/wp-json\/wp\/v2\/users\/82"}],"replies":[{"embeddable":true,"href":"https:\/\/portais.santoandre.sp.gov.br\/casadotrabalhador\/wp-json\/wp\/v2\/comments?post=88"}],"version-history":[{"count":41,"href":"https:\/\/portais.santoandre.sp.gov.br\/casadotrabalhador\/wp-json\/wp\/v2\/pages\/88\/revisions"}],"predecessor-version":[{"id":4858,"href":"https:\/\/portais.santoandre.sp.gov.br\/casadotrabalhador\/wp-json\/wp\/v2\/pages\/88\/revisions\/4858"}],"wp:attachment":[{"href":"https:\/\/portais.santoandre.sp.gov.br\/casadotrabalhador\/wp-json\/wp\/v2\/media?parent=88"}],"curies":[{"name":"wp","href":"https:\/\/api.w.org\/{rel}","templated":true}]}}