{"id":78,"date":"2025-04-16T16:53:36","date_gmt":"2025-04-16T19:53:36","guid":{"rendered":"https:\/\/portais.santoandre.sp.gov.br\/casadotrabalhador\/?page_id=78"},"modified":"2025-12-03T11:25:01","modified_gmt":"2025-12-03T14:25:01","slug":"seguro-desemprego","status":"publish","type":"page","link":"https:\/\/portais.santoandre.sp.gov.br\/casadotrabalhador\/seguro-desemprego\/","title":{"rendered":"Seguro Desemprego"},"content":{"rendered":"\t\t<div data-elementor-type=\"wp-page\" data-elementor-id=\"78\" class=\"elementor elementor-78\" data-elementor-post-type=\"page\">\n\t\t\t\t<div class=\"elementor-element elementor-element-19d4144 e-flex e-con-boxed e-con e-parent\" data-id=\"19d4144\" data-element_type=\"container\" data-e-type=\"container\">\n\t\t\t\t\t<div class=\"e-con-inner\">\n\t\t\t\t<div class=\"elementor-element elementor-element-5b96770 elementor-widget elementor-widget-image\" data-id=\"5b96770\" data-element_type=\"widget\" data-e-type=\"widget\" data-widget_type=\"image.default\">\n\t\t\t\t<div class=\"elementor-widget-container\">\n\t\t\t\t\t\t\t\t\t\t\t\t\t\t\t<img loading=\"lazy\" decoding=\"async\" width=\"1024\" height=\"360\" src=\"https:\/\/portais.santoandre.sp.gov.br\/casadotrabalhador\/wp-content\/uploads\/sites\/33\/2025\/04\/Casa-Topo-Seguro-1024x360.png\" class=\"attachment-large size-large wp-image-542\" alt=\"\" srcset=\"https:\/\/portais.santoandre.sp.gov.br\/casadotrabalhador\/wp-content\/uploads\/sites\/33\/2025\/04\/Casa-Topo-Seguro-1024x360.png 1024w, https:\/\/portais.santoandre.sp.gov.br\/casadotrabalhador\/wp-content\/uploads\/sites\/33\/2025\/04\/Casa-Topo-Seguro-300x105.png 300w, https:\/\/portais.santoandre.sp.gov.br\/casadotrabalhador\/wp-content\/uploads\/sites\/33\/2025\/04\/Casa-Topo-Seguro-768x270.png 768w, https:\/\/portais.santoandre.sp.gov.br\/casadotrabalhador\/wp-content\/uploads\/sites\/33\/2025\/04\/Casa-Topo-Seguro-1536x540.png 1536w, https:\/\/portais.santoandre.sp.gov.br\/casadotrabalhador\/wp-content\/uploads\/sites\/33\/2025\/04\/Casa-Topo-Seguro.png 1863w\" sizes=\"auto, (max-width: 1024px) 100vw, 1024px\" \/>\t\t\t\t\t\t\t\t\t\t\t\t\t\t\t<\/div>\n\t\t\t\t<\/div>\n\t\t\t\t\t<\/div>\n\t\t\t\t<\/div>\n\t\t<div class=\"elementor-element elementor-element-fffc062 e-flex e-con-boxed e-con e-parent\" data-id=\"fffc062\" data-element_type=\"container\" data-e-type=\"container\">\n\t\t\t\t\t<div class=\"e-con-inner\">\n\t\t\t\t<div class=\"elementor-element elementor-element-fd24953 elementor-widget elementor-widget-text-editor\" data-id=\"fd24953\" data-element_type=\"widget\" data-e-type=\"widget\" data-widget_type=\"text-editor.default\">\n\t\t\t\t<div class=\"elementor-widget-container\">\n\t\t\t\t\t\t\t\t\t<div>\n<figure><strong>Solicita\u00e7\u00e3o de seguro desemprego de forma 100% digital<\/strong><\/figure>\n<\/div>\n<p><!-- \/wp:paragraph --><!-- wp:paragraph --><\/p>\n<p><!-- \/wp:paragraph --><!-- wp:paragraph --><\/p>\n<p>O Seguro Desemprego \u00e9 um benef\u00edcio com a finalidade de garantir assist\u00eancia financeira tempor\u00e1ria ao trabalhador dispensado involuntariamente (sem justa causa).<\/p>\n<p><!-- \/wp:paragraph --><!-- wp:paragraph --><\/p>\n<p>Canais de atendimento:<\/p>\n<p><!-- \/wp:paragraph --><!-- wp:list --><\/p>\n<ul>\n<li>Por meio do atendimento presencial\u00a0 no Centro P\u00fablico de Emprego Trabalho e Renda- CPETR- Pra\u00e7a IV Centen\u00e1rio, T\u00e9rreo I. Necess\u00e1rio realizar agendamento no <a href=\"https:\/\/www.santoandre.sp.gov.br\/PortalServico\/default.aspx\">Portal de Servi\u00e7os<\/a>. D\u00favidas e orienta\u00e7\u00f5es pelo telefone 0800 019 19 44 ou 156.<\/li>\n<\/ul>\n<p><!-- \/wp:list --><!-- wp:list --><\/p>\n<ul>\n<li>Pela Web &#8211; <a href=\"https:\/\/servicos.mte.gov.br\/\">Portal Gov.Br<\/a><\/li>\n<li>Pelo Aplicativo da Carteira de Trabalho Digital &#8211; <a href=\"https:\/\/apps.apple.com\/br\/app\/carteira-de-trabalho-digital\/id1295257499\">IOS<\/a> e <a href=\"https:\/\/play.google.com\/store\/apps\/details?id=br.gov.dataprev.carteiradigital&amp;hl=pt_BR\">Android<\/a><\/li>\n<li>Tamb\u00e9m \u00e9 poss\u00edvel cadastrar RECURSO do Seguro Desemprego pelos meios online e presencialmente com hor\u00e1rio agendado no Portal de Servi\u00e7os.<\/li>\n<\/ul>\n<p><!-- \/wp:list --><!-- wp:paragraph --><\/p>\n<p><strong>Confira o tutorial de como solicitar o Seguro Desemprego:\u00a0<\/strong><br \/><a href=\"https:\/\/www.youtube.com\/watch?v=w-PCmtGq_HI\">https:\/\/www.youtube.com\/watch?v=w-PCmtGq_HI<\/a><\/p>\n<p><!-- \/wp:paragraph --><!-- wp:paragraph --><\/p>\n<p><!-- \/wp:paragraph --><!-- wp:paragraph --><\/p>\n<p><strong>Requisitos, documentos e outras informa\u00e7\u00f5es<\/strong><\/p>\n<p><!-- \/wp:paragraph --><!-- wp:paragraph --><\/p>\n<p>Para atendimento presencial no CPETR, o trabalhador deve apresentar os seguintes documentos:<\/p>\n<p><!-- \/wp:paragraph --><!-- wp:list --><\/p>\n<ul>\n<li>\n<p><strong>FORMAL \u2013 Demitido da empresa sem justa causa<\/strong><strong><br \/><\/strong><br \/>Documentos :<\/p>\n<p>\u2022 RG, CPF ou CNH (original);<br \/>\u2022 Requerimento do Seguro Desemprego e Comunicado de Dispensa;<br \/>\u2022 Rescis\u00e3o Contratual e Termo de Quita\u00e7\u00e3o;<br \/>\u2022 Dados banc\u00e1rios (apenas informar).<\/p>\n<p>* Prazo para entrada: De 7 at\u00e9 120 dias a partir da data do desligamento.<\/p>\n<\/li>\n<li>\n<p><strong>E-SOCIAL \u2013 Empregado Dom\u00e9stico<\/strong><strong><br \/><\/strong><br \/>Documentos :<\/p>\n<p>\u2022 RG, CPF ou CNH (original);<br \/>\u2022 Rescis\u00e3o Contratual e Termo de Quita\u00e7\u00e3o;<br \/>\u2022 \u00a0Dados banc\u00e1rios (apenas informar).<\/p>\n<p>* Prazo para entrada: De 7 at\u00e9 90 dias a partir da data do desligamento.<\/p>\n<p>\u00a0<\/p>\n<ul>\n<li><strong>ATA OU ALVAR\u00c1 \u2013 Judicial<\/strong><\/li>\n<\/ul>\n<p>Documentos obrigat\u00f3rios: (originais e c\u00f3pias simples)<\/p>\n<p>\u2022\u00a0Ata ou alvar\u00e1;<br \/>\u2022 \u00a0RG, CPF ou CNH;<br \/>\u2022 \u00a0Dados banc\u00e1rios (apenas informar).<\/p>\n<\/li>\n<\/ul>\n<p><!-- \/wp:paragraph --><\/p>\t\t\t\t\t\t\t\t<\/div>\n\t\t\t\t<\/div>\n\t\t\t\t\t<\/div>\n\t\t\t\t<\/div>\n\t\t\t\t<\/div>\n\t\t","protected":false},"excerpt":{"rendered":"<p>Solicita\u00e7\u00e3o de seguro desemprego de forma 100% digital O Seguro Desemprego \u00e9 um benef\u00edcio com a finalidade de garantir assist\u00eancia financeira tempor\u00e1ria ao trabalhador dispensado involuntariamente (sem justa causa). Canais de atendimento: Por meio do atendimento presencial\u00a0 no Centro P\u00fablico de Emprego Trabalho e Renda- CPETR- Pra\u00e7a IV Centen\u00e1rio, T\u00e9rreo I. Necess\u00e1rio realizar agendamento no [&hellip;]<\/p>\n","protected":false},"author":82,"featured_media":0,"parent":0,"menu_order":0,"comment_status":"closed","ping_status":"closed","template":"","meta":{"footnotes":""},"class_list":["post-78","page","type-page","status-publish","hentry"],"_links":{"self":[{"href":"https:\/\/portais.santoandre.sp.gov.br\/casadotrabalhador\/wp-json\/wp\/v2\/pages\/78","targetHints":{"allow":["GET"]}}],"collection":[{"href":"https:\/\/portais.santoandre.sp.gov.br\/casadotrabalhador\/wp-json\/wp\/v2\/pages"}],"about":[{"href":"https:\/\/portais.santoandre.sp.gov.br\/casadotrabalhador\/wp-json\/wp\/v2\/types\/page"}],"author":[{"embeddable":true,"href":"https:\/\/portais.santoandre.sp.gov.br\/casadotrabalhador\/wp-json\/wp\/v2\/users\/82"}],"replies":[{"embeddable":true,"href":"https:\/\/portais.santoandre.sp.gov.br\/casadotrabalhador\/wp-json\/wp\/v2\/comments?post=78"}],"version-history":[{"count":8,"href":"https:\/\/portais.santoandre.sp.gov.br\/casadotrabalhador\/wp-json\/wp\/v2\/pages\/78\/revisions"}],"predecessor-version":[{"id":3253,"href":"https:\/\/portais.santoandre.sp.gov.br\/casadotrabalhador\/wp-json\/wp\/v2\/pages\/78\/revisions\/3253"}],"wp:attachment":[{"href":"https:\/\/portais.santoandre.sp.gov.br\/casadotrabalhador\/wp-json\/wp\/v2\/media?parent=78"}],"curies":[{"name":"wp","href":"https:\/\/api.w.org\/{rel}","templated":true}]}}