{"id":76,"date":"2025-04-16T16:53:20","date_gmt":"2025-04-16T19:53:20","guid":{"rendered":"https:\/\/portais.santoandre.sp.gov.br\/casadotrabalhador\/?page_id=76"},"modified":"2025-12-03T11:24:52","modified_gmt":"2025-12-03T14:24:52","slug":"carteira-de-trabalho","status":"publish","type":"page","link":"https:\/\/portais.santoandre.sp.gov.br\/casadotrabalhador\/carteira-de-trabalho\/","title":{"rendered":"Carteira de Trabalho"},"content":{"rendered":"\t\t<div data-elementor-type=\"wp-page\" data-elementor-id=\"76\" class=\"elementor elementor-76\" data-elementor-post-type=\"page\">\n\t\t\t\t<div class=\"elementor-element elementor-element-a452bd6 e-flex e-con-boxed e-con e-parent\" data-id=\"a452bd6\" data-element_type=\"container\" data-e-type=\"container\">\n\t\t\t\t\t<div class=\"e-con-inner\">\n\t\t\t\t<div class=\"elementor-element elementor-element-2402045 elementor-widget elementor-widget-image\" data-id=\"2402045\" data-element_type=\"widget\" data-e-type=\"widget\" data-widget_type=\"image.default\">\n\t\t\t\t<div class=\"elementor-widget-container\">\n\t\t\t\t\t\t\t\t\t\t\t\t\t\t\t<img loading=\"lazy\" decoding=\"async\" width=\"1024\" height=\"360\" src=\"https:\/\/portais.santoandre.sp.gov.br\/casadotrabalhador\/wp-content\/uploads\/sites\/33\/2025\/04\/Casa-Topo-Carteira-1024x360.png\" class=\"attachment-large size-large wp-image-538\" alt=\"\" srcset=\"https:\/\/portais.santoandre.sp.gov.br\/casadotrabalhador\/wp-content\/uploads\/sites\/33\/2025\/04\/Casa-Topo-Carteira-1024x360.png 1024w, https:\/\/portais.santoandre.sp.gov.br\/casadotrabalhador\/wp-content\/uploads\/sites\/33\/2025\/04\/Casa-Topo-Carteira-300x105.png 300w, https:\/\/portais.santoandre.sp.gov.br\/casadotrabalhador\/wp-content\/uploads\/sites\/33\/2025\/04\/Casa-Topo-Carteira-768x270.png 768w, https:\/\/portais.santoandre.sp.gov.br\/casadotrabalhador\/wp-content\/uploads\/sites\/33\/2025\/04\/Casa-Topo-Carteira-1536x540.png 1536w, https:\/\/portais.santoandre.sp.gov.br\/casadotrabalhador\/wp-content\/uploads\/sites\/33\/2025\/04\/Casa-Topo-Carteira.png 1863w\" sizes=\"auto, (max-width: 1024px) 100vw, 1024px\" \/>\t\t\t\t\t\t\t\t\t\t\t\t\t\t\t<\/div>\n\t\t\t\t<\/div>\n\t\t\t\t\t<\/div>\n\t\t\t\t<\/div>\n\t\t<div class=\"elementor-element elementor-element-8e687e2 e-flex e-con-boxed e-con e-parent\" data-id=\"8e687e2\" data-element_type=\"container\" data-e-type=\"container\">\n\t\t\t\t\t<div class=\"e-con-inner\">\n\t\t\t\t<div class=\"elementor-element elementor-element-9b8e76e elementor-widget elementor-widget-text-editor\" data-id=\"9b8e76e\" data-element_type=\"widget\" data-e-type=\"widget\" data-widget_type=\"text-editor.default\">\n\t\t\t\t<div class=\"elementor-widget-container\">\n\t\t\t\t\t\t\t\t\t<div class=\"wp-block-image is-style-rounded\">\n<figure class=\"aligncenter size-large is-resized\">A Carteira de Trabalho e Previd\u00eancia Social (CTPS) \u00e9 o documento f\u00edsico ou digital que registra a vida profissional do trabalhador e garante o acesso aos direitos trabalhistas previstos em lei, serve tamb\u00e9m para requisitar o Seguro Desemprego, consultar o Abono Salarial\u00a0 e o Benef\u00edcio Emergencial.\u00a0\u00a0<\/figure>\n<\/div>\n<p>A carteira de trabalho ser\u00e1 emitida de forma priorit\u00e1ria no formato digital dispon\u00edvel para os cidad\u00e3os atrav\u00e9s de Aplicativo para celulares nas vers\u00f5es IOS e Android. Basta baixar gratuitamente o aplicativo na loja virtual (Apple Store ou Play Store).<\/p>\n<p><!-- \/wp:image --><!-- wp:paragraph --><\/p>\n<p><!-- \/wp:paragraph --><!-- wp:paragraph --><\/p>\n<p><strong><br \/>Solicita\u00e7\u00e3o de carteira de trabalho de forma 100% digital.<\/strong><\/p>\n<p><!-- \/wp:paragraph --><!-- wp:paragraph --><\/p>\n<p><strong>COMO:<\/strong><\/p>\n<p><!-- \/wp:paragraph --><!-- wp:list --><\/p>\n<ul id=\"block-b13a76f1-57b4-45e1-999e-ac9731c977ec\">\n<li><a href=\"https:\/\/www.gov.br\/pt-br\">Portal Gov.br<\/a><\/li>\n<li>Aplicativo da Carteira de Trabalho Digital<\/li>\n<\/ul>\n<p><!-- \/wp:list --><!-- wp:paragraph --><\/p>\n<p><!-- \/wp:paragraph --><!-- wp:paragraph --><\/p>\n<p><strong>Download da Carteira de Trabalho Digital<\/strong><br \/><br \/>&#8211; <strong><em>Android:\u00a0<\/em><\/strong><a href=\"https:\/\/play.google.com\/store\/apps\/details?id=br.gov.dataprev.carteiradigital&amp;hl=pt_BR\">https:\/\/play.google.com\/store\/apps\/details?id=br.gov.dataprev.carteiradigital&amp;hl=pt_BR<\/a><br \/><strong><em>&#8211; iOS:<\/em><\/strong>\u00a0<a href=\"https:\/\/apps.apple.com\/us\/app\/carteira-de-trabalho-digital\/id1295257499?l=es\">ttps:\/\/apps.apple.com\/us\/app\/carteira-de-trabalho-digital\/id1295257499?l=es<\/a><\/p>\n<p><!-- \/wp:paragraph --><!-- wp:paragraph --><\/p>\n<p>\u00a0<\/p>\n<p><!-- \/wp:paragraph --><\/p>\t\t\t\t\t\t\t\t<\/div>\n\t\t\t\t<\/div>\n\t\t\t\t\t<\/div>\n\t\t\t\t<\/div>\n\t\t\t\t<\/div>\n\t\t","protected":false},"excerpt":{"rendered":"<p>A Carteira de Trabalho e Previd\u00eancia Social (CTPS) \u00e9 o documento f\u00edsico ou digital que registra a vida profissional do trabalhador e garante o acesso aos direitos trabalhistas previstos em lei, serve tamb\u00e9m para requisitar o Seguro Desemprego, consultar o Abono Salarial\u00a0 e o Benef\u00edcio Emergencial.\u00a0\u00a0 A carteira de trabalho ser\u00e1 emitida de forma priorit\u00e1ria [&hellip;]<\/p>\n","protected":false},"author":82,"featured_media":0,"parent":0,"menu_order":0,"comment_status":"closed","ping_status":"closed","template":"","meta":{"footnotes":""},"class_list":["post-76","page","type-page","status-publish","hentry"],"_links":{"self":[{"href":"https:\/\/portais.santoandre.sp.gov.br\/casadotrabalhador\/wp-json\/wp\/v2\/pages\/76","targetHints":{"allow":["GET"]}}],"collection":[{"href":"https:\/\/portais.santoandre.sp.gov.br\/casadotrabalhador\/wp-json\/wp\/v2\/pages"}],"about":[{"href":"https:\/\/portais.santoandre.sp.gov.br\/casadotrabalhador\/wp-json\/wp\/v2\/types\/page"}],"author":[{"embeddable":true,"href":"https:\/\/portais.santoandre.sp.gov.br\/casadotrabalhador\/wp-json\/wp\/v2\/users\/82"}],"replies":[{"embeddable":true,"href":"https:\/\/portais.santoandre.sp.gov.br\/casadotrabalhador\/wp-json\/wp\/v2\/comments?post=76"}],"version-history":[{"count":11,"href":"https:\/\/portais.santoandre.sp.gov.br\/casadotrabalhador\/wp-json\/wp\/v2\/pages\/76\/revisions"}],"predecessor-version":[{"id":3252,"href":"https:\/\/portais.santoandre.sp.gov.br\/casadotrabalhador\/wp-json\/wp\/v2\/pages\/76\/revisions\/3252"}],"wp:attachment":[{"href":"https:\/\/portais.santoandre.sp.gov.br\/casadotrabalhador\/wp-json\/wp\/v2\/media?parent=76"}],"curies":[{"name":"wp","href":"https:\/\/api.w.org\/{rel}","templated":true}]}}