{"id":168,"date":"2025-04-16T18:19:52","date_gmt":"2025-04-16T21:19:52","guid":{"rendered":"https:\/\/portais.santoandre.sp.gov.br\/casadotrabalhador\/?page_id=168"},"modified":"2025-05-06T18:01:40","modified_gmt":"2025-05-06T21:01:40","slug":"agende-atendimento-do-cpetr","status":"publish","type":"page","link":"https:\/\/portais.santoandre.sp.gov.br\/casadotrabalhador\/agende-atendimento-do-cpetr\/","title":{"rendered":"Agende atendimento do CPETR"},"content":{"rendered":"\t\t<div data-elementor-type=\"wp-page\" data-elementor-id=\"168\" class=\"elementor elementor-168\" data-elementor-post-type=\"page\">\n\t\t\t\t<div class=\"elementor-element elementor-element-abf75d0 e-con-full e-flex e-con e-parent\" data-id=\"abf75d0\" data-element_type=\"container\" data-e-type=\"container\">\n\t\t\t\t<div class=\"elementor-element elementor-element-a859c5c elementor-widget elementor-widget-image\" data-id=\"a859c5c\" data-element_type=\"widget\" data-e-type=\"widget\" data-widget_type=\"image.default\">\n\t\t\t\t<div class=\"elementor-widget-container\">\n\t\t\t\t\t\t\t\t\t\t\t\t\t\t\t<img loading=\"lazy\" decoding=\"async\" width=\"1024\" height=\"771\" src=\"https:\/\/portais.santoandre.sp.gov.br\/casadotrabalhador\/wp-content\/uploads\/sites\/33\/2025\/04\/CPETR-1-1024x771.png\" class=\"attachment-large size-large wp-image-20\" alt=\"\" srcset=\"https:\/\/portais.santoandre.sp.gov.br\/casadotrabalhador\/wp-content\/uploads\/sites\/33\/2025\/04\/CPETR-1-1024x771.png 1024w, https:\/\/portais.santoandre.sp.gov.br\/casadotrabalhador\/wp-content\/uploads\/sites\/33\/2025\/04\/CPETR-1-300x226.png 300w, https:\/\/portais.santoandre.sp.gov.br\/casadotrabalhador\/wp-content\/uploads\/sites\/33\/2025\/04\/CPETR-1-768x578.png 768w, https:\/\/portais.santoandre.sp.gov.br\/casadotrabalhador\/wp-content\/uploads\/sites\/33\/2025\/04\/CPETR-1.png 1364w\" sizes=\"auto, (max-width: 1024px) 100vw, 1024px\" \/>\t\t\t\t\t\t\t\t\t\t\t\t\t\t\t<\/div>\n\t\t\t\t<\/div>\n\t\t\t\t<\/div>\n\t\t<div class=\"elementor-element elementor-element-27d545d9 e-flex e-con-boxed e-con e-parent\" data-id=\"27d545d9\" data-element_type=\"container\" data-e-type=\"container\">\n\t\t\t\t\t<div class=\"e-con-inner\">\n\t\t\t\t<div class=\"elementor-element elementor-element-5635b9d4 elementor-widget elementor-widget-text-editor\" data-id=\"5635b9d4\" data-element_type=\"widget\" data-e-type=\"widget\" data-widget_type=\"text-editor.default\">\n\t\t\t\t<div class=\"elementor-widget-container\">\n\t\t\t\t\t\t\t\t\t\n<p>\u00a0<\/p>\n<p>O Centro P\u00fablico de Emprego, Trabalho e Renda de Santo Andr\u00e9 (CPETR) \u00e9 uma ag\u00eancia p\u00fablica de intermedia\u00e7\u00e3o gratuita de m\u00e3o de obra. O posto est\u00e1 ligado \u00e0 Secretaria de Desenvolvimento Econ\u00f4mico e Gera\u00e7\u00e3o de Emprego, da Prefeitura de Santo Andr\u00e9, que tem como miss\u00e3o contribuir gratuitamente para a inser\u00e7\u00e3o do trabalhador no mercado de trabalho, de maneira integrada e articulada, visando o fortalecimento de sua cidadania, por meio de a\u00e7\u00f5es de intermedia\u00e7\u00e3o de m\u00e3o de obra, programas de orienta\u00e7\u00e3o profissional, cursos profissionalizantes, entre outros.<\/p>\n<p>Qualquer pessoa acima dos 14 anos em busca de uma oportunidade de trabalho pode se cadastrar em nossos servi\u00e7os, trazendo o documento de identifica\u00e7\u00e3o original.<\/p>\n<p>Para o servi\u00e7o de Vagas de Emprego n\u00e3o \u00e9 necess\u00e1rio agendamento. J\u00e1 para os servi\u00e7os de Seguro Desemprego, orienta\u00e7\u00e3o para Carteira de Trabalho Digital (caso possua) e Recurso Administrativo, \u00e9 necess\u00e1rio realizar o agendamento pelo link do <a href=\"https:\/\/www.santoandre.sp.gov.br\/PortalServico\/Seguranca\/frmLogin.aspx\">PORTAL DE SERVI\u00c7OS<\/a>.<\/p>\n\t\t\t\t\t\t\t\t<\/div>\n\t\t\t\t<\/div>\n\t\t\t\t\t<\/div>\n\t\t\t\t<\/div>\n\t\t\t\t<\/div>\n\t\t","protected":false},"excerpt":{"rendered":"<p>\u00a0 O Centro P\u00fablico de Emprego, Trabalho e Renda de Santo Andr\u00e9 (CPETR) \u00e9 uma ag\u00eancia p\u00fablica de intermedia\u00e7\u00e3o gratuita de m\u00e3o de obra. O posto est\u00e1 ligado \u00e0 Secretaria de Desenvolvimento Econ\u00f4mico e Gera\u00e7\u00e3o de Emprego, da Prefeitura de Santo Andr\u00e9, que tem como miss\u00e3o contribuir gratuitamente para a inser\u00e7\u00e3o do trabalhador no mercado [&hellip;]<\/p>\n","protected":false},"author":82,"featured_media":0,"parent":0,"menu_order":0,"comment_status":"closed","ping_status":"closed","template":"","meta":{"footnotes":""},"class_list":["post-168","page","type-page","status-publish","hentry"],"_links":{"self":[{"href":"https:\/\/portais.santoandre.sp.gov.br\/casadotrabalhador\/wp-json\/wp\/v2\/pages\/168","targetHints":{"allow":["GET"]}}],"collection":[{"href":"https:\/\/portais.santoandre.sp.gov.br\/casadotrabalhador\/wp-json\/wp\/v2\/pages"}],"about":[{"href":"https:\/\/portais.santoandre.sp.gov.br\/casadotrabalhador\/wp-json\/wp\/v2\/types\/page"}],"author":[{"embeddable":true,"href":"https:\/\/portais.santoandre.sp.gov.br\/casadotrabalhador\/wp-json\/wp\/v2\/users\/82"}],"replies":[{"embeddable":true,"href":"https:\/\/portais.santoandre.sp.gov.br\/casadotrabalhador\/wp-json\/wp\/v2\/comments?post=168"}],"version-history":[{"count":7,"href":"https:\/\/portais.santoandre.sp.gov.br\/casadotrabalhador\/wp-json\/wp\/v2\/pages\/168\/revisions"}],"predecessor-version":[{"id":1172,"href":"https:\/\/portais.santoandre.sp.gov.br\/casadotrabalhador\/wp-json\/wp\/v2\/pages\/168\/revisions\/1172"}],"wp:attachment":[{"href":"https:\/\/portais.santoandre.sp.gov.br\/casadotrabalhador\/wp-json\/wp\/v2\/media?parent=168"}],"curies":[{"name":"wp","href":"https:\/\/api.w.org\/{rel}","templated":true}]}}