{"id":1443,"date":"2025-06-24T18:15:52","date_gmt":"2025-06-24T21:15:52","guid":{"rendered":"https:\/\/portais.santoandre.sp.gov.br\/casadotrabalhador\/?page_id=1443"},"modified":"2025-12-03T11:25:55","modified_gmt":"2025-12-03T14:25:55","slug":"pei-polo-de-empregabilidade-inclusiva","status":"publish","type":"page","link":"https:\/\/portais.santoandre.sp.gov.br\/casadotrabalhador\/pei-polo-de-empregabilidade-inclusiva\/","title":{"rendered":"PEI &#8211; Polo de Empregabilidade Inclusiva \u00a0"},"content":{"rendered":"\t\t<div data-elementor-type=\"wp-page\" data-elementor-id=\"1443\" class=\"elementor elementor-1443\" data-elementor-post-type=\"page\">\n\t\t\t\t<div class=\"elementor-element elementor-element-052c4d5 e-flex e-con-boxed e-con e-parent\" data-id=\"052c4d5\" data-element_type=\"container\" data-e-type=\"container\">\n\t\t\t\t\t<div class=\"e-con-inner\">\n\t\t\t\t<div class=\"elementor-element elementor-element-0d42224 elementor-widget elementor-widget-image\" data-id=\"0d42224\" data-element_type=\"widget\" data-e-type=\"widget\" data-widget_type=\"image.default\">\n\t\t\t\t<div class=\"elementor-widget-container\">\n\t\t\t\t\t\t\t\t\t\t\t\t\t\t\t<img loading=\"lazy\" decoding=\"async\" width=\"768\" height=\"129\" src=\"https:\/\/portais.santoandre.sp.gov.br\/casadotrabalhador\/wp-content\/uploads\/sites\/33\/2025\/06\/Secretaria-dos-Direitos-da-Pessoa-com-Deficiencia-768x129.png\" class=\"attachment-medium_large size-medium_large wp-image-1445\" alt=\"\" srcset=\"https:\/\/portais.santoandre.sp.gov.br\/casadotrabalhador\/wp-content\/uploads\/sites\/33\/2025\/06\/Secretaria-dos-Direitos-da-Pessoa-com-Deficiencia-768x129.png 768w, https:\/\/portais.santoandre.sp.gov.br\/casadotrabalhador\/wp-content\/uploads\/sites\/33\/2025\/06\/Secretaria-dos-Direitos-da-Pessoa-com-Deficiencia-300x50.png 300w, https:\/\/portais.santoandre.sp.gov.br\/casadotrabalhador\/wp-content\/uploads\/sites\/33\/2025\/06\/Secretaria-dos-Direitos-da-Pessoa-com-Deficiencia-1024x171.png 1024w, https:\/\/portais.santoandre.sp.gov.br\/casadotrabalhador\/wp-content\/uploads\/sites\/33\/2025\/06\/Secretaria-dos-Direitos-da-Pessoa-com-Deficiencia-1536x257.png 1536w, https:\/\/portais.santoandre.sp.gov.br\/casadotrabalhador\/wp-content\/uploads\/sites\/33\/2025\/06\/Secretaria-dos-Direitos-da-Pessoa-com-Deficiencia-2048x343.png 2048w\" sizes=\"auto, (max-width: 768px) 100vw, 768px\" \/>\t\t\t\t\t\t\t\t\t\t\t\t\t\t\t<\/div>\n\t\t\t\t<\/div>\n\t\t\t\t\t<\/div>\n\t\t\t\t<\/div>\n\t\t<div class=\"elementor-element elementor-element-9d7ec62 e-flex e-con-boxed e-con e-parent\" data-id=\"9d7ec62\" data-element_type=\"container\" data-e-type=\"container\">\n\t\t\t\t\t<div class=\"e-con-inner\">\n\t\t\t\t<div class=\"elementor-element elementor-element-7706f4a elementor-widget elementor-widget-spacer\" data-id=\"7706f4a\" data-element_type=\"widget\" data-e-type=\"widget\" data-widget_type=\"spacer.default\">\n\t\t\t\t<div class=\"elementor-widget-container\">\n\t\t\t\t\t\t\t<div class=\"elementor-spacer\">\n\t\t\t<div class=\"elementor-spacer-inner\"><\/div>\n\t\t<\/div>\n\t\t\t\t\t\t<\/div>\n\t\t\t\t<\/div>\n\t\t\t\t\t<\/div>\n\t\t\t\t<\/div>\n\t\t<div class=\"elementor-element elementor-element-eedf2b6 e-flex e-con-boxed e-con e-parent\" data-id=\"eedf2b6\" data-element_type=\"container\" data-e-type=\"container\">\n\t\t\t\t\t<div class=\"e-con-inner\">\n\t\t\t\t<div class=\"elementor-element elementor-element-9385cc1 elementor-widget elementor-widget-text-editor\" data-id=\"9385cc1\" data-element_type=\"widget\" data-e-type=\"widget\" data-widget_type=\"text-editor.default\">\n\t\t\t\t<div class=\"elementor-widget-container\">\n\t\t\t\t\t\t\t\t\t<p data-start=\"230\" data-end=\"642\">O Polo de Empregabilidade Inclusiva (PEI) de Santo Andr\u00e9 \u00e9 um espa\u00e7o dedicado \u00e0 inclus\u00e3o de pessoas com defici\u00eancia no mercado de trabalho, oferecendo atendimento personalizado, acolhimento e orienta\u00e7\u00e3o profissional. Localizado no mesmo pr\u00e9dio onde funciona o Centro P\u00fablico de Emprego, Trabalho e Renda (CPETR), o PEI \u00e9 fruto de uma parceria entre a Prefeitura de Santo Andr\u00e9 e o Governo do Estado de S\u00e3o Paulo.<\/p><p data-start=\"644\" data-end=\"984\">O servi\u00e7o atua de forma completa: desde a busca ativa por oportunidades, avalia\u00e7\u00e3o de perfil, entrevistas de habilidades e encaminhamento para vagas, at\u00e9 o suporte ap\u00f3s a contrata\u00e7\u00e3o. Al\u00e9m disso, oferece acesso a cursos gratuitos, orienta\u00e7\u00e3o sobre laudo de funcionalidade e apoio \u00e0s empresas na cria\u00e7\u00e3o de ambientes inclusivos e acess\u00edveis.<\/p><p data-start=\"986\" data-end=\"1336\">Empresas e candidatos contam com um canal permanente de di\u00e1logo e apoio t\u00e9cnico. A proposta \u00e9 garantir n\u00e3o s\u00f3 o acesso \u00e0 vaga, mas tamb\u00e9m a perman\u00eancia e o desenvolvimento da pessoa com defici\u00eancia no ambiente profissional. O agendamento de atendimentos pode ser feito pelo e-mail <strong data-start=\"1267\" data-end=\"1298\"><a class=\"cursor-pointer\" rel=\"noopener\" data-start=\"1269\" data-end=\"1296\">peicapital@itsbrasil.org.br<\/a><\/strong> ou pelo WhatsApp <strong data-start=\"1316\" data-end=\"1335\">(11) 91542-8210<\/strong>.<\/p>\t\t\t\t\t\t\t\t<\/div>\n\t\t\t\t<\/div>\n\t\t\t\t\t<\/div>\n\t\t\t\t<\/div>\n\t\t<div class=\"elementor-element elementor-element-b65a1b1 e-flex e-con-boxed e-con e-parent\" data-id=\"b65a1b1\" data-element_type=\"container\" data-e-type=\"container\">\n\t\t\t\t\t<div class=\"e-con-inner\">\n\t\t\t\t<div class=\"elementor-element elementor-element-b1e1f69 elementor-widget elementor-widget-spacer\" data-id=\"b1e1f69\" data-element_type=\"widget\" data-e-type=\"widget\" data-widget_type=\"spacer.default\">\n\t\t\t\t<div class=\"elementor-widget-container\">\n\t\t\t\t\t\t\t<div class=\"elementor-spacer\">\n\t\t\t<div class=\"elementor-spacer-inner\"><\/div>\n\t\t<\/div>\n\t\t\t\t\t\t<\/div>\n\t\t\t\t<\/div>\n\t\t\t\t\t<\/div>\n\t\t\t\t<\/div>\n\t\t\t\t<\/div>\n\t\t","protected":false},"excerpt":{"rendered":"<p>O Polo de Empregabilidade Inclusiva (PEI) de Santo Andr\u00e9 \u00e9 um espa\u00e7o dedicado \u00e0 inclus\u00e3o de pessoas com defici\u00eancia no mercado de trabalho, oferecendo atendimento personalizado, acolhimento e orienta\u00e7\u00e3o profissional. Localizado no mesmo pr\u00e9dio onde funciona o Centro P\u00fablico de Emprego, Trabalho e Renda (CPETR), o PEI \u00e9 fruto de uma parceria entre a Prefeitura [&hellip;]<\/p>\n","protected":false},"author":82,"featured_media":0,"parent":0,"menu_order":0,"comment_status":"closed","ping_status":"closed","template":"","meta":{"footnotes":""},"class_list":["post-1443","page","type-page","status-publish","hentry"],"_links":{"self":[{"href":"https:\/\/portais.santoandre.sp.gov.br\/casadotrabalhador\/wp-json\/wp\/v2\/pages\/1443","targetHints":{"allow":["GET"]}}],"collection":[{"href":"https:\/\/portais.santoandre.sp.gov.br\/casadotrabalhador\/wp-json\/wp\/v2\/pages"}],"about":[{"href":"https:\/\/portais.santoandre.sp.gov.br\/casadotrabalhador\/wp-json\/wp\/v2\/types\/page"}],"author":[{"embeddable":true,"href":"https:\/\/portais.santoandre.sp.gov.br\/casadotrabalhador\/wp-json\/wp\/v2\/users\/82"}],"replies":[{"embeddable":true,"href":"https:\/\/portais.santoandre.sp.gov.br\/casadotrabalhador\/wp-json\/wp\/v2\/comments?post=1443"}],"version-history":[{"count":10,"href":"https:\/\/portais.santoandre.sp.gov.br\/casadotrabalhador\/wp-json\/wp\/v2\/pages\/1443\/revisions"}],"predecessor-version":[{"id":1454,"href":"https:\/\/portais.santoandre.sp.gov.br\/casadotrabalhador\/wp-json\/wp\/v2\/pages\/1443\/revisions\/1454"}],"wp:attachment":[{"href":"https:\/\/portais.santoandre.sp.gov.br\/casadotrabalhador\/wp-json\/wp\/v2\/media?parent=1443"}],"curies":[{"name":"wp","href":"https:\/\/api.w.org\/{rel}","templated":true}]}}